{"id":139,"date":"2021-11-16T11:56:52","date_gmt":"2021-11-16T09:56:52","guid":{"rendered":"http:\/\/www.archiv.org.lv\/lva60\/?page_id=139"},"modified":"2021-12-22T10:53:49","modified_gmt":"2021-12-22T08:53:49","slug":"padomju-periods","status":"publish","type":"page","link":"https:\/\/www.archiv.org.lv\/lva60\/index.php\/padomju-periods\/","title":{"rendered":"Padomju periods"},"content":{"rendered":"\n<p class=\"has-text-align-center\">Totalit\u0101risma re\u017e\u012bm\u0101 arh\u012bviem netika dotas privil\u0113\u0123ijas br\u012bvi izv\u0113l\u0113ties darb\u012bbas virzienus un m\u0113rogus. Padomju Savien\u012bbas Komunistisk\u0101 partija arh\u012bvus skat\u012bja k\u0101 a\u0123it\u0101cijas un propagandas izplat\u012b\u0161anas l\u012bdzek\u013cus, l\u012bdz ar to partiju l\u012bderiem arh\u012bvu koncepcija k\u0101 objekt\u012bv\u0101s paties\u012bbas avots, k\u0101 cilv\u0113ku gar\u012bg\u0101s kult\u016bras fenomens neeksist\u0113ja un nevar\u0113ja eksist\u0113t. Arh\u012bvi past\u0101v\u0113ja galvenok\u0101rt tikai k\u0101 ierocis vai k\u0101 politisk\u0101s c\u012b\u0146as ietekm\u0113jo\u0161s faktors.<\/p>\n\n\n\n<h2 class=\"wp-block-heading\">Arh\u012bvista lojalit\u0101te un arh\u012bva darba organiz\u0101cija<\/h2>\n\n\n\n<div class=\"wp-block-columns is-layout-flex wp-container-core-columns-is-layout-28f84493 wp-block-columns-is-layout-flex\">\n<div class=\"wp-block-column is-layout-flow wp-block-column-is-layout-flow\">\n<p class=\"has-text-align-center\">Arh\u012bva galvenais uzdevums bija no republikas iest\u0101d\u0113m, uz\u0146\u0113mumiem un sabiedriskaj\u0101m organiz\u0101cij\u0101m v\u0101kt un saglab\u0101t dokument\u0101ros materi\u0101lus, k\u0101 ar\u012b organiz\u0113t to vispus\u012bgu izmanto\u0161anu. Svar\u012bgi bija pan\u0101kt, lai katrs arh\u012bvists darb\u0101 ar dokumentiem izr\u0101d\u012btu maksim\u0101lu uzman\u012bbu, nodro\u0161inot prec\u012bzas un savlaic\u012bgas zi\u0146as par arh\u012bva materi\u0101liem, kas tika piepras\u012btas no attiec\u012bgaj\u0101m iest\u0101d\u0113m \u2013 partijas org\u0101niem, kult\u016bras un izgl\u012bt\u012bbas iest\u0101d\u0113m, laikrakstu redakcij\u0101m u.\u00a0c., lai izmantotu tos padomju valsts iek\u0161\u0113j\u0101s un \u0101r\u0113j\u0101s politikas interes\u0113s, un otr\u0101di \u2013 lai nepie\u013caut t\u0101du dokumentu non\u0101k\u0161anu pla\u0161os sabiedr\u012bbas sl\u0101\u0146os, kas var\u0113tu kait\u0113t Padomju valsts interes\u0113m. Cieta ar\u012b arh\u012bvniec\u012bbas teorijas zin\u0101tnisk\u0101 att\u012bst\u012bba, arh\u012bvistus pak\u013caujot da\u017e\u0101da veida ierobe\u017eojumiem.<\/p>\n<\/div>\n\n\n\n<div class=\"wp-block-column is-layout-flow wp-block-column-is-layout-flow\">\n<figure class=\"wp-block-video alignwide\"><video height=\"1332\" style=\"aspect-ratio: 1828 \/ 1332;\" width=\"1828\" controls src=\"https:\/\/www.archiv.org.lv\/lva60\/wp-content\/uploads\/2021\/11\/LNA_KFFDA_F8_2_4102_3_FR.mp4\"><\/video><figcaption>Fragments no kino\u017eurn\u0101la &#8220;Latvijas hronika&#8221; Nr. 31, 1989.gads. Re\u017eisors Viesturs \u0160utko. Avots: LNA Kinofotofonodokumentu arh\u012bvs.<\/figcaption><\/figure>\n<\/div>\n<\/div>\n\n\n\n<div class=\"wp-block-columns is-layout-flex wp-container-core-columns-is-layout-28f84493 wp-block-columns-is-layout-flex\">\n<div class=\"wp-block-column is-layout-flow wp-block-column-is-layout-flow\">\n<div class=\"wp-block-image\"><figure class=\"aligncenter size-large\"><a href=\"https:\/\/www.archiv.org.lv\/lva60\/wp-content\/uploads\/2021\/11\/CVORA-foto-albums_0015.jpg\"><img loading=\"lazy\" decoding=\"async\" width=\"1024\" height=\"756\" src=\"https:\/\/www.archiv.org.lv\/lva60\/wp-content\/uploads\/2021\/11\/CVORA-foto-albums_0015-1024x756.jpg\" alt=\"\" class=\"wp-image-476\" srcset=\"https:\/\/www.archiv.org.lv\/lva60\/wp-content\/uploads\/2021\/11\/CVORA-foto-albums_0015-1024x756.jpg 1024w, https:\/\/www.archiv.org.lv\/lva60\/wp-content\/uploads\/2021\/11\/CVORA-foto-albums_0015-300x221.jpg 300w, https:\/\/www.archiv.org.lv\/lva60\/wp-content\/uploads\/2021\/11\/CVORA-foto-albums_0015-768x567.jpg 768w, https:\/\/www.archiv.org.lv\/lva60\/wp-content\/uploads\/2021\/11\/CVORA-foto-albums_0015-1536x1134.jpg 1536w, https:\/\/www.archiv.org.lv\/lva60\/wp-content\/uploads\/2021\/11\/CVORA-foto-albums_0015-2048x1511.jpg 2048w, https:\/\/www.archiv.org.lv\/lva60\/wp-content\/uploads\/2021\/11\/CVORA-foto-albums_0015-2000x1476.jpg 2000w\" sizes=\"auto, (max-width: 1024px) 100vw, 1024px\" \/><\/a><figcaption><em>&#8220;Gr\u016bta lieta &#8211; b\u016bt CVORA direktoram. Diena par \u012bsu, bet darbs nenogalina&#8221;<\/em> &#8211; t\u0101 par darbu 1971.gad\u0101 izteicies att\u0113l\u0101 redzamais LPSR CVORA direktors Arnolds Bukmanis. Avots: LNA LVA priv\u0101tais arh\u012bvs.<\/figcaption><\/figure><\/div>\n<\/div>\n\n\n\n<div class=\"wp-block-column is-layout-flow wp-block-column-is-layout-flow\">\n<p class=\"has-text-align-center\">Svar\u012bgs faktors arh\u012bvu darbinieku pie\u0146em\u0161an\u0101 bija to politisk\u0101 lojalit\u0101te, jo darbam valsts arh\u012bvos (\u012bpa\u0161i darb\u0101 ar slepenajiem fondiem) netika pielaisti \u201cpolitiski\u201d nep\u0101rbaud\u012bti cilv\u0113ki. Piem\u0113ram, 1964.gada 15.apr\u012b\u013ca s\u0113d\u0113 par CVORA direktora amatu k\u0101 svar\u012bg\u0101k\u0101s kandid\u0101ta Tumanova Grigorija Jefimovi\u010da \u012bpa\u0161\u012bbas tika min\u0113tas krievu taut\u012bba, partijas biedrs, iepriek\u0161\u0113j\u0101 profesion\u0101l\u0101 pieredze, kas saist\u012bta ar padomju armiju, vid\u0113j\u0101 visp\u0101r\u0113ja izgl\u012bt\u012bba un speci\u0101l\u0101 partejisk\u0101\u00a0izgl\u012bt\u012bba. Vien\u012bgais tr\u016bkums bija fakts, ka kandid\u0101ts \u201cnav v\u0113sturnieks\u201d, ta\u010du p\u0101r\u0113jie darbinieki par vi\u0146u sniedza pozit\u012bvas atsauksmes (kaut ar\u012b tobr\u012bd arh\u012bv\u0101 vi\u0146\u0161 bija nostr\u0101d\u0101jis vien tr\u012bs m\u0113ne\u0161us).<\/p>\n<\/div>\n<\/div>\n\n\n\n<div class=\"wp-block-columns is-layout-flex wp-container-core-columns-is-layout-28f84493 wp-block-columns-is-layout-flex\">\n<div class=\"wp-block-column is-layout-flow wp-block-column-is-layout-flow\">\n<p class=\"has-text-align-center\">Arh\u012bva darbiniekiem bie\u017ei tr\u016bka ne tikai attiec\u012bgas pieredzes dokumentu p\u0101rvald\u012bbas jaut\u0101jumos, bet ar\u012b specializ\u0113tas izgl\u012bt\u012bbas. Piem\u0113ram, LPSR arh\u012bvu darba atskait\u0113 par 1962.\u00a0gadu min\u0113ts, ka CVORA amata vien\u012bbas ir nokomplekt\u0113tas p\u0101rsvar\u0101 ar darbiniekiem bez speci\u0101l\u0101s apm\u0101c\u012bbas. Tas bija viens no apst\u0101k\u013ciem bie\u017eai darbinieku mai\u0146ai. To par\u0101da ar\u012b CVORA direktoru saraksts \u2013 direktori main\u012bju\u0161ies pat divas reizes gad\u0101, bet vid\u0113jais termi\u0146\u0161 direktora amat\u0101 no 1962. l\u012bdz 1990.\u00a0gadam bija divi gadi.  <\/p>\n<\/div>\n\n\n\n<div class=\"wp-block-column is-layout-flow wp-block-column-is-layout-flow\">\n<div class=\"wp-block-image\"><figure class=\"aligncenter size-large\"><a href=\"https:\/\/www.archiv.org.lv\/lva60\/wp-content\/uploads\/2021\/12\/CVORA-direktori-papildinats-1-scaled.jpg\"><img loading=\"lazy\" decoding=\"async\" width=\"1024\" height=\"724\" src=\"https:\/\/www.archiv.org.lv\/lva60\/wp-content\/uploads\/2021\/12\/CVORA-direktori-papildinats-1-1024x724.jpg\" alt=\"\" class=\"wp-image-900\" srcset=\"https:\/\/www.archiv.org.lv\/lva60\/wp-content\/uploads\/2021\/12\/CVORA-direktori-papildinats-1-1024x724.jpg 1024w, https:\/\/www.archiv.org.lv\/lva60\/wp-content\/uploads\/2021\/12\/CVORA-direktori-papildinats-1-300x212.jpg 300w, https:\/\/www.archiv.org.lv\/lva60\/wp-content\/uploads\/2021\/12\/CVORA-direktori-papildinats-1-768x543.jpg 768w, https:\/\/www.archiv.org.lv\/lva60\/wp-content\/uploads\/2021\/12\/CVORA-direktori-papildinats-1-1536x1086.jpg 1536w, https:\/\/www.archiv.org.lv\/lva60\/wp-content\/uploads\/2021\/12\/CVORA-direktori-papildinats-1-2048x1448.jpg 2048w, https:\/\/www.archiv.org.lv\/lva60\/wp-content\/uploads\/2021\/12\/CVORA-direktori-papildinats-1-2000x1414.jpg 2000w\" sizes=\"auto, (max-width: 1024px) 100vw, 1024px\" \/><\/a><\/figure><\/div>\n<\/div>\n<\/div>\n\n\n\n<div class=\"wp-block-columns is-layout-flex wp-container-core-columns-is-layout-28f84493 wp-block-columns-is-layout-flex\">\n<div class=\"wp-block-column is-layout-flow wp-block-column-is-layout-flow\">\n<figure class=\"wp-block-image alignwide size-large\"><a href=\"https:\/\/www.archiv.org.lv\/lva60\/wp-content\/uploads\/2021\/11\/Uzraksti-isu-pamattekstu-1-scaled.jpg\"><img loading=\"lazy\" decoding=\"async\" width=\"1024\" height=\"724\" src=\"https:\/\/www.archiv.org.lv\/lva60\/wp-content\/uploads\/2021\/11\/Uzraksti-isu-pamattekstu-1-1024x724.jpg\" alt=\"\" class=\"wp-image-438\" srcset=\"https:\/\/www.archiv.org.lv\/lva60\/wp-content\/uploads\/2021\/11\/Uzraksti-isu-pamattekstu-1-1024x724.jpg 1024w, https:\/\/www.archiv.org.lv\/lva60\/wp-content\/uploads\/2021\/11\/Uzraksti-isu-pamattekstu-1-300x212.jpg 300w, https:\/\/www.archiv.org.lv\/lva60\/wp-content\/uploads\/2021\/11\/Uzraksti-isu-pamattekstu-1-768x543.jpg 768w, https:\/\/www.archiv.org.lv\/lva60\/wp-content\/uploads\/2021\/11\/Uzraksti-isu-pamattekstu-1-1536x1086.jpg 1536w, https:\/\/www.archiv.org.lv\/lva60\/wp-content\/uploads\/2021\/11\/Uzraksti-isu-pamattekstu-1-2048x1448.jpg 2048w, https:\/\/www.archiv.org.lv\/lva60\/wp-content\/uploads\/2021\/11\/Uzraksti-isu-pamattekstu-1-2000x1414.jpg 2000w\" sizes=\"auto, (max-width: 1024px) 100vw, 1024px\" \/><\/a><figcaption>CVORA darbinieku skaits no 1962.-1988.gadam.<\/figcaption><\/figure>\n<\/div>\n\n\n\n<div class=\"wp-block-column is-layout-flow wp-block-column-is-layout-flow\">\n<p class=\"has-text-align-center\">  1962.\u00a0gada decembr\u012b CVORA str\u0101d\u0101ja 33 darbinieki, p\u0113c pusgada to skaits pieauga l\u012bdz 55, bet 1963.\u00a0gada beig\u0101s\u00a0\u2013 l\u012bdz 57 darbiniekiem. Kopum\u0101 visa gada garum\u0101 tika pie\u0146emti 60 cilv\u0113ki un atlaisti 34 cilv\u0113ki. Liela da\u013ca darbinieku bija aizg\u0101jusi \u201cp\u0113c pa\u0161u iniciat\u012bvas\u201d. Arh\u012bvu p\u0101rvaldes kol\u0113\u0123ijas s\u0113d\u0113 tika run\u0101ts par to, ka labi, izgl\u012btoti darbinieki nav ieinteres\u0113ti tik zem\u0101 atalgojum\u0101 (\u012bpa\u0161i tehniskajiem str\u0101dniekiem un apkalpojo\u0161ajam person\u0101lam), perspekt\u012bvas jeb zin\u0101tnisk\u0101s izaugsmes tr\u016bkum\u0101 un arh\u012bvista apjom\u012bgaj\u0101 pien\u0101kumu kl\u0101st\u0101. Bija tendence CVORA darbiniekiem aiziet, piem\u0113ram, uz Partijas v\u0113stures instit\u016btu, Zin\u0101t\u0146u akad\u0113miju, Politehnisko instit\u016btu u.\u00a0c.<\/p>\n<\/div>\n<\/div>\n\n\n\n<div class=\"wp-block-columns is-layout-flex wp-container-core-columns-is-layout-28f84493 wp-block-columns-is-layout-flex\">\n<div class=\"wp-block-column is-layout-flow wp-block-column-is-layout-flow\">\n<p class=\"has-text-align-center\">Darbinieku zem\u0101 atalgojuma (l\u012bdz ar to ar\u012b komplekt\u0113\u0161anas) probl\u0113mas saglab\u0101j\u0101s ar\u012b turpm\u0101k. No 1973.\u00a0gada Latvijas PSR Arh\u012bvu p\u0101rvaldes kol\u0113\u0123ijas s\u0113des protokola Nr. 5 izriet, ka laik\u0101 no 1971. l\u012bdz 1972.\u00a0gadam no 85 darbiniekiem nav nomain\u012bju\u0161ies tikai 24. K\u0101 galvenais iemesls kadru mai\u0146\u0101 min\u0113ts arh\u012bva darbinieka uzdevumu un darba apjoma neatbilst\u012bba algas lielumam. 1972.\u00a0gad\u0101 republik\u0101 vid\u0113j\u0101 alga bija 135 rub\u013ci, arh\u012bvu noda\u013cu priek\u0161nieku algas lielums sv\u0101rst\u012bj\u0101s no 110 l\u012bdz 130 rub\u013ciem m\u0113nes\u012b, jaun\u0101ko l\u012bdzstr\u0101dnieku (to skait\u0101 ar augst\u0101ko izgl\u012bt\u012bbu) alga bija no 80 l\u012bdz 90 rub\u013ciem un tehnisko darbinieku alga \u2013 63 rub\u013ci.<\/p>\n<\/div>\n\n\n\n<div class=\"wp-block-column is-layout-flow wp-block-column-is-layout-flow\">\n<figure class=\"wp-block-image alignwide size-full\"><a href=\"https:\/\/www.archiv.org.lv\/lva60\/wp-content\/uploads\/2021\/12\/1.jpg\"><img loading=\"lazy\" decoding=\"async\" width=\"1008\" height=\"739\" src=\"https:\/\/www.archiv.org.lv\/lva60\/wp-content\/uploads\/2021\/12\/1.jpg\" alt=\"\" class=\"wp-image-774\" srcset=\"https:\/\/www.archiv.org.lv\/lva60\/wp-content\/uploads\/2021\/12\/1.jpg 1008w, https:\/\/www.archiv.org.lv\/lva60\/wp-content\/uploads\/2021\/12\/1-300x220.jpg 300w, https:\/\/www.archiv.org.lv\/lva60\/wp-content\/uploads\/2021\/12\/1-768x563.jpg 768w\" sizes=\"auto, (max-width: 1008px) 100vw, 1008px\" \/><\/a><figcaption>Arh\u012bva saimniec\u012bbas da\u013ca skaita savus ien\u0101kumus, 1970.gadi. Avots: LNA LVA priv\u0101tais arh\u012bvs.<\/figcaption><\/figure>\n<\/div>\n<\/div>\n\n\n\n<p class=\"has-text-align-center\">Cits iemesls kadru rot\u0101cijai bija saist\u012bts ar darbinieku nekritisku pie\u0146em\u0161anu\u00a0\u2013 da\u013ca jaunpie\u0146emto arh\u012bv\u0101 nostr\u0101d\u0101ja vien p\u0101ris m\u0113ne\u0161us (da\u017ereiz tikai vair\u0101kas dienas), kas noz\u012bm\u0113ja, ka tie bija gad\u012bjuma rakstura cilv\u0113ki, kuriem arh\u012bvs bija vien \u012bslaic\u012bga darbavieta. To apliecina ar\u012b Arh\u012bvu p\u0101rvaldes sa\u0146emt\u0101s atskaites par darbinieku pieredzi \u2013 aptuveni pusei pie\u0146emto arh\u012bvistu arh\u012bva darba pieredze bija maz\u0101k nek\u0101 viens gads, v\u0113l septi\u0146iem \u2013 no viena l\u012bdz diviem gadiem un asto\u0146iem cilv\u0113kiem \u2013 no tr\u012bs l\u012bdz \u010detriem gadiem.<\/p>\n\n\n\n<div class=\"wp-block-columns is-layout-flex wp-container-core-columns-is-layout-28f84493 wp-block-columns-is-layout-flex\">\n<div class=\"wp-block-column is-layout-flow wp-block-column-is-layout-flow\">\n<p class=\"has-text-align-center\">   Neraugoties uz partejiski birokr\u0101tiskiem un a\u0123it\u0101cijas un propagandas priek\u0161nosac\u012bjumiem, turpm\u0101kie past\u0101v\u0113\u0161anas gadi bija z\u012bm\u012bgs pagrieziena punkts organiz\u0113tai un uzlabotai dokumentu p\u0101rvald\u012bbas sist\u0113mai valst\u012b. Arh\u012bvu nozare tika papildin\u0101ta ar daudziem normat\u012bviem dokumentiem\u00a0\u2013 l\u0113mumiem, praktiska rakstura instrukcij\u0101m, norm\u0101m u.\u00a0c., kas lika pamatus un veidoja priek\u0161noteikumus arh\u012bvu turpm\u0101kai att\u012bst\u012bbai. Tika p\u0101rskat\u012btas un main\u012btas eksist\u0113jo\u0161\u0101s arh\u012bvu darba pieejas pie\u0146em\u0161an\u0101, aprakst\u012b\u0161an\u0101, uzskait\u0113, zin\u0101tniski tehniskaj\u0101 apstr\u0101d\u0113 u.\u00a0c. jom\u0101s. 1962.\u00a0gad\u0101 LPSR Ministru padome pie\u0146\u0113ma l\u0113mumu Nr. 479 \u201cPar arh\u012bvu materi\u0101lu glab\u0101\u0161anas re\u017e\u012bma noregul\u0113\u0161anu un to lab\u0101ku izmanto\u0161anu\u201d un l\u0113mumu Nr. 679 \u201cPar arh\u012bvniec\u012bbas uzlabo\u0161anu LPSR\u201d. Abi likumdo\u0161anas akti teor\u0113tisk\u0101 l\u012bmen\u012b iez\u012bm\u0113ja Arh\u012bvu p\u0101rvaldei, Tautas saimniec\u012bbas padomei un pils\u0113tu un rajonu darba\u013cau\u017eu deput\u0101tu padomju izpildkomitej\u0101m veicamos uzdevumus \u2013 amata sarakstu izstr\u0101di, atbild\u012bgo personu noteik\u0161anu par arh\u012bvu darbu organiz\u0101cij\u0101s, iepriek\u0161 uzkr\u0101to dokument\u0101ro materi\u0101lu izv\u0113rt\u0113\u0161anas un aprakst\u012b\u0161anas pabeig\u0161anu, arh\u012bvu materi\u0101lu izmanto\u0161anas uzlabo\u0161anu tautsaimniec\u012bbas m\u0113r\u0137iem, stingr\u0101ku arh\u012bvu materi\u0101lu kontroli pils\u0113tu un rajonu valsts arh\u012bvos. L\u0113mumos tika apstiprin\u0101ta ar\u012b liel\u0101ka materi\u0101l\u0101 nodro\u0161in\u0101juma pie\u0161\u0137ir\u0161ana arh\u012bviem un pas\u0101kumu veik\u0161ana darbinieku kvalifik\u0101cijas cel\u0161anai.<\/p>\n<\/div>\n\n\n\n<div class=\"wp-block-column is-layout-flow wp-block-column-is-layout-flow\">\n<div class=\"wp-block-image\"><figure class=\"aligncenter size-large\"><a href=\"https:\/\/www.archiv.org.lv\/lva60\/wp-content\/uploads\/2021\/12\/2.jpg\"><img loading=\"lazy\" decoding=\"async\" width=\"651\" height=\"1024\" src=\"https:\/\/www.archiv.org.lv\/lva60\/wp-content\/uploads\/2021\/12\/2-651x1024.jpg\" alt=\"\" class=\"wp-image-778\" srcset=\"https:\/\/www.archiv.org.lv\/lva60\/wp-content\/uploads\/2021\/12\/2-651x1024.jpg 651w, https:\/\/www.archiv.org.lv\/lva60\/wp-content\/uploads\/2021\/12\/2-191x300.jpg 191w, https:\/\/www.archiv.org.lv\/lva60\/wp-content\/uploads\/2021\/12\/2.jpg 709w\" sizes=\"auto, (max-width: 651px) 100vw, 651px\" \/><\/a><figcaption>Oktobra revol\u016bcijas 70. gadadienai velt\u012btaj\u0101 sestdienas talk\u0101 &#8211;<br>\u201cCVORA ieved k\u0101rt\u012bbu sav\u0101s kr\u0101tuv\u0113s.\u201d Foto redzamas Lazdi\u0146a V.,Jegoro\u010dkina S., Me\u0146kovskaja T., Poro\u010dnaja O.O. Avots: LNA LVA priv\u0101tais arh\u012bvs.<\/figcaption><\/figure><\/div>\n<\/div>\n<\/div>\n\n\n\n<p class=\"has-text-align-center\">Turpm\u0101kos padomju gadus darbiniekiem tika r\u012bkotas profesion\u0101l\u0101s kvalifik\u0101cijas paaugstin\u0101\u0161anas m\u0101c\u012bbas, las\u012btas lekcijas, vad\u012bti semin\u0101ri, organiz\u0113ti pieredzes apmai\u0146as braucieni u.\u00a0c. pas\u0101kumi. 1963.\u00a0gad\u0101 bija organiz\u0113ts metodiskais \u201cst\u016br\u012btis\u201d un s\u0101kta specializ\u0113t\u0101s literat\u016bras komplekt\u0113\u0161ana, izveidojot arh\u012bva zin\u0101tnisko uzzi\u0146u bibliot\u0113ku. 1966.\u00a0gad\u0101 Latvijas Valsts universit\u0101tes V\u0113stures un filolo\u0123ijas fakult\u0101t\u0113 pirmo reizi s\u0101ka gatavot studentu grupu ar specializ\u0101ciju arh\u012bvniec\u012bb\u0101. Grupai tika nolas\u012bti tr\u012bs lekciju kursi \u2013 lietved\u012bbas organiz\u0101cija PSRS, arh\u012bvu darba teorija un prakse, m\u016bsdienu arh\u012bvu darba organiz\u0101cija. K\u0101 nepiecie\u0161am\u012bba tika atz\u012bm\u0113ta ar\u012b past\u0101vo\u0161\u0101s arh\u012bvu sist\u0113mas reorganiz\u0101cija nol\u016bk\u0101 to centraliz\u0113t, CVORA \u0113kas b\u016bvniec\u012bba un LPSR Centr\u0101l\u0101 valsts kinofotofonodokumentu arh\u012bva izveido\u0161ana ar LPSR Ministru padomes 1963.\u00a0gada 20.\u00a0novembra l\u0113mumu Nr.\u00a0679.<\/p>\n\n\n\n<blockquote class=\"wp-block-quote has-text-align-left is-layout-flow wp-block-quote-is-layout-flow\"><p><\/p><cite><em><br>&#8220;Visiem patika ekskursija mar\u0161rut\u0101 R\u012bga-Bauska-Vi\u013c\u0146a-Kau\u0146a-R\u012bga. M\u0113s iepazin\u0101mies ar jaun\u0101m pils\u0113t\u0101m, piedal\u012bj\u0101mies aizraujo\u0161\u0101 ekskursij\u0101 pa Vi\u013c\u0146u, apmekl\u0113j\u0101m Vi\u013c\u0146as un Kau\u0146as arh\u012bvus, uzzin\u0101j\u0101m daudz interesanta par v\u0113stures pieminek\u013ciem. Kop\u0113jais atzinums \u2013 \u0161\u0101di braucieni j\u0101organiz\u0113 bie\u017e\u0101k.&#8221;<br><\/em>1969. gada j\u016blijs, autors nezin\u0101ms.<\/cite><\/blockquote>\n\n\n\n<div class=\"wp-block-columns is-layout-flex wp-container-core-columns-is-layout-28f84493 wp-block-columns-is-layout-flex\">\n<div class=\"wp-block-column is-layout-flow wp-block-column-is-layout-flow\">\n<figure class=\"wp-block-image alignwide size-large\"><a href=\"https:\/\/www.archiv.org.lv\/lva60\/wp-content\/uploads\/2021\/11\/3-scaled.jpg\"><img loading=\"lazy\" decoding=\"async\" width=\"1024\" height=\"678\" src=\"https:\/\/www.archiv.org.lv\/lva60\/wp-content\/uploads\/2021\/11\/3-1024x678.jpg\" alt=\"\" class=\"wp-image-425\" srcset=\"https:\/\/www.archiv.org.lv\/lva60\/wp-content\/uploads\/2021\/11\/3-1024x678.jpg 1024w, https:\/\/www.archiv.org.lv\/lva60\/wp-content\/uploads\/2021\/11\/3-300x199.jpg 300w, https:\/\/www.archiv.org.lv\/lva60\/wp-content\/uploads\/2021\/11\/3-768x509.jpg 768w, https:\/\/www.archiv.org.lv\/lva60\/wp-content\/uploads\/2021\/11\/3-1536x1017.jpg 1536w, https:\/\/www.archiv.org.lv\/lva60\/wp-content\/uploads\/2021\/11\/3-2048x1356.jpg 2048w, https:\/\/www.archiv.org.lv\/lva60\/wp-content\/uploads\/2021\/11\/3-2000x1324.jpg 2000w\" sizes=\"auto, (max-width: 1024px) 100vw, 1024px\" \/><\/a><figcaption>Bauskas pilsdrup\u0101s, 1969.gads. Avots: LNA LVA priv\u0101tais arh\u012bvs.<\/figcaption><\/figure>\n<\/div>\n\n\n\n<div class=\"wp-block-column is-layout-flow wp-block-column-is-layout-flow\">\n<figure class=\"wp-block-image alignwide size-large\"><a href=\"https:\/\/www.archiv.org.lv\/lva60\/wp-content\/uploads\/2021\/11\/6-2.jpg\"><img loading=\"lazy\" decoding=\"async\" width=\"1024\" height=\"693\" src=\"https:\/\/www.archiv.org.lv\/lva60\/wp-content\/uploads\/2021\/11\/6-2-1024x693.jpg\" alt=\"\" class=\"wp-image-424\" srcset=\"https:\/\/www.archiv.org.lv\/lva60\/wp-content\/uploads\/2021\/11\/6-2-1024x693.jpg 1024w, https:\/\/www.archiv.org.lv\/lva60\/wp-content\/uploads\/2021\/11\/6-2-300x203.jpg 300w, https:\/\/www.archiv.org.lv\/lva60\/wp-content\/uploads\/2021\/11\/6-2-768x520.jpg 768w, https:\/\/www.archiv.org.lv\/lva60\/wp-content\/uploads\/2021\/11\/6-2-1536x1040.jpg 1536w, https:\/\/www.archiv.org.lv\/lva60\/wp-content\/uploads\/2021\/11\/6-2-2048x1386.jpg 2048w, https:\/\/www.archiv.org.lv\/lva60\/wp-content\/uploads\/2021\/11\/6-2-2000x1354.jpg 2000w\" sizes=\"auto, (max-width: 1024px) 100vw, 1024px\" \/><\/a><figcaption> Kop\u0101 ar Lietuvas PSR Centr\u0101l\u0101 valsts arh\u012bva Kau\u0146as fili\u0101les darbiniekiem pie IX forta, 1969.gads. Avots: LNA LVA priv\u0101tais arh\u012bvs. <\/figcaption><\/figure>\n<\/div>\n\n\n\n<div class=\"wp-block-column is-layout-flow wp-block-column-is-layout-flow\">\n<figure class=\"wp-block-image alignwide size-large\"><a href=\"https:\/\/www.archiv.org.lv\/lva60\/wp-content\/uploads\/2021\/11\/2-1-scaled.jpg\"><img loading=\"lazy\" decoding=\"async\" width=\"1024\" height=\"674\" src=\"https:\/\/www.archiv.org.lv\/lva60\/wp-content\/uploads\/2021\/11\/2-1-1024x674.jpg\" alt=\"\" class=\"wp-image-423\" srcset=\"https:\/\/www.archiv.org.lv\/lva60\/wp-content\/uploads\/2021\/11\/2-1-1024x674.jpg 1024w, https:\/\/www.archiv.org.lv\/lva60\/wp-content\/uploads\/2021\/11\/2-1-300x197.jpg 300w, https:\/\/www.archiv.org.lv\/lva60\/wp-content\/uploads\/2021\/11\/2-1-768x505.jpg 768w, https:\/\/www.archiv.org.lv\/lva60\/wp-content\/uploads\/2021\/11\/2-1-1536x1011.jpg 1536w, https:\/\/www.archiv.org.lv\/lva60\/wp-content\/uploads\/2021\/11\/2-1-2048x1348.jpg 2048w, https:\/\/www.archiv.org.lv\/lva60\/wp-content\/uploads\/2021\/11\/2-1-2000x1316.jpg 2000w\" sizes=\"auto, (max-width: 1024px) 100vw, 1024px\" \/><\/a><figcaption>CVORA darbinieki Vi\u013c\u0146as centr\u0101laj\u0101 laukum\u0101, 1969.gads. Avots: LNA LVA priv\u0101tais arh\u012bvs.<\/figcaption><\/figure>\n<\/div>\n<\/div>\n\n\n\n<div class=\"wp-block-columns is-layout-flex wp-container-core-columns-is-layout-28f84493 wp-block-columns-is-layout-flex\">\n<div class=\"wp-block-column is-layout-flow wp-block-column-is-layout-flow\">\n<figure class=\"wp-block-image alignwide size-large\"><a href=\"https:\/\/www.archiv.org.lv\/lva60\/wp-content\/uploads\/2021\/11\/7.jpg\"><img loading=\"lazy\" decoding=\"async\" width=\"1024\" height=\"682\" src=\"https:\/\/www.archiv.org.lv\/lva60\/wp-content\/uploads\/2021\/11\/7-1024x682.jpg\" alt=\"\" class=\"wp-image-431\" srcset=\"https:\/\/www.archiv.org.lv\/lva60\/wp-content\/uploads\/2021\/11\/7-1024x682.jpg 1024w, https:\/\/www.archiv.org.lv\/lva60\/wp-content\/uploads\/2021\/11\/7-300x200.jpg 300w, https:\/\/www.archiv.org.lv\/lva60\/wp-content\/uploads\/2021\/11\/7-768x512.jpg 768w, https:\/\/www.archiv.org.lv\/lva60\/wp-content\/uploads\/2021\/11\/7-1536x1023.jpg 1536w, https:\/\/www.archiv.org.lv\/lva60\/wp-content\/uploads\/2021\/11\/7-2048x1365.jpg 2048w, https:\/\/www.archiv.org.lv\/lva60\/wp-content\/uploads\/2021\/11\/7-2000x1333.jpg 2000w\" sizes=\"auto, (max-width: 1024px) 100vw, 1024px\" \/><\/a><figcaption><em>&#8220;Ce\u013c\u0101! CVORA arh\u012bvisti \u2013 lieli ce\u013cojumu cien\u012bt\u0101ji.&#8221;<\/em> 1970.gads. Avots: LNA LVA priv\u0101tais arh\u012bvs.<\/figcaption><\/figure>\n\n\n\n<p class=\"has-text-align-center\"><em>Neiztika ar\u012b bez kurioziem. K\u0101d\u0101 no 80.gadu komand\u0113juma atskait\u0113m tika izteikti p\u0101rmetumi un mekl\u0113ts vain\u012bgais &#8211; kur\u0161 bija atbild\u012bgais par tuk\u0161u autobusa b\u0101ku pusce\u013c\u0101 uz Igauniju.<\/em><\/p>\n<\/div>\n\n\n\n<div class=\"wp-block-column is-layout-flow wp-block-column-is-layout-flow\">\n<figure class=\"wp-block-image alignwide size-large\"><a href=\"https:\/\/www.archiv.org.lv\/lva60\/wp-content\/uploads\/2021\/11\/8-scaled.jpg\"><img loading=\"lazy\" decoding=\"async\" width=\"1024\" height=\"657\" src=\"https:\/\/www.archiv.org.lv\/lva60\/wp-content\/uploads\/2021\/11\/8-1024x657.jpg\" alt=\"\" class=\"wp-image-432\" srcset=\"https:\/\/www.archiv.org.lv\/lva60\/wp-content\/uploads\/2021\/11\/8-1024x657.jpg 1024w, https:\/\/www.archiv.org.lv\/lva60\/wp-content\/uploads\/2021\/11\/8-300x192.jpg 300w, https:\/\/www.archiv.org.lv\/lva60\/wp-content\/uploads\/2021\/11\/8-768x493.jpg 768w, https:\/\/www.archiv.org.lv\/lva60\/wp-content\/uploads\/2021\/11\/8-1536x985.jpg 1536w, https:\/\/www.archiv.org.lv\/lva60\/wp-content\/uploads\/2021\/11\/8-2048x1313.jpg 2048w, https:\/\/www.archiv.org.lv\/lva60\/wp-content\/uploads\/2021\/11\/8-2000x1283.jpg 2000w\" sizes=\"auto, (max-width: 1024px) 100vw, 1024px\" \/><\/a><figcaption><em>&#8220;Bij\u0101m fabrik\u0101 \u201dLaima\u201d, \u201d17. j\u016bnijs\u201d, \u201dDzintars\u201d, Organisk\u0101s sint\u0113zes instit\u016bt\u0101 u.c.&#8221;<\/em> Foto redzama ekskursija r\u016bpn\u012bc\u0101 \u201dDzintars\u201d, 1969.gads.  Avots: LNA LVA priv\u0101tais arh\u012bvs. <\/figcaption><\/figure>\n\n\n\n<p class=\"has-text-align-center\"><em>Ekskursijas uz R\u012bgas uz\u0146\u0113mumiem un zin\u0101tniski p\u0113tnieciskajiem instit\u016btiem k\u013cuva par vienu no CVORA darbinieku veidiem, k\u0101 iepaz\u012bties ar republikas tautsaimniec\u012bbu.<\/em><\/p>\n<\/div>\n<\/div>\n\n\n\n<p class=\"has-text-align-center\"> 1979.gad\u0101 CVORA \u012bpa\u0161um\u0101 min\u0113ti 3 transporta l\u012bdzek\u013ci &#8211; autobuss KAVZ-685, smag\u0101 automa\u0161\u012bna GAZ-51 un viegl\u0101 automa\u0161\u012bna Moskvich 408. 1980.gados arh\u012bva darbiniekiem bija iesp\u0113ja t\u0101s nom\u0101t priv\u0101t\u0101m vajadz\u012bb\u0101m. <\/p>\n\n\n\n<hr class=\"wp-block-separator\"\/>\n\n\n\n<h2 class=\"wp-block-heading\">Cenz\u016bra un ideolo\u0123ijas stiprin\u0101\u0161ana<\/h2>\n\n\n\n<div class=\"wp-block-columns is-layout-flex wp-container-core-columns-is-layout-28f84493 wp-block-columns-is-layout-flex\">\n<div class=\"wp-block-column is-layout-flow wp-block-column-is-layout-flow\">\n<p class=\"has-text-align-center\"> Padomju period\u0101 valdo\u0161\u0101s cenz\u016bras un PSRS falsific\u0113t\u0101s v\u0113stures d\u0113\u013c p\u0113tniekiem bija liegta pieeja attiec\u012bgu laika posmu un t\u0113mu dokumentiem. Pirms las\u012bt\u0101ju piepras\u012bjuma izpildes tie no arh\u012bvu darbinieku puses tika kritiski p\u0101rskat\u012bti, izp\u0113t\u012bta las\u012bt\u0101jam no glab\u0101tavas izsniegto dokumentu saturisk\u0101 atbilst\u012bba p\u0113tniec\u012bbas tematikai, izv\u0113rt\u0113ts jaut\u0101jums par to izsnieg\u0161anas nepiecie\u0161am\u012bbu (tas pats notika gad\u012bjum\u0101, kad no las\u012bt\u0101ja tika sa\u0146emts piepras\u012bjums par dokumentu kop\u0113\u0161anu). Ja p\u0113tnieka izmantotajos materi\u0101los tika atkl\u0101ti fakti, kuriem nebija tie\u0161as saist\u012bbas ar p\u0113tniec\u012bbas t\u0113mu vai tie nebija piem\u0113roti publik\u0101cijai atkl\u0101t\u0101 pres\u0113, valsts arh\u012bviem bija ties\u012bbas atteikt lietu, kopiju un izzi\u0146u izsnieg\u0161anu.  <\/p>\n<\/div>\n\n\n\n<div class=\"wp-block-column is-layout-flow wp-block-column-is-layout-flow\">\n<figure class=\"wp-block-video\"><video height=\"524\" style=\"aspect-ratio: 720 \/ 524;\" width=\"720\" controls src=\"https:\/\/www.archiv.org.lv\/lva60\/wp-content\/uploads\/2021\/11\/LNA_KFFDA_F8_2_4102_2_FR.mp4\"><\/video><figcaption>Fragments no kino\u017eurn\u0101la \u201cLatvijas hronika\u201d Nr. 31, 1989.gads. Re\u017eisors Viesturs \u0160utko. Avots: LNA Kinofotofonodokumentu arh\u012bvs.<\/figcaption><\/figure>\n<\/div>\n<\/div>\n\n\n\n<p class=\"has-text-align-center\">Dokumentu izmanto\u0161ana bija strikti reglament\u0113ta, nosakot, ka t\u0101 j\u0101veic vispirms politiskiem, tad tautsaimnieciskiem un tikai p\u0113c tam zin\u0101tniskiem m\u0113r\u0137iem. Dokumentu izmanto\u0161anai a\u0123it\u0101cijas un propagandas m\u0113r\u0137iem bija da\u017e\u0101das formas \u2013 to demonstr\u0101cija, publik\u0101cijas, izmanto\u0161ana radio raid\u012bjumos, telev\u012bzijas programm\u0101s, lekcij\u0101s, plak\u0101tos u.\u00a0c. \u0160\u012bs formas s\u012bk\u0101k reglament\u0113ja PSRS Ministru padomes Galven\u0101s arh\u012bvu p\u0101rvaldes 1962.\u00a0gad\u0101 izdotie Valsts arh\u012bvu darb\u012bbas pamatnoteikumi. Piem\u0113ram, dokument\u0101ro materi\u0101lu izst\u0101d\u0113m bija noteikta \u0161\u0101da tematika:<\/p>\n\n\n\n<ul class=\"wp-block-list\"><li>visp\u0101r\u0113jas politiskas un v\u0113sturiskas t\u0113mas (protams, kas nav pretrun\u0101 ar Padomju Savien\u012bb\u0101 \u012bstenoto politiku);<\/li><li>republikas, apgabala vai novada v\u0113sture un atsevi\u0161\u0137u notikumu jubilejas;<\/li><li>iev\u0113rojamu valsts, sabiedrisku, zin\u0101tnes un kult\u016bras darbinieku dz\u012bve un darb\u012bba;<\/li><li>PSRS draudz\u012bbas un sadarb\u012bba ar citu zemju taut\u0101m;<\/li><li>PSRS valsts arh\u012bva fonda dokument\u0101ro materi\u0101lu sast\u0101va un satura populariz\u0113\u0161ana un padomju arh\u012bva zin\u0101tnes sasniegumu populariz\u0113\u0161ana.<\/li><\/ul>\n\n\n\n<p class=\"has-text-align-center\">1964.\u00a0gada Arh\u012bvu p\u0101rvaldes atskait\u0113 konstat\u0113ts, ka likumsakar\u012bgi interese pamat\u0101 tika izr\u0101d\u012bta par 1919.\u00a0gada un 1945.\u20131958.\u00a0gada dokumentiem, jo, piem\u0113ram, br\u012bva pieeja Latvijas Republikas (1918.\u20131940.\u00a0g.) dokumentiem bija liegta. Arh\u012bva materi\u0101li tika izmantoti galvenok\u0101rt disert\u0101ciju un diplomdarbu izstr\u0101d\u0101\u0161anai un materi\u0101la atlasei Latvijas padomju enciklop\u0113dijas zin\u0101tniskaj\u0101m t\u0113m\u0101m. Saist\u012bb\u0101 ar dokumentu atslepeno\u0161anu situ\u0101cija s\u0101ka main\u012bties vien Atmodas laik\u0101 80.\u00a0gadu beig\u0101s. Piem\u0113ram, 1989.\u00a0gada 23.\u00a0marta dati liecina, ka ierobe\u017eojumi no\u0146emti vair\u0101k nek\u0101 78\u00a0000 liet\u0101m saist\u012bb\u0101 ar\u00a0zin\u0101tnieku un sabiedr\u012bbas pieaugo\u0161o interesi par Latvijas armiju un v\u0101cu okup\u0101cijas re\u017e\u012bmu Latvij\u0101 1941.\u20131945.\u00a0gad\u0101, t\u0101p\u0113c dokumentu izv\u0113rt\u0113\u0161anas darbu vajadz\u0113ja pa\u0101trin\u0101t.<\/p>\n\n\n\n<div class=\"wp-block-columns is-layout-flex wp-container-core-columns-is-layout-28f84493 wp-block-columns-is-layout-flex\">\n<div class=\"wp-block-column is-layout-flow wp-block-column-is-layout-flow\">\n<p class=\"has-text-align-center\"> P\u0113c Arh\u012bvu p\u0101rvaldes 1964.\u00a0gada p\u0101rbaudes konstat\u0113ts, ka CVORA \u0113k\u0101 noslogot\u012bbas d\u0113\u013c nav las\u012btavas, t\u0101 bija izvietota arh\u012bvistu darba telp\u0101, kur\u0101 str\u0101d\u0101ja v\u0113l pieci cilv\u0113ki. Neraugoties uz to, ka apmekl\u0113t\u0101jiem piel\u0101gota telpa CVORA tika izveidota vien l\u012bdz ar arh\u012bva \u0113kas izb\u016bvi 1984.\u00a0gad\u0101 Bezdel\u012bgu iel\u0101 1a, arh\u012bvs bija pieejams las\u012bt\u0101jiem jau kop\u0161 1963.\u00a0gada, un visas formalit\u0101tes, kas saist\u012btas ar arh\u012bva dokumentu pieejam\u012bbu, bija iev\u0113rotas \u2013 las\u012bt\u0101ji tika pielaisti dokumentiem ar rakstisku CVORA vad\u012bt\u0101ja at\u013cauju, tika p\u0101rbaud\u012bti apmekl\u0113jumu uzskaites un las\u012bt\u0101ju re\u0123istr\u0101cijas \u017eurn\u0101li, k\u0101 ar\u012b dokumentu izmanto\u0161anas lapas. Ar\u012b las\u012bt\u0101ju person\u012bgaj\u0101m liet\u0101m bija j\u0101b\u016bt pareizi organiz\u0113t\u0101m.<\/p>\n<\/div>\n\n\n\n<div class=\"wp-block-column is-layout-flow wp-block-column-is-layout-flow\">\n<figure class=\"wp-block-image alignwide size-large\"><a href=\"https:\/\/www.archiv.org.lv\/lva60\/wp-content\/uploads\/2021\/11\/Lasitava-2-scaled.jpg\"><img loading=\"lazy\" decoding=\"async\" width=\"1024\" height=\"635\" src=\"https:\/\/www.archiv.org.lv\/lva60\/wp-content\/uploads\/2021\/11\/Lasitava-2-1024x635.jpg\" alt=\"\" class=\"wp-image-241\" srcset=\"https:\/\/www.archiv.org.lv\/lva60\/wp-content\/uploads\/2021\/11\/Lasitava-2-1024x635.jpg 1024w, https:\/\/www.archiv.org.lv\/lva60\/wp-content\/uploads\/2021\/11\/Lasitava-2-300x186.jpg 300w, https:\/\/www.archiv.org.lv\/lva60\/wp-content\/uploads\/2021\/11\/Lasitava-2-768x476.jpg 768w, https:\/\/www.archiv.org.lv\/lva60\/wp-content\/uploads\/2021\/11\/Lasitava-2-1536x953.jpg 1536w, https:\/\/www.archiv.org.lv\/lva60\/wp-content\/uploads\/2021\/11\/Lasitava-2-2048x1270.jpg 2048w, https:\/\/www.archiv.org.lv\/lva60\/wp-content\/uploads\/2021\/11\/Lasitava-2-2000x1240.jpg 2000w\" sizes=\"auto, (max-width: 1024px) 100vw, 1024px\" \/><\/a><figcaption>Apmekl\u0113t\u0101ji LVA las\u012btav\u0101 arh\u012bva \u0113k\u0101 Bezdel\u012bgu iel\u0101 1a, R\u012bg\u0101. 1980.gadi. Avots: LNA LVA priv\u0101tais arh\u012bvs. <\/figcaption><\/figure>\n<\/div>\n<\/div>\n\n\n\n<div class=\"wp-block-columns is-layout-flex wp-container-core-columns-is-layout-28f84493 wp-block-columns-is-layout-flex\">\n<div class=\"wp-block-column is-layout-flow wp-block-column-is-layout-flow\">\n<figure class=\"wp-block-image size-large\"><img loading=\"lazy\" decoding=\"async\" width=\"1024\" height=\"718\" src=\"https:\/\/www.archiv.org.lv\/lva60\/wp-content\/uploads\/2021\/11\/diplomdarbs-1024x718.jpg\" alt=\"\" class=\"wp-image-482\" srcset=\"https:\/\/www.archiv.org.lv\/lva60\/wp-content\/uploads\/2021\/11\/diplomdarbs-1024x718.jpg 1024w, https:\/\/www.archiv.org.lv\/lva60\/wp-content\/uploads\/2021\/11\/diplomdarbs-300x210.jpg 300w, https:\/\/www.archiv.org.lv\/lva60\/wp-content\/uploads\/2021\/11\/diplomdarbs-768x538.jpg 768w, https:\/\/www.archiv.org.lv\/lva60\/wp-content\/uploads\/2021\/11\/diplomdarbs-1536x1077.jpg 1536w, https:\/\/www.archiv.org.lv\/lva60\/wp-content\/uploads\/2021\/11\/diplomdarbs-2048x1435.jpg 2048w, https:\/\/www.archiv.org.lv\/lva60\/wp-content\/uploads\/2021\/11\/diplomdarbs-2000x1402.jpg 2000w\" sizes=\"auto, (max-width: 1024px) 100vw, 1024px\" \/><figcaption>Las\u012btavas apmekl\u0113t\u0101jas v\u0101c zi\u0146as diplomdarbu izstr\u0101dei, 1965.gads. Avots: LNA LVA priv\u0101tais arh\u012bvs.<\/figcaption><\/figure>\n\n\n\n<figure class=\"wp-block-image size-large\"><img loading=\"lazy\" decoding=\"async\" width=\"1024\" height=\"750\" src=\"https:\/\/www.archiv.org.lv\/lva60\/wp-content\/uploads\/2021\/11\/CVORA-foto-albums_0020-lasitava-1-1024x750.jpg\" alt=\"\" class=\"wp-image-483\" srcset=\"https:\/\/www.archiv.org.lv\/lva60\/wp-content\/uploads\/2021\/11\/CVORA-foto-albums_0020-lasitava-1-1024x750.jpg 1024w, https:\/\/www.archiv.org.lv\/lva60\/wp-content\/uploads\/2021\/11\/CVORA-foto-albums_0020-lasitava-1-300x220.jpg 300w, https:\/\/www.archiv.org.lv\/lva60\/wp-content\/uploads\/2021\/11\/CVORA-foto-albums_0020-lasitava-1-768x563.jpg 768w, https:\/\/www.archiv.org.lv\/lva60\/wp-content\/uploads\/2021\/11\/CVORA-foto-albums_0020-lasitava-1-1536x1125.jpg 1536w, https:\/\/www.archiv.org.lv\/lva60\/wp-content\/uploads\/2021\/11\/CVORA-foto-albums_0020-lasitava-1-2048x1500.jpg 2048w, https:\/\/www.archiv.org.lv\/lva60\/wp-content\/uploads\/2021\/11\/CVORA-foto-albums_0020-lasitava-1-2000x1465.jpg 2000w\" sizes=\"auto, (max-width: 1024px) 100vw, 1024px\" \/><figcaption>Las\u012btavas telpa ar apmekl\u0113t\u0101jiem CVORA \u0113k\u0101 \u013be\u0146ina iel\u0101 78 (m\u016bsdien\u0101s \u2013 Br\u012bv\u012bbas iel\u0101 78). Avots: LNA LVA priv\u0101tais arh\u012bvs.<\/figcaption><\/figure>\n<\/div>\n\n\n\n<div class=\"wp-block-column is-layout-flow wp-block-column-is-layout-flow\">\n<figure class=\"wp-block-image size-large\"><img loading=\"lazy\" decoding=\"async\" width=\"668\" height=\"1024\" src=\"https:\/\/www.archiv.org.lv\/lva60\/wp-content\/uploads\/2021\/11\/CVORA-foto-albums_0016-2-668x1024.jpg\" alt=\"\" class=\"wp-image-480\" srcset=\"https:\/\/www.archiv.org.lv\/lva60\/wp-content\/uploads\/2021\/11\/CVORA-foto-albums_0016-2-668x1024.jpg 668w, https:\/\/www.archiv.org.lv\/lva60\/wp-content\/uploads\/2021\/11\/CVORA-foto-albums_0016-2-196x300.jpg 196w, https:\/\/www.archiv.org.lv\/lva60\/wp-content\/uploads\/2021\/11\/CVORA-foto-albums_0016-2-768x1177.jpg 768w, https:\/\/www.archiv.org.lv\/lva60\/wp-content\/uploads\/2021\/11\/CVORA-foto-albums_0016-2-1002x1536.jpg 1002w, https:\/\/www.archiv.org.lv\/lva60\/wp-content\/uploads\/2021\/11\/CVORA-foto-albums_0016-2-1336x2048.jpg 1336w, https:\/\/www.archiv.org.lv\/lva60\/wp-content\/uploads\/2021\/11\/CVORA-foto-albums_0016-2.jpg 1668w\" sizes=\"auto, (max-width: 668px) 100vw, 668px\" \/><figcaption>P\u0113tnieku uzdevumu izpild\u012bt\u0101ja A.Vilsone pieg\u0101d\u0101 lietas uz las\u012btavas z\u0101li, 1971.gads. Avots: LNA LVA priv\u0101tais arh\u012bvs.<\/figcaption><\/figure>\n<\/div>\n<\/div>\n\n\n\n<div class=\"wp-block-columns is-layout-flex wp-container-core-columns-is-layout-28f84493 wp-block-columns-is-layout-flex\">\n<div class=\"wp-block-column is-layout-flow wp-block-column-is-layout-flow\">\n<figure class=\"wp-block-video alignwide\"><video height=\"464\" style=\"aspect-ratio: 640 \/ 464;\" width=\"640\" controls src=\"https:\/\/www.archiv.org.lv\/lva60\/wp-content\/uploads\/2021\/11\/LNA_KFFDA_F25_1_21_fragments.mp4\"><\/video><figcaption>Fragments no dokument\u0101l\u0101s filmas \u201cArh\u012bvi &#8211; Tautas dokument\u0101l\u0101 atmi\u0146a\u201d 1980-1989. gads. Re\u017eisors Ingr\u012bda Gofmane, J\u0101nis Lutums. Avots: LNA Kinofotofonodokumentu arh\u012bvs.<\/figcaption><\/figure>\n<\/div>\n\n\n\n<div class=\"wp-block-column is-layout-flow wp-block-column-is-layout-flow\">\n<p class=\"has-text-align-center\"> Arh\u012bva darbinieki p\u0113c PSRS Galven\u0101s arh\u012bvu p\u0101rvaldes un citu republiku arh\u012bvu p\u0101rval\u017eu piepras\u012bjuma sagatavoja dokumentus publik\u0101cijai t\u0101diem kr\u0101jumiem k\u0101 \u201cVissavien\u012bbas pal\u012bdz\u012bba neskartaj\u0101m zem\u0113m\u201d, \u201cLatvijas gar\u012bdzniec\u012bbas reakcion\u0101r\u0101s b\u016bt\u012bbas atmasko\u0161ana\u201d, \u201cPadomju pilso\u0146u v\u0113stules no frontes un uz Otr\u0101 pasaules kara front\u0113m\u201d, \u201cLPSR str\u0101dnieku piedal\u012b\u0161an\u0101s HES \u201cTautu draudz\u012bba\u201d celtniec\u012bb\u0101\u201d. Vienlaikus tika gatavotas ar\u012b v\u0113sturiska rakstura publik\u0101cijas pres\u0113, piem\u0113ram, av\u012bz\u0113s \u201cPadomju Latvija\u201d, \u201cPadomju Jaunatne\u201d, \u201cC\u012b\u0146a\u201d u.\u00a0c.<\/p>\n<\/div>\n<\/div>\n\n\n\n<p class=\"has-text-align-center\">\u012apa\u0161a uzman\u012bba publik\u0101ciju izstr\u0101d\u0113 bija velt\u012bta PSRS \u201cpiemi\u0146as dien\u0101m\u201d, Padomju Savien\u012bbas cildin\u0101\u0161anas un komunistisk\u0101s audzin\u0101\u0161anas m\u0113r\u0137iem, piem\u0113ram, Daugavpils atbr\u012bvo\u0161anas no \u201cfa\u0161istiskajiem\u201d iebruc\u0113jiem 20 gadadienai velt\u012bts raksts \u201cUz atkarot\u0101s zemes\u2026\u201d, publik\u0101cijas \u201c47.\u00a0Oktobra gadadienai\u201d utt. J\u0101atz\u012bm\u0113, ka \u0161\u0101da veida raksti nebija tend\u0113ti ne uz zin\u0101tnisko, ne informat\u012bvo vai faktolo\u0123isko notikumu atspogu\u013co\u0161anu. To galvenais uzdevums, izmantojot m\u0101kslinieciskos izteiksmes l\u012bdzek\u013cus un pacil\u0101tas fr\u0101zes, bija iesak\u0146ot sabiedr\u012bbas apzi\u0146\u0101 komunistisk\u0101s diktat\u016bras ieviest\u0101s pozit\u012bv\u0101s p\u0101rmai\u0146as valsts p\u0101rvald\u0113, kult\u016br\u0101, ekonomik\u0101 u.\u00a0c. sf\u0113r\u0101s.<\/p>\n\n\n\n<div class=\"wp-block-columns is-layout-flex wp-container-core-columns-is-layout-28f84493 wp-block-columns-is-layout-flex\">\n<div class=\"wp-block-column is-layout-flow wp-block-column-is-layout-flow\">\n<div class=\"wp-block-image\"><figure class=\"aligncenter size-large\"><a href=\"https:\/\/www.archiv.org.lv\/lva60\/wp-content\/uploads\/2021\/11\/CVORA-foto-albums_0033-Eizenu-Veveri.-1970.-gads.-scaled.jpg\"><img loading=\"lazy\" decoding=\"async\" width=\"1024\" height=\"704\" src=\"https:\/\/www.archiv.org.lv\/lva60\/wp-content\/uploads\/2021\/11\/CVORA-foto-albums_0033-Eizenu-Veveri.-1970.-gads.-1024x704.jpg\" alt=\"\" class=\"wp-image-490\" srcset=\"https:\/\/www.archiv.org.lv\/lva60\/wp-content\/uploads\/2021\/11\/CVORA-foto-albums_0033-Eizenu-Veveri.-1970.-gads.-1024x704.jpg 1024w, https:\/\/www.archiv.org.lv\/lva60\/wp-content\/uploads\/2021\/11\/CVORA-foto-albums_0033-Eizenu-Veveri.-1970.-gads.-300x206.jpg 300w, https:\/\/www.archiv.org.lv\/lva60\/wp-content\/uploads\/2021\/11\/CVORA-foto-albums_0033-Eizenu-Veveri.-1970.-gads.-768x528.jpg 768w, https:\/\/www.archiv.org.lv\/lva60\/wp-content\/uploads\/2021\/11\/CVORA-foto-albums_0033-Eizenu-Veveri.-1970.-gads.-1536x1057.jpg 1536w, https:\/\/www.archiv.org.lv\/lva60\/wp-content\/uploads\/2021\/11\/CVORA-foto-albums_0033-Eizenu-Veveri.-1970.-gads.-2048x1409.jpg 2048w, https:\/\/www.archiv.org.lv\/lva60\/wp-content\/uploads\/2021\/11\/CVORA-foto-albums_0033-Eizenu-Veveri.-1970.-gads.-2000x1376.jpg 2000w\" sizes=\"auto, (max-width: 1024px) 100vw, 1024px\" \/><\/a><figcaption><em>&#8220;Ilgi arh\u012bvistiem paliks atmi\u0146\u0101 tik\u0161an\u0101s ar drosm\u012bgo c\u012bn\u012bt\u0101ju pret fa\u0161ismu, dzejnieku un Latvijas PSR Valsts pr\u0113mijas laure\u0101tu Ei\u017eenu V\u0113veri.&#8221;<\/em> 1970. gads. Avots: LNA LVA priv\u0101tais arh\u012bvs.<\/figcaption><\/figure><\/div>\n<\/div>\n\n\n\n<div class=\"wp-block-column is-layout-flow wp-block-column-is-layout-flow\">\n<div class=\"wp-block-image\"><figure class=\"aligncenter size-large\"><a href=\"https:\/\/www.archiv.org.lv\/lva60\/wp-content\/uploads\/2021\/11\/CVORA-foto-albums_0022-tiksanas-rigas-balsi-scaled.jpg\"><img loading=\"lazy\" decoding=\"async\" width=\"1024\" height=\"708\" src=\"https:\/\/www.archiv.org.lv\/lva60\/wp-content\/uploads\/2021\/11\/CVORA-foto-albums_0022-tiksanas-rigas-balsi-1024x708.jpg\" alt=\"\" class=\"wp-image-491\" srcset=\"https:\/\/www.archiv.org.lv\/lva60\/wp-content\/uploads\/2021\/11\/CVORA-foto-albums_0022-tiksanas-rigas-balsi-1024x708.jpg 1024w, https:\/\/www.archiv.org.lv\/lva60\/wp-content\/uploads\/2021\/11\/CVORA-foto-albums_0022-tiksanas-rigas-balsi-300x207.jpg 300w, https:\/\/www.archiv.org.lv\/lva60\/wp-content\/uploads\/2021\/11\/CVORA-foto-albums_0022-tiksanas-rigas-balsi-768x531.jpg 768w, https:\/\/www.archiv.org.lv\/lva60\/wp-content\/uploads\/2021\/11\/CVORA-foto-albums_0022-tiksanas-rigas-balsi-1536x1062.jpg 1536w, https:\/\/www.archiv.org.lv\/lva60\/wp-content\/uploads\/2021\/11\/CVORA-foto-albums_0022-tiksanas-rigas-balsi-2048x1416.jpg 2048w, https:\/\/www.archiv.org.lv\/lva60\/wp-content\/uploads\/2021\/11\/CVORA-foto-albums_0022-tiksanas-rigas-balsi-2000x1382.jpg 2000w\" sizes=\"auto, (max-width: 1024px) 100vw, 1024px\" \/><\/a><figcaption>LPSR CVORA darbinieku tik\u0161an\u0101s ar sarkanajiem str\u0113lniekiem laikraksta &#8220;R\u012bgas Balss&#8221; redakcij\u0101, 1969.gads. Avots: LNA LVA priv\u0101tais arh\u012bvs.<\/figcaption><\/figure><\/div>\n<\/div>\n<\/div>\n\n\n\n<p class=\"has-text-align-center\">Arh\u012bva publik\u0101ciju un izmanto\u0161anas noda\u013cas darbinieku atlas\u012btie dokumenti bie\u017ei tika izmantoti tematisko fotoizst\u0101\u017eu gatavo\u0161anai. Izst\u0101des ekspon\u0113ja kinote\u0101tros, virsnieku namos, profesion\u0101li tehniskaj\u0101s skol\u0101s, fotokomplektus p\u0113c piepras\u012bjuma izs\u016bt\u012bja partijas rajonu komitej\u0101m, uz\u0146\u0113mumiem un skol\u0101m. T\u0101das, piem\u0113ram, bija ce\u013cojo\u0161\u0101s fotodokumentu izst\u0101des \u201cPadomju Latvija 1919.\u00a0gad\u0101\u201d, \u201cHES Tautu draudz\u012bba\u201d, \u201c43. gvardes latvie\u0161u str\u0113lnieku div\u012bzijas komjaunie\u0161i\u201d u.\u00a0c. \u012apa\u0161a loma bija ar\u012b arh\u012bva Literat\u016bras un m\u0101kslas dokument\u0101cijas noda\u013cai, ko izveidoja v\u0113l\u0101k \u2013 1973.\u00a0gad\u0101, apvienojot kult\u016bras un m\u0101kslas profila fondus. Noda\u013cas dokumentu kompleksu veidoja iev\u0113rojamu kult\u016bras un m\u0101kslas darbinieku personu fondi. Tos pla\u0161i izmantoja visda\u017e\u0101d\u0101kajiem p\u0113t\u012bjumiem un publik\u0101cij\u0101m.<\/p>\n\n\n\n<div class=\"wp-block-columns is-layout-flex wp-container-core-columns-is-layout-28f84493 wp-block-columns-is-layout-flex\">\n<div class=\"wp-block-column is-layout-flow wp-block-column-is-layout-flow\">\n<div class=\"wp-block-image\"><figure class=\"aligncenter size-large\"><a href=\"https:\/\/www.archiv.org.lv\/lva60\/wp-content\/uploads\/2021\/11\/CVORA-foto-albums_0019-stends-scaled.jpg\"><img loading=\"lazy\" decoding=\"async\" width=\"1024\" height=\"725\" src=\"https:\/\/www.archiv.org.lv\/lva60\/wp-content\/uploads\/2021\/11\/CVORA-foto-albums_0019-stends-1024x725.jpg\" alt=\"\" class=\"wp-image-486\" srcset=\"https:\/\/www.archiv.org.lv\/lva60\/wp-content\/uploads\/2021\/11\/CVORA-foto-albums_0019-stends-1024x725.jpg 1024w, https:\/\/www.archiv.org.lv\/lva60\/wp-content\/uploads\/2021\/11\/CVORA-foto-albums_0019-stends-300x213.jpg 300w, https:\/\/www.archiv.org.lv\/lva60\/wp-content\/uploads\/2021\/11\/CVORA-foto-albums_0019-stends-768x544.jpg 768w, https:\/\/www.archiv.org.lv\/lva60\/wp-content\/uploads\/2021\/11\/CVORA-foto-albums_0019-stends-1536x1088.jpg 1536w, https:\/\/www.archiv.org.lv\/lva60\/wp-content\/uploads\/2021\/11\/CVORA-foto-albums_0019-stends-2048x1451.jpg 2048w, https:\/\/www.archiv.org.lv\/lva60\/wp-content\/uploads\/2021\/11\/CVORA-foto-albums_0019-stends-2000x1417.jpg 2000w\" sizes=\"auto, (max-width: 1024px) 100vw, 1024px\" \/><\/a><figcaption>LPSR CVORA ce\u013cojo\u0161\u0101 izst\u0101de, velt\u012bta latvie\u0161u sarkanajiem str\u0113lniekiem, 1960.gadi. Avots: LNA LVA priv\u0101tais arh\u012bvs.<\/figcaption><\/figure><\/div>\n<\/div>\n\n\n\n<div class=\"wp-block-column is-layout-flow wp-block-column-is-layout-flow\">\n<div class=\"wp-block-image\"><figure class=\"aligncenter size-large\"><a href=\"https:\/\/www.archiv.org.lv\/lva60\/wp-content\/uploads\/2021\/11\/CVORA-foto-izstade-muzeja-scaled.jpg\"><img loading=\"lazy\" decoding=\"async\" width=\"1024\" height=\"690\" src=\"https:\/\/www.archiv.org.lv\/lva60\/wp-content\/uploads\/2021\/11\/CVORA-foto-izstade-muzeja-1024x690.jpg\" alt=\"\" class=\"wp-image-487\" srcset=\"https:\/\/www.archiv.org.lv\/lva60\/wp-content\/uploads\/2021\/11\/CVORA-foto-izstade-muzeja-1024x690.jpg 1024w, https:\/\/www.archiv.org.lv\/lva60\/wp-content\/uploads\/2021\/11\/CVORA-foto-izstade-muzeja-300x202.jpg 300w, https:\/\/www.archiv.org.lv\/lva60\/wp-content\/uploads\/2021\/11\/CVORA-foto-izstade-muzeja-768x518.jpg 768w, https:\/\/www.archiv.org.lv\/lva60\/wp-content\/uploads\/2021\/11\/CVORA-foto-izstade-muzeja-1536x1036.jpg 1536w, https:\/\/www.archiv.org.lv\/lva60\/wp-content\/uploads\/2021\/11\/CVORA-foto-izstade-muzeja-2048x1381.jpg 2048w, https:\/\/www.archiv.org.lv\/lva60\/wp-content\/uploads\/2021\/11\/CVORA-foto-izstade-muzeja-2000x1349.jpg 2000w\" sizes=\"auto, (max-width: 1024px) 100vw, 1024px\" \/><\/a><figcaption> LPSR CVORA Literat\u016bras un m\u0101kslas noda\u013cas organiz\u0113t\u0101 izst\u0101de &#8220;Latvie\u0161u m\u0101ksla arh\u012bva dokumentos&#8221; LPSR M\u0101kslas muzej\u0101 1983.gad\u0101. Avots: LNA LVA priv\u0101tais arh\u012bvs.<\/figcaption><\/figure><\/div>\n<\/div>\n\n\n\n<div class=\"wp-block-column is-layout-flow wp-block-column-is-layout-flow\">\n<div class=\"wp-block-image\"><figure class=\"aligncenter size-large\"><a href=\"https:\/\/www.archiv.org.lv\/lva60\/wp-content\/uploads\/2021\/11\/CVORA-foto-albums_0100-Stalbergs-scaled.jpg\"><img loading=\"lazy\" decoding=\"async\" width=\"1024\" height=\"719\" src=\"https:\/\/www.archiv.org.lv\/lva60\/wp-content\/uploads\/2021\/11\/CVORA-foto-albums_0100-Stalbergs-1024x719.jpg\" alt=\"\" class=\"wp-image-488\" srcset=\"https:\/\/www.archiv.org.lv\/lva60\/wp-content\/uploads\/2021\/11\/CVORA-foto-albums_0100-Stalbergs-1024x719.jpg 1024w, https:\/\/www.archiv.org.lv\/lva60\/wp-content\/uploads\/2021\/11\/CVORA-foto-albums_0100-Stalbergs-300x211.jpg 300w, https:\/\/www.archiv.org.lv\/lva60\/wp-content\/uploads\/2021\/11\/CVORA-foto-albums_0100-Stalbergs-768x539.jpg 768w, https:\/\/www.archiv.org.lv\/lva60\/wp-content\/uploads\/2021\/11\/CVORA-foto-albums_0100-Stalbergs-1536x1078.jpg 1536w, https:\/\/www.archiv.org.lv\/lva60\/wp-content\/uploads\/2021\/11\/CVORA-foto-albums_0100-Stalbergs-2048x1438.jpg 2048w, https:\/\/www.archiv.org.lv\/lva60\/wp-content\/uploads\/2021\/11\/CVORA-foto-albums_0100-Stalbergs-2000x1404.jpg 2000w\" sizes=\"auto, (max-width: 1024px) 100vw, 1024px\" \/><\/a><figcaption>LPSR CVORA Literat\u016bras un m\u0101kslas noda\u013cas organiz\u0113t\u0101 arhitekta, akad\u0113mi\u0137a Ernesta \u0160t\u0101lberga 100 gadu piemi\u0146as izst\u0101de Arhitektu savien\u012bbas nam\u0101 1983.gada oktobr\u012b. Avots: LNA LVA priv\u0101tais arh\u012bvs.<\/figcaption><\/figure><\/div>\n<\/div>\n<\/div>\n\n\n\n<h2 class=\"wp-block-heading\">Dokumentu pie\u0146em\u0161ana<\/h2>\n\n\n\n<p class=\"has-text-align-center\">CVORA komplekt\u0113\u0161ana aizs\u0101k\u0101s ar LPSR Centr\u0101l\u0101 valsts v\u0113stures arh\u012bva Padomju noda\u013cas dokumentiem no 1940.\u00a0gada, k\u0101 ar\u012b ar materi\u0101liem, kas aptv\u0113ra padomju varas periodu no 1917. l\u012bdz 1919.\u00a0gadam.<\/p>\n\n\n\n<p class=\"has-text-align-center\">Sakar\u0101 ar to, ka arh\u012bvam netika pie\u0161\u0137irtas atsevi\u0161\u0137as telpas, pirmaj\u0101 past\u0101v\u0113\u0161anas gad\u0101 CVORA pie\u0146\u0113ma tikai 1250 glab\u0101jamo vien\u012bbu. L\u012bdz 1963.\u00a0gadam arh\u012bvs atrad\u0101s Centr\u0101l\u0101 valsts v\u0113stures arh\u012bva telp\u0101s un nevar\u0113ja veikt apjom\u012bgas dokumentu pie\u0146em\u0161anas kampa\u0146as (no pa\u0161a Centr\u0101l\u0101 valsts v\u0113stures arh\u012bva pie\u0146emtie dokumenti, sprie\u017eot p\u0113c avotiem, tika \u201cuzskait\u012bti\u201d CVORA faktisk\u0101 un juridisk\u0101 p\u0101rzi\u0146\u0101, ta\u010du fiziski glab\u0101jam\u0101s vien\u012bbas visdr\u012bz\u0101k netika p\u0101rvietotas). Ar\u012b arh\u012bva komplekt\u0113\u0161anas pl\u0101ns bija izstr\u0101d\u0101\u0161anas stadij\u0101. 1963.\u00a0gad\u0101 liel\u0101k\u0101 da\u013ca CVORA pie\u0146emto glab\u0101jamo vien\u012bbu ar\u012b bija no Centr\u0101l\u0101 valsts v\u0113stures arh\u012bva nodal\u012btie fondi. \u0160aj\u0101 gad\u0101 b\u016btiski palielin\u0101j\u0101s dokumentu pie\u0146em\u0161ana no resoru arh\u012bviem \u2013 LPSR Ministru padomes, Kult\u016bras ministrijas, Izgl\u012bt\u012bbas ministrijas, Lauksaimniec\u012bbas produktu ra\u017eo\u0161anas un sag\u0101des ministrijas u.\u00a0c. augst\u0101ko p\u0101rvaldes iest\u0101\u017eu dokumentiem. Sakar\u0101 ar telpu pie\u0161\u0137ir\u0161anu \u0160\u0137\u016b\u0146u iel\u0101 11 da\u013ca arh\u012bva materi\u0101lu tika pak\u013cauta p\u0101rve\u0161anai, es\u012bbas p\u0101rbaudei un topograf\u0113\u0161anai.<\/p>\n\n\n\n<p class=\"has-text-align-center\">1964.\u00a0gad\u0101 CVORA pie\u0146\u0113ma da\u013cu no likvid\u0113to R\u012bgas un J\u016brmalas pils\u0113tu valsts arh\u012bvu dokumentiem, kopum\u0101 26\u00a0413 glab\u0101jam\u0101s vien\u012bbas, k\u0101 ar\u012b uzskaites materi\u0101lus, metodiskos l\u012bdzek\u013cus, uzzi\u0146u bibliot\u0113ku, arh\u012bvu teko\u0161\u0101s dokumentu p\u0101rvald\u012bbas dokumentus un invent\u0101ru. Turpm\u0101kajos gados CVORA komplekt\u0113\u0161ana turpin\u0101j\u0101s ar valsts varas un p\u0101rvaldes iest\u0101\u017eu dokumentiem, k\u0101 ar\u012b ar republik\u0101nisk\u0101s noz\u012bmes iest\u0101\u017eu dokumentiem. Uzman\u012bba bija piev\u0113rsta ne tikai dokumentu pie\u0146em\u0161anai, bet ar\u012b uzzi\u0146u sist\u0113mas veido\u0161anai, materi\u0101lu katalo\u0123iz\u0101cijai, dokumentu zin\u0101tniski tehniskai apstr\u0101dei, es\u012bbas p\u0101rbaud\u0113m utt. Arh\u012bva komplekt\u0113\u0161an\u0101 noz\u012bm\u012bgi bija literat\u016bras, m\u0101kslas un kult\u016bras iest\u0101\u017eu dokumenti, k\u0101 ar\u012b sabiedrisko organiz\u0101ciju dokumenti un materi\u0101li par valsts, politiskajiem un sabiedriskajiem darbiniekiem (1979.\u00a0g. arh\u012bv\u0101 glab\u0101j\u0101s 36 personu fondi). L\u012bdz ar to 1973.\u00a0gad\u0101 Latvijas PSR Arh\u012bvu p\u0101rvaldes kol\u0113\u0123ija pie\u0146\u0113ma l\u0113mumu par CVORA Literat\u016bras un m\u0101kslas da\u013cas izveido\u0161anu.<\/p>\n\n\n\n<div class=\"wp-block-columns is-layout-flex wp-container-core-columns-is-layout-28f84493 wp-block-columns-is-layout-flex\">\n<div class=\"wp-block-column is-layout-flow wp-block-column-is-layout-flow\">\n<figure class=\"wp-block-image alignwide size-large\"><a href=\"https:\/\/www.archiv.org.lv\/lva60\/wp-content\/uploads\/2021\/11\/GV-scaled.jpg\"><img loading=\"lazy\" decoding=\"async\" width=\"1024\" height=\"724\" src=\"https:\/\/www.archiv.org.lv\/lva60\/wp-content\/uploads\/2021\/11\/GV-1024x724.jpg\" alt=\"\" class=\"wp-image-442\" srcset=\"https:\/\/www.archiv.org.lv\/lva60\/wp-content\/uploads\/2021\/11\/GV-1024x724.jpg 1024w, https:\/\/www.archiv.org.lv\/lva60\/wp-content\/uploads\/2021\/11\/GV-300x212.jpg 300w, https:\/\/www.archiv.org.lv\/lva60\/wp-content\/uploads\/2021\/11\/GV-768x543.jpg 768w, https:\/\/www.archiv.org.lv\/lva60\/wp-content\/uploads\/2021\/11\/GV-1536x1086.jpg 1536w, https:\/\/www.archiv.org.lv\/lva60\/wp-content\/uploads\/2021\/11\/GV-2048x1448.jpg 2048w, https:\/\/www.archiv.org.lv\/lva60\/wp-content\/uploads\/2021\/11\/GV-2000x1414.jpg 2000w\" sizes=\"auto, (max-width: 1024px) 100vw, 1024px\" \/><\/a><figcaption>CVORA glab\u0101jamo vien\u012bbu skaits no 1963.gada l\u012bdz 1989.gadam.<\/figcaption><\/figure>\n<\/div>\n\n\n\n<div class=\"wp-block-column is-layout-flow wp-block-column-is-layout-flow\">\n<figure class=\"wp-block-image alignwide size-large\"><a href=\"https:\/\/www.archiv.org.lv\/lva60\/wp-content\/uploads\/2021\/11\/Fondi.jpg\"><img loading=\"lazy\" decoding=\"async\" width=\"1024\" height=\"724\" src=\"https:\/\/www.archiv.org.lv\/lva60\/wp-content\/uploads\/2021\/11\/Fondi-1024x724.jpg\" alt=\"\" class=\"wp-image-443\" srcset=\"https:\/\/www.archiv.org.lv\/lva60\/wp-content\/uploads\/2021\/11\/Fondi-1024x724.jpg 1024w, https:\/\/www.archiv.org.lv\/lva60\/wp-content\/uploads\/2021\/11\/Fondi-300x212.jpg 300w, https:\/\/www.archiv.org.lv\/lva60\/wp-content\/uploads\/2021\/11\/Fondi-768x543.jpg 768w, https:\/\/www.archiv.org.lv\/lva60\/wp-content\/uploads\/2021\/11\/Fondi-1536x1086.jpg 1536w, https:\/\/www.archiv.org.lv\/lva60\/wp-content\/uploads\/2021\/11\/Fondi-2048x1448.jpg 2048w, https:\/\/www.archiv.org.lv\/lva60\/wp-content\/uploads\/2021\/11\/Fondi-2000x1414.jpg 2000w\" sizes=\"auto, (max-width: 1024px) 100vw, 1024px\" \/><\/a><figcaption>CVORA glab\u0101to fondu skaits no 1963. l\u012bdz 1989.gadam.<\/figcaption><\/figure>\n<\/div>\n<\/div>\n\n\n\n<h2 class=\"wp-block-heading\">Soci\u0101listisk\u0101 sacens\u012bba<\/h2>\n\n\n\n<div class=\"wp-block-columns is-layout-flex wp-container-core-columns-is-layout-28f84493 wp-block-columns-is-layout-flex\">\n<div class=\"wp-block-column is-layout-flow wp-block-column-is-layout-flow\">\n<p class=\"has-text-align-center\">  Soci\u0101listisk\u0101 sacens\u012bba bija metode, ko izmantoja padomju republik\u0101s ra\u017eo\u0161anas tempu palielin\u0101\u0161an\u0101. T\u0101 bija kolhozu, darba kolekt\u012bvu vai atsevi\u0161\u0137u ra\u017eo\u0161an\u0101 iesaist\u012btu indiv\u012bdu savstarp\u0113ja sacens\u012bba par ra\u017eo\u0161anas pl\u0101na izpildi \u0101tr\u0101k\u0101 laik\u0101 un liel\u0101k\u0101 apjom\u0101. Soci\u0101listisk\u0101 sacens\u012bba aptv\u0113ra gandr\u012bz visas sabiedrisk\u0101s dz\u012bves nozares, tostarp arh\u012bvus. Latvijas PSR CVORA arh\u012bvs p\u0101rsvar\u0101 sacent\u0101s ar Igaunijas PSR CVORA arh\u012bvu, m\u0113rojoties sp\u0113kiem par piecgades pl\u0101nu izpildi. Tradicion\u0101l\u0101s soci\u0101listisk\u0101s sacens\u012bbas tika izbeigtas vien 1990.\u00a0gad\u0101, ierast\u0101s konkurences viet\u0101 ar Igaunijas Valsts arh\u012bvu nosl\u0113dzot sadarb\u012bbas l\u012bgumu.<\/p>\n<\/div>\n\n\n\n<div class=\"wp-block-column is-layout-flow wp-block-column-is-layout-flow\">\n<div class=\"wp-block-image\"><figure class=\"aligncenter size-large\"><a href=\"https:\/\/www.archiv.org.lv\/lva60\/wp-content\/uploads\/2021\/11\/CVORA-foto-albums_0037-scaled.jpg\"><img loading=\"lazy\" decoding=\"async\" width=\"1024\" height=\"680\" src=\"https:\/\/www.archiv.org.lv\/lva60\/wp-content\/uploads\/2021\/11\/CVORA-foto-albums_0037-1024x680.jpg\" alt=\"\" class=\"wp-image-469\" srcset=\"https:\/\/www.archiv.org.lv\/lva60\/wp-content\/uploads\/2021\/11\/CVORA-foto-albums_0037-1024x680.jpg 1024w, https:\/\/www.archiv.org.lv\/lva60\/wp-content\/uploads\/2021\/11\/CVORA-foto-albums_0037-300x199.jpg 300w, https:\/\/www.archiv.org.lv\/lva60\/wp-content\/uploads\/2021\/11\/CVORA-foto-albums_0037-768x510.jpg 768w, https:\/\/www.archiv.org.lv\/lva60\/wp-content\/uploads\/2021\/11\/CVORA-foto-albums_0037-1536x1020.jpg 1536w, https:\/\/www.archiv.org.lv\/lva60\/wp-content\/uploads\/2021\/11\/CVORA-foto-albums_0037-2048x1361.jpg 2048w, https:\/\/www.archiv.org.lv\/lva60\/wp-content\/uploads\/2021\/11\/CVORA-foto-albums_0037-2000x1329.jpg 2000w\" sizes=\"auto, (max-width: 1024px) 100vw, 1024px\" \/><\/a><figcaption>Soci\u0101listisko sacens\u012bbu, kas tika r\u012bkotas par godu V. \u013be\u0146ina 100. dzim\u0161anas dienai, uzvar\u0113t\u0101ji \u2013 arh\u012bva departamentu un komplekt\u0113\u0161anas noda\u013cas darbinieki. 1970. gada apr\u012blis. Avots: LNA LVA priv\u0101tais arh\u012bvs.<\/figcaption><\/figure><\/div>\n<\/div>\n<\/div>\n\n\n\n<p class=\"has-text-align-center\"><strong>Igaunijas PSR CVORA un Latvijas PSR CVORA 1986.gada soci\u0101listisk\u0101s sacens\u012bbas nosl\u0113guma san\u0101ksme 1987.gada 23.mart\u0101. <\/strong><\/p>\n\n\n\n<div class=\"wp-block-columns is-layout-flex wp-container-core-columns-is-layout-28f84493 wp-block-columns-is-layout-flex\">\n<div class=\"wp-block-column is-layout-flow wp-block-column-is-layout-flow\">\n<figure class=\"wp-block-image alignwide size-large\"><a href=\"https:\/\/www.archiv.org.lv\/lva60\/wp-content\/uploads\/2021\/11\/CVORA-foto-albums_0119-scaled.jpg\"><img loading=\"lazy\" decoding=\"async\" width=\"1024\" height=\"649\" src=\"https:\/\/www.archiv.org.lv\/lva60\/wp-content\/uploads\/2021\/11\/CVORA-foto-albums_0119-1024x649.jpg\" alt=\"\" class=\"wp-image-472\" srcset=\"https:\/\/www.archiv.org.lv\/lva60\/wp-content\/uploads\/2021\/11\/CVORA-foto-albums_0119-1024x649.jpg 1024w, https:\/\/www.archiv.org.lv\/lva60\/wp-content\/uploads\/2021\/11\/CVORA-foto-albums_0119-300x190.jpg 300w, https:\/\/www.archiv.org.lv\/lva60\/wp-content\/uploads\/2021\/11\/CVORA-foto-albums_0119-768x487.jpg 768w, https:\/\/www.archiv.org.lv\/lva60\/wp-content\/uploads\/2021\/11\/CVORA-foto-albums_0119-1536x974.jpg 1536w, https:\/\/www.archiv.org.lv\/lva60\/wp-content\/uploads\/2021\/11\/CVORA-foto-albums_0119-2048x1298.jpg 2048w, https:\/\/www.archiv.org.lv\/lva60\/wp-content\/uploads\/2021\/11\/CVORA-foto-albums_0119-2000x1268.jpg 2000w\" sizes=\"auto, (max-width: 1024px) 100vw, 1024px\" \/><\/a><figcaption>San\u0101ksmi atkl\u0101j LPSR CVORA direktors Refats \u010cubarovs. Avots: LNA LVA priv\u0101tais arh\u012bvs.<\/figcaption><\/figure>\n\n\n\n<figure class=\"wp-block-image alignwide size-large\"><a href=\"https:\/\/www.archiv.org.lv\/lva60\/wp-content\/uploads\/2021\/11\/CVORA-foto-albums_0119-3-scaled.jpg\"><img loading=\"lazy\" decoding=\"async\" width=\"1024\" height=\"664\" src=\"https:\/\/www.archiv.org.lv\/lva60\/wp-content\/uploads\/2021\/11\/CVORA-foto-albums_0119-3-1024x664.jpg\" alt=\"\" class=\"wp-image-473\" srcset=\"https:\/\/www.archiv.org.lv\/lva60\/wp-content\/uploads\/2021\/11\/CVORA-foto-albums_0119-3-1024x664.jpg 1024w, https:\/\/www.archiv.org.lv\/lva60\/wp-content\/uploads\/2021\/11\/CVORA-foto-albums_0119-3-300x195.jpg 300w, https:\/\/www.archiv.org.lv\/lva60\/wp-content\/uploads\/2021\/11\/CVORA-foto-albums_0119-3-768x498.jpg 768w, https:\/\/www.archiv.org.lv\/lva60\/wp-content\/uploads\/2021\/11\/CVORA-foto-albums_0119-3-1536x996.jpg 1536w, https:\/\/www.archiv.org.lv\/lva60\/wp-content\/uploads\/2021\/11\/CVORA-foto-albums_0119-3-2048x1328.jpg 2048w, https:\/\/www.archiv.org.lv\/lva60\/wp-content\/uploads\/2021\/11\/CVORA-foto-albums_0119-3-2000x1297.jpg 2000w\" sizes=\"auto, (max-width: 1024px) 100vw, 1024px\" \/><\/a><figcaption> LPSR CVORA direktors Refats \u010cubarovs sa\u0146em ce\u013cojo\u0161o balvu. Blakus st\u0101v Igaunijas CVORA direktors Heino Vaalmsens. Avots: LNA LVA priv\u0101tais arh\u012bvs.<\/figcaption><\/figure>\n<\/div>\n\n\n\n<div class=\"wp-block-column is-layout-flow wp-block-column-is-layout-flow\">\n<figure class=\"wp-block-image alignwide size-large\"><a href=\"https:\/\/www.archiv.org.lv\/lva60\/wp-content\/uploads\/2021\/11\/CVORA-foto-albums_0119-2-scaled.jpg\"><img loading=\"lazy\" decoding=\"async\" width=\"682\" height=\"1024\" src=\"https:\/\/www.archiv.org.lv\/lva60\/wp-content\/uploads\/2021\/11\/CVORA-foto-albums_0119-2-682x1024.jpg\" alt=\"\" class=\"wp-image-471\" srcset=\"https:\/\/www.archiv.org.lv\/lva60\/wp-content\/uploads\/2021\/11\/CVORA-foto-albums_0119-2-682x1024.jpg 682w, https:\/\/www.archiv.org.lv\/lva60\/wp-content\/uploads\/2021\/11\/CVORA-foto-albums_0119-2-200x300.jpg 200w, https:\/\/www.archiv.org.lv\/lva60\/wp-content\/uploads\/2021\/11\/CVORA-foto-albums_0119-2-768x1153.jpg 768w, https:\/\/www.archiv.org.lv\/lva60\/wp-content\/uploads\/2021\/11\/CVORA-foto-albums_0119-2-1023x1536.jpg 1023w, https:\/\/www.archiv.org.lv\/lva60\/wp-content\/uploads\/2021\/11\/CVORA-foto-albums_0119-2-1364x2048.jpg 1364w, https:\/\/www.archiv.org.lv\/lva60\/wp-content\/uploads\/2021\/11\/CVORA-foto-albums_0119-2-2000x3004.jpg 2000w, https:\/\/www.archiv.org.lv\/lva60\/wp-content\/uploads\/2021\/11\/CVORA-foto-albums_0119-2-scaled.jpg 1705w\" sizes=\"auto, (max-width: 682px) 100vw, 682px\" \/><\/a><figcaption>LPSR CVORA arodkomitejas p\u0101rst\u0101vis S.Fedins pazi\u0146o sacens\u012bbas rezult\u0101tus. Avots: LNA LVA priv\u0101tais arh\u012bvs.<\/figcaption><\/figure>\n<\/div>\n<\/div>\n\n\n\n<h2 class=\"wp-block-heading\"><strong>Mikrofilm\u0113\u0161ana<\/strong><\/h2>\n\n\n\n<p class=\"has-text-align-center\">Past\u0101v\u0113\u0161anas pirmajos gados CVORA s\u0101ka nodarboties ar dokumentu mikrofilm\u0113\u0161anu jeb dro\u0161\u012bbas fonda veido\u0161anu. Mikrofilm\u0113\u0161ana ir viena no metod\u0113m, ko lietoja ori\u0123in\u0101ldokumentu aizsardz\u012bbai. T\u0101s proces\u0101 dokumenti tiek fotograf\u0113ti, veidojot negat\u012bvus (nodro\u0161in\u0101juma kopijas) un pozit\u012bvus (izmanto\u0161anas kopijas). P\u0113c PSRS sabrukuma laik\u0101 no 1998. l\u012bdz 2008. gadam kop\u0101 ar mikrofilmu pozit\u012bvu rull\u012b\u0161iem s\u0101ka izgatavot ar\u012b d\u017eeketus, kas bija kvalitat\u012bvi, k\u0101 ar\u012b \u0113rti lietojami las\u012btav\u0101s (viena arh\u012bva lieta = viens d\u017eekets, nevis k\u0101 bija ar mikrofilmas pozit\u012bvu ru\u013c\u013ciem, kuros parasti bija vair\u0101ku lietu kadri kop\u0101).<\/p>\n\n\n\n<p class=\"has-text-align-center\">Dokumentu mikrofilm\u0113\u0161anai CVORA un turpm\u0101k ar\u012b LVA tika izstr\u0101d\u0101ti tr\u012bs gadu perspekt\u012bvie pl\u0101ni saska\u0146\u0101 ar atlases krit\u0113rijiem un izvirz\u012btaj\u0101m priorit\u0101t\u0113m. Galvenie krit\u0113riji dokumentu atlasei mikrofilm\u0113\u0161anai ir inform\u0101cijas v\u0113rt\u012bba, dokumentu fiziskais st\u0101voklis un izmanto\u0161anas bie\u017eums. Ja lieta ir mikrofilm\u0113ta, t\u0101s ori\u0123in\u0101la viet\u0101 p\u0113tniekiem tiek izsniegts pozit\u012bva rull\u012btis vai d\u017eekets, l\u012bdz ar to samazinot ori\u0123in\u0101ldokumentu izmanto\u0161anu un nodro\u0161inot to saglab\u0101t\u012bbu.<\/p>\n\n\n\n<div class=\"wp-block-columns is-layout-flex wp-container-core-columns-is-layout-28f84493 wp-block-columns-is-layout-flex\">\n<div class=\"wp-block-column is-layout-flow wp-block-column-is-layout-flow\">\n<figure class=\"wp-block-image size-large\"><a href=\"https:\/\/www.archiv.org.lv\/lva60\/wp-content\/uploads\/2021\/12\/mikrofilmas.jpg\"><img loading=\"lazy\" decoding=\"async\" width=\"1024\" height=\"768\" src=\"https:\/\/www.archiv.org.lv\/lva60\/wp-content\/uploads\/2021\/12\/mikrofilmas-1024x768.jpg\" alt=\"\" class=\"wp-image-679\" srcset=\"https:\/\/www.archiv.org.lv\/lva60\/wp-content\/uploads\/2021\/12\/mikrofilmas-1024x768.jpg 1024w, https:\/\/www.archiv.org.lv\/lva60\/wp-content\/uploads\/2021\/12\/mikrofilmas-300x225.jpg 300w, https:\/\/www.archiv.org.lv\/lva60\/wp-content\/uploads\/2021\/12\/mikrofilmas-768x576.jpg 768w, https:\/\/www.archiv.org.lv\/lva60\/wp-content\/uploads\/2021\/12\/mikrofilmas.jpg 1274w\" sizes=\"auto, (max-width: 1024px) 100vw, 1024px\" \/><\/a><figcaption>80.gados izgatavota dro\u0161\u012bbas fonda glab\u0101jam\u0101 vien\u012bba (negat\u012bvs) fondam Nr. 290 \u2018\u2019LPSR Augst\u0101k\u0101 Padome un Latvijas Republikas Augst\u0101k\u0101 Padome\u2019\u2019. Glab\u0101tavas adrese: Bezdel\u012bgu iela 1a, R\u012bga. Foto: Marta Re\u010da.<\/figcaption><\/figure>\n<\/div>\n\n\n\n<div class=\"wp-block-column is-layout-flow wp-block-column-is-layout-flow\">\n<figure class=\"wp-block-image size-large\"><a href=\"https:\/\/www.archiv.org.lv\/lva60\/wp-content\/uploads\/2021\/12\/mikrofilmas-2.jpg\"><img loading=\"lazy\" decoding=\"async\" width=\"1024\" height=\"768\" src=\"https:\/\/www.archiv.org.lv\/lva60\/wp-content\/uploads\/2021\/12\/mikrofilmas-2-1024x768.jpg\" alt=\"\" class=\"wp-image-680\" srcset=\"https:\/\/www.archiv.org.lv\/lva60\/wp-content\/uploads\/2021\/12\/mikrofilmas-2-1024x768.jpg 1024w, https:\/\/www.archiv.org.lv\/lva60\/wp-content\/uploads\/2021\/12\/mikrofilmas-2-300x225.jpg 300w, https:\/\/www.archiv.org.lv\/lva60\/wp-content\/uploads\/2021\/12\/mikrofilmas-2-768x576.jpg 768w, https:\/\/www.archiv.org.lv\/lva60\/wp-content\/uploads\/2021\/12\/mikrofilmas-2.jpg 1306w\" sizes=\"auto, (max-width: 1024px) 100vw, 1024px\" \/><\/a><figcaption>Izmanto\u0161anas fonda glab\u0101jam\u0101s vien\u012bbas (pozit\u012bvi) fondam Nr. 327 \u2018\u2019LPSR Finan\u0161u ministrija un Latvijas Republikas Finan\u0161u ministrija\u2019\u2019. Glab\u0101tavas adrese: Bezdel\u012bgu iela 1a, R\u012bga. Foto: Marta Re\u010da.<\/figcaption><\/figure>\n<\/div>\n<\/div>\n\n\n\n<div class=\"wp-block-columns is-layout-flex wp-container-core-columns-is-layout-28f84493 wp-block-columns-is-layout-flex\">\n<div class=\"wp-block-column is-layout-flow wp-block-column-is-layout-flow\">\n<p class=\"has-text-align-center\"> Mikrofilm\u0113\u0161anas laboratorija izveidoj\u0101s 20.\u00a0gs. 60.\u00a0gados, un s\u0101kotn\u0113ji t\u0101 past\u0101v\u0113ja k\u0101 Centr\u0101l\u0101 valsts v\u0113stures arh\u012bva strukt\u016brvien\u012bba. 1962.\u00a0gad\u0101 Latvijas PSR CVORA tapa pirmais pas\u016bt\u012bjums mikrofotokopiju izgatavo\u0161anai. P\u0113c atskaites datiem t\u0101 pa\u0161a gada beig\u0101s tika izgatavotas 28\u00a0855 dokumentu mikrofotokopijas (kadri) arh\u012bva dro\u0161\u012bbas fondam. S\u0101kotn\u0113ji mikrofilm\u0113\u0161anai tika atlas\u012bti ar padomju periodu saist\u012btie sen\u0101kie arh\u012bv\u0101 uzglab\u0101tie dokumenti par 1917.\u20131919.\u00a0gadu \u2013 apri\u0146\u0137u kara revolucion\u0101ro komiteju, Latvijas Soci\u0101listisk\u0101s Padomju Republikas komisari\u0101tu, Str\u0101dnieku deput\u0101tu padomju izpildkomiteju, apri\u0146\u0137u miliciju dokumenti u.\u00a0c. 1962.\u20131965.\u00a0gad\u0101 izveidotie dro\u0161\u012bbas fonda negat\u012bvi glab\u0101j\u0101s Krievij\u0101, Jalutorovsk\u0101, bet turpm\u0101k veidot\u0101s mikrofilmas palika glab\u0101ties Latvijas PSR arh\u012bvos. Mikrofilm\u0113tie 1917.\u20131919.\u00a0gada dokumenti (ori\u0123in\u0101li) 2003.\u00a0gad\u0101 tika nodoti atpaka\u013c Latvijas Valsts v\u0113stures arh\u012bvam. Laik\u0101 no 1970. l\u012bdz 1991.\u00a0gadam mikrofilm\u0113ti galvenok\u0101rt 1940.\u20131941.\u00a0gada dokumenti \u2013 LPSR Ministru padomes, LPSR Augst\u0101k\u0101s padomes, LPSR visu nozaru tautas komisari\u0101tu dokumenti, LPSR Statistikas p\u0101rvaldes, Valsts pl\u0101na komisijas, LPSR Tautas saimniec\u012bbas padomes, apri\u0146\u0137u, pils\u0113tu un pagastu pagaidu izpildkomiteju dokumenti. <\/p>\n<\/div>\n\n\n\n<div class=\"wp-block-column is-layout-flow wp-block-column-is-layout-flow\">\n<figure class=\"wp-block-image size-large\"><img loading=\"lazy\" decoding=\"async\" width=\"768\" height=\"1024\" src=\"https:\/\/www.archiv.org.lv\/lva60\/wp-content\/uploads\/2021\/12\/IMG_0974-768x1024.jpg\" alt=\"\" class=\"wp-image-754\" srcset=\"https:\/\/www.archiv.org.lv\/lva60\/wp-content\/uploads\/2021\/12\/IMG_0974-768x1024.jpg 768w, https:\/\/www.archiv.org.lv\/lva60\/wp-content\/uploads\/2021\/12\/IMG_0974-225x300.jpg 225w, https:\/\/www.archiv.org.lv\/lva60\/wp-content\/uploads\/2021\/12\/IMG_0974-1152x1536.jpg 1152w, https:\/\/www.archiv.org.lv\/lva60\/wp-content\/uploads\/2021\/12\/IMG_0974-1536x2048.jpg 1536w, https:\/\/www.archiv.org.lv\/lva60\/wp-content\/uploads\/2021\/12\/IMG_0974-2000x2667.jpg 2000w, https:\/\/www.archiv.org.lv\/lva60\/wp-content\/uploads\/2021\/12\/IMG_0974-scaled.jpg 1920w\" sizes=\"auto, (max-width: 768px) 100vw, 768px\" \/><figcaption>Bezdel\u012bgu ielas 1a las\u012btav\u0101 eso\u0161ais mikrofilmu las\u012b\u0161anas apar\u0101ts. Apar\u0101t\u0101 ievietots mikrofilmas pozit\u012bva rull\u012btis. Foto: Marta Re\u010da.<\/figcaption><\/figure>\n<\/div>\n<\/div>\n\n\n\n<p class=\"has-text-align-center\">Visiem dro\u0161\u012bbas fonda negat\u012bviem atbilsto\u0161i tika izgatavots ar\u012b izmanto\u0161anas fonds (pozit\u012bvi\u00a0\u2013 mikrofilmu rull\u012b\u0161i). Visu \u0161o fondu mikrofilmas ir izmantojamas ar\u012b m\u016bsdien\u0101s un joproj\u0101m tiek uzglab\u0101tas Latvijas Nacion\u0101laj\u0101 arh\u012bv\u0101.<\/p>\n\n\n\n<div class=\"wp-block-image\"><figure class=\"aligncenter size-large\"><img loading=\"lazy\" decoding=\"async\" width=\"1024\" height=\"724\" src=\"https:\/\/www.archiv.org.lv\/lva60\/wp-content\/uploads\/2021\/11\/28855-1024x724.jpg\" alt=\"\" class=\"wp-image-379\" srcset=\"https:\/\/www.archiv.org.lv\/lva60\/wp-content\/uploads\/2021\/11\/28855-1024x724.jpg 1024w, https:\/\/www.archiv.org.lv\/lva60\/wp-content\/uploads\/2021\/11\/28855-300x212.jpg 300w, https:\/\/www.archiv.org.lv\/lva60\/wp-content\/uploads\/2021\/11\/28855-768x543.jpg 768w, https:\/\/www.archiv.org.lv\/lva60\/wp-content\/uploads\/2021\/11\/28855-1536x1086.jpg 1536w, https:\/\/www.archiv.org.lv\/lva60\/wp-content\/uploads\/2021\/11\/28855-2048x1448.jpg 2048w, https:\/\/www.archiv.org.lv\/lva60\/wp-content\/uploads\/2021\/11\/28855-2000x1414.jpg 2000w\" sizes=\"auto, (max-width: 1024px) 100vw, 1024px\" \/><figcaption>Izveidoto mikrofilmu negat\u012bvu kadru skaits no 1963. l\u012bdz 2019.gadam<\/figcaption><\/figure><\/div>\n\n\n\n<h2 class=\"wp-block-heading\">Ikdiena un sv\u0113tki fotogr\u0101fij\u0101s<\/h2>\n\n\n\n<div class=\"wp-block-columns is-layout-flex wp-container-core-columns-is-layout-28f84493 wp-block-columns-is-layout-flex\">\n<div class=\"wp-block-column is-layout-flow wp-block-column-is-layout-flow\">\n<figure class=\"wp-block-image alignwide size-large\"><a href=\"https:\/\/www.archiv.org.lv\/lva60\/wp-content\/uploads\/2021\/12\/CVORA-foto-albums_0040-sekstes-scaled.jpg\"><img loading=\"lazy\" decoding=\"async\" width=\"1024\" height=\"738\" src=\"https:\/\/www.archiv.org.lv\/lva60\/wp-content\/uploads\/2021\/12\/CVORA-foto-albums_0040-sekstes-1024x738.jpg\" alt=\"\" class=\"wp-image-641\" srcset=\"https:\/\/www.archiv.org.lv\/lva60\/wp-content\/uploads\/2021\/12\/CVORA-foto-albums_0040-sekstes-1024x738.jpg 1024w, https:\/\/www.archiv.org.lv\/lva60\/wp-content\/uploads\/2021\/12\/CVORA-foto-albums_0040-sekstes-300x216.jpg 300w, https:\/\/www.archiv.org.lv\/lva60\/wp-content\/uploads\/2021\/12\/CVORA-foto-albums_0040-sekstes-768x554.jpg 768w, https:\/\/www.archiv.org.lv\/lva60\/wp-content\/uploads\/2021\/12\/CVORA-foto-albums_0040-sekstes-1536x1107.jpg 1536w, https:\/\/www.archiv.org.lv\/lva60\/wp-content\/uploads\/2021\/12\/CVORA-foto-albums_0040-sekstes-2048x1476.jpg 2048w, https:\/\/www.archiv.org.lv\/lva60\/wp-content\/uploads\/2021\/12\/CVORA-foto-albums_0040-sekstes-2000x1442.jpg 2000w\" sizes=\"auto, (max-width: 1024px) 100vw, 1024px\" \/><\/a><figcaption>Arh\u012bva sekstets ar muzik\u0101li vok\u0101lo vad\u012bt\u0101ju T. Ziemeli. Darba br\u012bdis \u2013 m\u0113\u0123in\u0101jums! 1967. gads. Avots: LNA LVA priv\u0101tais arh\u012bvs.<\/figcaption><\/figure>\n<\/div>\n\n\n\n<div class=\"wp-block-column is-layout-flow wp-block-column-is-layout-flow\">\n<figure class=\"wp-block-image alignwide size-large\"><a href=\"https:\/\/www.archiv.org.lv\/lva60\/wp-content\/uploads\/2021\/12\/CVORA-foto-albums_0041-Cik-jauki-sieviesu-kolektiva-scaled.jpg\"><img loading=\"lazy\" decoding=\"async\" width=\"1024\" height=\"649\" src=\"https:\/\/www.archiv.org.lv\/lva60\/wp-content\/uploads\/2021\/12\/CVORA-foto-albums_0041-Cik-jauki-sieviesu-kolektiva-1024x649.jpg\" alt=\"\" class=\"wp-image-642\" srcset=\"https:\/\/www.archiv.org.lv\/lva60\/wp-content\/uploads\/2021\/12\/CVORA-foto-albums_0041-Cik-jauki-sieviesu-kolektiva-1024x649.jpg 1024w, https:\/\/www.archiv.org.lv\/lva60\/wp-content\/uploads\/2021\/12\/CVORA-foto-albums_0041-Cik-jauki-sieviesu-kolektiva-300x190.jpg 300w, https:\/\/www.archiv.org.lv\/lva60\/wp-content\/uploads\/2021\/12\/CVORA-foto-albums_0041-Cik-jauki-sieviesu-kolektiva-768x486.jpg 768w, https:\/\/www.archiv.org.lv\/lva60\/wp-content\/uploads\/2021\/12\/CVORA-foto-albums_0041-Cik-jauki-sieviesu-kolektiva-1536x973.jpg 1536w, https:\/\/www.archiv.org.lv\/lva60\/wp-content\/uploads\/2021\/12\/CVORA-foto-albums_0041-Cik-jauki-sieviesu-kolektiva-2048x1297.jpg 2048w, https:\/\/www.archiv.org.lv\/lva60\/wp-content\/uploads\/2021\/12\/CVORA-foto-albums_0041-Cik-jauki-sieviesu-kolektiva-2000x1267.jpg 2000w\" sizes=\"auto, (max-width: 1024px) 100vw, 1024px\" \/><\/a><figcaption>&#8220;<em>Ak, cik jautri m\u016bsu sievie\u0161u kolekt\u012bv\u0101!<\/em>&#8221; 8.marta svin\u012bbas, 1968. gads.  Avots: LNA LVA priv\u0101tais arh\u012bvs. <\/figcaption><\/figure>\n<\/div>\n\n\n\n<div class=\"wp-block-column is-layout-flow wp-block-column-is-layout-flow\">\n<figure class=\"wp-block-image alignwide size-large\"><a href=\"https:\/\/www.archiv.org.lv\/lva60\/wp-content\/uploads\/2021\/12\/CVORA-foto-albums_0041-direktora-uzruna.jpg\"><img loading=\"lazy\" decoding=\"async\" width=\"1024\" height=\"744\" src=\"https:\/\/www.archiv.org.lv\/lva60\/wp-content\/uploads\/2021\/12\/CVORA-foto-albums_0041-direktora-uzruna-1024x744.jpg\" alt=\"\" class=\"wp-image-643\" srcset=\"https:\/\/www.archiv.org.lv\/lva60\/wp-content\/uploads\/2021\/12\/CVORA-foto-albums_0041-direktora-uzruna-1024x744.jpg 1024w, https:\/\/www.archiv.org.lv\/lva60\/wp-content\/uploads\/2021\/12\/CVORA-foto-albums_0041-direktora-uzruna-300x218.jpg 300w, https:\/\/www.archiv.org.lv\/lva60\/wp-content\/uploads\/2021\/12\/CVORA-foto-albums_0041-direktora-uzruna-768x558.jpg 768w, https:\/\/www.archiv.org.lv\/lva60\/wp-content\/uploads\/2021\/12\/CVORA-foto-albums_0041-direktora-uzruna-1536x1116.jpg 1536w, https:\/\/www.archiv.org.lv\/lva60\/wp-content\/uploads\/2021\/12\/CVORA-foto-albums_0041-direktora-uzruna-2048x1487.jpg 2048w, https:\/\/www.archiv.org.lv\/lva60\/wp-content\/uploads\/2021\/12\/CVORA-foto-albums_0041-direktora-uzruna-2000x1453.jpg 2000w\" sizes=\"auto, (max-width: 1024px) 100vw, 1024px\" \/><\/a><figcaption>Direktora sv\u0113tku runa 8. mart\u0101, 1968.gads.  Avots: LNA LVA priv\u0101tais arh\u012bvs.  <\/figcaption><\/figure>\n<\/div>\n<\/div>\n\n\n\n<div class=\"wp-block-columns is-layout-flex wp-container-core-columns-is-layout-28f84493 wp-block-columns-is-layout-flex\">\n<div class=\"wp-block-column is-layout-flow wp-block-column-is-layout-flow\">\n<figure class=\"wp-block-image alignwide size-large\"><a href=\"https:\/\/www.archiv.org.lv\/lva60\/wp-content\/uploads\/2021\/12\/CVORA-foto-albums_0041-tosts-par-sievietem.jpg\"><img loading=\"lazy\" decoding=\"async\" width=\"1024\" height=\"673\" src=\"https:\/\/www.archiv.org.lv\/lva60\/wp-content\/uploads\/2021\/12\/CVORA-foto-albums_0041-tosts-par-sievietem-1024x673.jpg\" alt=\"\" class=\"wp-image-644\" srcset=\"https:\/\/www.archiv.org.lv\/lva60\/wp-content\/uploads\/2021\/12\/CVORA-foto-albums_0041-tosts-par-sievietem-1024x673.jpg 1024w, https:\/\/www.archiv.org.lv\/lva60\/wp-content\/uploads\/2021\/12\/CVORA-foto-albums_0041-tosts-par-sievietem-300x197.jpg 300w, https:\/\/www.archiv.org.lv\/lva60\/wp-content\/uploads\/2021\/12\/CVORA-foto-albums_0041-tosts-par-sievietem-768x505.jpg 768w, https:\/\/www.archiv.org.lv\/lva60\/wp-content\/uploads\/2021\/12\/CVORA-foto-albums_0041-tosts-par-sievietem-1536x1010.jpg 1536w, https:\/\/www.archiv.org.lv\/lva60\/wp-content\/uploads\/2021\/12\/CVORA-foto-albums_0041-tosts-par-sievietem-2048x1346.jpg 2048w, https:\/\/www.archiv.org.lv\/lva60\/wp-content\/uploads\/2021\/12\/CVORA-foto-albums_0041-tosts-par-sievietem-2000x1315.jpg 2000w\" sizes=\"auto, (max-width: 1024px) 100vw, 1024px\" \/><\/a><figcaption><em>&#8220;Jautr\u012bba sit augstu vilni\u2026Tosts par sieviet\u0113m\u2026<\/em>&#8221; 8.marta svin\u012bbas, 1968.gads. Avots: LNA LVA priv\u0101tais arh\u012bvs.    <\/figcaption><\/figure>\n<\/div>\n\n\n\n<div class=\"wp-block-column is-layout-flow wp-block-column-is-layout-flow\">\n<figure class=\"wp-block-image alignwide size-large\"><a href=\"https:\/\/www.archiv.org.lv\/lva60\/wp-content\/uploads\/2021\/12\/CVORA-foto-albums_0045-Salatetis-scaled.jpg\"><img loading=\"lazy\" decoding=\"async\" width=\"1024\" height=\"612\" src=\"https:\/\/www.archiv.org.lv\/lva60\/wp-content\/uploads\/2021\/12\/CVORA-foto-albums_0045-Salatetis-1024x612.jpg\" alt=\"\" class=\"wp-image-645\" srcset=\"https:\/\/www.archiv.org.lv\/lva60\/wp-content\/uploads\/2021\/12\/CVORA-foto-albums_0045-Salatetis-1024x612.jpg 1024w, https:\/\/www.archiv.org.lv\/lva60\/wp-content\/uploads\/2021\/12\/CVORA-foto-albums_0045-Salatetis-300x179.jpg 300w, https:\/\/www.archiv.org.lv\/lva60\/wp-content\/uploads\/2021\/12\/CVORA-foto-albums_0045-Salatetis-768x459.jpg 768w, https:\/\/www.archiv.org.lv\/lva60\/wp-content\/uploads\/2021\/12\/CVORA-foto-albums_0045-Salatetis-1536x918.jpg 1536w, https:\/\/www.archiv.org.lv\/lva60\/wp-content\/uploads\/2021\/12\/CVORA-foto-albums_0045-Salatetis-2048x1224.jpg 2048w, https:\/\/www.archiv.org.lv\/lva60\/wp-content\/uploads\/2021\/12\/CVORA-foto-albums_0045-Salatetis-2000x1195.jpg 2000w\" sizes=\"auto, (max-width: 1024px) 100vw, 1024px\" \/><\/a><figcaption>&#8220;<em>Egl\u012bte CVOR\u0100! Labais Salat\u0113vs arh\u012bvistu b\u0113rnu vid\u016b<\/em>.&#8221;  1965. gads.  Avots: LNA LVA priv\u0101tais arh\u012bvs. <\/figcaption><\/figure>\n<\/div>\n\n\n\n<div class=\"wp-block-column is-layout-flow wp-block-column-is-layout-flow\">\n<figure class=\"wp-block-image alignwide size-large\"><a href=\"https:\/\/www.archiv.org.lv\/lva60\/wp-content\/uploads\/2021\/12\/CVORA-foto-albums_0058-mums-10-gadu-scaled.jpg\"><img loading=\"lazy\" decoding=\"async\" width=\"1024\" height=\"686\" src=\"https:\/\/www.archiv.org.lv\/lva60\/wp-content\/uploads\/2021\/12\/CVORA-foto-albums_0058-mums-10-gadu-1024x686.jpg\" alt=\"\" class=\"wp-image-646\" srcset=\"https:\/\/www.archiv.org.lv\/lva60\/wp-content\/uploads\/2021\/12\/CVORA-foto-albums_0058-mums-10-gadu-1024x686.jpg 1024w, https:\/\/www.archiv.org.lv\/lva60\/wp-content\/uploads\/2021\/12\/CVORA-foto-albums_0058-mums-10-gadu-300x201.jpg 300w, https:\/\/www.archiv.org.lv\/lva60\/wp-content\/uploads\/2021\/12\/CVORA-foto-albums_0058-mums-10-gadu-768x515.jpg 768w, https:\/\/www.archiv.org.lv\/lva60\/wp-content\/uploads\/2021\/12\/CVORA-foto-albums_0058-mums-10-gadu-1536x1029.jpg 1536w, https:\/\/www.archiv.org.lv\/lva60\/wp-content\/uploads\/2021\/12\/CVORA-foto-albums_0058-mums-10-gadu-2048x1372.jpg 2048w, https:\/\/www.archiv.org.lv\/lva60\/wp-content\/uploads\/2021\/12\/CVORA-foto-albums_0058-mums-10-gadu-2000x1340.jpg 2000w\" sizes=\"auto, (max-width: 1024px) 100vw, 1024px\" \/><\/a><figcaption>&#8220;<em>Mums desmit gadi<\/em>!&#8221; CVORA 10 gadu jubilejas pas\u0101kums, 1972.gads. Avots: LNA LVA priv\u0101tais arh\u012bvs.  <\/figcaption><\/figure>\n<\/div>\n<\/div>\n\n\n\n<div class=\"wp-block-columns is-layout-flex wp-container-core-columns-is-layout-28f84493 wp-block-columns-is-layout-flex\">\n<div class=\"wp-block-column is-layout-flow wp-block-column-is-layout-flow\">\n<figure class=\"wp-block-image alignwide size-large\"><a href=\"https:\/\/www.archiv.org.lv\/lva60\/wp-content\/uploads\/2021\/12\/CVORA-foto-albums_0045-kazas-1-scaled.jpg\"><img loading=\"lazy\" decoding=\"async\" width=\"1024\" height=\"673\" src=\"https:\/\/www.archiv.org.lv\/lva60\/wp-content\/uploads\/2021\/12\/CVORA-foto-albums_0045-kazas-1-1024x673.jpg\" alt=\"\" class=\"wp-image-647\" srcset=\"https:\/\/www.archiv.org.lv\/lva60\/wp-content\/uploads\/2021\/12\/CVORA-foto-albums_0045-kazas-1-1024x673.jpg 1024w, https:\/\/www.archiv.org.lv\/lva60\/wp-content\/uploads\/2021\/12\/CVORA-foto-albums_0045-kazas-1-300x197.jpg 300w, https:\/\/www.archiv.org.lv\/lva60\/wp-content\/uploads\/2021\/12\/CVORA-foto-albums_0045-kazas-1-768x505.jpg 768w, https:\/\/www.archiv.org.lv\/lva60\/wp-content\/uploads\/2021\/12\/CVORA-foto-albums_0045-kazas-1-1536x1009.jpg 1536w, https:\/\/www.archiv.org.lv\/lva60\/wp-content\/uploads\/2021\/12\/CVORA-foto-albums_0045-kazas-1-2048x1346.jpg 2048w, https:\/\/www.archiv.org.lv\/lva60\/wp-content\/uploads\/2021\/12\/CVORA-foto-albums_0045-kazas-1-2000x1314.jpg 2000w\" sizes=\"auto, (max-width: 1024px) 100vw, 1024px\" \/><\/a><figcaption>&#8220;<em>K\u0101zas\u202610 gadu laik\u0101 t\u0101s biju\u0161as\u202610!<br>Jautr\u0101s Nata\u0161as Si\u0146icas k\u013c\u016b\u0161ana par Nata\u0161u Mali\u0161evu. CVORA darbiniekiem 10 gadu laik\u0101 piedzimu\u0161i\u202613 b\u0113rni<\/em>!&#8221;. 1974. gada marts. Avots: LNA LVA priv\u0101tais arh\u012bvs.  <\/figcaption><\/figure>\n<\/div>\n\n\n\n<div class=\"wp-block-column is-layout-flow wp-block-column-is-layout-flow\">\n<figure class=\"wp-block-image alignwide size-large\"><a href=\"https:\/\/www.archiv.org.lv\/lva60\/wp-content\/uploads\/2021\/12\/CVORA-foto-albums_0039-sienas-avize-scaled.jpg\"><img loading=\"lazy\" decoding=\"async\" width=\"1024\" height=\"656\" src=\"https:\/\/www.archiv.org.lv\/lva60\/wp-content\/uploads\/2021\/12\/CVORA-foto-albums_0039-sienas-avize-1024x656.jpg\" alt=\"\" class=\"wp-image-648\" srcset=\"https:\/\/www.archiv.org.lv\/lva60\/wp-content\/uploads\/2021\/12\/CVORA-foto-albums_0039-sienas-avize-1024x656.jpg 1024w, https:\/\/www.archiv.org.lv\/lva60\/wp-content\/uploads\/2021\/12\/CVORA-foto-albums_0039-sienas-avize-300x192.jpg 300w, https:\/\/www.archiv.org.lv\/lva60\/wp-content\/uploads\/2021\/12\/CVORA-foto-albums_0039-sienas-avize-768x492.jpg 768w, https:\/\/www.archiv.org.lv\/lva60\/wp-content\/uploads\/2021\/12\/CVORA-foto-albums_0039-sienas-avize-1536x984.jpg 1536w, https:\/\/www.archiv.org.lv\/lva60\/wp-content\/uploads\/2021\/12\/CVORA-foto-albums_0039-sienas-avize-2048x1311.jpg 2048w, https:\/\/www.archiv.org.lv\/lva60\/wp-content\/uploads\/2021\/12\/CVORA-foto-albums_0039-sienas-avize-2000x1281.jpg 2000w\" sizes=\"auto, (max-width: 1024px) 100vw, 1024px\" \/><\/a><figcaption>1971. gada 1. janv\u0101r\u012b izn\u0101ca CVORA sienas av\u012bzes \u201dJaunais Arh\u012bvists\u201d 81. numurs (kop\u0161 1972. gada \u201dAvots\u201d). Avots: LNA LVA priv\u0101tais arh\u012bvs.  <\/figcaption><\/figure>\n<\/div>\n\n\n\n<div class=\"wp-block-column is-layout-flow wp-block-column-is-layout-flow\">\n<figure class=\"wp-block-image alignwide size-large\"><a href=\"https:\/\/www.archiv.org.lv\/lva60\/wp-content\/uploads\/2021\/12\/CVORA-foto-albums_0039-numura-noformesana-scaled.jpg\"><img loading=\"lazy\" decoding=\"async\" width=\"1024\" height=\"693\" src=\"https:\/\/www.archiv.org.lv\/lva60\/wp-content\/uploads\/2021\/12\/CVORA-foto-albums_0039-numura-noformesana-1024x693.jpg\" alt=\"\" class=\"wp-image-649\" srcset=\"https:\/\/www.archiv.org.lv\/lva60\/wp-content\/uploads\/2021\/12\/CVORA-foto-albums_0039-numura-noformesana-1024x693.jpg 1024w, https:\/\/www.archiv.org.lv\/lva60\/wp-content\/uploads\/2021\/12\/CVORA-foto-albums_0039-numura-noformesana-300x203.jpg 300w, https:\/\/www.archiv.org.lv\/lva60\/wp-content\/uploads\/2021\/12\/CVORA-foto-albums_0039-numura-noformesana-768x520.jpg 768w, https:\/\/www.archiv.org.lv\/lva60\/wp-content\/uploads\/2021\/12\/CVORA-foto-albums_0039-numura-noformesana-1536x1040.jpg 1536w, https:\/\/www.archiv.org.lv\/lva60\/wp-content\/uploads\/2021\/12\/CVORA-foto-albums_0039-numura-noformesana-2048x1387.jpg 2048w, https:\/\/www.archiv.org.lv\/lva60\/wp-content\/uploads\/2021\/12\/CVORA-foto-albums_0039-numura-noformesana-2000x1354.jpg 2000w\" sizes=\"auto, (max-width: 1024px) 100vw, 1024px\" \/><\/a><figcaption>K\u0101rt\u0113j\u0101 numura noform\u0113\u0161ana \u2013 V. \u0145ikitina, 1971. gads.  Avots: LNA LVA priv\u0101tais arh\u012bvs. <\/figcaption><\/figure>\n<\/div>\n<\/div>\n\n\n\n<div class=\"wp-block-columns is-layout-flex wp-container-core-columns-is-layout-28f84493 wp-block-columns-is-layout-flex\">\n<div class=\"wp-block-column is-layout-flow wp-block-column-is-layout-flow\">\n<figure class=\"wp-block-image size-large\"><img loading=\"lazy\" decoding=\"async\" width=\"1024\" height=\"647\" src=\"https:\/\/www.archiv.org.lv\/lva60\/wp-content\/uploads\/2021\/12\/CVORA-foto-albums_00371-53.gadadienA-1024x647.jpg\" alt=\"\" class=\"wp-image-650\" srcset=\"https:\/\/www.archiv.org.lv\/lva60\/wp-content\/uploads\/2021\/12\/CVORA-foto-albums_00371-53.gadadienA-1024x647.jpg 1024w, https:\/\/www.archiv.org.lv\/lva60\/wp-content\/uploads\/2021\/12\/CVORA-foto-albums_00371-53.gadadienA-300x189.jpg 300w, https:\/\/www.archiv.org.lv\/lva60\/wp-content\/uploads\/2021\/12\/CVORA-foto-albums_00371-53.gadadienA-768x485.jpg 768w, https:\/\/www.archiv.org.lv\/lva60\/wp-content\/uploads\/2021\/12\/CVORA-foto-albums_00371-53.gadadienA-1536x970.jpg 1536w, https:\/\/www.archiv.org.lv\/lva60\/wp-content\/uploads\/2021\/12\/CVORA-foto-albums_00371-53.gadadienA-2048x1294.jpg 2048w, https:\/\/www.archiv.org.lv\/lva60\/wp-content\/uploads\/2021\/12\/CVORA-foto-albums_00371-53.gadadienA-2000x1263.jpg 2000w\" sizes=\"auto, (max-width: 1024px) 100vw, 1024px\" \/><figcaption>Svin\u012bg\u0101 s\u0113de, velt\u012bta Oktobra revol\u016bcijas 53. gadadienai, 1970. gads.  Avots: LNA LVA priv\u0101tais arh\u012bvs. <\/figcaption><\/figure>\n<\/div>\n\n\n\n<div class=\"wp-block-column is-layout-flow wp-block-column-is-layout-flow\">\n<figure class=\"wp-block-image alignwide size-large\"><a href=\"https:\/\/www.archiv.org.lv\/lva60\/wp-content\/uploads\/2021\/12\/CVORA-foto-albums_0038-ARHIVISTU-BIEDRIBA-scaled.jpg\"><img loading=\"lazy\" decoding=\"async\" width=\"1024\" height=\"650\" src=\"https:\/\/www.archiv.org.lv\/lva60\/wp-content\/uploads\/2021\/12\/CVORA-foto-albums_0038-ARHIVISTU-BIEDRIBA-1024x650.jpg\" alt=\"\" class=\"wp-image-651\" srcset=\"https:\/\/www.archiv.org.lv\/lva60\/wp-content\/uploads\/2021\/12\/CVORA-foto-albums_0038-ARHIVISTU-BIEDRIBA-1024x650.jpg 1024w, https:\/\/www.archiv.org.lv\/lva60\/wp-content\/uploads\/2021\/12\/CVORA-foto-albums_0038-ARHIVISTU-BIEDRIBA-300x191.jpg 300w, https:\/\/www.archiv.org.lv\/lva60\/wp-content\/uploads\/2021\/12\/CVORA-foto-albums_0038-ARHIVISTU-BIEDRIBA-768x488.jpg 768w, https:\/\/www.archiv.org.lv\/lva60\/wp-content\/uploads\/2021\/12\/CVORA-foto-albums_0038-ARHIVISTU-BIEDRIBA-1536x976.jpg 1536w, https:\/\/www.archiv.org.lv\/lva60\/wp-content\/uploads\/2021\/12\/CVORA-foto-albums_0038-ARHIVISTU-BIEDRIBA-2048x1301.jpg 2048w, https:\/\/www.archiv.org.lv\/lva60\/wp-content\/uploads\/2021\/12\/CVORA-foto-albums_0038-ARHIVISTU-BIEDRIBA-2000x1270.jpg 2000w\" sizes=\"auto, (max-width: 1024px) 100vw, 1024px\" \/><\/a><figcaption>CVORA arodbiedr\u012bba, kas past\u0101v\u0113ja kop\u0161 1963. gada. T\u0101 bija pati \u201dvec\u0101k\u0101\u201d arh\u012bva sabiedrisk\u0101 organiz\u0101cija. T\u0101s san\u0101ksm\u0113s akt\u012bvi piedal\u012bj\u0101s visi darbinieki. 1969. gads. Avots: LNA LVA priv\u0101tais arh\u012bvs.  <\/figcaption><\/figure>\n<\/div>\n\n\n\n<div class=\"wp-block-column is-layout-flow wp-block-column-is-layout-flow\">\n<figure class=\"wp-block-image alignwide size-large\"><a href=\"https:\/\/www.archiv.org.lv\/lva60\/wp-content\/uploads\/2021\/12\/CVORA-foto-albums_0072-scaled.jpg\"><img loading=\"lazy\" decoding=\"async\" width=\"1024\" height=\"708\" src=\"https:\/\/www.archiv.org.lv\/lva60\/wp-content\/uploads\/2021\/12\/CVORA-foto-albums_0072-1024x708.jpg\" alt=\"\" class=\"wp-image-652\" srcset=\"https:\/\/www.archiv.org.lv\/lva60\/wp-content\/uploads\/2021\/12\/CVORA-foto-albums_0072-1024x708.jpg 1024w, https:\/\/www.archiv.org.lv\/lva60\/wp-content\/uploads\/2021\/12\/CVORA-foto-albums_0072-300x207.jpg 300w, https:\/\/www.archiv.org.lv\/lva60\/wp-content\/uploads\/2021\/12\/CVORA-foto-albums_0072-768x531.jpg 768w, https:\/\/www.archiv.org.lv\/lva60\/wp-content\/uploads\/2021\/12\/CVORA-foto-albums_0072-1536x1061.jpg 1536w, https:\/\/www.archiv.org.lv\/lva60\/wp-content\/uploads\/2021\/12\/CVORA-foto-albums_0072-2048x1415.jpg 2048w, https:\/\/www.archiv.org.lv\/lva60\/wp-content\/uploads\/2021\/12\/CVORA-foto-albums_0072-2000x1382.jpg 2000w\" sizes=\"auto, (max-width: 1024px) 100vw, 1024px\" \/><\/a><figcaption>&#8220;<em>Priek\u0161niec\u012bba vienm\u0113r paliek\u2026 priek\u0161niec\u012bba<\/em>&#8230;&#8221; Arh\u012bvisti darb\u0101 sak\u0146u b\u0101z\u0113, 1975.gads.  Avots: LNA LVA priv\u0101tais arh\u012bvs.  <\/figcaption><\/figure>\n<\/div>\n<\/div>\n\n\n\n<div class=\"wp-block-columns is-layout-flex wp-container-core-columns-is-layout-28f84493 wp-block-columns-is-layout-flex\">\n<div class=\"wp-block-column is-layout-flow wp-block-column-is-layout-flow\">\n<figure class=\"wp-block-image alignwide size-large\"><a href=\"https:\/\/www.archiv.org.lv\/lva60\/wp-content\/uploads\/2021\/12\/CVORA-foto-albums_0087-scaled.jpg\"><img loading=\"lazy\" decoding=\"async\" width=\"1024\" height=\"625\" src=\"https:\/\/www.archiv.org.lv\/lva60\/wp-content\/uploads\/2021\/12\/CVORA-foto-albums_0087-1024x625.jpg\" alt=\"\" class=\"wp-image-653\" srcset=\"https:\/\/www.archiv.org.lv\/lva60\/wp-content\/uploads\/2021\/12\/CVORA-foto-albums_0087-1024x625.jpg 1024w, https:\/\/www.archiv.org.lv\/lva60\/wp-content\/uploads\/2021\/12\/CVORA-foto-albums_0087-300x183.jpg 300w, https:\/\/www.archiv.org.lv\/lva60\/wp-content\/uploads\/2021\/12\/CVORA-foto-albums_0087-768x469.jpg 768w, https:\/\/www.archiv.org.lv\/lva60\/wp-content\/uploads\/2021\/12\/CVORA-foto-albums_0087-1536x938.jpg 1536w, https:\/\/www.archiv.org.lv\/lva60\/wp-content\/uploads\/2021\/12\/CVORA-foto-albums_0087-2048x1251.jpg 2048w, https:\/\/www.archiv.org.lv\/lva60\/wp-content\/uploads\/2021\/12\/CVORA-foto-albums_0087-2000x1221.jpg 2000w\" sizes=\"auto, (max-width: 1024px) 100vw, 1024px\" \/><\/a><figcaption>Arh\u012bvisti sestdienas talk\u0101, 1976.gada 17.apr\u012blis. Avots: LNA LVA priv\u0101tais arh\u012bvs. <\/figcaption><\/figure>\n\n\n\n<p><\/p>\n<\/div>\n\n\n\n<div class=\"wp-block-column is-layout-flow wp-block-column-is-layout-flow\">\n<figure class=\"wp-block-image alignwide size-large\"><a href=\"https:\/\/www.archiv.org.lv\/lva60\/wp-content\/uploads\/2021\/12\/3.jpg\"><img loading=\"lazy\" decoding=\"async\" width=\"1024\" height=\"815\" src=\"https:\/\/www.archiv.org.lv\/lva60\/wp-content\/uploads\/2021\/12\/3-1024x815.jpg\" alt=\"\" class=\"wp-image-788\" srcset=\"https:\/\/www.archiv.org.lv\/lva60\/wp-content\/uploads\/2021\/12\/3-1024x815.jpg 1024w, https:\/\/www.archiv.org.lv\/lva60\/wp-content\/uploads\/2021\/12\/3-300x239.jpg 300w, https:\/\/www.archiv.org.lv\/lva60\/wp-content\/uploads\/2021\/12\/3-768x611.jpg 768w, https:\/\/www.archiv.org.lv\/lva60\/wp-content\/uploads\/2021\/12\/3.jpg 1146w\" sizes=\"auto, (max-width: 1024px) 100vw, 1024px\" \/><\/a><figcaption>Arh\u012bva spodr\u012bbas diena Bezdel\u012bgu iel\u0101 1a, R\u012bg\u0101. 1980.gadu otr\u0101 puse. Avots: LNA LVA priv\u0101tais arh\u012bvs.  <\/figcaption><\/figure>\n<\/div>\n\n\n\n<div class=\"wp-block-column is-layout-flow wp-block-column-is-layout-flow\">\n<figure class=\"wp-block-image alignwide size-full\"><a href=\"https:\/\/www.archiv.org.lv\/lva60\/wp-content\/uploads\/2021\/12\/4.jpg\"><img loading=\"lazy\" decoding=\"async\" width=\"957\" height=\"602\" src=\"https:\/\/www.archiv.org.lv\/lva60\/wp-content\/uploads\/2021\/12\/4.jpg\" alt=\"\" class=\"wp-image-791\" srcset=\"https:\/\/www.archiv.org.lv\/lva60\/wp-content\/uploads\/2021\/12\/4.jpg 957w, https:\/\/www.archiv.org.lv\/lva60\/wp-content\/uploads\/2021\/12\/4-300x189.jpg 300w, https:\/\/www.archiv.org.lv\/lva60\/wp-content\/uploads\/2021\/12\/4-768x483.jpg 768w\" sizes=\"auto, (max-width: 957px) 100vw, 957px\" \/><\/a><figcaption> Arh\u012bva spodr\u012bbas diena Bezdel\u012bgu iel\u0101 1a, R\u012bg\u0101, 1980.gadu otr\u0101 puse.<em>\u201cLaik\u0101, kad sievietes ieveda k\u0101rt\u012bbu m\u016bsu m\u0101j\u0101, v\u012brie\u0161i izv\u0113rsa v\u0113trainu darb\u012bbu pagalm\u0101.\u201d<\/em>  Avots: LNA LVA priv\u0101tais arh\u012bvs.   <\/figcaption><\/figure>\n<\/div>\n<\/div>\n\n\n\n<div class=\"wp-block-columns is-layout-flex wp-container-core-columns-is-layout-28f84493 wp-block-columns-is-layout-flex\">\n<div class=\"wp-block-column is-layout-flow wp-block-column-is-layout-flow\">\n<figure class=\"wp-block-image alignwide size-large\"><a href=\"https:\/\/www.archiv.org.lv\/lva60\/wp-content\/uploads\/2021\/12\/Talka.jpg\"><img loading=\"lazy\" decoding=\"async\" width=\"1024\" height=\"661\" src=\"https:\/\/www.archiv.org.lv\/lva60\/wp-content\/uploads\/2021\/12\/Talka-1024x661.jpg\" alt=\"\" class=\"wp-image-795\" srcset=\"https:\/\/www.archiv.org.lv\/lva60\/wp-content\/uploads\/2021\/12\/Talka-1024x661.jpg 1024w, https:\/\/www.archiv.org.lv\/lva60\/wp-content\/uploads\/2021\/12\/Talka-300x194.jpg 300w, https:\/\/www.archiv.org.lv\/lva60\/wp-content\/uploads\/2021\/12\/Talka-768x496.jpg 768w, https:\/\/www.archiv.org.lv\/lva60\/wp-content\/uploads\/2021\/12\/Talka-1536x991.jpg 1536w, https:\/\/www.archiv.org.lv\/lva60\/wp-content\/uploads\/2021\/12\/Talka-2048x1322.jpg 2048w, https:\/\/www.archiv.org.lv\/lva60\/wp-content\/uploads\/2021\/12\/Talka-2000x1291.jpg 2000w\" sizes=\"auto, (max-width: 1024px) 100vw, 1024px\" \/><\/a><figcaption>Pavasara talka ar arh\u012bva darbinieku l\u012bdzdal\u012bbu Bezdel\u012bgu ielas 1a pagalm\u0101, 1987.gads. Avots: LNA LVA priv\u0101tais arh\u012bvs.<\/figcaption><\/figure>\n<\/div>\n\n\n\n<div class=\"wp-block-column is-layout-flow wp-block-column-is-layout-flow\">\n<figure class=\"wp-block-image alignwide size-large\"><a href=\"https:\/\/www.archiv.org.lv\/lva60\/wp-content\/uploads\/2021\/12\/6.jpg\"><img loading=\"lazy\" decoding=\"async\" width=\"1024\" height=\"622\" src=\"https:\/\/www.archiv.org.lv\/lva60\/wp-content\/uploads\/2021\/12\/6-1024x622.jpg\" alt=\"\" class=\"wp-image-796\" srcset=\"https:\/\/www.archiv.org.lv\/lva60\/wp-content\/uploads\/2021\/12\/6-1024x622.jpg 1024w, https:\/\/www.archiv.org.lv\/lva60\/wp-content\/uploads\/2021\/12\/6-300x182.jpg 300w, https:\/\/www.archiv.org.lv\/lva60\/wp-content\/uploads\/2021\/12\/6-768x467.jpg 768w, https:\/\/www.archiv.org.lv\/lva60\/wp-content\/uploads\/2021\/12\/6.jpg 1269w\" sizes=\"auto, (max-width: 1024px) 100vw, 1024px\" \/><\/a><figcaption>Partorganiz\u0101cijas sekret\u0101re Veinberga I. pasniedz ziedus CVORA direktoram Rafatam \u010cubarovam CVORA 25.gadadienas svin\u012bb\u0101s, 1987.gada 11.j\u016bnijs. Avots: LNA LVA priv\u0101tais arh\u012bvs.<\/figcaption><\/figure>\n<\/div>\n\n\n\n<div class=\"wp-block-column is-layout-flow wp-block-column-is-layout-flow\">\n<figure class=\"wp-block-image alignwide size-large\"><a href=\"https:\/\/www.archiv.org.lv\/lva60\/wp-content\/uploads\/2021\/12\/7.jpg\"><img loading=\"lazy\" decoding=\"async\" width=\"1024\" height=\"633\" src=\"https:\/\/www.archiv.org.lv\/lva60\/wp-content\/uploads\/2021\/12\/7-1024x633.jpg\" alt=\"\" class=\"wp-image-798\" srcset=\"https:\/\/www.archiv.org.lv\/lva60\/wp-content\/uploads\/2021\/12\/7-1024x633.jpg 1024w, https:\/\/www.archiv.org.lv\/lva60\/wp-content\/uploads\/2021\/12\/7-300x185.jpg 300w, https:\/\/www.archiv.org.lv\/lva60\/wp-content\/uploads\/2021\/12\/7-768x475.jpg 768w, https:\/\/www.archiv.org.lv\/lva60\/wp-content\/uploads\/2021\/12\/7.jpg 1262w\" sizes=\"auto, (max-width: 1024px) 100vw, 1024px\" \/><\/a><figcaption><em>\u201cM\u016bs apsveic kinofotofonodokumentu arh\u012bvs&#8221;<\/em>. Direktors Ivanovs velta uzrunu arh\u012bva darbiniekiem  CVORA 25.gadadienas svin\u012bb\u0101s, 1987.gada 11.j\u016bnijs. Avots: LNA LVA priv\u0101tais arh\u012bvs. <\/figcaption><\/figure>\n<\/div>\n<\/div>\n\n\n\n<p><\/p>\n","protected":false},"excerpt":{"rendered":"<p>Totalit\u0101risma re\u017e\u012bm\u0101 arh\u012bviem netika dotas privil\u0113\u0123ijas br\u012bvi izv\u0113l\u0113ties darb\u012bbas virzienus un m\u0113rogus. Padomju Savien\u012bbas Komunistisk\u0101 partija arh\u012bvus skat\u012bja k\u0101 a\u0123it\u0101cijas un propagandas izplat\u012b\u0161anas l\u012bdzek\u013cus, l\u012bdz ar to partiju l\u012bderiem arh\u012bvu koncepcija k\u0101 objekt\u012bv\u0101s paties\u012bbas avots, k\u0101 cilv\u0113ku gar\u012bg\u0101s kult\u016bras fenomens neeksist\u0113ja un nevar\u0113ja eksist\u0113t. Arh\u012bvi past\u0101v\u0113ja galvenok\u0101rt tikai k\u0101 ierocis vai k\u0101 politisk\u0101s c\u012b\u0146as ietekm\u0113jo\u0161s &hellip; <\/p>\n<p class=\"link-more\"><a href=\"https:\/\/www.archiv.org.lv\/lva60\/index.php\/padomju-periods\/\" class=\"more-link\">Read more<span class=\"screen-reader-text\"> &#8220;Padomju periods&#8221;<\/span><\/a><\/p>\n","protected":false},"author":1,"featured_media":0,"parent":0,"menu_order":0,"comment_status":"closed","ping_status":"closed","template":"","meta":{"footnotes":""},"class_list":["post-139","page","type-page","status-publish","hentry"],"_links":{"self":[{"href":"https:\/\/www.archiv.org.lv\/lva60\/index.php\/wp-json\/wp\/v2\/pages\/139","targetHints":{"allow":["GET"]}}],"collection":[{"href":"https:\/\/www.archiv.org.lv\/lva60\/index.php\/wp-json\/wp\/v2\/pages"}],"about":[{"href":"https:\/\/www.archiv.org.lv\/lva60\/index.php\/wp-json\/wp\/v2\/types\/page"}],"author":[{"embeddable":true,"href":"https:\/\/www.archiv.org.lv\/lva60\/index.php\/wp-json\/wp\/v2\/users\/1"}],"replies":[{"embeddable":true,"href":"https:\/\/www.archiv.org.lv\/lva60\/index.php\/wp-json\/wp\/v2\/comments?post=139"}],"version-history":[{"count":136,"href":"https:\/\/www.archiv.org.lv\/lva60\/index.php\/wp-json\/wp\/v2\/pages\/139\/revisions"}],"predecessor-version":[{"id":913,"href":"https:\/\/www.archiv.org.lv\/lva60\/index.php\/wp-json\/wp\/v2\/pages\/139\/revisions\/913"}],"wp:attachment":[{"href":"https:\/\/www.archiv.org.lv\/lva60\/index.php\/wp-json\/wp\/v2\/media?parent=139"}],"curies":[{"name":"wp","href":"https:\/\/api.w.org\/{rel}","templated":true}]}}