{"id":140,"date":"2021-11-16T11:56:52","date_gmt":"2021-11-16T09:56:52","guid":{"rendered":"http:\/\/www.archiv.org.lv\/lva60\/?page_id=140"},"modified":"2021-12-22T11:09:45","modified_gmt":"2021-12-22T09:09:45","slug":"arhiva-ekas","status":"publish","type":"page","link":"https:\/\/www.archiv.org.lv\/lva60\/index.php\/arhiva-ekas\/","title":{"rendered":"Arh\u012bva \u0113kas"},"content":{"rendered":"\n<p class=\"has-text-align-center\"> Arh\u012bvam piem\u0113rotu telpu tr\u016bkums k\u0101 past\u0101v\u012bga probl\u0113ma bija aktu\u0101la jau no 20.\u00a0gs. s\u0101kuma. Pl\u0101nojot dokumentu saglab\u0101\u0161anas procesus Latvijas PSR, s\u0101kotn\u0113ji tika lemts par jaunas Centr\u0101l\u0101 valsts arh\u012bva \u0113kas celtniec\u012bbu, ta\u010du 50.\u00a0gados, no jauna apsprie\u017eot telpu un \u0113kas jaut\u0101jumu, tika uzsv\u0113rta nevis Centr\u0101l\u0101 valsts arh\u012bva \u0113kas b\u016bv\u0113\u0161anas nepiecie\u0161am\u012bba, bet gan jaunas, \u012bpa\u0161i arh\u012bva vajadz\u012bb\u0101m piem\u0113rotas CVORA \u0113kas celtniec\u012bba. Neraugoties uz \u0161\u0101das \u0113kas ak\u016btu nepiecie\u0161am\u012bbu, CVORA telpu jaut\u0101jums 1962.\u00a0gad\u0101 joproj\u0101m nebija atrisin\u0101ts, t\u0101p\u0113c bija nolemts, ka tas s\u0101kotn\u0113ji atrad\u012bsies Centr\u0101l\u0101 valsts arh\u012bva telp\u0101s Slokas iel\u0101 16 (m\u016bsdien\u0101s Latvijas Valsts v\u0113stures arh\u012bva atra\u0161an\u0101s vieta).<\/p>\n\n\n\n<div class=\"wp-block-columns is-layout-flex wp-container-core-columns-is-layout-28f84493 wp-block-columns-is-layout-flex\">\n<div class=\"wp-block-column is-layout-flow wp-block-column-is-layout-flow\">\n<p class=\"has-text-align-center\"> Gadu v\u0113l\u0101k CVORA p\u0101r\u0146\u0113ma da\u017eas telpas R\u012bgas pils\u0113tas valsts arh\u012bv\u0101 \u0160\u0137\u016b\u0146u iel\u0101 11 (m\u016bsdien\u0101s Latvijas Nacion\u0101l\u0101 arh\u012bva administr\u0101cijas atra\u0161an\u0101s vieta), bet 1964.\u00a0gad\u0101 arh\u012bva p\u0101rzi\u0146\u0101 non\u0101ca visa \u0113ka. Kaut gan p\u0113c likvid\u0113t\u0101 R\u012bgas pils\u0113tas valsts arh\u012bva glab\u0101tavu ieg\u016b\u0161anas CVORA it k\u0101 bija sava, past\u0101v\u012bga apme\u0161an\u0101s vieta, tom\u0113r telpu jaut\u0101jums palika ak\u016bts, ko sekm\u0113ja arvien augo\u0161ais arh\u012bv\u0101 nododamo glab\u0101jamo vien\u012bbu skaits, amata vien\u012bbu komplekt\u0113\u0161ana u.\u00a0c. faktori. T\u0101d\u0113\u013c LPSR Ministru padome 1964.\u00a0gad\u0101 nos\u016bt\u012bja PSRS Ministru padomei zi\u0146ojumu par to, ka no 1966. l\u012bdz 1968.\u00a0gadam paredz\u0113ts uzs\u0101kt CVORA \u0113kas celtniec\u012bbu, pievienojot ar\u012b R\u012bgas pils\u0113tas darba\u013cau\u017eu deput\u0101tu padomes izpildkomitejas l\u0113mumu Nr. 199 \u201cPar at\u013cauju projekt\u0113t Centr\u0101l\u0101 valsts arh\u012bva \u0113ku Bezdel\u012bgu iel\u0101\u201d. Tur bija paredz\u0113ts izvietot Arh\u012bvu p\u0101rvaldi, mikrofotolaboratoriju, k\u0101 ar\u012b restaur\u0113\u0161anas darbn\u012bcu un speci\u0101las dzelzsbetona telpas kinofotofonodokumentu uzglab\u0101\u0161anai. Ta\u010du jaunas \u0113kas celtniec\u012bbas finans\u0113\u0161ana tika atteikta, t\u0101s viet\u0101 pie\u0161\u0137irot l\u012bdzek\u013cus CVORA \u201cpagaidu m\u0101ju\u201d \u0160\u0137\u016b\u0146u iel\u0101 11 remontam. V\u0113l\u0101k, 1967.\u00a0gad\u0101, arh\u012bvs p\u0101rc\u0113l\u0101s uz cit\u0101m telp\u0101m \u013be\u0146ina (tagad Br\u012bv\u012bbas) iel\u0101 78. \u0112ka l\u012bdz m\u016bsdien\u0101m vairs nav saglab\u0101jusies.<\/p>\n<\/div>\n\n\n\n<div class=\"wp-block-column is-layout-flow wp-block-column-is-layout-flow\">\n<div class=\"wp-block-image\"><figure class=\"aligncenter size-large\"><a href=\"https:\/\/www.archiv.org.lv\/lva60\/wp-content\/uploads\/2021\/11\/CVORA-foto-albums_00161-scaled.jpg\"><img loading=\"lazy\" decoding=\"async\" width=\"704\" height=\"1024\" src=\"https:\/\/www.archiv.org.lv\/lva60\/wp-content\/uploads\/2021\/11\/CVORA-foto-albums_00161-704x1024.jpg\" alt=\"\" class=\"wp-image-504\" srcset=\"https:\/\/www.archiv.org.lv\/lva60\/wp-content\/uploads\/2021\/11\/CVORA-foto-albums_00161-704x1024.jpg 704w, https:\/\/www.archiv.org.lv\/lva60\/wp-content\/uploads\/2021\/11\/CVORA-foto-albums_00161-206x300.jpg 206w, https:\/\/www.archiv.org.lv\/lva60\/wp-content\/uploads\/2021\/11\/CVORA-foto-albums_00161-768x1117.jpg 768w, https:\/\/www.archiv.org.lv\/lva60\/wp-content\/uploads\/2021\/11\/CVORA-foto-albums_00161-1056x1536.jpg 1056w, https:\/\/www.archiv.org.lv\/lva60\/wp-content\/uploads\/2021\/11\/CVORA-foto-albums_00161-1408x2048.jpg 1408w, https:\/\/www.archiv.org.lv\/lva60\/wp-content\/uploads\/2021\/11\/CVORA-foto-albums_00161-scaled.jpg 1760w\" sizes=\"auto, (max-width: 704px) 100vw, 704px\" \/><\/a><figcaption>LPSR CVORA darbiniece V.Skrasti\u0146a \u0160\u0137\u016b\u0146u ielas 11 glab\u0101tav\u0101, 1965.gads. Avots: LNA LVA priv\u0101tais arh\u012bvs.<\/figcaption><\/figure><\/div>\n<\/div>\n<\/div>\n\n\n\n<div class=\"wp-block-columns is-layout-flex wp-container-core-columns-is-layout-28f84493 wp-block-columns-is-layout-flex\">\n<div class=\"wp-block-column is-layout-flow wp-block-column-is-layout-flow\">\n<div class=\"wp-block-image\"><figure class=\"aligncenter size-large is-resized\"><a href=\"https:\/\/www.archiv.org.lv\/lva60\/wp-content\/uploads\/2021\/11\/Lenina-iela-3-scaled.jpg\"><img loading=\"lazy\" decoding=\"async\" src=\"https:\/\/www.archiv.org.lv\/lva60\/wp-content\/uploads\/2021\/11\/Lenina-iela-3-1024x758.jpg\" alt=\"\" class=\"wp-image-203\" width=\"382\" height=\"283\" srcset=\"https:\/\/www.archiv.org.lv\/lva60\/wp-content\/uploads\/2021\/11\/Lenina-iela-3-1024x758.jpg 1024w, https:\/\/www.archiv.org.lv\/lva60\/wp-content\/uploads\/2021\/11\/Lenina-iela-3-300x222.jpg 300w, https:\/\/www.archiv.org.lv\/lva60\/wp-content\/uploads\/2021\/11\/Lenina-iela-3-768x568.jpg 768w, https:\/\/www.archiv.org.lv\/lva60\/wp-content\/uploads\/2021\/11\/Lenina-iela-3-1536x1137.jpg 1536w, https:\/\/www.archiv.org.lv\/lva60\/wp-content\/uploads\/2021\/11\/Lenina-iela-3-2048x1516.jpg 2048w, https:\/\/www.archiv.org.lv\/lva60\/wp-content\/uploads\/2021\/11\/Lenina-iela-3-2000x1480.jpg 2000w\" sizes=\"auto, (max-width: 382px) 100vw, 382px\" \/><\/a><figcaption>Latvijas PSR Centr\u0101l\u0101 Valsts Oktobra revol\u016bcijas un soci\u0101lisma celtniec\u012bbas arh\u012bva \u0113ka \u013be\u0146ina un Sarkanarmijas ielas krustojum\u0101. R\u012bga, 1977.gada augusts. Foto: Rimts Kandelis. Avots: LNA Kinofotofonodokumentu arh\u012bvs<\/figcaption><\/figure><\/div>\n<\/div>\n\n\n\n<div class=\"wp-block-column is-layout-flow wp-block-column-is-layout-flow\">\n<div class=\"wp-block-image\"><figure class=\"aligncenter size-large\"><a href=\"https:\/\/www.archiv.org.lv\/lva60\/wp-content\/uploads\/2021\/11\/CVORA-foto-albums_0008-2-scaled.jpg\"><img loading=\"lazy\" decoding=\"async\" width=\"1024\" height=\"638\" src=\"https:\/\/www.archiv.org.lv\/lva60\/wp-content\/uploads\/2021\/11\/CVORA-foto-albums_0008-2-1024x638.jpg\" alt=\"\" class=\"wp-image-210\" srcset=\"https:\/\/www.archiv.org.lv\/lva60\/wp-content\/uploads\/2021\/11\/CVORA-foto-albums_0008-2-1024x638.jpg 1024w, https:\/\/www.archiv.org.lv\/lva60\/wp-content\/uploads\/2021\/11\/CVORA-foto-albums_0008-2-300x187.jpg 300w, https:\/\/www.archiv.org.lv\/lva60\/wp-content\/uploads\/2021\/11\/CVORA-foto-albums_0008-2-768x479.jpg 768w, https:\/\/www.archiv.org.lv\/lva60\/wp-content\/uploads\/2021\/11\/CVORA-foto-albums_0008-2-1536x957.jpg 1536w, https:\/\/www.archiv.org.lv\/lva60\/wp-content\/uploads\/2021\/11\/CVORA-foto-albums_0008-2-2048x1276.jpg 2048w, https:\/\/www.archiv.org.lv\/lva60\/wp-content\/uploads\/2021\/11\/CVORA-foto-albums_0008-2-2000x1247.jpg 2000w\" sizes=\"auto, (max-width: 1024px) 100vw, 1024px\" \/><\/a><figcaption> Latvijas PSR Centr\u0101l\u0101 Valsts Oktobra revol\u016bcijas un soci\u0101lisma celtniec\u012bbas arh\u012bva \u0113ka \u013be\u0146ina un Sarkanarmijas ielas krustojum\u0101.<br>R\u012bga, 1970.gadi. Avots: LNA LVA priv\u0101tais arh\u012bvs.<\/figcaption><\/figure><\/div>\n<\/div>\n<\/div>\n\n\n\n<div class=\"wp-block-columns is-layout-flex wp-container-core-columns-is-layout-28f84493 wp-block-columns-is-layout-flex\">\n<div class=\"wp-block-column is-layout-flow wp-block-column-is-layout-flow\">\n<figure class=\"wp-block-image alignwide size-large\"><a href=\"https:\/\/www.archiv.org.lv\/lva60\/wp-content\/uploads\/2021\/11\/23-scaled.jpg\"><img loading=\"lazy\" decoding=\"async\" width=\"1024\" height=\"745\" src=\"https:\/\/www.archiv.org.lv\/lva60\/wp-content\/uploads\/2021\/11\/23-1024x745.jpg\" alt=\"\" class=\"wp-image-414\" srcset=\"https:\/\/www.archiv.org.lv\/lva60\/wp-content\/uploads\/2021\/11\/23-1024x745.jpg 1024w, https:\/\/www.archiv.org.lv\/lva60\/wp-content\/uploads\/2021\/11\/23-300x218.jpg 300w, https:\/\/www.archiv.org.lv\/lva60\/wp-content\/uploads\/2021\/11\/23-768x559.jpg 768w, https:\/\/www.archiv.org.lv\/lva60\/wp-content\/uploads\/2021\/11\/23-1536x1118.jpg 1536w, https:\/\/www.archiv.org.lv\/lva60\/wp-content\/uploads\/2021\/11\/23-2048x1490.jpg 2048w, https:\/\/www.archiv.org.lv\/lva60\/wp-content\/uploads\/2021\/11\/23-2000x1455.jpg 2000w\" sizes=\"auto, (max-width: 1024px) 100vw, 1024px\" \/><\/a><figcaption>P\u0101rcel\u0161an\u0101s uz \u013be\u0146ina ielu 78 \u2013 s\u0101lsmaize uz jaun\u0101s dz\u012bves sliek\u0161\u0146a. Avots: LNA LVA priv\u0101tais arh\u012bvs.<\/figcaption><\/figure>\n<\/div>\n\n\n\n<div class=\"wp-block-column is-layout-flow wp-block-column-is-layout-flow\">\n<figure class=\"wp-block-image alignwide size-large\"><a href=\"https:\/\/www.archiv.org.lv\/lva60\/wp-content\/uploads\/2021\/11\/24-scaled.jpg\"><img loading=\"lazy\" decoding=\"async\" width=\"1024\" height=\"740\" src=\"https:\/\/www.archiv.org.lv\/lva60\/wp-content\/uploads\/2021\/11\/24-1024x740.jpg\" alt=\"\" class=\"wp-image-415\" srcset=\"https:\/\/www.archiv.org.lv\/lva60\/wp-content\/uploads\/2021\/11\/24-1024x740.jpg 1024w, https:\/\/www.archiv.org.lv\/lva60\/wp-content\/uploads\/2021\/11\/24-300x217.jpg 300w, https:\/\/www.archiv.org.lv\/lva60\/wp-content\/uploads\/2021\/11\/24-768x555.jpg 768w, https:\/\/www.archiv.org.lv\/lva60\/wp-content\/uploads\/2021\/11\/24-1536x1110.jpg 1536w, https:\/\/www.archiv.org.lv\/lva60\/wp-content\/uploads\/2021\/11\/24-2048x1480.jpg 2048w, https:\/\/www.archiv.org.lv\/lva60\/wp-content\/uploads\/2021\/11\/24-2000x1445.jpg 2000w\" sizes=\"auto, (max-width: 1024px) 100vw, 1024px\" \/><\/a><figcaption> P\u0101rcel\u0161an\u0101s uz \u013be\u0146ina ielu 78 &#8211; svin\u012bg\u0101 lentes p\u0101rgrie\u0161ana. Avots: LNA LVA priv\u0101tais arh\u012bvs.<\/figcaption><\/figure>\n<\/div>\n<\/div>\n\n\n\n<div class=\"wp-block-columns is-layout-flex wp-container-core-columns-is-layout-28f84493 wp-block-columns-is-layout-flex\">\n<div class=\"wp-block-column is-layout-flow wp-block-column-is-layout-flow\">\n<p class=\"has-text-align-center\">Bie\u017ea atra\u0161an\u0101s vietas mai\u0146a un slikts materi\u0101lais nodro\u0161in\u0101jums negat\u012bvi ietekm\u0113ja arh\u012bva ikdienas darbu un kav\u0113ja uzdevumu izpildi. Par to liecina ar\u012b darbinieku zi\u0146ojumi arh\u012bva sapulc\u0113s. Arh\u012bva darbiniece Kjarika izteikusies, ka \u201cdarba apst\u0101k\u013ci R\u012bgas pils\u0113tas arh\u012bv\u0101 \u013coti slikti, telpas \u0161auras, katram darbiniekam izn\u0101k 50 cm<sup>2<\/sup> uz darbavietu. Kad CVORA b\u016bs savas telpas?\u201d. Darbiniece Toma teikusi, ka \u201cdarbiniekiem nav savu atsevi\u0161\u0137u darba telpu, bet arh\u012bva glab\u0101tav\u0101 telpas \u0161auras, slikts apgaismojums, apkurin\u0101\u0161ana\u201d.<\/p>\n\n\n\n<figure class=\"wp-block-image alignwide size-large\"><a href=\"https:\/\/www.archiv.org.lv\/lva60\/wp-content\/uploads\/2021\/11\/2-2-scaled.jpg\"><img loading=\"lazy\" decoding=\"async\" width=\"1024\" height=\"1019\" src=\"https:\/\/www.archiv.org.lv\/lva60\/wp-content\/uploads\/2021\/11\/2-2-1024x1019.jpg\" alt=\"\" class=\"wp-image-456\" srcset=\"https:\/\/www.archiv.org.lv\/lva60\/wp-content\/uploads\/2021\/11\/2-2-1024x1019.jpg 1024w, https:\/\/www.archiv.org.lv\/lva60\/wp-content\/uploads\/2021\/11\/2-2-300x298.jpg 300w, https:\/\/www.archiv.org.lv\/lva60\/wp-content\/uploads\/2021\/11\/2-2-150x150.jpg 150w, https:\/\/www.archiv.org.lv\/lva60\/wp-content\/uploads\/2021\/11\/2-2-768x764.jpg 768w, https:\/\/www.archiv.org.lv\/lva60\/wp-content\/uploads\/2021\/11\/2-2-1536x1528.jpg 1536w, https:\/\/www.archiv.org.lv\/lva60\/wp-content\/uploads\/2021\/11\/2-2-2048x2038.jpg 2048w, https:\/\/www.archiv.org.lv\/lva60\/wp-content\/uploads\/2021\/11\/2-2-2000x1990.jpg 2000w\" sizes=\"auto, (max-width: 1024px) 100vw, 1024px\" \/><\/a><figcaption>Arh\u012bva darbinieku darba kabinets arh\u012bva \u0113k\u0101 \u013be\u0146ina iel\u0101 78, 1980.gadu s\u0101kums. Avots: LNA LVA priv\u0101tais arh\u012bvs.<\/figcaption><\/figure>\n<\/div>\n\n\n\n<div class=\"wp-block-column is-layout-flow wp-block-column-is-layout-flow\">\n<div class=\"wp-block-image\"><figure class=\"aligncenter size-large is-resized\"><a href=\"https:\/\/www.archiv.org.lv\/lva60\/wp-content\/uploads\/2021\/11\/CVORA-foto-albums_0102-scaled.jpg\"><img loading=\"lazy\" decoding=\"async\" src=\"https:\/\/www.archiv.org.lv\/lva60\/wp-content\/uploads\/2021\/11\/CVORA-foto-albums_0102-678x1024.jpg\" alt=\"\" class=\"wp-image-455\" width=\"494\" height=\"747\" srcset=\"https:\/\/www.archiv.org.lv\/lva60\/wp-content\/uploads\/2021\/11\/CVORA-foto-albums_0102-678x1024.jpg 678w, https:\/\/www.archiv.org.lv\/lva60\/wp-content\/uploads\/2021\/11\/CVORA-foto-albums_0102-199x300.jpg 199w, https:\/\/www.archiv.org.lv\/lva60\/wp-content\/uploads\/2021\/11\/CVORA-foto-albums_0102-768x1160.jpg 768w, https:\/\/www.archiv.org.lv\/lva60\/wp-content\/uploads\/2021\/11\/CVORA-foto-albums_0102-1017x1536.jpg 1017w, https:\/\/www.archiv.org.lv\/lva60\/wp-content\/uploads\/2021\/11\/CVORA-foto-albums_0102-1356x2048.jpg 1356w, https:\/\/www.archiv.org.lv\/lva60\/wp-content\/uploads\/2021\/11\/CVORA-foto-albums_0102-2000x3022.jpg 2000w, https:\/\/www.archiv.org.lv\/lva60\/wp-content\/uploads\/2021\/11\/CVORA-foto-albums_0102-scaled.jpg 1694w\" sizes=\"auto, (max-width: 494px) 100vw, 494px\" \/><\/a><figcaption>Arh\u012bva darbiniece Larisa Matvejeva darb\u0101 arh\u012bva glab\u0101tav\u0101 \u013be\u0146ina iel\u0101 78, 1984.gads. Avots: LVA priv\u0101tais arh\u012bvs.<\/figcaption><\/figure><\/div>\n<\/div>\n<\/div>\n\n\n\n<blockquote class=\"wp-block-quote has-text-align-center is-layout-flow wp-block-quote-is-layout-flow\"><p>Koncentr\u0113jot vien\u0101 viet\u0101 valsts dokumentus, arh\u012bvs var nodro\u0161in\u0101t to saglab\u0101\u0161anu, apstr\u0101di un izmanto\u0161anu, atbilsto\u0161i arh\u012bvu darba noteikumiem, un arh\u012bvu apmekl\u0113t\u0101jiem tiek nodro\u0161in\u0101ta pla\u0161a dokumentu izmanto\u0161ana.<\/p><\/blockquote>\n\n\n\n<div class=\"wp-block-columns is-layout-flex wp-container-core-columns-is-layout-28f84493 wp-block-columns-is-layout-flex\">\n<div class=\"wp-block-column is-layout-flow wp-block-column-is-layout-flow\">\n<p class=\"has-text-align-center\">  20.\u00a0gs. 70.\u00a0gados beidzot tika sagaid\u012bta specializ\u0113tas un arh\u012bva vajadz\u012bb\u0101m atbilsto\u0161as \u0113kas celtniec\u012bba Bezdel\u012bgu iel\u0101 1a, kur m\u016bsdien\u0101s atrodas Latvijas Valsts arh\u012bvs, Dokumentu prevent\u012bv\u0101s saglab\u0101\u0161anas departaments un Instit\u016bciju dokumentu un arh\u012bvu p\u0101rvald\u012bbas departaments. Arh\u012bva celtniec\u012bba norisin\u0101j\u0101s no 1979. l\u012bdz 1984.\u00a0gadam. M\u016bsdien\u0101s biju\u0161\u0101 CVORA \u0113ka Bezdel\u012bgu iel\u0101 1a, lai gan laikmetam neatbilsto\u0161a un ar da\u017e\u0101d\u0101m tehnisk\u0101m nepiln\u012bb\u0101m, joproj\u0101m ir vien\u012bg\u0101 specializ\u0113t\u0101 un arh\u012bva uzdevumiem piem\u0113rot\u0101k\u0101 \u0113ka Latvijas teritorij\u0101.<\/p>\n<\/div>\n\n\n\n<div class=\"wp-block-column is-layout-flow wp-block-column-is-layout-flow\">\n<figure class=\"wp-block-image alignwide size-large\"><a href=\"https:\/\/www.archiv.org.lv\/lva60\/wp-content\/uploads\/2021\/11\/CVORA-foto-albums_0101-makets-scaled.jpg\"><img loading=\"lazy\" decoding=\"async\" width=\"1024\" height=\"750\" src=\"https:\/\/www.archiv.org.lv\/lva60\/wp-content\/uploads\/2021\/11\/CVORA-foto-albums_0101-makets-1024x750.jpg\" alt=\"\" class=\"wp-image-452\" srcset=\"https:\/\/www.archiv.org.lv\/lva60\/wp-content\/uploads\/2021\/11\/CVORA-foto-albums_0101-makets-1024x750.jpg 1024w, https:\/\/www.archiv.org.lv\/lva60\/wp-content\/uploads\/2021\/11\/CVORA-foto-albums_0101-makets-300x220.jpg 300w, https:\/\/www.archiv.org.lv\/lva60\/wp-content\/uploads\/2021\/11\/CVORA-foto-albums_0101-makets-768x562.jpg 768w, https:\/\/www.archiv.org.lv\/lva60\/wp-content\/uploads\/2021\/11\/CVORA-foto-albums_0101-makets-1536x1125.jpg 1536w, https:\/\/www.archiv.org.lv\/lva60\/wp-content\/uploads\/2021\/11\/CVORA-foto-albums_0101-makets-2048x1500.jpg 2048w, https:\/\/www.archiv.org.lv\/lva60\/wp-content\/uploads\/2021\/11\/CVORA-foto-albums_0101-makets-2000x1465.jpg 2000w\" sizes=\"auto, (max-width: 1024px) 100vw, 1024px\" \/><\/a><figcaption>LPSR CVORA \u0113kas Bezdel\u012bgu iel\u0101 1a makets. Avots: LNA LVA priv\u0101tais arh\u012bvs<\/figcaption><\/figure>\n<\/div>\n<\/div>\n\n\n\n<p><strong>Arh\u012bva \u0113kas Bezdel\u012bgu iel\u0101 1a b\u016bvniec\u012bbas pl\u0101ni<\/strong><\/p>\n\n\n\n<div class=\"wp-block-columns is-layout-flex wp-container-core-columns-is-layout-28f84493 wp-block-columns-is-layout-flex\">\n<div class=\"wp-block-column is-layout-flow wp-block-column-is-layout-flow\">\n<figure class=\"wp-block-image alignwide size-large\"><a href=\"https:\/\/www.archiv.org.lv\/lva60\/wp-content\/uploads\/2021\/11\/315461-2.jpg\"><img loading=\"lazy\" decoding=\"async\" width=\"1024\" height=\"726\" src=\"https:\/\/www.archiv.org.lv\/lva60\/wp-content\/uploads\/2021\/11\/315461-2-1024x726.jpg\" alt=\"\" class=\"wp-image-294\" srcset=\"https:\/\/www.archiv.org.lv\/lva60\/wp-content\/uploads\/2021\/11\/315461-2-1024x726.jpg 1024w, https:\/\/www.archiv.org.lv\/lva60\/wp-content\/uploads\/2021\/11\/315461-2-300x213.jpg 300w, https:\/\/www.archiv.org.lv\/lva60\/wp-content\/uploads\/2021\/11\/315461-2-768x544.jpg 768w, https:\/\/www.archiv.org.lv\/lva60\/wp-content\/uploads\/2021\/11\/315461-2.jpg 1508w\" sizes=\"auto, (max-width: 1024px) 100vw, 1024px\" \/><\/a><\/figure>\n<\/div>\n\n\n\n<div class=\"wp-block-column is-layout-flow wp-block-column-is-layout-flow\">\n<figure class=\"wp-block-image alignwide size-large\"><a href=\"https:\/\/www.archiv.org.lv\/lva60\/wp-content\/uploads\/2021\/11\/315462-2.jpg\"><img loading=\"lazy\" decoding=\"async\" width=\"1024\" height=\"692\" src=\"https:\/\/www.archiv.org.lv\/lva60\/wp-content\/uploads\/2021\/11\/315462-2-1024x692.jpg\" alt=\"\" class=\"wp-image-295\" srcset=\"https:\/\/www.archiv.org.lv\/lva60\/wp-content\/uploads\/2021\/11\/315462-2-1024x692.jpg 1024w, https:\/\/www.archiv.org.lv\/lva60\/wp-content\/uploads\/2021\/11\/315462-2-300x203.jpg 300w, https:\/\/www.archiv.org.lv\/lva60\/wp-content\/uploads\/2021\/11\/315462-2-768x519.jpg 768w, https:\/\/www.archiv.org.lv\/lva60\/wp-content\/uploads\/2021\/11\/315462-2-1536x1038.jpg 1536w, https:\/\/www.archiv.org.lv\/lva60\/wp-content\/uploads\/2021\/11\/315462-2.jpg 1694w\" sizes=\"auto, (max-width: 1024px) 100vw, 1024px\" \/><\/a><\/figure>\n<\/div>\n\n\n\n<div class=\"wp-block-column is-layout-flow wp-block-column-is-layout-flow\">\n<figure class=\"wp-block-image alignwide size-large\"><a href=\"https:\/\/www.archiv.org.lv\/lva60\/wp-content\/uploads\/2021\/11\/315463-2.jpg\"><img loading=\"lazy\" decoding=\"async\" width=\"1024\" height=\"697\" src=\"https:\/\/www.archiv.org.lv\/lva60\/wp-content\/uploads\/2021\/11\/315463-2-1024x697.jpg\" alt=\"\" class=\"wp-image-297\" srcset=\"https:\/\/www.archiv.org.lv\/lva60\/wp-content\/uploads\/2021\/11\/315463-2-1024x697.jpg 1024w, https:\/\/www.archiv.org.lv\/lva60\/wp-content\/uploads\/2021\/11\/315463-2-300x204.jpg 300w, https:\/\/www.archiv.org.lv\/lva60\/wp-content\/uploads\/2021\/11\/315463-2-768x523.jpg 768w, https:\/\/www.archiv.org.lv\/lva60\/wp-content\/uploads\/2021\/11\/315463-2-1536x1045.jpg 1536w, https:\/\/www.archiv.org.lv\/lva60\/wp-content\/uploads\/2021\/11\/315463-2-2048x1394.jpg 2048w, https:\/\/www.archiv.org.lv\/lva60\/wp-content\/uploads\/2021\/11\/315463-2-2000x1361.jpg 2000w\" sizes=\"auto, (max-width: 1024px) 100vw, 1024px\" \/><\/a><\/figure>\n<\/div>\n<\/div>\n\n\n\n<div class=\"wp-block-columns is-layout-flex wp-container-core-columns-is-layout-28f84493 wp-block-columns-is-layout-flex\">\n<div class=\"wp-block-column is-layout-flow wp-block-column-is-layout-flow\">\n<figure class=\"wp-block-image alignwide size-large\"><a href=\"https:\/\/www.archiv.org.lv\/lva60\/wp-content\/uploads\/2021\/11\/315464-4.jpg\"><img loading=\"lazy\" decoding=\"async\" width=\"1024\" height=\"692\" src=\"https:\/\/www.archiv.org.lv\/lva60\/wp-content\/uploads\/2021\/11\/315464-4-1024x692.jpg\" alt=\"\" class=\"wp-image-298\" srcset=\"https:\/\/www.archiv.org.lv\/lva60\/wp-content\/uploads\/2021\/11\/315464-4-1024x692.jpg 1024w, https:\/\/www.archiv.org.lv\/lva60\/wp-content\/uploads\/2021\/11\/315464-4-300x203.jpg 300w, https:\/\/www.archiv.org.lv\/lva60\/wp-content\/uploads\/2021\/11\/315464-4-768x519.jpg 768w, https:\/\/www.archiv.org.lv\/lva60\/wp-content\/uploads\/2021\/11\/315464-4-1536x1038.jpg 1536w, https:\/\/www.archiv.org.lv\/lva60\/wp-content\/uploads\/2021\/11\/315464-4-2048x1384.jpg 2048w, https:\/\/www.archiv.org.lv\/lva60\/wp-content\/uploads\/2021\/11\/315464-4-2000x1352.jpg 2000w\" sizes=\"auto, (max-width: 1024px) 100vw, 1024px\" \/><\/a><\/figure>\n<\/div>\n\n\n\n<div class=\"wp-block-column is-layout-flow wp-block-column-is-layout-flow\">\n<figure class=\"wp-block-image alignwide size-large\"><a href=\"https:\/\/www.archiv.org.lv\/lva60\/wp-content\/uploads\/2021\/11\/315465-4.jpg\"><img loading=\"lazy\" decoding=\"async\" width=\"1024\" height=\"704\" src=\"https:\/\/www.archiv.org.lv\/lva60\/wp-content\/uploads\/2021\/11\/315465-4-1024x704.jpg\" alt=\"\" class=\"wp-image-300\" srcset=\"https:\/\/www.archiv.org.lv\/lva60\/wp-content\/uploads\/2021\/11\/315465-4-1024x704.jpg 1024w, https:\/\/www.archiv.org.lv\/lva60\/wp-content\/uploads\/2021\/11\/315465-4-300x206.jpg 300w, https:\/\/www.archiv.org.lv\/lva60\/wp-content\/uploads\/2021\/11\/315465-4-768x528.jpg 768w, https:\/\/www.archiv.org.lv\/lva60\/wp-content\/uploads\/2021\/11\/315465-4-1536x1055.jpg 1536w, https:\/\/www.archiv.org.lv\/lva60\/wp-content\/uploads\/2021\/11\/315465-4-2048x1407.jpg 2048w, https:\/\/www.archiv.org.lv\/lva60\/wp-content\/uploads\/2021\/11\/315465-4-2000x1374.jpg 2000w\" sizes=\"auto, (max-width: 1024px) 100vw, 1024px\" \/><\/a><\/figure>\n<\/div>\n\n\n\n<div class=\"wp-block-column is-layout-flow wp-block-column-is-layout-flow\">\n<figure class=\"wp-block-image alignwide size-large\"><a href=\"https:\/\/www.archiv.org.lv\/lva60\/wp-content\/uploads\/2021\/11\/315466-3.jpg\"><img loading=\"lazy\" decoding=\"async\" width=\"1024\" height=\"730\" src=\"https:\/\/www.archiv.org.lv\/lva60\/wp-content\/uploads\/2021\/11\/315466-3-1024x730.jpg\" alt=\"\" class=\"wp-image-302\" srcset=\"https:\/\/www.archiv.org.lv\/lva60\/wp-content\/uploads\/2021\/11\/315466-3-1024x730.jpg 1024w, https:\/\/www.archiv.org.lv\/lva60\/wp-content\/uploads\/2021\/11\/315466-3-300x214.jpg 300w, https:\/\/www.archiv.org.lv\/lva60\/wp-content\/uploads\/2021\/11\/315466-3-768x548.jpg 768w, https:\/\/www.archiv.org.lv\/lva60\/wp-content\/uploads\/2021\/11\/315466-3-1536x1096.jpg 1536w, https:\/\/www.archiv.org.lv\/lva60\/wp-content\/uploads\/2021\/11\/315466-3-2048x1461.jpg 2048w, https:\/\/www.archiv.org.lv\/lva60\/wp-content\/uploads\/2021\/11\/315466-3-2000x1427.jpg 2000w\" sizes=\"auto, (max-width: 1024px) 100vw, 1024px\" \/><\/a><\/figure>\n<\/div>\n<\/div>\n\n\n\n<div class=\"wp-block-columns is-layout-flex wp-container-core-columns-is-layout-28f84493 wp-block-columns-is-layout-flex\">\n<div class=\"wp-block-column is-layout-flow wp-block-column-is-layout-flow\">\n<figure class=\"wp-block-image alignwide size-large\"><a href=\"https:\/\/www.archiv.org.lv\/lva60\/wp-content\/uploads\/2021\/11\/315469-2-scaled.jpg\"><img loading=\"lazy\" decoding=\"async\" width=\"1024\" height=\"699\" src=\"https:\/\/www.archiv.org.lv\/lva60\/wp-content\/uploads\/2021\/11\/315469-2-1024x699.jpg\" alt=\"\" class=\"wp-image-304\" srcset=\"https:\/\/www.archiv.org.lv\/lva60\/wp-content\/uploads\/2021\/11\/315469-2-1024x699.jpg 1024w, https:\/\/www.archiv.org.lv\/lva60\/wp-content\/uploads\/2021\/11\/315469-2-300x205.jpg 300w, https:\/\/www.archiv.org.lv\/lva60\/wp-content\/uploads\/2021\/11\/315469-2-768x524.jpg 768w, https:\/\/www.archiv.org.lv\/lva60\/wp-content\/uploads\/2021\/11\/315469-2-1536x1049.jpg 1536w, https:\/\/www.archiv.org.lv\/lva60\/wp-content\/uploads\/2021\/11\/315469-2-2048x1398.jpg 2048w, https:\/\/www.archiv.org.lv\/lva60\/wp-content\/uploads\/2021\/11\/315469-2-2000x1366.jpg 2000w\" sizes=\"auto, (max-width: 1024px) 100vw, 1024px\" \/><\/a><\/figure>\n<\/div>\n\n\n\n<div class=\"wp-block-column is-layout-flow wp-block-column-is-layout-flow\">\n<figure class=\"wp-block-image alignwide size-large\"><a href=\"https:\/\/www.archiv.org.lv\/lva60\/wp-content\/uploads\/2021\/11\/315470-2-scaled.jpg\"><img loading=\"lazy\" decoding=\"async\" width=\"1024\" height=\"699\" src=\"https:\/\/www.archiv.org.lv\/lva60\/wp-content\/uploads\/2021\/11\/315470-2-1024x699.jpg\" alt=\"\" class=\"wp-image-308\" srcset=\"https:\/\/www.archiv.org.lv\/lva60\/wp-content\/uploads\/2021\/11\/315470-2-1024x699.jpg 1024w, https:\/\/www.archiv.org.lv\/lva60\/wp-content\/uploads\/2021\/11\/315470-2-300x205.jpg 300w, https:\/\/www.archiv.org.lv\/lva60\/wp-content\/uploads\/2021\/11\/315470-2-768x524.jpg 768w, https:\/\/www.archiv.org.lv\/lva60\/wp-content\/uploads\/2021\/11\/315470-2-1536x1048.jpg 1536w, https:\/\/www.archiv.org.lv\/lva60\/wp-content\/uploads\/2021\/11\/315470-2-2048x1397.jpg 2048w, https:\/\/www.archiv.org.lv\/lva60\/wp-content\/uploads\/2021\/11\/315470-2-2000x1364.jpg 2000w\" sizes=\"auto, (max-width: 1024px) 100vw, 1024px\" \/><\/a><\/figure>\n<\/div>\n\n\n\n<div class=\"wp-block-column is-layout-flow wp-block-column-is-layout-flow\">\n<figure class=\"wp-block-image alignwide size-large\"><a href=\"https:\/\/www.archiv.org.lv\/lva60\/wp-content\/uploads\/2021\/11\/315472-1-2-scaled.jpg\"><img loading=\"lazy\" decoding=\"async\" width=\"1024\" height=\"696\" src=\"https:\/\/www.archiv.org.lv\/lva60\/wp-content\/uploads\/2021\/11\/315472-1-2-1024x696.jpg\" alt=\"\" class=\"wp-image-311\" srcset=\"https:\/\/www.archiv.org.lv\/lva60\/wp-content\/uploads\/2021\/11\/315472-1-2-1024x696.jpg 1024w, https:\/\/www.archiv.org.lv\/lva60\/wp-content\/uploads\/2021\/11\/315472-1-2-300x204.jpg 300w, https:\/\/www.archiv.org.lv\/lva60\/wp-content\/uploads\/2021\/11\/315472-1-2-768x522.jpg 768w, https:\/\/www.archiv.org.lv\/lva60\/wp-content\/uploads\/2021\/11\/315472-1-2-1536x1045.jpg 1536w, https:\/\/www.archiv.org.lv\/lva60\/wp-content\/uploads\/2021\/11\/315472-1-2-2048x1393.jpg 2048w, https:\/\/www.archiv.org.lv\/lva60\/wp-content\/uploads\/2021\/11\/315472-1-2-2000x1360.jpg 2000w\" sizes=\"auto, (max-width: 1024px) 100vw, 1024px\" \/><\/a><\/figure>\n<\/div>\n<\/div>\n\n\n\n<div class=\"wp-block-columns is-layout-flex wp-container-core-columns-is-layout-28f84493 wp-block-columns-is-layout-flex\">\n<div class=\"wp-block-column is-layout-flow wp-block-column-is-layout-flow\">\n<figure class=\"wp-block-image alignwide size-large\"><a href=\"https:\/\/www.archiv.org.lv\/lva60\/wp-content\/uploads\/2021\/11\/LNAKFFDA_F57_US1_GV64P-2-1.jpg\"><img loading=\"lazy\" decoding=\"async\" width=\"1024\" height=\"779\" src=\"https:\/\/www.archiv.org.lv\/lva60\/wp-content\/uploads\/2021\/11\/LNAKFFDA_F57_US1_GV64P-2-1-1024x779.jpg\" alt=\"\" class=\"wp-image-323\" srcset=\"https:\/\/www.archiv.org.lv\/lva60\/wp-content\/uploads\/2021\/11\/LNAKFFDA_F57_US1_GV64P-2-1-1024x779.jpg 1024w, https:\/\/www.archiv.org.lv\/lva60\/wp-content\/uploads\/2021\/11\/LNAKFFDA_F57_US1_GV64P-2-1-300x228.jpg 300w, https:\/\/www.archiv.org.lv\/lva60\/wp-content\/uploads\/2021\/11\/LNAKFFDA_F57_US1_GV64P-2-1-768x584.jpg 768w, https:\/\/www.archiv.org.lv\/lva60\/wp-content\/uploads\/2021\/11\/LNAKFFDA_F57_US1_GV64P-2-1-1536x1168.jpg 1536w, https:\/\/www.archiv.org.lv\/lva60\/wp-content\/uploads\/2021\/11\/LNAKFFDA_F57_US1_GV64P-2-1-2048x1558.jpg 2048w, https:\/\/www.archiv.org.lv\/lva60\/wp-content\/uploads\/2021\/11\/LNAKFFDA_F57_US1_GV64P-2-1-2000x1521.jpg 2000w\" sizes=\"auto, (max-width: 1024px) 100vw, 1024px\" \/><\/a><figcaption>Latvijas PSR Centr\u0101l\u0101 valsts Oktobra revol\u016bcijas un soci\u0101lisma celtniec\u012bbas arh\u012bva (tagad Latvijas Valsts arh\u012bvs) \u0113kas celtniec\u012bba R\u012bg\u0101, Bezdel\u012bgu iel\u0101 1, 1980.gads. Foto: Osvalds Mazurs. Avots: LNA Kinofotofonodokumentu arh\u012bvs.<\/figcaption><\/figure>\n<\/div>\n\n\n\n<div class=\"wp-block-column is-layout-flow wp-block-column-is-layout-flow\">\n<figure class=\"wp-block-image alignwide size-large\"><a href=\"https:\/\/www.archiv.org.lv\/lva60\/wp-content\/uploads\/2021\/11\/LNAKFFDA_F57_US1_GV62P-3.jpg\"><img loading=\"lazy\" decoding=\"async\" width=\"1024\" height=\"776\" src=\"https:\/\/www.archiv.org.lv\/lva60\/wp-content\/uploads\/2021\/11\/LNAKFFDA_F57_US1_GV62P-3-1024x776.jpg\" alt=\"\" class=\"wp-image-326\" srcset=\"https:\/\/www.archiv.org.lv\/lva60\/wp-content\/uploads\/2021\/11\/LNAKFFDA_F57_US1_GV62P-3-1024x776.jpg 1024w, https:\/\/www.archiv.org.lv\/lva60\/wp-content\/uploads\/2021\/11\/LNAKFFDA_F57_US1_GV62P-3-300x227.jpg 300w, https:\/\/www.archiv.org.lv\/lva60\/wp-content\/uploads\/2021\/11\/LNAKFFDA_F57_US1_GV62P-3-768x582.jpg 768w, https:\/\/www.archiv.org.lv\/lva60\/wp-content\/uploads\/2021\/11\/LNAKFFDA_F57_US1_GV62P-3-1536x1164.jpg 1536w, https:\/\/www.archiv.org.lv\/lva60\/wp-content\/uploads\/2021\/11\/LNAKFFDA_F57_US1_GV62P-3-2048x1553.jpg 2048w, https:\/\/www.archiv.org.lv\/lva60\/wp-content\/uploads\/2021\/11\/LNAKFFDA_F57_US1_GV62P-3-2000x1516.jpg 2000w\" sizes=\"auto, (max-width: 1024px) 100vw, 1024px\" \/><\/a><figcaption>Latvijas PSR Centr\u0101l\u0101 valsts Oktobra revol\u016bcijas un soci\u0101lisma celtniec\u012bbas arh\u012bva (tagad Latvijas Valsts arh\u012bvs) \u0113kas celtniec\u012bba R\u012bg\u0101, Bezdel\u012bgu iel\u0101 1, 1981.gads. Foto: Osvalds Mazurs. Avots: LNA Kinofotofonodokumentu arh\u012bvs. <\/figcaption><\/figure>\n<\/div>\n<\/div>\n\n\n\n<div class=\"wp-block-columns is-layout-flex wp-container-core-columns-is-layout-28f84493 wp-block-columns-is-layout-flex\">\n<div class=\"wp-block-column is-layout-flow wp-block-column-is-layout-flow\">\n<figure class=\"wp-block-image alignwide size-large\"><a href=\"https:\/\/www.archiv.org.lv\/lva60\/wp-content\/uploads\/2021\/11\/LNAKFFDA_F57_US1_GV63P-3-scaled.jpg\"><img loading=\"lazy\" decoding=\"async\" width=\"1024\" height=\"630\" src=\"https:\/\/www.archiv.org.lv\/lva60\/wp-content\/uploads\/2021\/11\/LNAKFFDA_F57_US1_GV63P-3-1024x630.jpg\" alt=\"\" class=\"wp-image-328\" srcset=\"https:\/\/www.archiv.org.lv\/lva60\/wp-content\/uploads\/2021\/11\/LNAKFFDA_F57_US1_GV63P-3-1024x630.jpg 1024w, https:\/\/www.archiv.org.lv\/lva60\/wp-content\/uploads\/2021\/11\/LNAKFFDA_F57_US1_GV63P-3-300x185.jpg 300w, https:\/\/www.archiv.org.lv\/lva60\/wp-content\/uploads\/2021\/11\/LNAKFFDA_F57_US1_GV63P-3-768x472.jpg 768w, https:\/\/www.archiv.org.lv\/lva60\/wp-content\/uploads\/2021\/11\/LNAKFFDA_F57_US1_GV63P-3-1536x945.jpg 1536w, https:\/\/www.archiv.org.lv\/lva60\/wp-content\/uploads\/2021\/11\/LNAKFFDA_F57_US1_GV63P-3-2048x1260.jpg 2048w, https:\/\/www.archiv.org.lv\/lva60\/wp-content\/uploads\/2021\/11\/LNAKFFDA_F57_US1_GV63P-3-2000x1230.jpg 2000w\" sizes=\"auto, (max-width: 1024px) 100vw, 1024px\" \/><\/a><figcaption>Latvijas PSR Centr\u0101l\u0101 valsts Oktobra revol\u016bcijas un soci\u0101lisma celtniec\u012bbas arh\u012bva (tagad Latvijas Valsts arh\u012bvs) \u0113kas celtniec\u012bba R\u012bg\u0101, Bezdel\u012bgu iel\u0101 1, 1981.gads. Foto: Osvalds Mazurs. Avots: LNA Kinofotofonodokumentu arh\u012bvs. <\/figcaption><\/figure>\n<\/div>\n\n\n\n<div class=\"wp-block-column is-layout-flow wp-block-column-is-layout-flow\">\n<figure class=\"wp-block-image alignwide size-large\"><a href=\"https:\/\/www.archiv.org.lv\/lva60\/wp-content\/uploads\/2021\/11\/IMG_0010_NEW-1.jpg\"><img loading=\"lazy\" decoding=\"async\" width=\"1024\" height=\"692\" src=\"https:\/\/www.archiv.org.lv\/lva60\/wp-content\/uploads\/2021\/11\/IMG_0010_NEW-1-1024x692.jpg\" alt=\"\" class=\"wp-image-330\" srcset=\"https:\/\/www.archiv.org.lv\/lva60\/wp-content\/uploads\/2021\/11\/IMG_0010_NEW-1-1024x692.jpg 1024w, https:\/\/www.archiv.org.lv\/lva60\/wp-content\/uploads\/2021\/11\/IMG_0010_NEW-1-300x203.jpg 300w, https:\/\/www.archiv.org.lv\/lva60\/wp-content\/uploads\/2021\/11\/IMG_0010_NEW-1-768x519.jpg 768w, https:\/\/www.archiv.org.lv\/lva60\/wp-content\/uploads\/2021\/11\/IMG_0010_NEW-1-1536x1038.jpg 1536w, https:\/\/www.archiv.org.lv\/lva60\/wp-content\/uploads\/2021\/11\/IMG_0010_NEW-1-2048x1384.jpg 2048w, https:\/\/www.archiv.org.lv\/lva60\/wp-content\/uploads\/2021\/11\/IMG_0010_NEW-1-2000x1352.jpg 2000w\" sizes=\"auto, (max-width: 1024px) 100vw, 1024px\" \/><\/a><figcaption>  Latvijas PSR Centr\u0101l\u0101 valsts Oktobra revol\u016bcijas un soci\u0101lisma celtniec\u012bbas arh\u012bva (tagad Latvijas Valsts arh\u012bvs) \u0113kas celtniec\u012bba R\u012bg\u0101, Bezdel\u012bgu iel\u0101 1, 1982.gads. Avots: LNA LVA priv\u0101tais arh\u012bvs<\/figcaption><\/figure>\n<\/div>\n<\/div>\n\n\n\n<div class=\"wp-block-columns is-layout-flex wp-container-core-columns-is-layout-28f84493 wp-block-columns-is-layout-flex\">\n<div class=\"wp-block-column is-layout-flow wp-block-column-is-layout-flow\">\n<div class=\"wp-block-image\"><figure class=\"aligncenter size-large\"><a href=\"https:\/\/www.archiv.org.lv\/lva60\/wp-content\/uploads\/2021\/11\/CVORA-foto-albums_0105-1984.-g.-rudeni-sakas-parcelsanas-uz-jauno-eku-Bezdeligu-iela-1a.-scaled.jpg\"><img loading=\"lazy\" decoding=\"async\" width=\"727\" height=\"1024\" src=\"https:\/\/www.archiv.org.lv\/lva60\/wp-content\/uploads\/2021\/11\/CVORA-foto-albums_0105-1984.-g.-rudeni-sakas-parcelsanas-uz-jauno-eku-Bezdeligu-iela-1a.-727x1024.jpg\" alt=\"\" class=\"wp-image-464\" srcset=\"https:\/\/www.archiv.org.lv\/lva60\/wp-content\/uploads\/2021\/11\/CVORA-foto-albums_0105-1984.-g.-rudeni-sakas-parcelsanas-uz-jauno-eku-Bezdeligu-iela-1a.-727x1024.jpg 727w, https:\/\/www.archiv.org.lv\/lva60\/wp-content\/uploads\/2021\/11\/CVORA-foto-albums_0105-1984.-g.-rudeni-sakas-parcelsanas-uz-jauno-eku-Bezdeligu-iela-1a.-213x300.jpg 213w, https:\/\/www.archiv.org.lv\/lva60\/wp-content\/uploads\/2021\/11\/CVORA-foto-albums_0105-1984.-g.-rudeni-sakas-parcelsanas-uz-jauno-eku-Bezdeligu-iela-1a.-768x1082.jpg 768w, https:\/\/www.archiv.org.lv\/lva60\/wp-content\/uploads\/2021\/11\/CVORA-foto-albums_0105-1984.-g.-rudeni-sakas-parcelsanas-uz-jauno-eku-Bezdeligu-iela-1a.-1090x1536.jpg 1090w, https:\/\/www.archiv.org.lv\/lva60\/wp-content\/uploads\/2021\/11\/CVORA-foto-albums_0105-1984.-g.-rudeni-sakas-parcelsanas-uz-jauno-eku-Bezdeligu-iela-1a.-1454x2048.jpg 1454w, https:\/\/www.archiv.org.lv\/lva60\/wp-content\/uploads\/2021\/11\/CVORA-foto-albums_0105-1984.-g.-rudeni-sakas-parcelsanas-uz-jauno-eku-Bezdeligu-iela-1a.-2000x2818.jpg 2000w, https:\/\/www.archiv.org.lv\/lva60\/wp-content\/uploads\/2021\/11\/CVORA-foto-albums_0105-1984.-g.-rudeni-sakas-parcelsanas-uz-jauno-eku-Bezdeligu-iela-1a.-scaled.jpg 1817w\" sizes=\"auto, (max-width: 727px) 100vw, 727px\" \/><\/a><figcaption>1984.gada ruden\u012b s\u0101k\u0101s p\u0101rcel\u0161an\u0101s uz jauno arh\u012bva \u0113ku Bezdel\u012bgu iel\u0101 1a. Avots: LNA LVA priv\u0101tais arh\u012bvs.<\/figcaption><\/figure><\/div>\n<\/div>\n\n\n\n<div class=\"wp-block-column is-layout-flow wp-block-column-is-layout-flow\">\n<div class=\"wp-block-image\"><figure class=\"aligncenter size-large\"><a href=\"https:\/\/www.archiv.org.lv\/lva60\/wp-content\/uploads\/2021\/11\/CVORA-foto-albums_0103-Aprila-talka-jaunas-arhiva-ekas-teritorijas-sakopsanai.-22.04.1984.-scaled.jpg\"><img loading=\"lazy\" decoding=\"async\" width=\"1024\" height=\"617\" src=\"https:\/\/www.archiv.org.lv\/lva60\/wp-content\/uploads\/2021\/11\/CVORA-foto-albums_0103-Aprila-talka-jaunas-arhiva-ekas-teritorijas-sakopsanai.-22.04.1984.-1024x617.jpg\" alt=\"\" class=\"wp-image-465\" srcset=\"https:\/\/www.archiv.org.lv\/lva60\/wp-content\/uploads\/2021\/11\/CVORA-foto-albums_0103-Aprila-talka-jaunas-arhiva-ekas-teritorijas-sakopsanai.-22.04.1984.-1024x617.jpg 1024w, https:\/\/www.archiv.org.lv\/lva60\/wp-content\/uploads\/2021\/11\/CVORA-foto-albums_0103-Aprila-talka-jaunas-arhiva-ekas-teritorijas-sakopsanai.-22.04.1984.-300x181.jpg 300w, https:\/\/www.archiv.org.lv\/lva60\/wp-content\/uploads\/2021\/11\/CVORA-foto-albums_0103-Aprila-talka-jaunas-arhiva-ekas-teritorijas-sakopsanai.-22.04.1984.-768x463.jpg 768w, https:\/\/www.archiv.org.lv\/lva60\/wp-content\/uploads\/2021\/11\/CVORA-foto-albums_0103-Aprila-talka-jaunas-arhiva-ekas-teritorijas-sakopsanai.-22.04.1984.-1536x926.jpg 1536w, https:\/\/www.archiv.org.lv\/lva60\/wp-content\/uploads\/2021\/11\/CVORA-foto-albums_0103-Aprila-talka-jaunas-arhiva-ekas-teritorijas-sakopsanai.-22.04.1984.-2048x1235.jpg 2048w, https:\/\/www.archiv.org.lv\/lva60\/wp-content\/uploads\/2021\/11\/CVORA-foto-albums_0103-Aprila-talka-jaunas-arhiva-ekas-teritorijas-sakopsanai.-22.04.1984.-2000x1206.jpg 2000w\" sizes=\"auto, (max-width: 1024px) 100vw, 1024px\" \/><\/a><figcaption>Apr\u012b\u013ca talka jaun\u0101s arh\u012bva \u0113kas teritorijas sakop\u0161anai 1984.gad\u0101. Avots: LNA LVA priv\u0101tais arh\u012bvs.<\/figcaption><\/figure><\/div>\n\n\n\n<div class=\"wp-block-image\"><figure class=\"aligncenter size-large\"><a href=\"https:\/\/www.archiv.org.lv\/lva60\/wp-content\/uploads\/2021\/11\/CVORA-foto-albums_0104-\u2018Mums-malka-nav-vajadziga-mums-ir-centrala-apkure-22.04.1984.-scaled.jpg\"><img loading=\"lazy\" decoding=\"async\" width=\"1024\" height=\"669\" src=\"https:\/\/www.archiv.org.lv\/lva60\/wp-content\/uploads\/2021\/11\/CVORA-foto-albums_0104-\u2018Mums-malka-nav-vajadziga-mums-ir-centrala-apkure-22.04.1984.-1024x669.jpg\" alt=\"\" class=\"wp-image-466\" srcset=\"https:\/\/www.archiv.org.lv\/lva60\/wp-content\/uploads\/2021\/11\/CVORA-foto-albums_0104-\u2018Mums-malka-nav-vajadziga-mums-ir-centrala-apkure-22.04.1984.-1024x669.jpg 1024w, https:\/\/www.archiv.org.lv\/lva60\/wp-content\/uploads\/2021\/11\/CVORA-foto-albums_0104-\u2018Mums-malka-nav-vajadziga-mums-ir-centrala-apkure-22.04.1984.-300x196.jpg 300w, https:\/\/www.archiv.org.lv\/lva60\/wp-content\/uploads\/2021\/11\/CVORA-foto-albums_0104-\u2018Mums-malka-nav-vajadziga-mums-ir-centrala-apkure-22.04.1984.-768x502.jpg 768w, https:\/\/www.archiv.org.lv\/lva60\/wp-content\/uploads\/2021\/11\/CVORA-foto-albums_0104-\u2018Mums-malka-nav-vajadziga-mums-ir-centrala-apkure-22.04.1984.-1536x1003.jpg 1536w, https:\/\/www.archiv.org.lv\/lva60\/wp-content\/uploads\/2021\/11\/CVORA-foto-albums_0104-\u2018Mums-malka-nav-vajadziga-mums-ir-centrala-apkure-22.04.1984.-2048x1338.jpg 2048w, https:\/\/www.archiv.org.lv\/lva60\/wp-content\/uploads\/2021\/11\/CVORA-foto-albums_0104-\u2018Mums-malka-nav-vajadziga-mums-ir-centrala-apkure-22.04.1984.-2000x1306.jpg 2000w\" sizes=\"auto, (max-width: 1024px) 100vw, 1024px\" \/><\/a><figcaption><em>\u2018\u2019Mums malka vairs nav vajadz\u012bga, mums ir centr\u0101l\u0101 apkure!&#8221;<\/em> &#8211; arh\u012bva darbinieces priec\u0101jas par ieviestaj\u0101m \u0113rt\u012bb\u0101m jaunaj\u0101 arh\u012bva \u0113k\u0101. 1984.gada apr\u012blis. Avots: LNA LVA priv\u0101tais arh\u012bvs. <\/figcaption><\/figure><\/div>\n<\/div>\n<\/div>\n\n\n\n<div class=\"wp-block-image\"><figure class=\"aligncenter size-large\"><a href=\"https:\/\/www.archiv.org.lv\/lva60\/wp-content\/uploads\/2021\/11\/CVORA-foto-albums_0106-Arhiva-jaunas-ekas-sviniga-atklasana.-02.1985-scaled.jpg\"><img loading=\"lazy\" decoding=\"async\" width=\"1024\" height=\"633\" src=\"https:\/\/www.archiv.org.lv\/lva60\/wp-content\/uploads\/2021\/11\/CVORA-foto-albums_0106-Arhiva-jaunas-ekas-sviniga-atklasana.-02.1985-1024x633.jpg\" alt=\"\" class=\"wp-image-462\" srcset=\"https:\/\/www.archiv.org.lv\/lva60\/wp-content\/uploads\/2021\/11\/CVORA-foto-albums_0106-Arhiva-jaunas-ekas-sviniga-atklasana.-02.1985-1024x633.jpg 1024w, https:\/\/www.archiv.org.lv\/lva60\/wp-content\/uploads\/2021\/11\/CVORA-foto-albums_0106-Arhiva-jaunas-ekas-sviniga-atklasana.-02.1985-300x186.jpg 300w, https:\/\/www.archiv.org.lv\/lva60\/wp-content\/uploads\/2021\/11\/CVORA-foto-albums_0106-Arhiva-jaunas-ekas-sviniga-atklasana.-02.1985-768x475.jpg 768w, https:\/\/www.archiv.org.lv\/lva60\/wp-content\/uploads\/2021\/11\/CVORA-foto-albums_0106-Arhiva-jaunas-ekas-sviniga-atklasana.-02.1985-1536x950.jpg 1536w, https:\/\/www.archiv.org.lv\/lva60\/wp-content\/uploads\/2021\/11\/CVORA-foto-albums_0106-Arhiva-jaunas-ekas-sviniga-atklasana.-02.1985-2048x1266.jpg 2048w, https:\/\/www.archiv.org.lv\/lva60\/wp-content\/uploads\/2021\/11\/CVORA-foto-albums_0106-Arhiva-jaunas-ekas-sviniga-atklasana.-02.1985-2000x1237.jpg 2000w\" sizes=\"auto, (max-width: 1024px) 100vw, 1024px\" \/><\/a><figcaption><strong>Arh\u012bva \u0113kas svin\u012bg\u0101 atkl\u0101\u0161anas diena 1985.gada febru\u0101r\u012b.<\/strong> <br>Avots: LNA LVA priv\u0101tais arh\u012bvs.<br><strong>Atkl\u0101\u0161anas dien\u0101 piedal\u012bj\u0101s LKP CK sekret\u0101rs J.Andersons un LPSR Ministru Padomes priek\u0161s\u0113d\u0113t\u0101ja vietnieks V.Kr\u016bmi\u0146\u0161.<\/strong><\/figcaption><\/figure><\/div>\n\n\n\n<div class=\"wp-block-columns is-layout-flex wp-container-core-columns-is-layout-28f84493 wp-block-columns-is-layout-flex\">\n<div class=\"wp-block-column is-layout-flow wp-block-column-is-layout-flow\">\n<div class=\"wp-block-image\"><figure class=\"aligncenter size-large\"><a href=\"https:\/\/www.archiv.org.lv\/lva60\/wp-content\/uploads\/2021\/11\/IMG_0014_NEW-scaled.jpg\"><img loading=\"lazy\" decoding=\"async\" width=\"1024\" height=\"643\" src=\"https:\/\/www.archiv.org.lv\/lva60\/wp-content\/uploads\/2021\/11\/IMG_0014_NEW-1024x643.jpg\" alt=\"\" class=\"wp-image-353\" srcset=\"https:\/\/www.archiv.org.lv\/lva60\/wp-content\/uploads\/2021\/11\/IMG_0014_NEW-1024x643.jpg 1024w, https:\/\/www.archiv.org.lv\/lva60\/wp-content\/uploads\/2021\/11\/IMG_0014_NEW-300x188.jpg 300w, https:\/\/www.archiv.org.lv\/lva60\/wp-content\/uploads\/2021\/11\/IMG_0014_NEW-768x482.jpg 768w, https:\/\/www.archiv.org.lv\/lva60\/wp-content\/uploads\/2021\/11\/IMG_0014_NEW-1536x965.jpg 1536w, https:\/\/www.archiv.org.lv\/lva60\/wp-content\/uploads\/2021\/11\/IMG_0014_NEW-2048x1286.jpg 2048w, https:\/\/www.archiv.org.lv\/lva60\/wp-content\/uploads\/2021\/11\/IMG_0014_NEW-2000x1256.jpg 2000w\" sizes=\"auto, (max-width: 1024px) 100vw, 1024px\" \/><\/a><figcaption> Latvijas PSR Centr\u0101l\u0101 Valsts Oktobra revol\u016bcijas un soci\u0101lisma celtniec\u012bbas arh\u012bva glab\u0101tav\u0101 Bezdel\u012bgu iel\u0101 1a. 1980.gadi. Avots: LNA LVA priv\u0101tais arh\u012bvs.<\/figcaption><\/figure><\/div>\n<\/div>\n\n\n\n<div class=\"wp-block-column is-layout-flow wp-block-column-is-layout-flow\">\n<div class=\"wp-block-image\"><figure class=\"aligncenter size-large\"><a href=\"https:\/\/www.archiv.org.lv\/lva60\/wp-content\/uploads\/2021\/11\/LNAKFFDA_F1_US4_GV121265N-2-scaled.jpg\"><img loading=\"lazy\" decoding=\"async\" width=\"1024\" height=\"693\" src=\"https:\/\/www.archiv.org.lv\/lva60\/wp-content\/uploads\/2021\/11\/LNAKFFDA_F1_US4_GV121265N-2-1024x693.jpg\" alt=\"\" class=\"wp-image-355\" srcset=\"https:\/\/www.archiv.org.lv\/lva60\/wp-content\/uploads\/2021\/11\/LNAKFFDA_F1_US4_GV121265N-2-1024x693.jpg 1024w, https:\/\/www.archiv.org.lv\/lva60\/wp-content\/uploads\/2021\/11\/LNAKFFDA_F1_US4_GV121265N-2-300x203.jpg 300w, https:\/\/www.archiv.org.lv\/lva60\/wp-content\/uploads\/2021\/11\/LNAKFFDA_F1_US4_GV121265N-2-768x520.jpg 768w, https:\/\/www.archiv.org.lv\/lva60\/wp-content\/uploads\/2021\/11\/LNAKFFDA_F1_US4_GV121265N-2-1536x1039.jpg 1536w, https:\/\/www.archiv.org.lv\/lva60\/wp-content\/uploads\/2021\/11\/LNAKFFDA_F1_US4_GV121265N-2-2048x1385.jpg 2048w, https:\/\/www.archiv.org.lv\/lva60\/wp-content\/uploads\/2021\/11\/LNAKFFDA_F1_US4_GV121265N-2-2000x1353.jpg 2000w\" sizes=\"auto, (max-width: 1024px) 100vw, 1024px\" \/><\/a><figcaption>Latvijas PSR Centr\u0101l\u0101 Valsts Oktobra revol\u016bcijas un soci\u0101lisma celtniec\u012bbas arh\u012bva sevi\u0161\u0137i svar\u012bgo dokumentu glab\u0101tavas vad\u012bt\u0101ja Larisa Matvejeva dokumentu glab\u0101tav\u0101 Bezdel\u012bgu iel\u0101 1a.<br>R\u012bga, 1985.gada 27.j\u016bnijs. Foto: Aleksandrs Belovs. Avots: LNA Kinofotofonodokumentu arh\u012bvs.<\/figcaption><\/figure><\/div>\n<\/div>\n<\/div>\n\n\n\n<p class=\"has-text-align-center\">P\u0113c Latvijas neatkar\u012bbas atjauno\u0161anas arh\u012bva r\u012bc\u012bb\u0101 1991.\u00a0gad\u0101 saska\u0146\u0101 ar Latvijas Republikas Augst\u0101k\u0101s padomes un Ministru padomes l\u0113mumu non\u0101ca Latvijas Komunistisk\u0101s partijas arh\u012bva \u0113ka Rai\u0146a bulv\u0101r\u012b 15, kur\u0101 izveidoja Soci\u0101lpolitisko dokumentu da\u013cu. Taj\u0101 glab\u0101j\u0101s svar\u012bg\u0101kie p\u0113ckara laika dokumenti, kam bija \u013coti liela v\u0113sturiska, juridiska, politiska un tautsaimnieciska noz\u012bme. \u0160\u012b \u0113ka LVA lieto\u0161an\u0101 bija l\u012bdz 2001.\u00a0gadam, kad dokumentus un person\u0101lu p\u0101rc\u0113la uz jaunieg\u016bto \u0113ku R\u012bg\u0101, Kurzemes prospekt\u0101 5.<\/p>\n\n\n\n<div class=\"wp-block-columns is-layout-flex wp-container-core-columns-is-layout-28f84493 wp-block-columns-is-layout-flex\">\n<div class=\"wp-block-column is-vertically-aligned-center is-layout-flow wp-block-column-is-layout-flow\">\n<p class=\"has-text-align-center\">Otra \u0113ka atrad\u0101s Ludzas iel\u0101 2, kur tika izvietotas Dienesta dokumentu un Iest\u0101\u017eu dokumentu aprakst\u012b\u0161anas noda\u013cas, k\u0101 ar\u012b biju\u0161\u0101 VDK arh\u012bva da\u013ca. Ar\u012b \u0161o \u0113ku LVA sa\u0146\u0113ma 1991.\u00a0gad\u0101. \u0112k\u0101 glab\u0101j\u0101s filtr\u0101cijas lietas, krimin\u0101llietas un citas VDK dokumentu grupas, kas tika \u013coti akt\u012bvi izmantotas politiski repres\u0113to pilso\u0146u reabilit\u0101cijas jaut\u0101jumos. \u0112ka bija LVA lieto\u0161an\u0101 l\u012bdz 1999.\u00a0gadam, kad dokumentus un person\u0101lu p\u0101rc\u0113la uz jaunieg\u016bto \u0113ku Kurzemes prospekt\u0101 5.<\/p>\n<\/div>\n\n\n\n<div class=\"wp-block-column is-layout-flow wp-block-column-is-layout-flow\">\n<figure class=\"wp-block-image alignwide size-large\"><a href=\"https:\/\/www.archiv.org.lv\/lva60\/wp-content\/uploads\/2021\/11\/Arhivs-Ludzas-iela-scaled.jpg\"><img loading=\"lazy\" decoding=\"async\" width=\"1024\" height=\"637\" src=\"https:\/\/www.archiv.org.lv\/lva60\/wp-content\/uploads\/2021\/11\/Arhivs-Ludzas-iela-1024x637.jpg\" alt=\"\" class=\"wp-image-317\" srcset=\"https:\/\/www.archiv.org.lv\/lva60\/wp-content\/uploads\/2021\/11\/Arhivs-Ludzas-iela-1024x637.jpg 1024w, https:\/\/www.archiv.org.lv\/lva60\/wp-content\/uploads\/2021\/11\/Arhivs-Ludzas-iela-300x187.jpg 300w, https:\/\/www.archiv.org.lv\/lva60\/wp-content\/uploads\/2021\/11\/Arhivs-Ludzas-iela-768x478.jpg 768w, https:\/\/www.archiv.org.lv\/lva60\/wp-content\/uploads\/2021\/11\/Arhivs-Ludzas-iela-1536x955.jpg 1536w, https:\/\/www.archiv.org.lv\/lva60\/wp-content\/uploads\/2021\/11\/Arhivs-Ludzas-iela-2048x1274.jpg 2048w, https:\/\/www.archiv.org.lv\/lva60\/wp-content\/uploads\/2021\/11\/Arhivs-Ludzas-iela-2000x1244.jpg 2000w\" sizes=\"auto, (max-width: 1024px) 100vw, 1024px\" \/><\/a><figcaption>LVA glab\u0101tavas \u0113ka Ludzas iel\u0101 2. 1990.gadu s\u0101kums. Avots: LNA LVA priv\u0101tais arh\u012bvs.<\/figcaption><\/figure>\n<\/div>\n<\/div>\n\n\n\n<p class=\"has-text-align-center\">   1994.\u00a0gad\u0101 LVA l\u016bdza izskat\u012bt jaut\u0101jumu par papildu zemes plat\u012bbas pie\u0161\u0137ir\u0161anu LVA jaunu arh\u012bva dokumentu glab\u0101tavu celtniec\u012bbai. Valsts reorganiz\u0101cijas period\u0101 arh\u012bvam n\u0101c\u0101s pie\u0146emt \u013coti lielu dokumentu apjomu, k\u0101 rezult\u0101t\u0101 arh\u012bva glab\u0101tavu noslogojums jau bija 90\u00a0%, tas noz\u012bm\u0113ja, ka aptuveni pusotru l\u012bdz divus gadus arh\u012bvs v\u0113l var\u0113ja veikt dokumentu komplekt\u0113\u0161anu un tad t\u0101 bija j\u0101p\u0101rtrauc telpu tr\u016bkuma d\u0113\u013c. 1995.\u00a0gad\u0101 telpas Bezdel\u012bgu iel\u0101 1a bija piepild\u012btas 94\u00a0% apm\u0113r\u0101.\u00a0Tobr\u012bd notika \u013coti strauj\u0161 privatiz\u0101cijas process, k\u0101 rezult\u0101t\u0101 daudzi uz\u0146\u0113mumi tika privatiz\u0113ti vai likvid\u0113ti. Dokumentiem p\u0113c likuma \u201cPar arh\u012bviem\u201d bija j\u0101non\u0101k Latvijas Valsts arh\u012bv\u0101.<\/p>\n\n\n\n<div class=\"wp-block-columns is-layout-flex wp-container-core-columns-is-layout-28f84493 wp-block-columns-is-layout-flex\">\n<div class=\"wp-block-column is-layout-flow wp-block-column-is-layout-flow\">\n<p class=\"has-text-align-center\">  1995.\u00a0gad\u0101 s\u0101ka risin\u0101t telpu jaut\u0101jumu Kurzemes prospekt\u0101 5 (pa\u0161laik Skandu iela 14), kur iepriek\u0161 atrad\u0101s likvid\u0113t\u0101 Valsts R\u012bgas eksperiment\u0101l\u0101s funkcion\u0101l\u0101s mikroelektronikas r\u016bpn\u012bca \u201cElm\u012bra\u201d. Telpu piem\u0113rot\u012bba arh\u012bva glab\u0101tavu vajadz\u012bb\u0101m bija optim\u0101l\u0101k\u0101 no p\u0113d\u0113jos divos gados pied\u0101v\u0101taj\u0101m. Ar 1996.\u00a0gada 28.\u00a0marta Ministru kabineta r\u012bkojumu Nr.\u00a096 LVA pie\u0161\u0137\u012bra min\u0113t\u0101s r\u016bpn\u012bcas telpas. Ce\u013c\u0161 l\u012bdz \u0161o telpu piln\u012bgai p\u0101r\u0146em\u0161anai pras\u012bja v\u0113l da\u017eus gadus, jo biju\u0161ajai r\u016bpn\u012bcai bija lielas par\u0101dsaist\u012bbas, ko arh\u012bvs nev\u0113l\u0113j\u0101s uz\u0146emties, k\u0101 ar\u012b bija j\u0101veic telpu remontdarbi un to piel\u0101go\u0161ana. Saist\u012bb\u0101 ar glab\u0101tavu p\u0101rslogojumu Bezdel\u012bgu iel\u0101 1a 2000.\u00a0gad\u0101 notika lietu p\u0101rvieto\u0161ana uz jaunizveidotaj\u0101m glab\u0101tav\u0101m Kurzemes prospekt\u0101 5.<\/p>\n<\/div>\n\n\n\n<div class=\"wp-block-column is-layout-flow wp-block-column-is-layout-flow\">\n<div class=\"wp-block-image\"><figure class=\"aligncenter size-large is-resized\"><img loading=\"lazy\" decoding=\"async\" src=\"https:\/\/www.archiv.org.lv\/lva60\/wp-content\/uploads\/2021\/12\/img151-2-1-913x1024.jpg\" alt=\"\" class=\"wp-image-558\" width=\"358\" height=\"401\" srcset=\"https:\/\/www.archiv.org.lv\/lva60\/wp-content\/uploads\/2021\/12\/img151-2-1-913x1024.jpg 913w, https:\/\/www.archiv.org.lv\/lva60\/wp-content\/uploads\/2021\/12\/img151-2-1-268x300.jpg 268w, https:\/\/www.archiv.org.lv\/lva60\/wp-content\/uploads\/2021\/12\/img151-2-1-768x861.jpg 768w, https:\/\/www.archiv.org.lv\/lva60\/wp-content\/uploads\/2021\/12\/img151-2-1-1370x1536.jpg 1370w, https:\/\/www.archiv.org.lv\/lva60\/wp-content\/uploads\/2021\/12\/img151-2-1.jpg 1611w\" sizes=\"auto, (max-width: 358px) 100vw, 358px\" \/><figcaption>Latvijas Valsts arh\u012bva \u0113kas Kurzemes prospekt\u0101 5 (tagad Skandu iel\u0101 14) glab\u0101tava. Avots: LNA LVA priv\u0101tais arh\u012bvs.<\/figcaption><\/figure><\/div>\n<\/div>\n<\/div>\n\n\n\n<div class=\"wp-block-columns is-layout-flex wp-container-core-columns-is-layout-28f84493 wp-block-columns-is-layout-flex\">\n<div class=\"wp-block-column is-layout-flow wp-block-column-is-layout-flow\">\n<div class=\"wp-block-image\"><figure class=\"aligncenter size-large\"><a href=\"https:\/\/www.archiv.org.lv\/lva60\/wp-content\/uploads\/2021\/12\/img136-2.jpg\"><img loading=\"lazy\" decoding=\"async\" width=\"1024\" height=\"678\" src=\"https:\/\/www.archiv.org.lv\/lva60\/wp-content\/uploads\/2021\/12\/img136-2-1024x678.jpg\" alt=\"\" class=\"wp-image-540\" srcset=\"https:\/\/www.archiv.org.lv\/lva60\/wp-content\/uploads\/2021\/12\/img136-2-1024x678.jpg 1024w, https:\/\/www.archiv.org.lv\/lva60\/wp-content\/uploads\/2021\/12\/img136-2-300x199.jpg 300w, https:\/\/www.archiv.org.lv\/lva60\/wp-content\/uploads\/2021\/12\/img136-2-768x509.jpg 768w, https:\/\/www.archiv.org.lv\/lva60\/wp-content\/uploads\/2021\/12\/img136-2-1536x1017.jpg 1536w, https:\/\/www.archiv.org.lv\/lva60\/wp-content\/uploads\/2021\/12\/img136-2.jpg 1776w\" sizes=\"auto, (max-width: 1024px) 100vw, 1024px\" \/><\/a><figcaption>Kurzemes prospekta 5 (\u0161obr\u012bd Skandu iela 14) apg\u016b\u0161ana 1997.gada beig\u0101s. \u0112kas ieejas puse. Avots: LNA LVA priv\u0101tais arh\u012bvs.<\/figcaption><\/figure><\/div>\n<\/div>\n\n\n\n<div class=\"wp-block-column is-layout-flow wp-block-column-is-layout-flow\">\n<div class=\"wp-block-image\"><figure class=\"aligncenter size-large\"><a href=\"https:\/\/www.archiv.org.lv\/lva60\/wp-content\/uploads\/2021\/12\/img137-2.jpg\"><img loading=\"lazy\" decoding=\"async\" width=\"1024\" height=\"678\" src=\"https:\/\/www.archiv.org.lv\/lva60\/wp-content\/uploads\/2021\/12\/img137-2-1024x678.jpg\" alt=\"\" class=\"wp-image-541\" srcset=\"https:\/\/www.archiv.org.lv\/lva60\/wp-content\/uploads\/2021\/12\/img137-2-1024x678.jpg 1024w, https:\/\/www.archiv.org.lv\/lva60\/wp-content\/uploads\/2021\/12\/img137-2-300x199.jpg 300w, https:\/\/www.archiv.org.lv\/lva60\/wp-content\/uploads\/2021\/12\/img137-2-768x509.jpg 768w, https:\/\/www.archiv.org.lv\/lva60\/wp-content\/uploads\/2021\/12\/img137-2-1536x1018.jpg 1536w, https:\/\/www.archiv.org.lv\/lva60\/wp-content\/uploads\/2021\/12\/img137-2.jpg 1781w\" sizes=\"auto, (max-width: 1024px) 100vw, 1024px\" \/><\/a><figcaption> Kurzemes prospekta 5 (\u0161obr\u012bd Skandu iela 14) apg\u016b\u0161ana 1997.gada beig\u0101s. \u0112kas aizmugure. Avots: LNA LVA priv\u0101tais arh\u012bvs. <\/figcaption><\/figure><\/div>\n<\/div>\n<\/div>\n\n\n\n<p class=\"has-text-align-center\">Pa\u0161laik Skandu iel\u0101 14 galvenok\u0101rt glab\u0101jas Latvijas Soci\u0101ldemokr\u0101tijas, Latvijas Komunistisk\u0101s partijas, Latvijas PSR Valsts dro\u0161\u012bbas komitejas dokumenti par repres\u0113taj\u0101m person\u0101m, LPSR VDK a\u0123ent\u016bras kartot\u0113ka, zin\u0101tniski tehnisk\u0101 dokument\u0101cija, k\u0101 ar\u012b liels daudzums lietved\u012bbas dokumentu.<\/p>\n\n\n\n<p class=\"has-text-align-center\">M\u016bsdien\u0101s LVA p\u0101rzi\u0146\u0101 ir divas glab\u0101tavas Bezdel\u012bgu iel\u0101 1a un Skandu iel\u0101 14, ta\u010du LVA joproj\u0101m saskaras ar da\u017e\u0101d\u0101m gr\u016bt\u012bb\u0101m un izaicin\u0101jumiem dokumentu uzglab\u0101\u0161an\u0101.<\/p>\n\n\n\n<div class=\"wp-block-columns is-layout-flex wp-container-core-columns-is-layout-28f84493 wp-block-columns-is-layout-flex\">\n<div class=\"wp-block-column is-layout-flow wp-block-column-is-layout-flow\">\n<div class=\"wp-block-image\"><figure class=\"aligncenter size-large\"><a href=\"https:\/\/www.archiv.org.lv\/lva60\/wp-content\/uploads\/2021\/11\/Bezdeligas-1_0295-Ojars-jansons-scaled.jpg\"><img loading=\"lazy\" decoding=\"async\" width=\"1024\" height=\"566\" src=\"https:\/\/www.archiv.org.lv\/lva60\/wp-content\/uploads\/2021\/11\/Bezdeligas-1_0295-Ojars-jansons-1024x566.jpg\" alt=\"\" class=\"wp-image-529\" srcset=\"https:\/\/www.archiv.org.lv\/lva60\/wp-content\/uploads\/2021\/11\/Bezdeligas-1_0295-Ojars-jansons-1024x566.jpg 1024w, https:\/\/www.archiv.org.lv\/lva60\/wp-content\/uploads\/2021\/11\/Bezdeligas-1_0295-Ojars-jansons-300x166.jpg 300w, https:\/\/www.archiv.org.lv\/lva60\/wp-content\/uploads\/2021\/11\/Bezdeligas-1_0295-Ojars-jansons-768x425.jpg 768w, https:\/\/www.archiv.org.lv\/lva60\/wp-content\/uploads\/2021\/11\/Bezdeligas-1_0295-Ojars-jansons-1536x849.jpg 1536w, https:\/\/www.archiv.org.lv\/lva60\/wp-content\/uploads\/2021\/11\/Bezdeligas-1_0295-Ojars-jansons-2048x1132.jpg 2048w, https:\/\/www.archiv.org.lv\/lva60\/wp-content\/uploads\/2021\/11\/Bezdeligas-1_0295-Ojars-jansons-2000x1106.jpg 2000w\" sizes=\"auto, (max-width: 1024px) 100vw, 1024px\" \/><\/a><figcaption>Latvijas Valsts arh\u012bva glab\u0101tava Bezdel\u012bgu iel\u0101 1a, R\u012bg\u0101. Foto: Oj\u0101rs Jansons. Avots: Arta Freima\u0146a priv\u0101tais arh\u012bvs.<\/figcaption><\/figure><\/div>\n<\/div>\n\n\n\n<div class=\"wp-block-column is-layout-flow wp-block-column-is-layout-flow\">\n<div class=\"wp-block-image\"><figure class=\"aligncenter size-large\"><a href=\"https:\/\/www.archiv.org.lv\/lva60\/wp-content\/uploads\/2021\/12\/img149-2.jpg\"><img loading=\"lazy\" decoding=\"async\" width=\"1024\" height=\"740\" src=\"https:\/\/www.archiv.org.lv\/lva60\/wp-content\/uploads\/2021\/12\/img149-2-1024x740.jpg\" alt=\"\" class=\"wp-image-546\" srcset=\"https:\/\/www.archiv.org.lv\/lva60\/wp-content\/uploads\/2021\/12\/img149-2-1024x740.jpg 1024w, https:\/\/www.archiv.org.lv\/lva60\/wp-content\/uploads\/2021\/12\/img149-2-300x217.jpg 300w, https:\/\/www.archiv.org.lv\/lva60\/wp-content\/uploads\/2021\/12\/img149-2-768x555.jpg 768w, https:\/\/www.archiv.org.lv\/lva60\/wp-content\/uploads\/2021\/12\/img149-2-1536x1109.jpg 1536w, https:\/\/www.archiv.org.lv\/lva60\/wp-content\/uploads\/2021\/12\/img149-2.jpg 1761w\" sizes=\"auto, (max-width: 1024px) 100vw, 1024px\" \/><\/a><figcaption> Latvijas Valsts arh\u012bva glab\u0101tava Skandu iel\u0101 14, R\u012bg\u0101. Avots: LNA LVA priv\u0101tais arh\u012bvs.<\/figcaption><\/figure><\/div>\n<\/div>\n<\/div>\n\n\n\n<div class=\"wp-block-columns is-layout-flex wp-container-core-columns-is-layout-28f84493 wp-block-columns-is-layout-flex\">\n<div class=\"wp-block-column is-layout-flow wp-block-column-is-layout-flow\">\n<div class=\"wp-block-image\"><figure class=\"aligncenter size-large\"><a href=\"https:\/\/www.archiv.org.lv\/lva60\/wp-content\/uploads\/2021\/12\/Bezdeligas-1_0160-2015-scaled.jpg\"><img loading=\"lazy\" decoding=\"async\" width=\"1024\" height=\"672\" src=\"https:\/\/www.archiv.org.lv\/lva60\/wp-content\/uploads\/2021\/12\/Bezdeligas-1_0160-2015-1024x672.jpg\" alt=\"\" class=\"wp-image-550\" srcset=\"https:\/\/www.archiv.org.lv\/lva60\/wp-content\/uploads\/2021\/12\/Bezdeligas-1_0160-2015-1024x672.jpg 1024w, https:\/\/www.archiv.org.lv\/lva60\/wp-content\/uploads\/2021\/12\/Bezdeligas-1_0160-2015-300x197.jpg 300w, https:\/\/www.archiv.org.lv\/lva60\/wp-content\/uploads\/2021\/12\/Bezdeligas-1_0160-2015-768x504.jpg 768w, https:\/\/www.archiv.org.lv\/lva60\/wp-content\/uploads\/2021\/12\/Bezdeligas-1_0160-2015-1536x1008.jpg 1536w, https:\/\/www.archiv.org.lv\/lva60\/wp-content\/uploads\/2021\/12\/Bezdeligas-1_0160-2015-2048x1344.jpg 2048w, https:\/\/www.archiv.org.lv\/lva60\/wp-content\/uploads\/2021\/12\/Bezdeligas-1_0160-2015-2000x1313.jpg 2000w\" sizes=\"auto, (max-width: 1024px) 100vw, 1024px\" \/><\/a><figcaption>Las\u012btava Latvijas Valsts arh\u012bva \u0113k\u0101 Bezdel\u012bgu iel\u0101 1a, R\u012bg\u0101. Foto: Oj\u0101rs Jansons. Avots: Arta Freima\u0146a priv\u0101tais arh\u012bvs. <\/figcaption><\/figure><\/div>\n<\/div>\n\n\n\n<div class=\"wp-block-column is-layout-flow wp-block-column-is-layout-flow\">\n<div class=\"wp-block-image\"><figure class=\"aligncenter size-large\"><a href=\"https:\/\/www.archiv.org.lv\/lva60\/wp-content\/uploads\/2021\/12\/img150-5-scaled.jpg\"><img loading=\"lazy\" decoding=\"async\" width=\"1024\" height=\"635\" src=\"https:\/\/www.archiv.org.lv\/lva60\/wp-content\/uploads\/2021\/12\/img150-5-1024x635.jpg\" alt=\"\" class=\"wp-image-548\" srcset=\"https:\/\/www.archiv.org.lv\/lva60\/wp-content\/uploads\/2021\/12\/img150-5-1024x635.jpg 1024w, https:\/\/www.archiv.org.lv\/lva60\/wp-content\/uploads\/2021\/12\/img150-5-300x186.jpg 300w, https:\/\/www.archiv.org.lv\/lva60\/wp-content\/uploads\/2021\/12\/img150-5-768x476.jpg 768w, https:\/\/www.archiv.org.lv\/lva60\/wp-content\/uploads\/2021\/12\/img150-5-1536x953.jpg 1536w, https:\/\/www.archiv.org.lv\/lva60\/wp-content\/uploads\/2021\/12\/img150-5-2048x1271.jpg 2048w, https:\/\/www.archiv.org.lv\/lva60\/wp-content\/uploads\/2021\/12\/img150-5-2000x1241.jpg 2000w\" sizes=\"auto, (max-width: 1024px) 100vw, 1024px\" \/><\/a><figcaption> Las\u012btava Latvijas Valsts arh\u012bva \u0113k\u0101 Skandu iel\u0101 14, R\u012bg\u0101. Avots: LNA LVA priv\u0101tais arh\u012bvs. <\/figcaption><\/figure><\/div>\n<\/div>\n<\/div>\n\n\n\n<p class=\"has-text-align-center\">Kop\u0161 2020.\u00a0gada Skandu iel\u0101 14 norit v\u0113rien\u012bgi renov\u0101cijas darbi, lai nodro\u0161in\u0101tu arh\u012bva funkcijas energoefekt\u012bv\u0101s telp\u0101s un veiktu \u0113kas est\u0113tisk\u0101 st\u0101vok\u013ca uzlabojumus. L\u012bgums par b\u016bvprojekta izstr\u0101di, autoruzraudz\u012bbu un b\u016bvdarbu veik\u0161anu 2019.\u00a0gad\u0101 tika nosl\u0113gts ar SIA \u201cLC b\u016bve\u201d par 2,8\u00a0miljoniem eiro (bez PVN).<\/p>\n\n\n\n<blockquote class=\"wp-block-quote is-layout-flow wp-block-quote-is-layout-flow\"><p><em>\u201cEnergoefektivit\u0101tes paaugstin\u0101\u0161ana Nacion\u0101l\u0101 arh\u012bva \u0113k\u0101 Skandu iel\u0101 ir noz\u012bm\u012bgs pirmais solis \u0113kas att\u012bst\u012bbai un pilnv\u0113rt\u012bgai izmanto\u0161anai arh\u012bva vajadz\u012bb\u0101m. Tas pal\u012bdz\u0113s uzlabot dokumentu saglab\u0101\u0161anas apst\u0101k\u013cus un ilgtermi\u0146\u0101 samazin\u0101t uztur\u0113\u0161anas izdevumus. \u0112kas pilnv\u0113rt\u012bgai izmanto\u0161anai p\u0113c energoefektivit\u0101tes paaugstin\u0101\u0161anas pas\u0101kumu veik\u0161anas nepiecie\u0161ams turpin\u0101t darbu, veidojot jaunas, modernas dokumentu glab\u0101tavas un darba kabinetus, lai var\u0113tu nodro\u0161in\u0101t dokumentu pie\u0146em\u0161anu no instit\u016bcij\u0101m un to saglab\u0101\u0161anu n\u0101kamaj\u0101m paaudz\u0113m.\u201d<\/em><\/p><cite>Latvijas Nacion\u0101l\u0101 arh\u012bva direktore M\u0101ra Spr\u016bd\u017ea<\/cite><\/blockquote>\n\n\n\n<div class=\"wp-block-columns is-layout-flex wp-container-core-columns-is-layout-28f84493 wp-block-columns-is-layout-flex\">\n<div class=\"wp-block-column is-layout-flow wp-block-column-is-layout-flow\">\n<figure class=\"wp-block-image alignwide size-large\"><a href=\"https:\/\/www.archiv.org.lv\/lva60\/wp-content\/uploads\/2021\/12\/IMG-20211202-WA0010.jpg\"><img loading=\"lazy\" decoding=\"async\" width=\"1024\" height=\"768\" src=\"https:\/\/www.archiv.org.lv\/lva60\/wp-content\/uploads\/2021\/12\/IMG-20211202-WA0010-1024x768.jpg\" alt=\"\" class=\"wp-image-731\" srcset=\"https:\/\/www.archiv.org.lv\/lva60\/wp-content\/uploads\/2021\/12\/IMG-20211202-WA0010-1024x768.jpg 1024w, https:\/\/www.archiv.org.lv\/lva60\/wp-content\/uploads\/2021\/12\/IMG-20211202-WA0010-300x225.jpg 300w, https:\/\/www.archiv.org.lv\/lva60\/wp-content\/uploads\/2021\/12\/IMG-20211202-WA0010-768x576.jpg 768w, https:\/\/www.archiv.org.lv\/lva60\/wp-content\/uploads\/2021\/12\/IMG-20211202-WA0010-1536x1152.jpg 1536w, https:\/\/www.archiv.org.lv\/lva60\/wp-content\/uploads\/2021\/12\/IMG-20211202-WA0010-2000x1500.jpg 2000w, https:\/\/www.archiv.org.lv\/lva60\/wp-content\/uploads\/2021\/12\/IMG-20211202-WA0010.jpg 2048w\" sizes=\"auto, (max-width: 1024px) 100vw, 1024px\" \/><\/a><figcaption>Renov\u0113t\u0101s arh\u012bva \u0113kas fas\u0101de Skandu iel\u0101 14, R\u012bg\u0101. 2021.gada decembris. Foto: Guntis Brenc\u0101ns.<\/figcaption><\/figure>\n\n\n\n<figure class=\"wp-block-image alignwide size-large\"><a href=\"https:\/\/www.archiv.org.lv\/lva60\/wp-content\/uploads\/2021\/12\/IMG-20211202-WA0008.jpg\"><img loading=\"lazy\" decoding=\"async\" width=\"1024\" height=\"768\" src=\"https:\/\/www.archiv.org.lv\/lva60\/wp-content\/uploads\/2021\/12\/IMG-20211202-WA0008-1024x768.jpg\" alt=\"\" class=\"wp-image-732\" srcset=\"https:\/\/www.archiv.org.lv\/lva60\/wp-content\/uploads\/2021\/12\/IMG-20211202-WA0008-1024x768.jpg 1024w, https:\/\/www.archiv.org.lv\/lva60\/wp-content\/uploads\/2021\/12\/IMG-20211202-WA0008-300x225.jpg 300w, https:\/\/www.archiv.org.lv\/lva60\/wp-content\/uploads\/2021\/12\/IMG-20211202-WA0008-768x576.jpg 768w, https:\/\/www.archiv.org.lv\/lva60\/wp-content\/uploads\/2021\/12\/IMG-20211202-WA0008-1536x1152.jpg 1536w, https:\/\/www.archiv.org.lv\/lva60\/wp-content\/uploads\/2021\/12\/IMG-20211202-WA0008-2000x1500.jpg 2000w, https:\/\/www.archiv.org.lv\/lva60\/wp-content\/uploads\/2021\/12\/IMG-20211202-WA0008.jpg 2048w\" sizes=\"auto, (max-width: 1024px) 100vw, 1024px\" \/><\/a><figcaption> Renov\u0113t\u0101s arh\u012bva \u0113kas fas\u0101de Skandu iel\u0101 14, R\u012bg\u0101. 2021.gada decembris. Foto: Guntis Brenc\u0101ns. <\/figcaption><\/figure>\n<\/div>\n\n\n\n<div class=\"wp-block-column is-layout-flow wp-block-column-is-layout-flow\">\n<figure class=\"wp-block-image alignwide size-large\"><a href=\"https:\/\/www.archiv.org.lv\/lva60\/wp-content\/uploads\/2021\/12\/20200814_115342_Darbs-ar-VDK-dokumentiem-Renovacijas-laika-002-scaled.jpg\"><img loading=\"lazy\" decoding=\"async\" width=\"768\" height=\"1024\" src=\"https:\/\/www.archiv.org.lv\/lva60\/wp-content\/uploads\/2021\/12\/20200814_115342_Darbs-ar-VDK-dokumentiem-Renovacijas-laika-002-768x1024.jpg\" alt=\"\" class=\"wp-image-733\" srcset=\"https:\/\/www.archiv.org.lv\/lva60\/wp-content\/uploads\/2021\/12\/20200814_115342_Darbs-ar-VDK-dokumentiem-Renovacijas-laika-002-768x1024.jpg 768w, https:\/\/www.archiv.org.lv\/lva60\/wp-content\/uploads\/2021\/12\/20200814_115342_Darbs-ar-VDK-dokumentiem-Renovacijas-laika-002-225x300.jpg 225w, https:\/\/www.archiv.org.lv\/lva60\/wp-content\/uploads\/2021\/12\/20200814_115342_Darbs-ar-VDK-dokumentiem-Renovacijas-laika-002-1152x1536.jpg 1152w, https:\/\/www.archiv.org.lv\/lva60\/wp-content\/uploads\/2021\/12\/20200814_115342_Darbs-ar-VDK-dokumentiem-Renovacijas-laika-002-1536x2048.jpg 1536w, https:\/\/www.archiv.org.lv\/lva60\/wp-content\/uploads\/2021\/12\/20200814_115342_Darbs-ar-VDK-dokumentiem-Renovacijas-laika-002-2000x2667.jpg 2000w, https:\/\/www.archiv.org.lv\/lva60\/wp-content\/uploads\/2021\/12\/20200814_115342_Darbs-ar-VDK-dokumentiem-Renovacijas-laika-002-scaled.jpg 1920w\" sizes=\"auto, (max-width: 768px) 100vw, 768px\" \/><\/a><figcaption>Latvijas Valsts arh\u012bva eksperts Dr. hist. Ain\u0101rs Bambals darb\u0101 ar VDK dokumentiem renov\u0101cijas darbu laik\u0101 Skandu iel\u0101 14. 2020.gada 14.augusts. Foto: A.\u017dvinklis.<\/figcaption><\/figure>\n<\/div>\n<\/div>\n","protected":false},"excerpt":{"rendered":"<p>Arh\u012bvam piem\u0113rotu telpu tr\u016bkums k\u0101 past\u0101v\u012bga probl\u0113ma bija aktu\u0101la jau no 20.\u00a0gs. s\u0101kuma. Pl\u0101nojot dokumentu saglab\u0101\u0161anas procesus Latvijas PSR, s\u0101kotn\u0113ji tika lemts par jaunas Centr\u0101l\u0101 valsts arh\u012bva \u0113kas celtniec\u012bbu, ta\u010du 50.\u00a0gados, no jauna apsprie\u017eot telpu un \u0113kas jaut\u0101jumu, tika uzsv\u0113rta nevis Centr\u0101l\u0101 valsts arh\u012bva \u0113kas b\u016bv\u0113\u0161anas nepiecie\u0161am\u012bba, bet gan jaunas, \u012bpa\u0161i arh\u012bva vajadz\u012bb\u0101m piem\u0113rotas CVORA &hellip; <\/p>\n<p class=\"link-more\"><a href=\"https:\/\/www.archiv.org.lv\/lva60\/index.php\/arhiva-ekas\/\" class=\"more-link\">Read more<span class=\"screen-reader-text\"> &#8220;Arh\u012bva \u0113kas&#8221;<\/span><\/a><\/p>\n","protected":false},"author":1,"featured_media":0,"parent":0,"menu_order":0,"comment_status":"closed","ping_status":"closed","template":"","meta":{"footnotes":""},"class_list":["post-140","page","type-page","status-publish","hentry"],"_links":{"self":[{"href":"https:\/\/www.archiv.org.lv\/lva60\/index.php\/wp-json\/wp\/v2\/pages\/140","targetHints":{"allow":["GET"]}}],"collection":[{"href":"https:\/\/www.archiv.org.lv\/lva60\/index.php\/wp-json\/wp\/v2\/pages"}],"about":[{"href":"https:\/\/www.archiv.org.lv\/lva60\/index.php\/wp-json\/wp\/v2\/types\/page"}],"author":[{"embeddable":true,"href":"https:\/\/www.archiv.org.lv\/lva60\/index.php\/wp-json\/wp\/v2\/users\/1"}],"replies":[{"embeddable":true,"href":"https:\/\/www.archiv.org.lv\/lva60\/index.php\/wp-json\/wp\/v2\/comments?post=140"}],"version-history":[{"count":102,"href":"https:\/\/www.archiv.org.lv\/lva60\/index.php\/wp-json\/wp\/v2\/pages\/140\/revisions"}],"predecessor-version":[{"id":919,"href":"https:\/\/www.archiv.org.lv\/lva60\/index.php\/wp-json\/wp\/v2\/pages\/140\/revisions\/919"}],"wp:attachment":[{"href":"https:\/\/www.archiv.org.lv\/lva60\/index.php\/wp-json\/wp\/v2\/media?parent=140"}],"curies":[{"name":"wp","href":"https:\/\/api.w.org\/{rel}","templated":true}]}}