{"id":141,"date":"2021-11-16T11:56:53","date_gmt":"2021-11-16T09:56:53","guid":{"rendered":"http:\/\/www.archiv.org.lv\/lva60\/?page_id=141"},"modified":"2022-01-19T09:41:33","modified_gmt":"2022-01-19T07:41:33","slug":"pec-neatkaribas-atgusanas","status":"publish","type":"page","link":"https:\/\/www.archiv.org.lv\/lva60\/index.php\/pec-neatkaribas-atgusanas\/","title":{"rendered":"P\u0113c neatkar\u012bbas atg\u016b\u0161anas"},"content":{"rendered":"\n<p class=\"has-text-align-center\">P\u0113c PSRS sabruk\u0161anas uz visu arh\u012bvu b\u0101zes 20.&nbsp;gs. 90.&nbsp;gados tika izveidoti valsts arh\u012bvi, kas veiksm\u012bgi turpina savu darb\u012bbu ar\u012b m\u016bsdien\u0101s.<\/p>\n\n\n\n<p class=\"has-text-align-center\">1990.&nbsp;gada 1.&nbsp;apr\u012bl\u012b arh\u012bvi s\u0101ka str\u0101d\u0101t jaunos saimnieko\u0161anas apst\u0101k\u013cos, kuru m\u0113r\u0137is bija sist\u0113mas p\u0101rvald\u0113 ieviest ekonomisk\u0101s metodes un aktiviz\u0113t darbinieku materi\u0101lo stimul\u0113\u0161anu, izmantojot maksas pakalpojumus. 1990.&nbsp;gads bija izaicin\u0101jumiem pilns laiks \u2013 smagie ekonomiskie apst\u0101k\u013ci apmaks\u0101t arh\u012bva darbinieku darbu \u013c\u0101va vien iztikas minimuma l\u012bmen\u012b.<\/p>\n\n\n\n<p class=\"has-text-align-center\">Jauns posms arh\u012bva dz\u012bv\u0113 s\u0101k\u0101s p\u0113c Latvijas neatkar\u012bbas atg\u016b\u0161anas, kad 1991.&nbsp;gada 26.&nbsp;mart\u0101 tika pie\u0146emts likums \u201cPar arh\u012bviem\u201d, kas main\u012bja ar\u012b arh\u012bvu nosaukumus. CVORA tika p\u0101rd\u0113v\u0113ts par Latvijas Valsts arh\u012bvu. Saska\u0146\u0101 ar likumu \u201cPar arh\u012bviem\u201d arh\u012bvam bija noteikti \u0161\u0101di darb\u012bbas uzdevumi:<\/p>\n\n\n\n<ul class=\"wp-block-list\"><li>valsts, pa\u0161vald\u012bbu iest\u0101\u017eu, uz\u0146\u0113mumu un nevalstisko organiz\u0101ciju arh\u012bvu uzraudz\u012bba, dokumentu uzkr\u0101\u0161ana;<\/li><li>da\u017e\u0101du priv\u0101to juridisko un fizisko personu arh\u012bvu uzkr\u0101\u0161ana;<\/li><li>dokumentu saglab\u0101\u0161ana (dokumentu fizisk\u0101 saglab\u0101\u0161ana, prevent\u012bvie pas\u0101kumi dokumentu aizsardz\u012bbai);<\/li><li>dokumentu pieejam\u012bbas nodro\u0161in\u0101\u0161ana: uzskaites veik\u0161ana, inform\u0101cijas pakalpojumu snieg\u0161ana arh\u012bva klientiem.<\/li><\/ul>\n\n\n\n<div class=\"wp-block-columns is-layout-flex wp-container-core-columns-is-layout-28f84493 wp-block-columns-is-layout-flex\">\n<div class=\"wp-block-column is-layout-flow wp-block-column-is-layout-flow\">\n<p><\/p>\n\n\n\n<p><\/p>\n\n\n\n<p class=\"has-text-align-center\">Noz\u012bm\u012bga loma bija ar\u012b jaunajai arh\u012bva vad\u012bbai. 1991.&nbsp;gada 7.&nbsp;janv\u0101r\u012b LVA direktora amat\u0101 st\u0101j\u0101s Daina K\u013cavi\u0146a, kuras vad\u012bb\u0101 turpm\u0101k\u0101s divas desmitgades arh\u012bvs piedz\u012bvoja lielas p\u0101rmai\u0146as darba organiz\u0101cij\u0101, dokumentu pie\u0146em\u0161an\u0101, populariz\u0113\u0161an\u0101 un to pieejam\u012bb\u0101.<\/p>\n\n\n\n<p class=\"has-text-align-center\">90.&nbsp;gadu s\u0101kum\u0101 arh\u012bva dz\u012bv\u0113 \u013coti strauji atbalsoj\u0101s valst\u012b s\u0101ktie reformu procesi. Priek\u0161pl\u0101n\u0101 izvirz\u012bj\u0101s ar da\u017e\u0101du likumu \u012bsteno\u0161anu saist\u012bti uzdevumi.<\/p>\n<\/div>\n\n\n\n<div class=\"wp-block-column is-layout-flow wp-block-column-is-layout-flow\">\n<figure class=\"wp-block-image alignwide size-large\"><a href=\"https:\/\/www.archiv.org.lv\/lva60\/wp-content\/uploads\/2021\/12\/90.gadu-sakums..jpg\"><img loading=\"lazy\" decoding=\"async\" width=\"1024\" height=\"742\" src=\"https:\/\/www.archiv.org.lv\/lva60\/wp-content\/uploads\/2021\/12\/90.gadu-sakums.-1024x742.jpg\" alt=\"\" class=\"wp-image-866\" srcset=\"https:\/\/www.archiv.org.lv\/lva60\/wp-content\/uploads\/2021\/12\/90.gadu-sakums.-1024x742.jpg 1024w, https:\/\/www.archiv.org.lv\/lva60\/wp-content\/uploads\/2021\/12\/90.gadu-sakums.-300x217.jpg 300w, https:\/\/www.archiv.org.lv\/lva60\/wp-content\/uploads\/2021\/12\/90.gadu-sakums.-768x556.jpg 768w, https:\/\/www.archiv.org.lv\/lva60\/wp-content\/uploads\/2021\/12\/90.gadu-sakums.-1536x1112.jpg 1536w, https:\/\/www.archiv.org.lv\/lva60\/wp-content\/uploads\/2021\/12\/90.gadu-sakums.-2048x1483.jpg 2048w, https:\/\/www.archiv.org.lv\/lva60\/wp-content\/uploads\/2021\/12\/90.gadu-sakums.-2000x1449.jpg 2000w\" sizes=\"auto, (max-width: 1024px) 100vw, 1024px\" \/><\/a><figcaption> Jaun\u0101 LVA direktore Daina K\u013cavi\u0146a (vid\u016b ar brill\u0113m) kop\u0101 kol\u0113\u0123iem dodas uz arh\u012bvu. 1990.gadu s\u0101kums. Avots: LNA LVA priv\u0101tais arh\u012bvs.<\/figcaption><\/figure>\n<\/div>\n<\/div>\n\n\n\n<p class=\"has-text-align-center\">Spilgt\u0101kie un noz\u012bm\u012bg\u0101kie arh\u012bva darba virzieni bija Latvijas iedz\u012bvot\u0101ju reabilit\u0101cijas, \u012bpa\u0161uma atg\u016b\u0161anas, denacionaliz\u0101cijas un privatiz\u0101cijas procesi. Valst\u012b daudzi noz\u012bm\u012bgi tautsaimniec\u012bbas uz\u0146\u0113mumi non\u0101ca priv\u0101tuz\u0146\u0113m\u0113ju apsaimnieko\u0161an\u0101. Lai saglab\u0101tu \u0161o&nbsp;uz\u0146\u0113mumu dokument\u0101ciju, bija nepiecie\u0161ama sadarb\u012bba ar priv\u0101tuz\u0146\u0113mumu arh\u012bviem, t\u0101d\u0113j\u0101di bija noteikta dokumentu maksim\u0101la uzkr\u0101\u0161ana un pie\u0146em\u0161ana valsts glab\u0101\u0161an\u0101. Jaunus darba virzienus iez\u012bm\u0113ja ar\u012b biju\u0161\u0101s Latvijas Komunistisk\u0101s partijas un Valsts dro\u0161\u012bbas komitejas dokumentu iek\u013cau\u0161ana arh\u012bv\u0101.<\/p>\n\n\n\n<p class=\"has-text-align-center\">Par svar\u012bgu darba virzienu k\u013cuva valsts iest\u0101\u017eu arh\u012bvu un lietved\u012bbas uzraudz\u012bbas joma. Latvijas Valsts arh\u012bvs sadarboj\u0101s ar augst\u0101kaj\u0101m valsts p\u0101rvaldes un ties\u012bbsarg\u0101jo\u0161\u0101m iest\u0101d\u0113m, noz\u012bm\u012bg\u0101kajiem valsts un priv\u0101tajiem uz\u0146\u0113mumiem ar\u012b p\u0113c to \u012bpa\u0161uma formas mai\u0146as. Arh\u012bvs uzs\u0101ka un sekm\u012bgi turpina veidot sadarb\u012bbu ar Latvijas politiskaj\u0101m partij\u0101m un noz\u012bm\u012bg\u0101m sabiedriskaj\u0101m organiz\u0101cij\u0101m, kuru dokumenti ir b\u016btiski papildin\u0101ju\u0161i Latvijas v\u0113stures kop\u0113jo ainu. Latvijas neatkar\u012bba pav\u0113ra ce\u013cu uz Latviju ar\u012b trimdas latvie\u0161u organiz\u0101ciju un personu priv\u0101tajiem arh\u012bviem un dokumentiem. Tagad \u0161is darba virziens ir ieguvis pla\u0161u atbalsi gan Latvijas, gan trimdas cilv\u0113ku vid\u016b. T\u0101pat k\u0101 ikvienas valsts v\u0113stur\u0113, ar\u012b Latvij\u0101 svar\u012bga loma ir gan fizisko, gan juridisko personu priv\u0101tajiem arh\u012bviem un kolekcij\u0101m, t\u0101d\u0113\u013c arh\u012bv\u0101 tos m\u0113r\u0137tiec\u012bgi un sistem\u0101tiski uzkr\u0101j.<\/p>\n\n\n\n<p class=\"has-text-align-center\">1993.&nbsp;gad\u0101 tika pabeigta p\u0101reja uz valsts valodas lieto\u0161anu vis\u0101s arh\u012bva darba jom\u0101<\/p>\n\n\n\n<p><strong>Latvijas Valsts arh\u012bva nolikums, 1993.gada 25.janv\u0101ris. Avots: LNA LVA F.500.<\/strong><\/p>\n\n\n\n<div class=\"wp-block-columns is-layout-flex wp-container-core-columns-is-layout-28f84493 wp-block-columns-is-layout-flex\">\n<div class=\"wp-block-column is-layout-flow wp-block-column-is-layout-flow\">\n<figure class=\"wp-block-image alignwide size-large\"><a href=\"https:\/\/www.archiv.org.lv\/lva60\/wp-content\/uploads\/2021\/11\/LNA-LVA-F.500-A.1-L.420-P.1-scaled.jpg\"><img loading=\"lazy\" decoding=\"async\" width=\"672\" height=\"1024\" src=\"https:\/\/www.archiv.org.lv\/lva60\/wp-content\/uploads\/2021\/11\/LNA-LVA-F.500-A.1-L.420-P.1-672x1024.jpg\" alt=\"\" class=\"wp-image-340\" srcset=\"https:\/\/www.archiv.org.lv\/lva60\/wp-content\/uploads\/2021\/11\/LNA-LVA-F.500-A.1-L.420-P.1-672x1024.jpg 672w, https:\/\/www.archiv.org.lv\/lva60\/wp-content\/uploads\/2021\/11\/LNA-LVA-F.500-A.1-L.420-P.1-197x300.jpg 197w, https:\/\/www.archiv.org.lv\/lva60\/wp-content\/uploads\/2021\/11\/LNA-LVA-F.500-A.1-L.420-P.1-768x1171.jpg 768w, https:\/\/www.archiv.org.lv\/lva60\/wp-content\/uploads\/2021\/11\/LNA-LVA-F.500-A.1-L.420-P.1-1007x1536.jpg 1007w, https:\/\/www.archiv.org.lv\/lva60\/wp-content\/uploads\/2021\/11\/LNA-LVA-F.500-A.1-L.420-P.1-1343x2048.jpg 1343w, https:\/\/www.archiv.org.lv\/lva60\/wp-content\/uploads\/2021\/11\/LNA-LVA-F.500-A.1-L.420-P.1-2000x3049.jpg 2000w, https:\/\/www.archiv.org.lv\/lva60\/wp-content\/uploads\/2021\/11\/LNA-LVA-F.500-A.1-L.420-P.1-scaled.jpg 1679w\" sizes=\"auto, (max-width: 672px) 100vw, 672px\" \/><\/a><\/figure>\n<\/div>\n\n\n\n<div class=\"wp-block-column is-layout-flow wp-block-column-is-layout-flow\">\n<figure class=\"wp-block-image alignwide size-large\"><a href=\"https:\/\/www.archiv.org.lv\/lva60\/wp-content\/uploads\/2021\/12\/LNA-LVA-F.500-A.1-L.420-P.2-scaled.jpg\"><img loading=\"lazy\" decoding=\"async\" width=\"668\" height=\"1024\" src=\"https:\/\/www.archiv.org.lv\/lva60\/wp-content\/uploads\/2021\/12\/LNA-LVA-F.500-A.1-L.420-P.2-668x1024.jpg\" alt=\"\" class=\"wp-image-872\" srcset=\"https:\/\/www.archiv.org.lv\/lva60\/wp-content\/uploads\/2021\/12\/LNA-LVA-F.500-A.1-L.420-P.2-668x1024.jpg 668w, https:\/\/www.archiv.org.lv\/lva60\/wp-content\/uploads\/2021\/12\/LNA-LVA-F.500-A.1-L.420-P.2-196x300.jpg 196w, https:\/\/www.archiv.org.lv\/lva60\/wp-content\/uploads\/2021\/12\/LNA-LVA-F.500-A.1-L.420-P.2-768x1177.jpg 768w, https:\/\/www.archiv.org.lv\/lva60\/wp-content\/uploads\/2021\/12\/LNA-LVA-F.500-A.1-L.420-P.2-1002x1536.jpg 1002w, https:\/\/www.archiv.org.lv\/lva60\/wp-content\/uploads\/2021\/12\/LNA-LVA-F.500-A.1-L.420-P.2-1336x2048.jpg 1336w, https:\/\/www.archiv.org.lv\/lva60\/wp-content\/uploads\/2021\/12\/LNA-LVA-F.500-A.1-L.420-P.2-2000x3066.jpg 2000w, https:\/\/www.archiv.org.lv\/lva60\/wp-content\/uploads\/2021\/12\/LNA-LVA-F.500-A.1-L.420-P.2-scaled.jpg 1670w\" sizes=\"auto, (max-width: 668px) 100vw, 668px\" \/><\/a><\/figure>\n<\/div>\n\n\n\n<div class=\"wp-block-column is-layout-flow wp-block-column-is-layout-flow\">\n<figure class=\"wp-block-image alignwide size-large\"><a href=\"https:\/\/www.archiv.org.lv\/lva60\/wp-content\/uploads\/2021\/12\/LNA-LVA-F.500-A.1-L.420-P.3-scaled.jpg\"><img loading=\"lazy\" decoding=\"async\" width=\"695\" height=\"1024\" src=\"https:\/\/www.archiv.org.lv\/lva60\/wp-content\/uploads\/2021\/12\/LNA-LVA-F.500-A.1-L.420-P.3-695x1024.jpg\" alt=\"\" class=\"wp-image-873\" srcset=\"https:\/\/www.archiv.org.lv\/lva60\/wp-content\/uploads\/2021\/12\/LNA-LVA-F.500-A.1-L.420-P.3-695x1024.jpg 695w, https:\/\/www.archiv.org.lv\/lva60\/wp-content\/uploads\/2021\/12\/LNA-LVA-F.500-A.1-L.420-P.3-204x300.jpg 204w, https:\/\/www.archiv.org.lv\/lva60\/wp-content\/uploads\/2021\/12\/LNA-LVA-F.500-A.1-L.420-P.3-768x1132.jpg 768w, https:\/\/www.archiv.org.lv\/lva60\/wp-content\/uploads\/2021\/12\/LNA-LVA-F.500-A.1-L.420-P.3-1042x1536.jpg 1042w, https:\/\/www.archiv.org.lv\/lva60\/wp-content\/uploads\/2021\/12\/LNA-LVA-F.500-A.1-L.420-P.3-1390x2048.jpg 1390w, https:\/\/www.archiv.org.lv\/lva60\/wp-content\/uploads\/2021\/12\/LNA-LVA-F.500-A.1-L.420-P.3-2000x2947.jpg 2000w, https:\/\/www.archiv.org.lv\/lva60\/wp-content\/uploads\/2021\/12\/LNA-LVA-F.500-A.1-L.420-P.3-scaled.jpg 1737w\" sizes=\"auto, (max-width: 695px) 100vw, 695px\" \/><\/a><\/figure>\n<\/div>\n\n\n\n<div class=\"wp-block-column is-layout-flow wp-block-column-is-layout-flow\">\n<figure class=\"wp-block-image alignwide size-large\"><a href=\"https:\/\/www.archiv.org.lv\/lva60\/wp-content\/uploads\/2021\/12\/LNA-LVA-F.500-A.1-L.420-P.4-scaled.jpg\"><img loading=\"lazy\" decoding=\"async\" width=\"684\" height=\"1024\" src=\"https:\/\/www.archiv.org.lv\/lva60\/wp-content\/uploads\/2021\/12\/LNA-LVA-F.500-A.1-L.420-P.4-684x1024.jpg\" alt=\"\" class=\"wp-image-874\" srcset=\"https:\/\/www.archiv.org.lv\/lva60\/wp-content\/uploads\/2021\/12\/LNA-LVA-F.500-A.1-L.420-P.4-684x1024.jpg 684w, https:\/\/www.archiv.org.lv\/lva60\/wp-content\/uploads\/2021\/12\/LNA-LVA-F.500-A.1-L.420-P.4-200x300.jpg 200w, https:\/\/www.archiv.org.lv\/lva60\/wp-content\/uploads\/2021\/12\/LNA-LVA-F.500-A.1-L.420-P.4-768x1150.jpg 768w, https:\/\/www.archiv.org.lv\/lva60\/wp-content\/uploads\/2021\/12\/LNA-LVA-F.500-A.1-L.420-P.4-1026x1536.jpg 1026w, https:\/\/www.archiv.org.lv\/lva60\/wp-content\/uploads\/2021\/12\/LNA-LVA-F.500-A.1-L.420-P.4-1368x2048.jpg 1368w, https:\/\/www.archiv.org.lv\/lva60\/wp-content\/uploads\/2021\/12\/LNA-LVA-F.500-A.1-L.420-P.4-2000x2994.jpg 2000w, https:\/\/www.archiv.org.lv\/lva60\/wp-content\/uploads\/2021\/12\/LNA-LVA-F.500-A.1-L.420-P.4-scaled.jpg 1710w\" sizes=\"auto, (max-width: 684px) 100vw, 684px\" \/><\/a><\/figure>\n<\/div>\n\n\n\n<div class=\"wp-block-column is-layout-flow wp-block-column-is-layout-flow\">\n<figure class=\"wp-block-image alignwide size-large\"><a href=\"https:\/\/www.archiv.org.lv\/lva60\/wp-content\/uploads\/2021\/12\/LNA-LVA-F.500-A.1-L.420-P.5-scaled.jpg\"><img loading=\"lazy\" decoding=\"async\" width=\"682\" height=\"1024\" src=\"https:\/\/www.archiv.org.lv\/lva60\/wp-content\/uploads\/2021\/12\/LNA-LVA-F.500-A.1-L.420-P.5-682x1024.jpg\" alt=\"\" class=\"wp-image-875\" srcset=\"https:\/\/www.archiv.org.lv\/lva60\/wp-content\/uploads\/2021\/12\/LNA-LVA-F.500-A.1-L.420-P.5-682x1024.jpg 682w, https:\/\/www.archiv.org.lv\/lva60\/wp-content\/uploads\/2021\/12\/LNA-LVA-F.500-A.1-L.420-P.5-200x300.jpg 200w, https:\/\/www.archiv.org.lv\/lva60\/wp-content\/uploads\/2021\/12\/LNA-LVA-F.500-A.1-L.420-P.5-768x1153.jpg 768w, https:\/\/www.archiv.org.lv\/lva60\/wp-content\/uploads\/2021\/12\/LNA-LVA-F.500-A.1-L.420-P.5-1023x1536.jpg 1023w, https:\/\/www.archiv.org.lv\/lva60\/wp-content\/uploads\/2021\/12\/LNA-LVA-F.500-A.1-L.420-P.5-1364x2048.jpg 1364w, https:\/\/www.archiv.org.lv\/lva60\/wp-content\/uploads\/2021\/12\/LNA-LVA-F.500-A.1-L.420-P.5-2000x3004.jpg 2000w, https:\/\/www.archiv.org.lv\/lva60\/wp-content\/uploads\/2021\/12\/LNA-LVA-F.500-A.1-L.420-P.5-scaled.jpg 1704w\" sizes=\"auto, (max-width: 682px) 100vw, 682px\" \/><\/a><\/figure>\n<\/div>\n<\/div>\n\n\n\n<p class=\"has-text-align-center\"><strong>Arh\u012bva strukt\u016bra 1992.gad\u0101:<\/strong><\/p>\n\n\n\n<div class=\"wp-block-columns is-layout-flex wp-container-core-columns-is-layout-28f84493 wp-block-columns-is-layout-flex\">\n<div class=\"wp-block-column is-layout-flow wp-block-column-is-layout-flow\">\n<ul class=\"wp-block-list\"><li>Vad\u012bba;<\/li><li>Kancelejas dienests;<\/li><li>Galven\u0101 fondu glab\u0101t\u0101ja noda\u013ca;<\/li><li>Dienesta dokumentu arh\u012bva da\u013ca;<\/li><li>Iest\u0101\u017eu arh\u012bvu un lietved\u012bbas noda\u013ca;<\/li><li>Dokumentu saglab\u0101\u0161anas noda\u013ca;<\/li><li>Dokumentu zin\u0101tnisk\u0101s aprakst\u012b\u0161anas un ekspert\u012bzes noda\u013ca;<\/li><li>Zin\u0101tniski tehnisk\u0101s dokument\u0101cijas noda\u013ca;<\/li><\/ul>\n<\/div>\n\n\n\n<div class=\"wp-block-column is-layout-flow wp-block-column-is-layout-flow\">\n<ul class=\"wp-block-list\"><li>Kult\u016bras dokumentu noda\u013ca;<\/li><li>Izzi\u0146u noda\u013ca;<\/li><li>Publik\u0101ciju noda\u013ca;<\/li><li>Iest\u0101\u017eu dokumentu aprakst\u012b\u0161anas noda\u013ca;<\/li><li>Soci\u0101lpolitisko dokumentu noda\u013ca;<\/li><li>Zin\u0101tniski metodisk\u0101 noda\u013ca;<\/li><li>Politiski repres\u0113to Latvijas iedz\u012bvot\u0101ju dokumentu noda\u013ca;<\/li><li>Saimniecisk\u0101s apkalpo\u0161anas noda\u013ca.<\/li><\/ul>\n<\/div>\n<\/div>\n\n\n\n<div class=\"wp-block-image\"><figure class=\"aligncenter size-large\"><a href=\"https:\/\/www.archiv.org.lv\/lva60\/wp-content\/uploads\/2021\/12\/img120-2-scaled.jpg\"><img loading=\"lazy\" decoding=\"async\" width=\"1024\" height=\"667\" src=\"https:\/\/www.archiv.org.lv\/lva60\/wp-content\/uploads\/2021\/12\/img120-2-1024x667.jpg\" alt=\"\" class=\"wp-image-532\" srcset=\"https:\/\/www.archiv.org.lv\/lva60\/wp-content\/uploads\/2021\/12\/img120-2-1024x667.jpg 1024w, https:\/\/www.archiv.org.lv\/lva60\/wp-content\/uploads\/2021\/12\/img120-2-300x195.jpg 300w, https:\/\/www.archiv.org.lv\/lva60\/wp-content\/uploads\/2021\/12\/img120-2-768x500.jpg 768w, https:\/\/www.archiv.org.lv\/lva60\/wp-content\/uploads\/2021\/12\/img120-2-1536x1000.jpg 1536w, https:\/\/www.archiv.org.lv\/lva60\/wp-content\/uploads\/2021\/12\/img120-2-2048x1333.jpg 2048w, https:\/\/www.archiv.org.lv\/lva60\/wp-content\/uploads\/2021\/12\/img120-2-2000x1302.jpg 2000w\" sizes=\"auto, (max-width: 1024px) 100vw, 1024px\" \/><\/a><figcaption>Latvijas Valsts arh\u012bva darbinieki 1990.gadu s\u0101kum\u0101. Avots: LVA priv\u0101tais arh\u012bvs.<\/figcaption><\/figure><\/div>\n\n\n\n<h2 class=\"wp-block-heading\">Tematiskie piepras\u012bjumi<\/h2>\n\n\n\n<p class=\"has-text-align-center\"><strong>20.&nbsp;gs. 90.&nbsp;gadu s\u0101kum\u0101 Latvijas Valsts arh\u012bvam bija noz\u012bm\u012bga loma Latvijas pilso\u0146u padomju laik\u0101 nacionaliz\u0113to \u012bpa\u0161umu atg\u016b\u0161an\u0101 un personu reabilit\u0113\u0161an\u0101.<\/strong><\/p>\n\n\n\n<p class=\"has-text-align-center\">Jau 1990.&nbsp;gad\u0101 krasi palielin\u0101j\u0101s pilso\u0146u iesniegumu skaits, balstoties uz LPSR Ministru padomes 1988.&nbsp;gada 5.&nbsp;decembra l\u0113mumu Nr. 396 \u201cPar to pilso\u0146u ties\u012bb\u0101m, kuru administrat\u012bv\u0101 izs\u016bt\u012b\u0161ana no Latvijas PSR atz\u012bta par nelikum\u012bgu\u201d un par PSRS Ministru padomes 1989.&nbsp;gada 6.&nbsp;oktobra l\u0113mumu \u201cPar atvieglin\u0101jumu pie\u0161\u0137ir\u0161anu nepilngad\u012bgajiem ieslodz\u012btajiem koncentr\u0101cijas nometn\u0113s\u201d. Izzi\u0146as par koncentr\u0101cijas nometn\u0113m no pilso\u0146iem, k\u0101 ar\u012b tematiskie piepras\u012bjumi no iest\u0101d\u0113m par atsevi\u0161\u0137u personu noziedz\u012bgo darb\u012bbu Otr\u0101 pasaules kara laik\u0101 arh\u012bv\u0101 ien\u0101ca no visas Padomju Savien\u012bbas teritorijas. Piem\u0113ram, l\u012bdz 1990.&nbsp;gada 1.&nbsp;septembrim bija sa\u0146emts vair\u0101k nek\u0101 14&nbsp;000 iesniegumu. T\u0101 rezult\u0101t\u0101 pirmos neatkar\u012bbas gadus 75&nbsp;% no kop\u0113j\u0101 arh\u012bva laika bud\u017eeta un resursiem veidoja piepras\u012bjumu izpilde. Lai uzlabotu darba organiz\u0101ciju un izzi\u0146u kvalit\u0101ti, 1991.&nbsp;gada 1.&nbsp;oktobr\u012b tika izveidots izzi\u0146u sektors un palielin\u0101ts amatu skaits.<\/p>\n\n\n\n<p class=\"has-text-align-center\">1992.&nbsp;gad\u0101 LVA izpild\u012bja 17 759 izzi\u0146as, no t\u0101m 10 631 bija par pilso\u0146u dienestu v\u0101cu armij\u0101 un atra\u0161anos filtr\u0101cijas nometn\u0113s un 7128 par \u012bpa\u0161umu nacionaliz\u0101ciju, atsavin\u0101\u0161anu vai citiem soci\u0101li tiesiskiem jaut\u0101jumiem. R\u0113\u0137inot darba laiku, kas bija pat\u0113r\u0113ts tikai izzi\u0146u sagatavo\u0161anai, vid\u0113jais skaits dien\u0101 vienam cilv\u0113kam bija tr\u012bs izzi\u0146as. Izzi\u0146u noda\u013c\u0101 1992.&nbsp;gad\u0101 str\u0101d\u0101ja devi\u0146i cilv\u0113ki, bet gada otraj\u0101 pusgad\u0101 p\u0113c piepras\u012bjumu skaita strauja pieauguma izzi\u0146u sagatavo\u0161an\u0101 papildus tika iesaist\u012bti 16 arh\u012bva darbinieki no cit\u0101m noda\u013c\u0101m.<\/p>\n\n\n\n<p class=\"has-text-align-center\">Soci\u0101li tiesisko piepras\u012bjumu tematika bija reabilit\u0101cija, \u012bpa\u0161umu pieder\u012bbas apliecin\u0101\u0161ana, \u012bpa\u0161uma nacionaliz\u0101cijas un cita veida atsavin\u0101\u0161anas apliecin\u0101\u0161ana, k\u0101 ar\u012b darba st\u0101\u017es.<\/p>\n\n\n\n<div class=\"wp-block-columns is-layout-flex wp-container-core-columns-is-layout-28f84493 wp-block-columns-is-layout-flex\">\n<div class=\"wp-block-column is-layout-flow wp-block-column-is-layout-flow\">\n<p class=\"has-text-align-center\">1990.&nbsp;gada 3.&nbsp;august\u0101 Latvijas Republikas Augst\u0101k\u0101 padome pie\u0146\u0113ma likumu \u201cPar nelikum\u012bgi repres\u0113to personu reabilit\u0101ciju\u201d. Saska\u0146\u0101 ar \u0161o likumu l\u012bdz 1991.gada 30.apr\u012blim tika reabilit\u0113ti jau 77&nbsp;000 cilv\u0113ku. No 1990. l\u012bdz 2004.&nbsp;gadam Augst\u0101k\u0101s tiesas Reabilit\u0101cijas da\u013ca kop\u0101 ar Latvijas Valsts arh\u012bvu p\u0101rskat\u012bja krimin\u0101llietas un sagatavoja materi\u0101lus to personu reabilit\u0113\u0161anai, kuras padomju okup\u0101cijas gados bija noties\u0101tas ar kara tribun\u0101lu vai tiesu spriedumiem. Tr\u012bspadsmit darb\u012bbas gados Augst\u0101k\u0101 tiesa ir izsniegusi vair\u0101k nek\u0101 12&nbsp;000 reabilit\u0101cijas apliec\u012bbu un sast\u0101d\u012bjusi vair\u0101k nek\u0101 30 t\u016bksto\u0161us sl\u0113dzienu, dodot cilv\u0113kiem iesp\u0113ju sa\u0146emt soci\u0101l\u0101s garantijas un atg\u016bt \u012bpa\u0161umus vai sa\u0146emt kompens\u0101cijas par padomju laik\u0101 konfisc\u0113to mantu. Vair\u0101k nek\u0101 2000 person\u0101m reabilit\u0101cija tika atteikta, kas skaidrojams ar personu iesaisti Otr\u0101 pasaules kara noziegumos (dal\u012bba holokaust\u0101, padomju pilso\u0146u nepamatota nogalin\u0101\u0161ana, nacion\u0101lie partiz\u0101ni, kas nogalin\u0101ju\u0161i civilliedz\u012bvot\u0101jus). Periodiski bija sa\u0146emti ar\u012b l\u016bgumi par krimin\u0101llietu atk\u0101rtotu izp\u0113ti. Piem\u0113ram, saist\u012bb\u0101 ar V\u012bzent\u0101la centra Jeruzalemes biroja vad\u012bt\u0101ja v\u0113stuli, kas bija adres\u0113ta Latvijas Valsts prezidentam 2000.&nbsp;gad\u0101, atk\u0101rtoti tika p\u0101rbaud\u012btas arh\u012bva krimin\u0101llietas par 17 reabilit\u0113t\u0101m person\u0101m. Pateicoties Latvijas Valsts arh\u012bv\u0101 glab\u0101taj\u0101m krimin\u0101lliet\u0101m l\u012bdz \u0161im izsniegti vair\u0101ki t\u016bksto\u0161i izzi\u0146u par represiju faktu un reabilit\u0113tas ap 100 000 personas.&nbsp;<\/p>\n<\/div>\n\n\n\n<div class=\"wp-block-column is-layout-flow wp-block-column-is-layout-flow\">\n<div class=\"wp-block-image\"><figure class=\"aligncenter size-full is-resized\"><img loading=\"lazy\" decoding=\"async\" src=\"https:\/\/www.archiv.org.lv\/lva60\/wp-content\/uploads\/2021\/12\/1643fc39a993c3ec71e927fb4aa52b18.jpg\" alt=\"\" class=\"wp-image-928\" width=\"505\" height=\"758\" srcset=\"https:\/\/www.archiv.org.lv\/lva60\/wp-content\/uploads\/2021\/12\/1643fc39a993c3ec71e927fb4aa52b18.jpg 400w, https:\/\/www.archiv.org.lv\/lva60\/wp-content\/uploads\/2021\/12\/1643fc39a993c3ec71e927fb4aa52b18-200x300.jpg 200w\" sizes=\"auto, (max-width: 505px) 100vw, 505px\" \/><figcaption>LR Augst\u0101k\u0101s tiesas muzej\u0101 glab\u0101jas \u010demod\u0101ns, kur\u0101 no Latvijas Valsts arh\u012bva uz Augst\u0101k\u0101s tiesas Reabilit\u0101cijas da\u013cu tika vestas nelikum\u012bgi repres\u0113to personu lietas. Avots: https:\/\/www.at.gov.lv<\/figcaption><\/figure><\/div>\n<\/div>\n<\/div>\n\n\n\n<p class=\"has-text-align-center\"><\/p>\n\n\n\n<blockquote class=\"wp-block-quote is-layout-flow wp-block-quote-is-layout-flow\"><p><em>M\u0113s, kas str\u0101d\u0101jam valsts un priv\u0101t\u0101s iest\u0101d\u0113s un ik dienas uzrakst\u0101m krietnu kaudz\u012bti visda\u017e\u0101d\u0101ko pap\u012bru: izzi\u0146as, atbildes ofici\u0101l\u0101m iest\u0101d\u0113m, sapul\u010du protokolus u.&nbsp;c., diezin vai iedom\u0101jamies, ka tas viss ar laiku non\u0101ks arh\u012bv\u0101 un m\u016bsu rakst\u012bto izzi\u0146u cil\u0101s m\u016bsu p\u0113cn\u0101c\u0113ji, las\u012bs un v\u0113rt\u0113s m\u016bs.<\/em><\/p><\/blockquote>\n\n\n\n<h2 class=\"wp-block-heading\">Darbinieku kvalifik\u0101cijas cel\u0161ana<\/h2>\n\n\n\n<div class=\"wp-block-columns is-layout-flex wp-container-core-columns-is-layout-28f84493 wp-block-columns-is-layout-flex\">\n<div class=\"wp-block-column is-layout-flow wp-block-column-is-layout-flow\">\n<p class=\"has-text-align-center\">  Lai uzlabotu darbinieku zin\u0101\u0161anas un arh\u012bva darba organiz\u0101ciju jaunajos valsts apst\u0101k\u013cos, 90.&nbsp;gadu s\u0101kum\u0101 arh\u012bvs s\u0101ka intens\u012bvi organiz\u0113t komand\u0113jumus uz da\u017e\u0101diem starptautiska m\u0113roga semin\u0101riem un konferenc\u0113m, citas ofici\u0101las viz\u012btes, k\u0101 ar\u012b \u0101rvalstu kol\u0113\u0123u uz\u0146em\u0161anu ar m\u0113r\u0137i ieg\u016bt kontaktus un pieredzi dokumentu saglab\u0101\u0161an\u0101, apzin\u0101\u0161an\u0101 un izmanto\u0161an\u0101. Piem\u0113ram, 1994.&nbsp;gada j\u016bnij\u0101 notika pirmais ofici\u0101lais Baltijas valstu arh\u012bvistu semin\u0101rs, no 1994. l\u012bdz 1996.&nbsp;gadam tika organiz\u0113ti komand\u0113jumi uz Polijas, Norv\u0113\u0123ijas, Zviedrijas un Somijas nacion\u0101lajiem arh\u012bviem.<\/p>\n<\/div>\n\n\n\n<div class=\"wp-block-column is-layout-flow wp-block-column-is-layout-flow\">\n<figure class=\"wp-block-image alignwide size-large\"><a href=\"https:\/\/www.archiv.org.lv\/lva60\/wp-content\/uploads\/2021\/12\/img161-1-scaled.jpg\"><img loading=\"lazy\" decoding=\"async\" width=\"1024\" height=\"674\" src=\"https:\/\/www.archiv.org.lv\/lva60\/wp-content\/uploads\/2021\/12\/img161-1-1024x674.jpg\" alt=\"\" class=\"wp-image-712\" srcset=\"https:\/\/www.archiv.org.lv\/lva60\/wp-content\/uploads\/2021\/12\/img161-1-1024x674.jpg 1024w, https:\/\/www.archiv.org.lv\/lva60\/wp-content\/uploads\/2021\/12\/img161-1-300x197.jpg 300w, https:\/\/www.archiv.org.lv\/lva60\/wp-content\/uploads\/2021\/12\/img161-1-768x505.jpg 768w, https:\/\/www.archiv.org.lv\/lva60\/wp-content\/uploads\/2021\/12\/img161-1-1536x1010.jpg 1536w, https:\/\/www.archiv.org.lv\/lva60\/wp-content\/uploads\/2021\/12\/img161-1-2048x1347.jpg 2048w, https:\/\/www.archiv.org.lv\/lva60\/wp-content\/uploads\/2021\/12\/img161-1-2000x1316.jpg 2000w\" sizes=\"auto, (max-width: 1024px) 100vw, 1024px\" \/><\/a><figcaption> Baltijas valstu arh\u012bvistu semin\u0101rs 1994.gada j\u016bnij\u0101 Bezdel\u012bgu iel\u0101 1a, R\u012bg\u0101. Avots: LNA LVA priv\u0101tais arh\u012bvs.<\/figcaption><\/figure>\n<\/div>\n<\/div>\n\n\n\n<p class=\"has-text-align-center\">Pateicoties Baltijas un Zviedrijas valstu sadarb\u012bbai, 1996.&nbsp;gad\u0101 \u010detru m\u0113ne\u0161u garum\u0101 LVA darbiniekiem bija iesp\u0113ja pilnveidot zin\u0101\u0161anas arh\u012bvniec\u012bb\u0101 Zviedrij\u0101. Veiksm\u012bga sadarb\u012bba izveidoj\u0101s ar Lietuvu un Igauniju par biju\u0161\u0101s VDK dokumentu saglab\u0101\u0161anas, apzin\u0101\u0161anas un izmanto\u0161anas jaut\u0101jumiem, kas pav\u0113ra iesp\u0113ju pirmo reizi sal\u012bdzin\u0101t VDK mantojumu, kas palicis Baltijas valst\u012bs. Periodiski notika ar\u012b darbinieku kvalifik\u0101cijas cel\u0161ana \u2013 zin\u0101\u0161anu papildin\u0101\u0161ana v\u0113stures jaut\u0101jumos, sve\u0161valodu zin\u0101\u0161an\u0101s, datortehnikas apg\u016b\u0161an\u0101 un cit\u0101s jom\u0101s. Jau 1993.&nbsp;gad\u0101 LVA uzs\u0101ka pak\u0101penisku datoriz\u0101ciju. 1993.&nbsp;gada s\u0101kum\u0101 LVA r\u012bc\u012bb\u0101 bija divi PC AT\/286 datori, uz kuru b\u0101zes bija izveidotas divas automatiz\u0113tas darbavietas&nbsp;\u2013 viena fondu uzskaitei, otra nam\u012bpa\u0161umu nacionaliz\u0101cijas liet\u0101m.<\/p>\n\n\n\n<div class=\"wp-block-columns is-layout-flex wp-container-core-columns-is-layout-28f84493 wp-block-columns-is-layout-flex\">\n<div class=\"wp-block-column is-layout-flow wp-block-column-is-layout-flow\">\n<figure class=\"wp-block-image alignwide size-large\"><a href=\"https:\/\/www.archiv.org.lv\/lva60\/wp-content\/uploads\/2021\/12\/img126-3.jpg\"><img loading=\"lazy\" decoding=\"async\" width=\"1024\" height=\"677\" src=\"https:\/\/www.archiv.org.lv\/lva60\/wp-content\/uploads\/2021\/12\/img126-3-1024x677.jpg\" alt=\"\" class=\"wp-image-596\" srcset=\"https:\/\/www.archiv.org.lv\/lva60\/wp-content\/uploads\/2021\/12\/img126-3-1024x677.jpg 1024w, https:\/\/www.archiv.org.lv\/lva60\/wp-content\/uploads\/2021\/12\/img126-3-300x198.jpg 300w, https:\/\/www.archiv.org.lv\/lva60\/wp-content\/uploads\/2021\/12\/img126-3-768x508.jpg 768w, https:\/\/www.archiv.org.lv\/lva60\/wp-content\/uploads\/2021\/12\/img126-3-1536x1015.jpg 1536w, https:\/\/www.archiv.org.lv\/lva60\/wp-content\/uploads\/2021\/12\/img126-3.jpg 1778w\" sizes=\"auto, (max-width: 1024px) 100vw, 1024px\" \/><\/a><figcaption>Starptautisk\u0101 konference &#8220;Arh\u012bvu darba organiz\u0101cija&#8221; 1996.gada 12.decembr\u012b Latvijas Valsts arh\u012bv\u0101. Konferences atkl\u0101\u0161an\u0101 ar runu uzt\u0101jas LVA direktore Daina K\u013cavi\u0146a. Avots: LNA LVA priv\u0101tais arh\u012bvs.<\/figcaption><\/figure>\n<\/div>\n\n\n\n<div class=\"wp-block-column is-layout-flow wp-block-column-is-layout-flow\">\n<figure class=\"wp-block-image alignwide size-large\"><a href=\"https:\/\/www.archiv.org.lv\/lva60\/wp-content\/uploads\/2021\/12\/img127-2.jpg\"><img loading=\"lazy\" decoding=\"async\" width=\"1024\" height=\"682\" src=\"https:\/\/www.archiv.org.lv\/lva60\/wp-content\/uploads\/2021\/12\/img127-2-1024x682.jpg\" alt=\"\" class=\"wp-image-597\" srcset=\"https:\/\/www.archiv.org.lv\/lva60\/wp-content\/uploads\/2021\/12\/img127-2-1024x682.jpg 1024w, https:\/\/www.archiv.org.lv\/lva60\/wp-content\/uploads\/2021\/12\/img127-2-300x200.jpg 300w, https:\/\/www.archiv.org.lv\/lva60\/wp-content\/uploads\/2021\/12\/img127-2-768x511.jpg 768w, https:\/\/www.archiv.org.lv\/lva60\/wp-content\/uploads\/2021\/12\/img127-2-1536x1023.jpg 1536w, https:\/\/www.archiv.org.lv\/lva60\/wp-content\/uploads\/2021\/12\/img127-2.jpg 1777w\" sizes=\"auto, (max-width: 1024px) 100vw, 1024px\" \/><\/a><figcaption>Dainas K\u013cavi\u0146as refer\u0101tu klaus\u0101s Zviedrijas, Norv\u0113\u0123ijas, Igaunijas, Polijas, V\u0101cijas, Somijas un D\u0101nijas arh\u012bvisti. Avots: LNA LVA priv\u0101tais arh\u012bvs.<\/figcaption><\/figure>\n<\/div>\n<\/div>\n\n\n\n<h2 class=\"wp-block-heading\">Latvijas Komunistisk\u0101s partijas un Valsts dro\u0161\u012bbas komitejas dokumentu p\u0101r\u0146em\u0161ana<\/h2>\n\n\n\n<p class=\"has-text-align-center\">Pamatojoties uz Latvijas Republikas Augst\u0101k\u0101s padomes 1990.&nbsp;gada 10.&nbsp;decembra l\u0113mumu \u201cPar Latvijas Komunistisk\u0101s partijas CK Partijas arh\u012bva iek\u013cau\u0161anu LR Valsts arh\u012bvu sist\u0113m\u0101\u201d, 1991.&nbsp;gada 23.&nbsp;augusta l\u0113mumu \u201cPar Latvijas Komunistisk\u0101s partijas antikonstitucion\u0101lo darb\u012bbu Latvijas Republik\u0101\u201d un \u201cPar Komisijas izveido\u0161anu LKP \u012bpa\u0161umu p\u0101r\u0146em\u0161anai\u201d, Valsts arh\u012bvu \u0123ener\u0101ldirekcija tika pilnvarota p\u0101r\u0146emt Latvijas Komunistisk\u0101s partijas Centr\u0101l\u0101s komitejas Sabiedriski politisko p\u0113t\u012bjumu centra arh\u012bva un Centra bibliot\u0113kas dokumentus, Centra telpas, iek\u0101rtas un invent\u0101ru, kas atrad\u0101s Rai\u0146a bulv\u0101r\u012b 15, un LKP CK arh\u012bva nesak\u0101rtoto dokument\u0101ciju no LKP CK \u0113kas Elizabetes iel\u0101 2. T\u0101 rezult\u0101t\u0101 1991.&nbsp;gad\u0101 biju\u0161ais LKP CK Partijas v\u0113stures instit\u016bta Partijas arh\u012bvs tika pievienots LVA un 1992.&nbsp;gad\u0101 nodots aprakst\u012b\u0161anai LVA Soci\u0101lpolitisko dokumentu noda\u013cai, kas tika izvietota turpat, Rai\u0146a bulv\u0101r\u012b 15. Da\u013ca dokumentu tika p\u0101rvesta uz Latvijas Valsts arh\u012bvu Bezdel\u012bgu iel\u0101 1a. Dokumentu zin\u0101tnisk\u0101s aprakst\u012b\u0161anas noda\u013cas p\u0101rzi\u0146\u0101 bija pils\u0113tu un rajonu komiteju dokumenti. Pamatojoties uz Valsts arh\u012bvu \u0123ener\u0101ldirekcijas 1992.&nbsp;gada 15.&nbsp;oktobra pav\u0113li Nr.&nbsp;24, tika izveidota darba grupa LKP dokumentu apstr\u0101dei, lai veiktu LKP dokumentu uzskaiti un aprakst\u012b\u0161anu. Par grupas vad\u012bt\u0101ju tika izraudz\u012bta Soci\u0101lpolitisko dokumentu noda\u013cas vad\u012bt\u0101ja Inese&nbsp;Lase. Arh\u012bvs kopum\u0101 sa\u0146\u0113ma 994 maisus, 334,3 kg un 38 kastes ar dokumentiem no biju\u0161\u0101s LKP CK un partijas viet\u0113j\u0101m komitej\u0101m. Dokumentu sistematiz\u0113\u0161anas un aprakst\u012b\u0161anas darbs k\u013cuva par vienu no galvenajiem virzieniem Soci\u0101lpolitisko dokumentu noda\u013cas darb\u0101, kas pa\u0146\u0113ma gandr\u012bz 10 gadus \u2013 1999.&nbsp;gad\u0101 bija apstr\u0101d\u0101ti p\u0113d\u0113jie rajonu komiteju dokumenti. Jau 1991.&nbsp;gada oktobr\u012b noda\u013ca v\u0113ra savas las\u012btavas durvis pirmajiem interesentiem, t\u0101d\u0113j\u0101di vienlaikus ar aprakst\u012b\u0161anu uzs\u0101kot ar\u012b dokumentu izmanto\u0161anas darbu.<\/p>\n\n\n\n<p class=\"has-text-align-center\"><strong>Dokumenti s\u0101kotn\u0113ji glab\u0101j\u0101s maisos un kast\u0113s, jo tr\u016bka gan plauktu, gan telpu, un tikai pamaz\u0101m tie tika p\u0101rvietoti uz konkr\u0113t\u0101m dokumentu apstr\u0101des telp\u0101m.<\/strong> Pieredzes \u0161\u0101du dokumentu k\u0101rto\u0161an\u0101 praktiski nebija nek\u0101das, t\u0101 bija j\u0101apg\u016bst no jauna. Darba proces\u0101 Soci\u0101lpolitisko dokumentu da\u013cas aprakst\u012b\u0161anas sektors 1995.&nbsp;gad\u0101 izstr\u0101d\u0101ja LKP dokumentu aprakst\u012b\u0161anas metodiku.<\/p>\n\n\n\n<div class=\"wp-block-columns is-layout-flex wp-container-core-columns-is-layout-28f84493 wp-block-columns-is-layout-flex\">\n<div class=\"wp-block-column is-layout-flow wp-block-column-is-layout-flow\">\n<figure class=\"wp-block-image alignwide size-large\"><a href=\"https:\/\/www.archiv.org.lv\/lva60\/wp-content\/uploads\/2021\/11\/Parnemto-LKP-dokumentu-maisi-scaled.jpg\"><img loading=\"lazy\" decoding=\"async\" width=\"1024\" height=\"635\" src=\"https:\/\/www.archiv.org.lv\/lva60\/wp-content\/uploads\/2021\/11\/Parnemto-LKP-dokumentu-maisi-1024x635.jpg\" alt=\"\" class=\"wp-image-278\" srcset=\"https:\/\/www.archiv.org.lv\/lva60\/wp-content\/uploads\/2021\/11\/Parnemto-LKP-dokumentu-maisi-1024x635.jpg 1024w, https:\/\/www.archiv.org.lv\/lva60\/wp-content\/uploads\/2021\/11\/Parnemto-LKP-dokumentu-maisi-300x186.jpg 300w, https:\/\/www.archiv.org.lv\/lva60\/wp-content\/uploads\/2021\/11\/Parnemto-LKP-dokumentu-maisi-768x477.jpg 768w, https:\/\/www.archiv.org.lv\/lva60\/wp-content\/uploads\/2021\/11\/Parnemto-LKP-dokumentu-maisi-1536x953.jpg 1536w, https:\/\/www.archiv.org.lv\/lva60\/wp-content\/uploads\/2021\/11\/Parnemto-LKP-dokumentu-maisi-2048x1271.jpg 2048w, https:\/\/www.archiv.org.lv\/lva60\/wp-content\/uploads\/2021\/11\/Parnemto-LKP-dokumentu-maisi-2000x1241.jpg 2000w\" sizes=\"auto, (max-width: 1024px) 100vw, 1024px\" \/><\/a><figcaption>Maisi ar p\u0101r\u0146emtajiem LKP dokumentiem, 1992.gads. Avots: LNA LVA priv\u0101tais arh\u012bvs.<\/figcaption><\/figure>\n<\/div>\n\n\n\n<div class=\"wp-block-column is-layout-flow wp-block-column-is-layout-flow\">\n<figure class=\"wp-block-image alignwide size-large\"><a href=\"https:\/\/www.archiv.org.lv\/lva60\/wp-content\/uploads\/2021\/11\/LKP-dokumentu-parnemsana-apstrades-process-scaled.jpg\"><img loading=\"lazy\" decoding=\"async\" width=\"1024\" height=\"653\" src=\"https:\/\/www.archiv.org.lv\/lva60\/wp-content\/uploads\/2021\/11\/LKP-dokumentu-parnemsana-apstrades-process-1024x653.jpg\" alt=\"\" class=\"wp-image-279\" srcset=\"https:\/\/www.archiv.org.lv\/lva60\/wp-content\/uploads\/2021\/11\/LKP-dokumentu-parnemsana-apstrades-process-1024x653.jpg 1024w, https:\/\/www.archiv.org.lv\/lva60\/wp-content\/uploads\/2021\/11\/LKP-dokumentu-parnemsana-apstrades-process-300x191.jpg 300w, https:\/\/www.archiv.org.lv\/lva60\/wp-content\/uploads\/2021\/11\/LKP-dokumentu-parnemsana-apstrades-process-768x489.jpg 768w, https:\/\/www.archiv.org.lv\/lva60\/wp-content\/uploads\/2021\/11\/LKP-dokumentu-parnemsana-apstrades-process-1536x979.jpg 1536w, https:\/\/www.archiv.org.lv\/lva60\/wp-content\/uploads\/2021\/11\/LKP-dokumentu-parnemsana-apstrades-process-2048x1305.jpg 2048w, https:\/\/www.archiv.org.lv\/lva60\/wp-content\/uploads\/2021\/11\/LKP-dokumentu-parnemsana-apstrades-process-2000x1274.jpg 2000w\" sizes=\"auto, (max-width: 1024px) 100vw, 1024px\" \/><\/a><figcaption>Mapes ar LKP dokumentiem LVA Soci\u0101lpolitisko dokumentu noda\u013c\u0101, 1992.gads. Avots: LNA LVA priv\u0101tais arh\u012bvs.<\/figcaption><\/figure>\n<\/div>\n\n\n\n<div class=\"wp-block-column is-layout-flow wp-block-column-is-layout-flow\">\n<figure class=\"wp-block-image alignwide size-large\"><a href=\"https:\/\/www.archiv.org.lv\/lva60\/wp-content\/uploads\/2021\/11\/LKP-dokumentu-parnemsana-Soc.polit_.dok_.dala_-scaled.jpg\"><img loading=\"lazy\" decoding=\"async\" width=\"1024\" height=\"632\" src=\"https:\/\/www.archiv.org.lv\/lva60\/wp-content\/uploads\/2021\/11\/LKP-dokumentu-parnemsana-Soc.polit_.dok_.dala_-1024x632.jpg\" alt=\"\" class=\"wp-image-280\" srcset=\"https:\/\/www.archiv.org.lv\/lva60\/wp-content\/uploads\/2021\/11\/LKP-dokumentu-parnemsana-Soc.polit_.dok_.dala_-1024x632.jpg 1024w, https:\/\/www.archiv.org.lv\/lva60\/wp-content\/uploads\/2021\/11\/LKP-dokumentu-parnemsana-Soc.polit_.dok_.dala_-300x185.jpg 300w, https:\/\/www.archiv.org.lv\/lva60\/wp-content\/uploads\/2021\/11\/LKP-dokumentu-parnemsana-Soc.polit_.dok_.dala_-768x474.jpg 768w, https:\/\/www.archiv.org.lv\/lva60\/wp-content\/uploads\/2021\/11\/LKP-dokumentu-parnemsana-Soc.polit_.dok_.dala_-1536x948.jpg 1536w, https:\/\/www.archiv.org.lv\/lva60\/wp-content\/uploads\/2021\/11\/LKP-dokumentu-parnemsana-Soc.polit_.dok_.dala_-2048x1264.jpg 2048w, https:\/\/www.archiv.org.lv\/lva60\/wp-content\/uploads\/2021\/11\/LKP-dokumentu-parnemsana-Soc.polit_.dok_.dala_-2000x1234.jpg 2000w\" sizes=\"auto, (max-width: 1024px) 100vw, 1024px\" \/><\/a><figcaption>LKP dokumentu apstr\u0101des process LVA Soci\u0101lpolitisko dokumentu noda\u013c\u0101. Priek\u0161pl\u0101n\u0101 partijas funkcion\u0101ru lietas. 1990.gadu s\u0101kums. Avots: LNA LVA priv\u0101tais arh\u012bvs.<\/figcaption><\/figure>\n<\/div>\n<\/div>\n\n\n\n<p class=\"has-text-align-center\">Latvijas Valsts arh\u012bv\u0101 glab\u0101\u0161an\u0101 tika pie\u0146emti ar\u012b biju\u0161\u0101s LPSR Valsts dro\u0161\u012bbas komitejas dokumenti. Dokumenti s\u0101kotn\u0113ji tika izvietoti Ludzas iel\u0101 2. 1992.&nbsp;gada septembr\u012b saist\u012bb\u0101 ar \u012bpa\u0161i svar\u012bgu dokumentu pie\u0146em\u0161anu Valsts arh\u012bv\u0101 arh\u012bva \u0113kas Ludzas iel\u0101 2 apsardze uz laiku pat tika nodota Latvijas Republikas Augst\u0101k\u0101s padomes Dro\u0161\u012bbas dienestam. Past\u0101v\u012bgu uzglab\u0101\u0161anas vietu VDK dokumenti ieguva 2000.&nbsp;gad\u0101 \u0113k\u0101 Kurzemes prospekt\u0101 5 (tagad Skandu iela 14).<\/p>\n\n\n\n<div class=\"wp-block-columns is-layout-flex wp-container-core-columns-is-layout-28f84493 wp-block-columns-is-layout-flex\">\n<div class=\"wp-block-column is-layout-flow wp-block-column-is-layout-flow\">\n<p class=\"has-text-align-center\"> Starp LPSR Valsts dro\u0161\u012bbas komitejas un t\u0101s priek\u0161te\u010du, to skait\u0101 Iek\u0161lietu tautas komisari\u0101ta, dokumentiem ir PSRS p\u0101rbaudes un filtr\u0101cijas punktos un nometn\u0113s ieslodz\u012bto Latvijas iedz\u012bvot\u0101ju personas lietas (1944.\u20131952.&nbsp;g.), kopskait\u0101 58 436 lietas un kartot\u0113ka, un LPSR VDK par sevi\u0161\u0137i b\u012bstamiem pretvalstiskiem noziegumiem aps\u016bdz\u0113to personu krimin\u0101llietas (1919.\u20131991.&nbsp;g.), kopskait\u0101 52 653 lietas un kartot\u0113ka ar 93 608 kart\u012bt\u0113m. T\u0101pat arh\u012bv\u0101 ir 1941.&nbsp;gada 14. j\u016bnij\u0101 no Latvijas izs\u016bt\u012bto iedz\u012bvot\u0101ju personas lietas \u2013 kopskait\u0101 5165 lietas, un 1949.&nbsp;gada 25.&nbsp;mart\u0101 no Latvijas izs\u016bt\u012bto iedz\u012bvot\u0101ju personas lietas \u2013 kopskait\u0101 13 358 lietas.<\/p>\n<\/div>\n\n\n\n<div class=\"wp-block-column is-layout-flow wp-block-column-is-layout-flow\">\n<figure class=\"wp-block-image alignwide size-large\"><a href=\"https:\/\/www.archiv.org.lv\/lva60\/wp-content\/uploads\/2021\/12\/20210823_160708_Skandu-14_VDK-glabatava-Nr13-1-scaled.jpg\"><img loading=\"lazy\" decoding=\"async\" width=\"1024\" height=\"768\" src=\"https:\/\/www.archiv.org.lv\/lva60\/wp-content\/uploads\/2021\/12\/20210823_160708_Skandu-14_VDK-glabatava-Nr13-1-1024x768.jpg\" alt=\"\" class=\"wp-image-752\" srcset=\"https:\/\/www.archiv.org.lv\/lva60\/wp-content\/uploads\/2021\/12\/20210823_160708_Skandu-14_VDK-glabatava-Nr13-1-1024x768.jpg 1024w, https:\/\/www.archiv.org.lv\/lva60\/wp-content\/uploads\/2021\/12\/20210823_160708_Skandu-14_VDK-glabatava-Nr13-1-300x225.jpg 300w, https:\/\/www.archiv.org.lv\/lva60\/wp-content\/uploads\/2021\/12\/20210823_160708_Skandu-14_VDK-glabatava-Nr13-1-768x576.jpg 768w, https:\/\/www.archiv.org.lv\/lva60\/wp-content\/uploads\/2021\/12\/20210823_160708_Skandu-14_VDK-glabatava-Nr13-1-1536x1152.jpg 1536w, https:\/\/www.archiv.org.lv\/lva60\/wp-content\/uploads\/2021\/12\/20210823_160708_Skandu-14_VDK-glabatava-Nr13-1-2048x1536.jpg 2048w, https:\/\/www.archiv.org.lv\/lva60\/wp-content\/uploads\/2021\/12\/20210823_160708_Skandu-14_VDK-glabatava-Nr13-1-2000x1500.jpg 2000w\" sizes=\"auto, (max-width: 1024px) 100vw, 1024px\" \/><\/a><figcaption>VDK dokumentu glab\u0101tava Nr. 13 Skandu iel\u0101 14. 2021.gada 23.augusts. Foto: G.Zelmenis.<\/figcaption><\/figure>\n<\/div>\n<\/div>\n\n\n\n<div class=\"wp-block-columns is-layout-flex wp-container-core-columns-is-layout-28f84493 wp-block-columns-is-layout-flex\">\n<div class=\"wp-block-column is-layout-flow wp-block-column-is-layout-flow\">\n<figure class=\"wp-block-image alignwide size-large\"><a href=\"https:\/\/www.archiv.org.lv\/lva60\/wp-content\/uploads\/2021\/12\/fotOJAnsons-SKANDU-45-scaled.jpg\"><img loading=\"lazy\" decoding=\"async\" width=\"1024\" height=\"683\" src=\"https:\/\/www.archiv.org.lv\/lva60\/wp-content\/uploads\/2021\/12\/fotOJAnsons-SKANDU-45-1024x683.jpg\" alt=\"\" class=\"wp-image-750\" srcset=\"https:\/\/www.archiv.org.lv\/lva60\/wp-content\/uploads\/2021\/12\/fotOJAnsons-SKANDU-45-1024x683.jpg 1024w, https:\/\/www.archiv.org.lv\/lva60\/wp-content\/uploads\/2021\/12\/fotOJAnsons-SKANDU-45-300x200.jpg 300w, https:\/\/www.archiv.org.lv\/lva60\/wp-content\/uploads\/2021\/12\/fotOJAnsons-SKANDU-45-768x512.jpg 768w, https:\/\/www.archiv.org.lv\/lva60\/wp-content\/uploads\/2021\/12\/fotOJAnsons-SKANDU-45-1536x1024.jpg 1536w, https:\/\/www.archiv.org.lv\/lva60\/wp-content\/uploads\/2021\/12\/fotOJAnsons-SKANDU-45-2048x1365.jpg 2048w, https:\/\/www.archiv.org.lv\/lva60\/wp-content\/uploads\/2021\/12\/fotOJAnsons-SKANDU-45-2000x1333.jpg 2000w\" sizes=\"auto, (max-width: 1024px) 100vw, 1024px\" \/><\/a><figcaption> LNA LVA eksperts Dr. hist. Ain\u0101rs Bambals darb\u0101 ar VDK dokumentiem LVA \u0113k\u0101 Skandu iel\u0101 14, kur glab\u0101jas Latvijas Soci\u0101ldemokr\u0101tijas, Latvijas Komunistisk\u0101s partijas, Latvijas PSR VDK dokumenti. 2018.gads. Foto: Oj\u0101rs Jansons. Avots: Arta Freima\u0146a priv\u0101tais arh\u012bvs. <\/figcaption><\/figure>\n<\/div>\n\n\n\n<div class=\"wp-block-column is-layout-flow wp-block-column-is-layout-flow\">\n<figure class=\"wp-block-image alignwide size-large\"><a href=\"https:\/\/www.archiv.org.lv\/lva60\/wp-content\/uploads\/2021\/12\/Resized_20190206_152700_Arturs_Eva_Signe_Gints_Aija_Ainars_Projekta_KGB_arhivi_Darba_grupa-002.jpeg\"><img loading=\"lazy\" decoding=\"async\" width=\"1024\" height=\"576\" src=\"https:\/\/www.archiv.org.lv\/lva60\/wp-content\/uploads\/2021\/12\/Resized_20190206_152700_Arturs_Eva_Signe_Gints_Aija_Ainars_Projekta_KGB_arhivi_Darba_grupa-002-1024x576.jpeg\" alt=\"\" class=\"wp-image-751\" srcset=\"https:\/\/www.archiv.org.lv\/lva60\/wp-content\/uploads\/2021\/12\/Resized_20190206_152700_Arturs_Eva_Signe_Gints_Aija_Ainars_Projekta_KGB_arhivi_Darba_grupa-002-1024x576.jpeg 1024w, https:\/\/www.archiv.org.lv\/lva60\/wp-content\/uploads\/2021\/12\/Resized_20190206_152700_Arturs_Eva_Signe_Gints_Aija_Ainars_Projekta_KGB_arhivi_Darba_grupa-002-300x169.jpeg 300w, https:\/\/www.archiv.org.lv\/lva60\/wp-content\/uploads\/2021\/12\/Resized_20190206_152700_Arturs_Eva_Signe_Gints_Aija_Ainars_Projekta_KGB_arhivi_Darba_grupa-002-768x432.jpeg 768w, https:\/\/www.archiv.org.lv\/lva60\/wp-content\/uploads\/2021\/12\/Resized_20190206_152700_Arturs_Eva_Signe_Gints_Aija_Ainars_Projekta_KGB_arhivi_Darba_grupa-002-1536x864.jpeg 1536w, https:\/\/www.archiv.org.lv\/lva60\/wp-content\/uploads\/2021\/12\/Resized_20190206_152700_Arturs_Eva_Signe_Gints_Aija_Ainars_Projekta_KGB_arhivi_Darba_grupa-002.jpeg 1920w\" sizes=\"auto, (max-width: 1024px) 100vw, 1024px\" \/><\/a><figcaption>Projekta &#8220;KGB arh\u012bvi&#8221; darba grupa. No kr.: A. \u017dvinklis, E. Egl\u0101ja-Kristsone, S. Irbe, G. Zelmenis, A. Kalnciema, A. Bambals Skandu iel\u0101 14. 2019.gada 6.febru\u0101ris. Foto: A.Neparts.<\/figcaption><\/figure>\n<\/div>\n<\/div>\n\n\n\n<p class=\"has-text-align-center\">Balstoties uz Saeimas 2018.&nbsp;gada oktobr\u012b pie\u0146emtajiem groz\u012bjumiem likum\u0101 \u201cPar biju\u0161\u0101s Valsts dro\u0161\u012bbas komitejas dokumentu saglab\u0101\u0161anu, izmanto\u0161anu un personu sadarb\u012bbas fakta ar VDK konstat\u0113\u0161anu\u201d, tika noteikts, ka LPSR VDK a\u0123ent\u016bras alfab\u0113tisk\u0101 kartot\u0113ka un LPSR VDK statistisk\u0101 kartot\u0113ka ir j\u0101digitaliz\u0113 un j\u0101public\u0113 t\u012bmekl\u012b. Totalit\u0101risma seku dokument\u0113\u0161anas centrs, kura glab\u0101\u0161an\u0101 atrad\u0101s kartot\u0113kas, digitaliz\u0113ja t\u0101s un nodeva Latvijas Nacion\u0101lajam arh\u012bvam. T\u0101 rezult\u0101t\u0101 2019.&nbsp;gada mart\u0101 Latvijas Valsts arh\u012bva glab\u0101\u0161an\u0101 non\u0101ca ar\u012b <strong>Latvijas PSR VDK a\u0123ent\u016bras kartot\u0113kas jeb t\u0101 sauktie \u010dekas maisi. <\/strong>2018. gada 20. decembr\u012b arh\u012bvs public\u0113ja <a rel=\"noreferrer noopener\" href=\"https:\/\/kgb.arhivi.lv\/\" data-type=\"URL\" data-id=\"https:\/\/kgb.arhivi.lv\/\" target=\"_blank\">t\u012bmek\u013ca vietni<\/a>, kur\u0101 publiski pieejami LPSR VDK un ar t\u0101s darb\u012bbu saist\u012btie dokumenti &#8211; LPSR VDK darbinieku t\u0101lru\u0146u gr\u0101mata, LPSR VDK \u0101r\u0161tata operat\u012bvo darbinieku uzskaites kartot\u0113ka, LPSR VDK a\u0123ent\u016bras alfab\u0113tisk\u0101 kartot\u0113ka, LPSR VDK a\u0123ent\u016bras statistisk\u0101 kartot\u0113ka, Latvijas Komunistisk\u0101s partijas Centr\u0101l\u0101 Komiteja apraksti (uzskaites saraksti).<\/p>\n\n\n\n<div class=\"wp-block-columns is-layout-flex wp-container-core-columns-is-layout-28f84493 wp-block-columns-is-layout-flex\">\n<div class=\"wp-block-column is-layout-flow wp-block-column-is-layout-flow\">\n<figure class=\"wp-block-image alignwide size-large\"><a href=\"https:\/\/www.archiv.org.lv\/lva60\/wp-content\/uploads\/2021\/12\/20211209_090822_Chekas-agentu-kartoteka-002-scaled.jpg\"><img loading=\"lazy\" decoding=\"async\" width=\"1024\" height=\"485\" src=\"https:\/\/www.archiv.org.lv\/lva60\/wp-content\/uploads\/2021\/12\/20211209_090822_Chekas-agentu-kartoteka-002-1024x485.jpg\" alt=\"\" class=\"wp-image-737\" srcset=\"https:\/\/www.archiv.org.lv\/lva60\/wp-content\/uploads\/2021\/12\/20211209_090822_Chekas-agentu-kartoteka-002-1024x485.jpg 1024w, https:\/\/www.archiv.org.lv\/lva60\/wp-content\/uploads\/2021\/12\/20211209_090822_Chekas-agentu-kartoteka-002-300x142.jpg 300w, https:\/\/www.archiv.org.lv\/lva60\/wp-content\/uploads\/2021\/12\/20211209_090822_Chekas-agentu-kartoteka-002-768x363.jpg 768w, https:\/\/www.archiv.org.lv\/lva60\/wp-content\/uploads\/2021\/12\/20211209_090822_Chekas-agentu-kartoteka-002-1536x727.jpg 1536w, https:\/\/www.archiv.org.lv\/lva60\/wp-content\/uploads\/2021\/12\/20211209_090822_Chekas-agentu-kartoteka-002-2048x969.jpg 2048w, https:\/\/www.archiv.org.lv\/lva60\/wp-content\/uploads\/2021\/12\/20211209_090822_Chekas-agentu-kartoteka-002-2000x946.jpg 2000w\" sizes=\"auto, (max-width: 1024px) 100vw, 1024px\" \/><\/a><figcaption>VDK dokumentu glab\u0101tava Skandu iel\u0101 14. \u010cekas a\u0123entu kartot\u0113ka. 2021.gada 9.decembris. Foto A.Bambals.<\/figcaption><\/figure>\n\n\n\n<figure class=\"wp-block-image alignwide size-large\"><a href=\"https:\/\/www.archiv.org.lv\/lva60\/wp-content\/uploads\/2021\/12\/20210823_160122__Skandu-14_VDK-maisu-jauna-lasitava-1-scaled.jpg\"><img loading=\"lazy\" decoding=\"async\" width=\"1024\" height=\"768\" src=\"https:\/\/www.archiv.org.lv\/lva60\/wp-content\/uploads\/2021\/12\/20210823_160122__Skandu-14_VDK-maisu-jauna-lasitava-1-1024x768.jpg\" alt=\"\" class=\"wp-image-741\" srcset=\"https:\/\/www.archiv.org.lv\/lva60\/wp-content\/uploads\/2021\/12\/20210823_160122__Skandu-14_VDK-maisu-jauna-lasitava-1-1024x768.jpg 1024w, https:\/\/www.archiv.org.lv\/lva60\/wp-content\/uploads\/2021\/12\/20210823_160122__Skandu-14_VDK-maisu-jauna-lasitava-1-300x225.jpg 300w, https:\/\/www.archiv.org.lv\/lva60\/wp-content\/uploads\/2021\/12\/20210823_160122__Skandu-14_VDK-maisu-jauna-lasitava-1-768x576.jpg 768w, https:\/\/www.archiv.org.lv\/lva60\/wp-content\/uploads\/2021\/12\/20210823_160122__Skandu-14_VDK-maisu-jauna-lasitava-1-1536x1152.jpg 1536w, https:\/\/www.archiv.org.lv\/lva60\/wp-content\/uploads\/2021\/12\/20210823_160122__Skandu-14_VDK-maisu-jauna-lasitava-1-2048x1536.jpg 2048w, https:\/\/www.archiv.org.lv\/lva60\/wp-content\/uploads\/2021\/12\/20210823_160122__Skandu-14_VDK-maisu-jauna-lasitava-1-2000x1500.jpg 2000w\" sizes=\"auto, (max-width: 1024px) 100vw, 1024px\" \/><\/a><figcaption>&#8220;\u010cekas&#8221; maisu jaunizveidot\u0101 las\u012btava<br>Skandu iela 14. 2021.gada 23.augusts. Foto: G.Zelmenis.<\/figcaption><\/figure>\n<\/div>\n\n\n\n<div class=\"wp-block-column is-layout-flow wp-block-column-is-layout-flow\">\n<div class=\"wp-block-image\"><figure class=\"aligncenter size-large is-resized\"><a href=\"https:\/\/www.archiv.org.lv\/lva60\/wp-content\/uploads\/2021\/12\/20211209_090848_KGB_dokumentu-glabatava_Skandu-14-002-scaled.jpg\"><img loading=\"lazy\" decoding=\"async\" src=\"https:\/\/www.archiv.org.lv\/lva60\/wp-content\/uploads\/2021\/12\/20211209_090848_KGB_dokumentu-glabatava_Skandu-14-002-485x1024.jpg\" alt=\"\" class=\"wp-image-740\" width=\"343\" height=\"723\" srcset=\"https:\/\/www.archiv.org.lv\/lva60\/wp-content\/uploads\/2021\/12\/20211209_090848_KGB_dokumentu-glabatava_Skandu-14-002-485x1024.jpg 485w, https:\/\/www.archiv.org.lv\/lva60\/wp-content\/uploads\/2021\/12\/20211209_090848_KGB_dokumentu-glabatava_Skandu-14-002-142x300.jpg 142w\" sizes=\"auto, (max-width: 343px) 100vw, 343px\" \/><\/a><figcaption>&#8220;\u010cekas maisu&#8221; glab\u0101tava Skandu iel\u0101 14. 2021.gada 9.decembris. Foto: A.Bambals.<\/figcaption><\/figure><\/div>\n<\/div>\n<\/div>\n\n\n\n<p class=\"has-text-align-center\"><strong>Latvijas Valsts arh\u012bvs 20.&nbsp;gs. 90.&nbsp;gados k\u013cuva bag\u0101t\u0101ks ar iev\u0113rojamu daudzumu interesantu dokumentu, kas l\u012bdz tam nebija pieejami pla\u0161\u0101kam interesentu lokam.<\/strong><\/p>\n\n\n\n<p class=\"has-text-align-center\">Krass dokumentu skaita pieaugums iez\u012bm\u0113jas ar\u012b att\u0113lotaj\u0101s diagramm\u0101s, s\u0101kot ar 1992.&nbsp;gadu, kad tika pie\u0146emti min\u0113tie LKP un VDK, k\u0101 ar\u012b denacionaliz\u0101cijas un privatiz\u0101cijas rezult\u0101t\u0101 nodotie dokumenti. 1997.&nbsp;gad\u0101 fondu skaits samazin\u0101j\u0101s, kas skaidrojams ar atsevi\u0161\u0137u arh\u012bva fondu nodo\u0161anu glab\u0101\u0161an\u0101 Latvijas Valsts v\u0113stures arh\u012bvam. Turpm\u0101kajos gados fondu un glab\u0101jamo vien\u012bbu skaits palielin\u0101j\u0101s, jo tika pie\u0146emti iest\u0101\u017eu, priv\u0101tpersonu un trimdas dokumenti.<\/p>\n\n\n\n<div class=\"wp-block-columns is-layout-flex wp-container-core-columns-is-layout-28f84493 wp-block-columns-is-layout-flex\">\n<div class=\"wp-block-column is-layout-flow wp-block-column-is-layout-flow\">\n<figure class=\"wp-block-image alignwide size-large\"><a href=\"https:\/\/www.archiv.org.lv\/lva60\/wp-content\/uploads\/2021\/12\/Fondi-LR-1.jpg\"><img loading=\"lazy\" decoding=\"async\" width=\"1024\" height=\"724\" src=\"https:\/\/www.archiv.org.lv\/lva60\/wp-content\/uploads\/2021\/12\/Fondi-LR-1-1024x724.jpg\" alt=\"\" class=\"wp-image-659\" srcset=\"https:\/\/www.archiv.org.lv\/lva60\/wp-content\/uploads\/2021\/12\/Fondi-LR-1-1024x724.jpg 1024w, https:\/\/www.archiv.org.lv\/lva60\/wp-content\/uploads\/2021\/12\/Fondi-LR-1-300x212.jpg 300w, https:\/\/www.archiv.org.lv\/lva60\/wp-content\/uploads\/2021\/12\/Fondi-LR-1-768x543.jpg 768w, https:\/\/www.archiv.org.lv\/lva60\/wp-content\/uploads\/2021\/12\/Fondi-LR-1-1536x1086.jpg 1536w, https:\/\/www.archiv.org.lv\/lva60\/wp-content\/uploads\/2021\/12\/Fondi-LR-1-2048x1448.jpg 2048w, https:\/\/www.archiv.org.lv\/lva60\/wp-content\/uploads\/2021\/12\/Fondi-LR-1-2000x1414.jpg 2000w\" sizes=\"auto, (max-width: 1024px) 100vw, 1024px\" \/><\/a><figcaption> LNA LVA glab\u0101to fondu skaits no 1991. l\u012bdz 2020.gadam. <\/figcaption><\/figure>\n<\/div>\n\n\n\n<div class=\"wp-block-column is-layout-flow wp-block-column-is-layout-flow\">\n<figure class=\"wp-block-image alignwide size-large\"><a href=\"https:\/\/www.archiv.org.lv\/lva60\/wp-content\/uploads\/2021\/12\/Glabajamas-vienibas-LR-1.jpg\"><img loading=\"lazy\" decoding=\"async\" width=\"1024\" height=\"724\" src=\"https:\/\/www.archiv.org.lv\/lva60\/wp-content\/uploads\/2021\/12\/Glabajamas-vienibas-LR-1-1024x724.jpg\" alt=\"\" class=\"wp-image-660\" srcset=\"https:\/\/www.archiv.org.lv\/lva60\/wp-content\/uploads\/2021\/12\/Glabajamas-vienibas-LR-1-1024x724.jpg 1024w, https:\/\/www.archiv.org.lv\/lva60\/wp-content\/uploads\/2021\/12\/Glabajamas-vienibas-LR-1-300x212.jpg 300w, https:\/\/www.archiv.org.lv\/lva60\/wp-content\/uploads\/2021\/12\/Glabajamas-vienibas-LR-1-768x543.jpg 768w, https:\/\/www.archiv.org.lv\/lva60\/wp-content\/uploads\/2021\/12\/Glabajamas-vienibas-LR-1-1536x1086.jpg 1536w, https:\/\/www.archiv.org.lv\/lva60\/wp-content\/uploads\/2021\/12\/Glabajamas-vienibas-LR-1-2048x1448.jpg 2048w, https:\/\/www.archiv.org.lv\/lva60\/wp-content\/uploads\/2021\/12\/Glabajamas-vienibas-LR-1-2000x1414.jpg 2000w\" sizes=\"auto, (max-width: 1024px) 100vw, 1024px\" \/><\/a><figcaption> LNA LVA glab\u0101jamo vien\u012bbu skaits no 1991. l\u012bdz 2020.gadam. <\/figcaption><\/figure>\n<\/div>\n<\/div>\n\n\n\n<h2 class=\"wp-block-heading\">Trimdas dokumentu ce\u013c\u0161 uz arh\u012bvu<\/h2>\n\n\n\n<p class=\"has-text-align-center\">Arh\u012bva neat\u0146emama v\u0113sturisko dokumentu sast\u0101vda\u013ca ir trimd\u0101 radusies dokument\u0101cija, jo tie\u0161i trimd\u0101 tika uztur\u0113ta ideja par Latvijas valstiskuma kontinuit\u0101ti un okup\u0101cijas prettiesisko raksturu.<\/p>\n\n\n\n<p class=\"has-text-align-center\">Latvijas Valsts arh\u012bvs ar trimdas arh\u012bvu v\u0101k\u0161anu, sistematiz\u0113\u0161anu, glab\u0101\u0161anu un populariz\u0113\u0161anu nodarbojas kop\u0161 1993.&nbsp;gada, kad tika sa\u0146emti pirmie trimdas dokumenti. 1994.&nbsp;gada ruden\u012b tika izveidota Politiski repres\u0113to un trimdas dokumentu noda\u013ca, 1998.&nbsp;gad\u0101 trimdas dokumenti non\u0101ca Personu fondu un trimdas dokumentu noda\u013cas p\u0101rzi\u0146\u0101, bet 2011.&nbsp;gad\u0101 tika izveidota noda\u013ca ar jaunu nosaukumu \u2013 Personu fondu un \u0101rvalstu dokumentu noda\u013ca, kas akt\u012bvi darbojas joproj\u0101m.<\/p>\n\n\n\n<p class=\"has-text-align-center\">Visgr\u016bt\u0101kais dokumentu apzin\u0101\u0161an\u0101 bija pats s\u0101kums \u2013 kontaktu mekl\u0113\u0161ana. Viens no pirmajiem instrumentiem bija publik\u0101cijas \u0101rzemju latvie\u0161u pres\u0113, bet uz laikrakstos ievietotajiem uzaicin\u0101jumiem atsauc\u0101s tikai nedaudzi. Visa arh\u012bva, bet jo sevi\u0161\u0137i jaun\u0101s direktores Dainas K\u013cavi\u0146as darbs \u201crietumu virzien\u0101\u201d veicin\u0101ja person\u012bgo kontaktu veido\u0161anos, to skait\u0101 ar\u012b ar trimdas sabiedriskaj\u0101m organiz\u0101cij\u0101m, kur\u0101m ir bijusi \u013coti liela noz\u012bme personu un organiz\u0101ciju fondu ieg\u016b\u0161an\u0101 \u2013 k\u0101, piem\u0113ram, Amerikas Latvie\u0161u apvien\u012bbai, Pasaules br\u012bvo latvie\u0161u apvien\u012bbai, Daugavas Vanagu organiz\u0101cijai u.&nbsp;c. V\u0113l liel\u0101ku rezonansi \u0161aj\u0101 jom\u0101 guva 1996.&nbsp;gada decembr\u012b notikus\u012b konference, izst\u0101de un uzzi\u0146u kr\u0101jums \u201cTrimdas arh\u012bvi atgrie\u017eas\u201d, kas populariz\u0113ja LVA visu pasaules latvie\u0161u starp\u0101, fiks\u0113ja st\u0101vokli Latvij\u0101 trimdas arh\u012bvu atg\u016b\u0161an\u0101 un probl\u0113mas, k\u0101das rad\u0101s \u0161aj\u0101 proces\u0101. T\u0101 rezult\u0101t\u0101 20.&nbsp;gs. 90.&nbsp;gadu beig\u0101s un 21.&nbsp;gs. s\u0101kum\u0101 arh\u012bvs piedz\u012bvoja vienu no liel\u0101kajiem trimdas dokumentu piepl\u016bdumiem. Katru m\u0113nesi arh\u012bvs s\u0101ka sa\u0146emt dokumentu kolekciju s\u016bt\u012bjumus. Piem\u0113ram, 2000.&nbsp;gad\u0101 sa\u0146emti 12 fondi, sast\u0101d\u012bti 25 l\u012bgumi par dokumentu pie\u0146em\u0161anu arh\u012bva glab\u0101\u0161an\u0101 un pusgada griezum\u0101 izs\u016bt\u012btas 268 v\u0113stules, uzturot kontaktus ar diasporu. LVA taj\u0101 laik\u0101 bija apciemoju\u0161i 18 potenci\u0101lo arh\u012bvu d\u0101vin\u0101t\u0101ji. 2000.&nbsp;gada septembr\u012b ar Pasaules br\u012bvo latvie\u0161u apvien\u012bbas atbalstu un Personu fondu un trimdas dokumentu noda\u013cas vad\u012bt\u0101ja M\u0101ra Bran\u010da uz\u0146\u0113m\u012bbu tika organiz\u0113ta otr\u0101 \u201cTrimdas arh\u012bvi atgrie\u017eas\u201d konference.<\/p>\n\n\n\n<p class=\"has-text-align-center\"><strong>Konference &#8220;Trimdas arh\u012bvi atgrie\u017eas&#8221; 1996.gada 10.decembr\u012b Latvijas Akad\u0113miskaj\u0101 bibliot\u0113k\u0101.<\/strong><\/p>\n\n\n\n<div class=\"wp-block-columns is-layout-flex wp-container-core-columns-is-layout-28f84493 wp-block-columns-is-layout-flex\">\n<div class=\"wp-block-column is-layout-flow wp-block-column-is-layout-flow\">\n<figure class=\"wp-block-image size-large\"><img loading=\"lazy\" decoding=\"async\" width=\"1024\" height=\"683\" src=\"https:\/\/www.archiv.org.lv\/lva60\/wp-content\/uploads\/2021\/12\/img121-2-1024x683.jpg\" alt=\"\" class=\"wp-image-577\" srcset=\"https:\/\/www.archiv.org.lv\/lva60\/wp-content\/uploads\/2021\/12\/img121-2-1024x683.jpg 1024w, https:\/\/www.archiv.org.lv\/lva60\/wp-content\/uploads\/2021\/12\/img121-2-300x200.jpg 300w, https:\/\/www.archiv.org.lv\/lva60\/wp-content\/uploads\/2021\/12\/img121-2-768x512.jpg 768w, https:\/\/www.archiv.org.lv\/lva60\/wp-content\/uploads\/2021\/12\/img121-2-1536x1025.jpg 1536w, https:\/\/www.archiv.org.lv\/lva60\/wp-content\/uploads\/2021\/12\/img121-2.jpg 1775w\" sizes=\"auto, (max-width: 1024px) 100vw, 1024px\" \/><figcaption>Konferences prezidij\u0101 LVA direktore Daina K\u013cavi\u0146a (st\u0101v) un Latvijas Akad\u0113misk\u0101s bibliot\u0113kas direktora vietniece Venta Kocere. Avots: LNA LVA priv\u0101tais arh\u012bvs.<\/figcaption><\/figure>\n\n\n\n<figure class=\"wp-block-image size-large\"><img loading=\"lazy\" decoding=\"async\" width=\"1024\" height=\"684\" src=\"https:\/\/www.archiv.org.lv\/lva60\/wp-content\/uploads\/2021\/12\/img122-2-1024x684.jpg\" alt=\"\" class=\"wp-image-578\" srcset=\"https:\/\/www.archiv.org.lv\/lva60\/wp-content\/uploads\/2021\/12\/img122-2-1024x684.jpg 1024w, https:\/\/www.archiv.org.lv\/lva60\/wp-content\/uploads\/2021\/12\/img122-2-300x200.jpg 300w, https:\/\/www.archiv.org.lv\/lva60\/wp-content\/uploads\/2021\/12\/img122-2-768x513.jpg 768w, https:\/\/www.archiv.org.lv\/lva60\/wp-content\/uploads\/2021\/12\/img122-2-1536x1026.jpg 1536w, https:\/\/www.archiv.org.lv\/lva60\/wp-content\/uploads\/2021\/12\/img122-2.jpg 1781w\" sizes=\"auto, (max-width: 1024px) 100vw, 1024px\" \/><figcaption>Konferences dal\u012bbnieki. Avots: LNA LVA priv\u0101tais arh\u012bvs.<\/figcaption><\/figure>\n<\/div>\n\n\n\n<div class=\"wp-block-column is-layout-flow wp-block-column-is-layout-flow\">\n<figure class=\"wp-block-image size-large\"><img loading=\"lazy\" decoding=\"async\" width=\"686\" height=\"1024\" src=\"https:\/\/www.archiv.org.lv\/lva60\/wp-content\/uploads\/2021\/12\/img123-2-686x1024.jpg\" alt=\"\" class=\"wp-image-576\" srcset=\"https:\/\/www.archiv.org.lv\/lva60\/wp-content\/uploads\/2021\/12\/img123-2-686x1024.jpg 686w, https:\/\/www.archiv.org.lv\/lva60\/wp-content\/uploads\/2021\/12\/img123-2-201x300.jpg 201w, https:\/\/www.archiv.org.lv\/lva60\/wp-content\/uploads\/2021\/12\/img123-2-768x1146.jpg 768w, https:\/\/www.archiv.org.lv\/lva60\/wp-content\/uploads\/2021\/12\/img123-2-1030x1536.jpg 1030w, https:\/\/www.archiv.org.lv\/lva60\/wp-content\/uploads\/2021\/12\/img123-2.jpg 1185w\" sizes=\"auto, (max-width: 686px) 100vw, 686px\" \/><figcaption>Tolaik v\u0113l LVA Kult\u016bras dokumentu da\u013cas vad\u012bt\u0101js M\u0101ris Brancis uzst\u0101jas ar refer\u0101tu. M.Brancim bija noz\u012bm\u012bga loma kontaktu veicin\u0101\u0161an\u0101 ar trimdas latvie\u0161iem. Avots: LNA LVA priv\u0101tais arh\u012bvs.<\/figcaption><\/figure>\n<\/div>\n<\/div>\n\n\n\n<p class=\"has-text-align-center\">Viens no pirmajiem noz\u012bm\u012bg\u0101kajiem komand\u0113jumiem trimdas arh\u012bvu v\u0101k\u0161an\u0101 bija 1997.&nbsp;gad\u0101, kad ar biju\u0161\u0101 Amerikas Latvie\u0161u apvien\u012bbas priek\u0161s\u0113\u017ea J\u0101\u0146a Kukai\u0146a g\u0101d\u012bbu LVA bija iesp\u0113ja sa\u0146emt Latvie\u0161u studiju centra Kalamaz\u016b ASV v\u0113rien\u012bgo arh\u012bvu. LVA uzdevum\u0101 uz \u010detriem m\u0113ne\u0161iem Kalamaz\u016b tika nos\u016bt\u012bts arh\u012bva eksperts Guntis \u0160v\u012bti\u0146\u0161, kur\u0161 str\u0101d\u0101ja pie dokumentu apzin\u0101\u0161anas, komplekt\u0113\u0161anas un to nos\u016bt\u012b\u0161anas uz Latviju. Pirms tam ar Latvie\u0161u studiju centra arh\u012bvu un Kalamaz\u016b latvie\u0161u sabiedrisk\u0101s dz\u012bves darbo\u0146iem bija iesp\u0113ja iepaz\u012bties LVA direktorei Dainai K\u013cavi\u0146ai un Kult\u016bras dokumentu da\u013cas vad\u012bt\u0101jam M\u0101rim Brancim Amerikas Latvie\u0161u apvien\u012bbas 46.&nbsp;kongresa apmekl\u0113juma ietvaros \u010cik\u0101g\u0101 1997.&nbsp;gada 1.\u201310.&nbsp;maij\u0101.<\/p>\n\n\n\n<div class=\"wp-block-columns is-layout-flex wp-container-core-columns-is-layout-28f84493 wp-block-columns-is-layout-flex\">\n<div class=\"wp-block-column is-layout-flow wp-block-column-is-layout-flow\">\n<figure class=\"wp-block-image alignwide size-large\"><a href=\"https:\/\/www.archiv.org.lv\/lva60\/wp-content\/uploads\/2021\/12\/img132-2.jpg\"><img loading=\"lazy\" decoding=\"async\" width=\"1024\" height=\"674\" src=\"https:\/\/www.archiv.org.lv\/lva60\/wp-content\/uploads\/2021\/12\/img132-2-1024x674.jpg\" alt=\"\" class=\"wp-image-580\" srcset=\"https:\/\/www.archiv.org.lv\/lva60\/wp-content\/uploads\/2021\/12\/img132-2-1024x674.jpg 1024w, https:\/\/www.archiv.org.lv\/lva60\/wp-content\/uploads\/2021\/12\/img132-2-300x197.jpg 300w, https:\/\/www.archiv.org.lv\/lva60\/wp-content\/uploads\/2021\/12\/img132-2-768x505.jpg 768w, https:\/\/www.archiv.org.lv\/lva60\/wp-content\/uploads\/2021\/12\/img132-2-1536x1011.jpg 1536w, https:\/\/www.archiv.org.lv\/lva60\/wp-content\/uploads\/2021\/12\/img132-2.jpg 1764w\" sizes=\"auto, (max-width: 1024px) 100vw, 1024px\" \/><\/a><figcaption>Tik\u0161an\u0101s ar Kalamaz\u016b latvie\u0161u sabiedrisk\u0101s dz\u012bves vad\u012bt\u0101jiem Latvie\u0161u studiju centra valdes priek\u0161s\u0113\u017ea Valda Mui\u017enieka m\u0101j\u0101s. Pirmaj\u0101 rind\u0101 no kr. &#8211; Roberts Zuika, M\u0101ris Brancis, Daina K\u013cavi\u0146a. Otraj\u0101 rind\u0101 &#8211; L\u012bksma V\u0101rpa, Arnolds Sildegs, Maira Bund\u017ea, Andris Ub\u0101ns, Valdis Mui\u017enieks. Avots: LNA LVA priv\u0101tais arh\u012bvs.<\/figcaption><\/figure>\n<\/div>\n\n\n\n<div class=\"wp-block-column is-layout-flow wp-block-column-is-layout-flow\">\n<figure class=\"wp-block-image alignwide size-large\"><a href=\"https:\/\/www.archiv.org.lv\/lva60\/wp-content\/uploads\/2021\/12\/img131-2.jpg\"><img loading=\"lazy\" decoding=\"async\" width=\"1024\" height=\"686\" src=\"https:\/\/www.archiv.org.lv\/lva60\/wp-content\/uploads\/2021\/12\/img131-2-1024x686.jpg\" alt=\"\" class=\"wp-image-582\" srcset=\"https:\/\/www.archiv.org.lv\/lva60\/wp-content\/uploads\/2021\/12\/img131-2-1024x686.jpg 1024w, https:\/\/www.archiv.org.lv\/lva60\/wp-content\/uploads\/2021\/12\/img131-2-300x201.jpg 300w, https:\/\/www.archiv.org.lv\/lva60\/wp-content\/uploads\/2021\/12\/img131-2-768x514.jpg 768w, https:\/\/www.archiv.org.lv\/lva60\/wp-content\/uploads\/2021\/12\/img131-2-1536x1029.jpg 1536w, https:\/\/www.archiv.org.lv\/lva60\/wp-content\/uploads\/2021\/12\/img131-2.jpg 1759w\" sizes=\"auto, (max-width: 1024px) 100vw, 1024px\" \/><\/a><figcaption>Latvie\u0161u studiju centra arh\u012bvs Kalamaz\u016b. Vid\u016b centra vad\u012bt\u0101js Valdis Mui\u017enieks. Avots: LNA LVA  priv\u0101tais arh\u012bvs. <\/figcaption><\/figure>\n<\/div>\n<\/div>\n\n\n\n<div class=\"wp-block-columns is-layout-flex wp-container-core-columns-is-layout-28f84493 wp-block-columns-is-layout-flex\">\n<div class=\"wp-block-column is-layout-flow wp-block-column-is-layout-flow\">\n<figure class=\"wp-block-image alignwide size-large\"><a href=\"https:\/\/www.archiv.org.lv\/lva60\/wp-content\/uploads\/2021\/12\/img133-2.jpg\"><img loading=\"lazy\" decoding=\"async\" width=\"1024\" height=\"724\" src=\"https:\/\/www.archiv.org.lv\/lva60\/wp-content\/uploads\/2021\/12\/img133-2-1024x724.jpg\" alt=\"\" class=\"wp-image-584\" srcset=\"https:\/\/www.archiv.org.lv\/lva60\/wp-content\/uploads\/2021\/12\/img133-2-1024x724.jpg 1024w, https:\/\/www.archiv.org.lv\/lva60\/wp-content\/uploads\/2021\/12\/img133-2-300x212.jpg 300w, https:\/\/www.archiv.org.lv\/lva60\/wp-content\/uploads\/2021\/12\/img133-2-768x543.jpg 768w, https:\/\/www.archiv.org.lv\/lva60\/wp-content\/uploads\/2021\/12\/img133-2.jpg 1450w\" sizes=\"auto, (max-width: 1024px) 100vw, 1024px\" \/><\/a><figcaption>Guntis \u0160v\u012bti\u0146\u0161 darba viet\u0101 Latvie\u0161u studiju centra bibliot\u0113k\u0101. Avots: LNA LVA priv\u0101tais arh\u012bvs.<\/figcaption><\/figure>\n<\/div>\n\n\n\n<div class=\"wp-block-column is-layout-flow wp-block-column-is-layout-flow\">\n<figure class=\"wp-block-image alignwide size-large\"><a href=\"https:\/\/www.archiv.org.lv\/lva60\/wp-content\/uploads\/2021\/12\/img134-2.jpg\"><img loading=\"lazy\" decoding=\"async\" width=\"1024\" height=\"685\" src=\"https:\/\/www.archiv.org.lv\/lva60\/wp-content\/uploads\/2021\/12\/img134-2-1024x685.jpg\" alt=\"\" class=\"wp-image-585\" srcset=\"https:\/\/www.archiv.org.lv\/lva60\/wp-content\/uploads\/2021\/12\/img134-2-1024x685.jpg 1024w, https:\/\/www.archiv.org.lv\/lva60\/wp-content\/uploads\/2021\/12\/img134-2-300x201.jpg 300w, https:\/\/www.archiv.org.lv\/lva60\/wp-content\/uploads\/2021\/12\/img134-2-768x514.jpg 768w, https:\/\/www.archiv.org.lv\/lva60\/wp-content\/uploads\/2021\/12\/img134-2-1536x1028.jpg 1536w, https:\/\/www.archiv.org.lv\/lva60\/wp-content\/uploads\/2021\/12\/img134-2.jpg 1753w\" sizes=\"auto, (max-width: 1024px) 100vw, 1024px\" \/><\/a><figcaption>Kalamaz\u016b, 1997.gada 14.oktobris. Br\u012bdis pirms konteineris uzs\u0101k ce\u013cu uz \u0145ujorkas ostu. Galvenie darba veic\u0113ji &#8211; latvie\u0161i no Kalamaz\u016b un tuv\u0101k\u0101s apk\u0101rtnes.  Avots: LNA LVA priv\u0101tais arh\u012bvs. <\/figcaption><\/figure>\n<\/div>\n<\/div>\n\n\n\n<p class=\"has-text-align-center\"> Sadarb\u012bba un draudz\u012bba ar liel\u0101ko latvie\u0161u glob\u0101lo organiz\u0101ciju \u2013 Pasaules br\u012bvo latvie\u0161u apvien\u012bbu realiz\u0113jusies vair\u0101kos kop\u012bgos projektos, piem\u0113ram, kop\u012bgi organiz\u0113jot starptautisko konferenci un izst\u0101di \u201cLatvie\u0161u b\u0113g\u013cu gaitas V\u0101cij\u0101, 1944\u20131949\u201d 2000.&nbsp;gada 15.&nbsp;septembr\u012b. Gadu v\u0113l\u0101k tapa izst\u0101de par godu Pasaules br\u012bvo latvie\u0161u apvien\u012bbas 45. dibin\u0101\u0161anas gadsk\u0101rtai 2001.&nbsp;gad\u0101. Izst\u0101d\u0113 LVA galveno uzman\u012bbu piev\u0113rsa \u0161\u012bs apvien\u012bbas dibin\u0101\u0161anas procesam un politiskajai darb\u012bbai \u2013 l\u012bdzdal\u012bbai un demonstr\u0101cij\u0101m Eiropas Dro\u0161\u012bbas konferenc\u0113s Helsinkos, \u017den\u0113v\u0101, V\u012bn\u0113, Madrid\u0113, Stokholm\u0101, Budape\u0161t\u0101 un Bern\u0113, k\u0101 ar\u012b Baltijas valstu apvien\u012bbu sadarb\u012bbai, Baltijas tribun\u0101lam Kopenh\u0101gen\u0101 un Baltie\u0161u Br\u012bv\u012bbas un miera ku\u0123a braucienam 1985.&nbsp;gad\u0101. Tika izdots ar\u012b rakstu un arh\u012bva materi\u0101lu kr\u0101jums \u201cPasaules br\u012bvo latvie\u0161u apvien\u012bbai 45\u201d.<\/p>\n\n\n\n<p class=\"has-text-align-center\">Ar\u012b turpm\u0101kajos gados Pasaules br\u012bvo latvie\u0161u apvien\u012bba ir atbalst\u012bjusi da\u017e\u0101dus Latvijas Valsts arh\u012bva organiz\u0113tos pas\u0101kumus, kas velt\u012bti trimdas dokument\u0101rajam mantojumam, piem\u0113ram, no 2004.&nbsp;gada 30.&nbsp;septembra l\u012bdz 2.&nbsp;oktobrim R\u012bgas Latvie\u0161u biedr\u012bbas nam\u0101 notika Pasaules br\u012bvo latvie\u0161u apvien\u012bbas kult\u016bras fonda un Latvijas Valsts arh\u012bva r\u012bkota konference \u201cTrimda, kult\u016bra, nacion\u0101l\u0101 identit\u0101te\u201d, kas ir l\u012bdz \u0161im v\u0113rien\u012bg\u0101k\u0101 trimdas jaut\u0101jumiem velt\u012bt\u0101 konference ar m\u0113r\u0137i izv\u0113rt\u0113t trimdas kult\u016bras noz\u012bmi latvisk\u0101s identit\u0101tes saglab\u0101\u0161an\u0101.<\/p>\n\n\n\n<div class=\"wp-block-columns is-layout-flex wp-container-core-columns-is-layout-28f84493 wp-block-columns-is-layout-flex\">\n<div class=\"wp-block-column is-layout-flow wp-block-column-is-layout-flow\">\n<figure class=\"wp-block-image alignwide size-large\"><a href=\"https:\/\/www.archiv.org.lv\/lva60\/wp-content\/uploads\/2021\/12\/img147-2.jpg\"><img loading=\"lazy\" decoding=\"async\" width=\"1024\" height=\"693\" src=\"https:\/\/www.archiv.org.lv\/lva60\/wp-content\/uploads\/2021\/12\/img147-2-1024x693.jpg\" alt=\"\" class=\"wp-image-599\" srcset=\"https:\/\/www.archiv.org.lv\/lva60\/wp-content\/uploads\/2021\/12\/img147-2-1024x693.jpg 1024w, https:\/\/www.archiv.org.lv\/lva60\/wp-content\/uploads\/2021\/12\/img147-2-300x203.jpg 300w, https:\/\/www.archiv.org.lv\/lva60\/wp-content\/uploads\/2021\/12\/img147-2-768x520.jpg 768w, https:\/\/www.archiv.org.lv\/lva60\/wp-content\/uploads\/2021\/12\/img147-2-1536x1040.jpg 1536w, https:\/\/www.archiv.org.lv\/lva60\/wp-content\/uploads\/2021\/12\/img147-2-2048x1387.jpg 2048w, https:\/\/www.archiv.org.lv\/lva60\/wp-content\/uploads\/2021\/12\/img147-2-2000x1354.jpg 2000w\" sizes=\"auto, (max-width: 1024px) 100vw, 1024px\" \/><\/a><figcaption>Izst\u0101des &#8220;Pasaules br\u012bvo latvie\u0161u apvien\u012bbai 45&#8221; atkl\u0101\u0161ana R\u012bgas Latvie\u0161u biedr\u012bbas nam\u0101 2001.gada 10.august\u0101. No kreis\u0101s: LVA Personu fondu un trimdas dokumentu da\u013cas vad\u012bt\u0101js M\u0101ris Brancis, Latvijas Valsts prezidente Vaira V\u012b\u0137e-Freiberga, LVA direktore Daina K\u013cavi\u0146a, PBLA valdes priek\u0161s\u0113d\u0113t\u0101js Andrejs Ozoli\u0146\u0161. Avots: LNA LVA priv\u0101tais arh\u012bvs.<\/figcaption><\/figure>\n<\/div>\n\n\n\n<div class=\"wp-block-column is-layout-flow wp-block-column-is-layout-flow\">\n<figure class=\"wp-block-image alignwide size-large\"><a href=\"https:\/\/www.archiv.org.lv\/lva60\/wp-content\/uploads\/2021\/12\/img148-2.jpg\"><img loading=\"lazy\" decoding=\"async\" width=\"1024\" height=\"635\" src=\"https:\/\/www.archiv.org.lv\/lva60\/wp-content\/uploads\/2021\/12\/img148-2-1024x635.jpg\" alt=\"\" class=\"wp-image-600\" srcset=\"https:\/\/www.archiv.org.lv\/lva60\/wp-content\/uploads\/2021\/12\/img148-2-1024x635.jpg 1024w, https:\/\/www.archiv.org.lv\/lva60\/wp-content\/uploads\/2021\/12\/img148-2-300x186.jpg 300w, https:\/\/www.archiv.org.lv\/lva60\/wp-content\/uploads\/2021\/12\/img148-2-768x476.jpg 768w, https:\/\/www.archiv.org.lv\/lva60\/wp-content\/uploads\/2021\/12\/img148-2-1536x953.jpg 1536w, https:\/\/www.archiv.org.lv\/lva60\/wp-content\/uploads\/2021\/12\/img148-2-2048x1270.jpg 2048w, https:\/\/www.archiv.org.lv\/lva60\/wp-content\/uploads\/2021\/12\/img148-2-2000x1240.jpg 2000w\" sizes=\"auto, (max-width: 1024px) 100vw, 1024px\" \/><\/a><figcaption> Izst\u0101des &#8220;Pasaules br\u012bvo latvie\u0161u apvien\u012bbai 45&#8221; atkl\u0101\u0161ana R\u012bgas Latvie\u0161u biedr\u012bbas nam\u0101 2001.gada 10.august\u0101.  Izst\u0101des apmekl\u0113t\u0101ji. Avots: LNA LVA priv\u0101tais arh\u012bvs. <\/figcaption><\/figure>\n<\/div>\n<\/div>\n\n\n\n<div class=\"wp-block-columns is-layout-flex wp-container-core-columns-is-layout-28f84493 wp-block-columns-is-layout-flex\">\n<div class=\"wp-block-column is-layout-flow wp-block-column-is-layout-flow\">\n<p class=\"has-text-align-center\">Latvijas Valsts arh\u012bvs vair\u0101ku gadu garum\u0101 ir akt\u012bvi iesaist\u012bjies Amerikas Latvie\u0161u apvien\u012bbas r\u012bkotaj\u0101 projekt\u0101 \u201cSveika, Latvija\u201d, kas ir izgl\u012btojo\u0161a programma Amerikas, Kan\u0101das un Austr\u0101lijas jaunie\u0161iem, lai Latvij\u0101 iepaz\u012btos ar latvie\u0161u kult\u016bru, trad\u012bcij\u0101m un dotu ierosmi latviskuma saglab\u0101\u0161an\u0101. Jaunie\u0161i arh\u012bv\u0101 tiek iepaz\u012bstin\u0101ti ar dokumentu kr\u0101jumu un to specifiku, \u013caujot iel\u016bkoties dokumentos, kas n\u0101ku\u0161i no vi\u0146u valst\u012bm, k\u0101 ar\u012b iesp\u0113j\u0101m mekl\u0113t inform\u0101ciju par saviem latvie\u0161u izcelsmes radiniekiem. Tas vienm\u0113r ir rosin\u0101jis jaunie\u0161us daudz cit\u0101d\u0101k pal\u016bkoties uz savas \u0123imenes fotogr\u0101fij\u0101m un dokumentiem.<\/p>\n<\/div>\n\n\n\n<div class=\"wp-block-column is-layout-flow wp-block-column-is-layout-flow\">\n<figure class=\"wp-block-image alignwide size-large\"><a href=\"https:\/\/www.archiv.org.lv\/lva60\/wp-content\/uploads\/2021\/12\/xIMG_3072-scaled.jpg\"><img loading=\"lazy\" decoding=\"async\" width=\"1024\" height=\"683\" src=\"https:\/\/www.archiv.org.lv\/lva60\/wp-content\/uploads\/2021\/12\/xIMG_3072-1024x683.jpg\" alt=\"\" class=\"wp-image-608\" srcset=\"https:\/\/www.archiv.org.lv\/lva60\/wp-content\/uploads\/2021\/12\/xIMG_3072-1024x683.jpg 1024w, https:\/\/www.archiv.org.lv\/lva60\/wp-content\/uploads\/2021\/12\/xIMG_3072-300x200.jpg 300w, https:\/\/www.archiv.org.lv\/lva60\/wp-content\/uploads\/2021\/12\/xIMG_3072-768x512.jpg 768w, https:\/\/www.archiv.org.lv\/lva60\/wp-content\/uploads\/2021\/12\/xIMG_3072-1536x1024.jpg 1536w, https:\/\/www.archiv.org.lv\/lva60\/wp-content\/uploads\/2021\/12\/xIMG_3072-2048x1366.jpg 2048w, https:\/\/www.archiv.org.lv\/lva60\/wp-content\/uploads\/2021\/12\/xIMG_3072-2000x1334.jpg 2000w\" sizes=\"auto, (max-width: 1024px) 100vw, 1024px\" \/><\/a><figcaption>Amerikas latvie\u0161u apvien\u012bbas izgl\u012btojo\u0161\u0101 ce\u013cojuma \u201eSveika Latvija!\u201d dal\u012bbnieki no Kan\u0101das un ASV, kuri bija m\u0101c\u012bju\u0161ies latvie\u0161u sestdienas skol\u0101s un \u201eGarezera\u201d vasaras vidusskol\u0101 (ASV). 2010.gads. Avots: LNA LVA priv\u0101tais arh\u012bvs.<\/figcaption><\/figure>\n<\/div>\n<\/div>\n\n\n\n<p class=\"has-text-align-center\">Pa\u0161laik LVA glab\u0101jas liel\u0101k\u0101 da\u013ca Latvij\u0101 non\u0101ku\u0161o trimdas dokumentu. P\u0113d\u0113jos gados trimdas arh\u012bvu ieg\u016b\u0161ana vairs nav tik intens\u012bva, k\u0101 tas bija k\u0101dreiz, ta\u010du darbs pie trimdas dokumentu apzin\u0101\u0161anas un ieg\u016b\u0161anas notiek joproj\u0101m. Latvie\u0161u diaspor\u0101 mainoties paaudz\u0113m, soci\u0101lpolitiskajiem un kult\u016bras aspektiem, informat\u012bvais darbs par tautie\u0161u iesp\u0113j\u0101m nodot savu dokument\u0101ro mantojumu nekad nezaud\u0113 aktualit\u0101ti. P\u0113d\u0113jos gados arh\u012bvs ieguvis t\u0101dus noz\u012bm\u012bgus fondus k\u0101 \u201cBaltie\u0161u aicin\u0101jums Apvienotaj\u0101m N\u0101cij\u0101m, BATUN (ASV)\u201d, \u201cRonis Indulis (1943\u20132016), v\u0113sturnieks\u201d, \u201cTautas deju un dziesmu ansamblis \u201cSaules josta\u201d (Austr\u0101lija)\u201d, \u201cLatvijas Br\u012bv\u012bbas fonds (ASV)\u201d, \u201cGrava Uldis Ivars (1938\u20132018), \u017eurn\u0101lists, sabiedriskais darbinieks, politi\u0137is (ASV, Latvija)\u201d, \u201cB\u0113rzi\u0146\u0161 Ivars (dz.&nbsp;1936), jurists (ASV)\u201d, \u201cPl\u016bdons Varimants (dz. 1928), Daugavas Vanagu priek\u0161nieks un Daugavas Vanagu Centr\u0101l\u0101s valdes priek\u0161s\u0113dis (Kan\u0101da)\u201d u.c.<\/p>\n\n\n\n<p><\/p>\n\n\n\n<h2 class=\"wp-block-heading\">Dokumentu populariz\u0113\u0161ana<\/h2>\n\n\n\n<p class=\"has-text-align-center\">20.&nbsp;gs. 90.&nbsp;gadu s\u0101kum\u0101 arh\u012bvs s\u0101ka pl\u0101not lielu publik\u0101ciju apjomu.&nbsp;Tika uzs\u0101kta dokumentu apzin\u0101\u0161ana un izp\u0113te, intens\u012bvs un daudzsolo\u0161s darbs zin\u0101tniskaj\u0101 izdevniec\u012bb\u0101, t\u0101d\u0113j\u0101di aizs\u0101kot jaunu apgaism\u012bbas posmu padomju laika falsific\u0113taj\u0101 un cenz\u016bras m\u0101ktaj\u0101 Latvijas v\u0113stur\u0113. V\u0113l 1989.&nbsp;gad\u0101 galven\u0101s p\u0113tniec\u012bbas t\u0113mas bija revolucion\u0101r\u0101 c\u012b\u0146a par padomju varas nodibin\u0101\u0161anu un soci\u0101lisma celtniec\u012bbas v\u0113sture, bet 90.&nbsp;gadu ieska\u0146\u0101 s\u0101ka p\u0113t\u012bt un publik\u0101cij\u0101s apkopot t\u0101das padomju re\u017e\u012bmam nev\u0113lamas un sensit\u012bvas t\u0113mas k\u0101 sarkanais terors Latvij\u0101 1919.&nbsp;gad\u0101, latvie\u0161u le\u0123ion\u0101ri Otraj\u0101 pasaules kar\u0101, Latvijas Republikas 20. un 30.&nbsp;gadu v\u0113stures probl\u0113mas, sta\u013cinisk\u0101s represijas, PSRS bru\u0146oto sp\u0113ku nodar\u012btie zaud\u0113jumi un b\u0101re\u0146u probl\u0113ma. Piem\u0113ram, jau 1993.&nbsp;gad\u0101 tika pabeigti un sagatavoti izdo\u0161anai divi dokumentu kr\u0101jumi \u201cLielinieku un latvie\u0161u str\u0113lnieku attiec\u012bbas, 1915\u20131920\u201d un \u201cIzpost\u012bt\u0101 zeme. PSRS okup\u0101cijas armijas nodar\u012btie zaud\u0113jumi Latvijas kult\u016brvidei\u201d, kam sekoja turpin\u0101jums 1997. un 1998.&nbsp;gad\u0101.<\/p>\n\n\n\n<p class=\"has-text-align-center\">Viss arh\u012bva darbs dokumentu uzkr\u0101\u0161an\u0101 un saglab\u0101\u0161an\u0101 maksim\u0101li tika virz\u012bts uz to, lai inform\u0101cija non\u0101ktu aprit\u0113 un tiktu izmantota. Arh\u012bva dokumentu populariz\u0101cijas jom\u0101 bija noteikti \u0161\u0101di uzdevumi:<\/p>\n\n\n\n<ul class=\"wp-block-list\" type=\"1\"><li>Uzzi\u0146u, informat\u012bvu materi\u0101lu par fondu sast\u0101vu, rokasgr\u0101matu izdo\u0161ana.<\/li><li>Dokumentu kr\u0101jumu, monogr\u0101fiju sagatavo\u0161ana un izdo\u0161ana.<\/li><li>Arheogr\u0101fisko metodiku sagatavo\u0161ana da\u017e\u0101da veida dokumentu kr\u0101jumu izdo\u0161anai.<\/li><li>Arh\u012bva izdevniec\u012bbas pl\u0101na regul\u0101ra sagatavo\u0161ana.<\/li><li>\u017durn\u0101la \u201cLatvijas arh\u012bvi\u201d sagatavo\u0161ana un izdo\u0161ana.<\/li><li>Arh\u012bva darba un dokumentu populariz\u0101cija radio, telev\u012bzij\u0101 pres\u0113, semin\u0101ros, konferenc\u0113s utt.<\/li><\/ul>\n\n\n\n<div class=\"wp-block-columns is-layout-flex wp-container-core-columns-is-layout-28f84493 wp-block-columns-is-layout-flex\">\n<div class=\"wp-block-column is-layout-flow wp-block-column-is-layout-flow\">\n<p class=\"has-text-align-center\"> 1993.&nbsp;gad\u0101 LVA Publik\u0101ciju noda\u013ca sagatavoja izdo\u0161anai \u017eurn\u0101la \u201cLatvijas Arh\u012bvi\u201d 1.&nbsp;numuru, veicot darbu ar autoriem, dokumentu publik\u0101ciju, p\u0113t\u012bjumu un rakstu sagatavo\u0161anu, recenz\u0113\u0161anu, redi\u0123\u0113\u0161anu un tulko\u0161anu, radot \u017eurn\u0101la m\u0101ksliniecisko noform\u0113jumu, maketu, tekstus sagatavojot tipogr\u0101fiskajiem procesiem. \u017durn\u0101l\u0101 kopum\u0101 tika sagatavotas 29 arh\u012bva darbinieku publik\u0101cijas.<\/p>\n\n\n\n<figure class=\"wp-block-image size-large\"><img loading=\"lazy\" decoding=\"async\" width=\"1024\" height=\"737\" src=\"https:\/\/www.archiv.org.lv\/lva60\/wp-content\/uploads\/2021\/12\/IMG_20211202_122745-1024x737.jpg\" alt=\"\" class=\"wp-image-618\" srcset=\"https:\/\/www.archiv.org.lv\/lva60\/wp-content\/uploads\/2021\/12\/IMG_20211202_122745-1024x737.jpg 1024w, https:\/\/www.archiv.org.lv\/lva60\/wp-content\/uploads\/2021\/12\/IMG_20211202_122745-300x216.jpg 300w, https:\/\/www.archiv.org.lv\/lva60\/wp-content\/uploads\/2021\/12\/IMG_20211202_122745-768x553.jpg 768w, https:\/\/www.archiv.org.lv\/lva60\/wp-content\/uploads\/2021\/12\/IMG_20211202_122745-1536x1105.jpg 1536w, https:\/\/www.archiv.org.lv\/lva60\/wp-content\/uploads\/2021\/12\/IMG_20211202_122745-2048x1474.jpg 2048w, https:\/\/www.archiv.org.lv\/lva60\/wp-content\/uploads\/2021\/12\/IMG_20211202_122745-2000x1439.jpg 2000w\" sizes=\"auto, (max-width: 1024px) 100vw, 1024px\" \/><figcaption> Latvijas Valsts arh\u012bva \u017eurn\u0101li &#8220;Latvijas Arh\u012bvi&#8221; un pirmais \u017eurn\u0101la pielikums \u201cRepres\u0113to saraksts\u201d. <\/figcaption><\/figure>\n<\/div>\n\n\n\n<div class=\"wp-block-column is-layout-flow wp-block-column-is-layout-flow\">\n<figure class=\"wp-block-image alignwide size-full\"><a href=\"https:\/\/www.archiv.org.lv\/lva60\/wp-content\/uploads\/2021\/12\/LNAKFFDA_F198_M10_0063.png\"><img loading=\"lazy\" decoding=\"async\" width=\"1000\" height=\"761\" src=\"https:\/\/www.archiv.org.lv\/lva60\/wp-content\/uploads\/2021\/12\/LNAKFFDA_F198_M10_0063.png\" alt=\"\" class=\"wp-image-614\" srcset=\"https:\/\/www.archiv.org.lv\/lva60\/wp-content\/uploads\/2021\/12\/LNAKFFDA_F198_M10_0063.png 1000w, https:\/\/www.archiv.org.lv\/lva60\/wp-content\/uploads\/2021\/12\/LNAKFFDA_F198_M10_0063-300x228.png 300w, https:\/\/www.archiv.org.lv\/lva60\/wp-content\/uploads\/2021\/12\/LNAKFFDA_F198_M10_0063-768x584.png 768w\" sizes=\"auto, (max-width: 1000px) 100vw, 1000px\" \/><\/a><figcaption>\u017durn\u0101la &#8220;Latvijas Arh\u012bvi&#8221; pirm\u0101 numura atv\u0113r\u0161anas sv\u0113tki Latvijas Valsts arh\u012bv\u0101 R\u012bg\u0101, Bezdel\u012bgu iel\u0101 1a. Sveik\u0161anas ceremonija. Dal\u012bbniekus uzrun\u0101 Latvijas Valsts arh\u012bvu \u0123ener\u0101ldirektors Valdis \u0160t\u0101ls un Latvijas Valsts arh\u012bva direktore Daina K\u013cavi\u0146a (centr\u0101).<br>R\u012bga, 1994.gada maijs. Foto: Georgijs Jeme\u013cj\u0101novs. Avots: LNA Kinofotofonodokumentu arh\u012bvs. <\/figcaption><\/figure>\n<\/div>\n<\/div>\n\n\n\n<div class=\"wp-block-columns is-layout-flex wp-container-core-columns-is-layout-28f84493 wp-block-columns-is-layout-flex\">\n<div class=\"wp-block-column is-layout-flow wp-block-column-is-layout-flow\">\n<p class=\"has-text-align-center\"> Latvijas Valsts arh\u012bvs \u017eurn\u0101lu \u201cLatvijas Arh\u012bvi\u201d izdeva no 1994. l\u012bdz 1998.&nbsp;gadam (galvenie redaktori Aina Ra\u0146\u0137e, 1994.&nbsp;g.; J\u0101nis Rieksti\u0146\u0161, 1994.\u20131998.&nbsp;g.). \u017durn\u0101lam bija vair\u0101ki pielikumi. 1990.&nbsp;gad\u0101, s\u0101koties reabilit\u0101cijai, Latvijas Republikas Iek\u0161lietu ministrijas Nepamatoti repres\u0113to reabilit\u0101cijas da\u013c\u0101 tika izveidota elektronisk\u0101 datub\u0101ze, un LVA uz t\u0101s pamata 1995.\u20131996.&nbsp;gad\u0101 izdeva \u201cRepres\u0113to sarakstus\u201d.  <\/p>\n\n\n\n<p class=\"has-text-align-center\"> No 1999.&nbsp;gada par \u017eurn\u0101la \u201cLatvijas Arh\u012bvi\u201d izdev\u0113ju k\u013cuva Valsts arh\u012bvu \u0123ener\u0101ldirekcija un Latvijas Valsts v\u0113stures arh\u012bvs. \u017durn\u0101ls tiek izdots v\u0113l joproj\u0101m, t\u0101 izdev\u0113js ir Latvijas Nacion\u0101l\u0101 arh\u012bva Dokumentu publik\u0101ciju un populariz\u0113\u0161anas noda\u013ca. \u017durn\u0101l\u0101 tiek public\u0113ti zin\u0101tniski raksti par arh\u012bvzin\u0101tni, k\u0101 ar\u012b par da\u017e\u0101diem Latvijas v\u0113stures jaut\u0101jumiem, kas tapu\u0161i arh\u012bvu dokumentu p\u0113tniec\u012bbas rezult\u0101t\u0101.<\/p>\n<\/div>\n\n\n\n<div class=\"wp-block-column is-layout-flow wp-block-column-is-layout-flow\">\n<figure class=\"wp-block-image alignwide size-full\"><a href=\"https:\/\/www.archiv.org.lv\/lva60\/wp-content\/uploads\/2021\/12\/LNAKFFDA_F198_M16_0077.png\"><img loading=\"lazy\" decoding=\"async\" width=\"1000\" height=\"737\" src=\"https:\/\/www.archiv.org.lv\/lva60\/wp-content\/uploads\/2021\/12\/LNAKFFDA_F198_M16_0077.png\" alt=\"\" class=\"wp-image-632\" srcset=\"https:\/\/www.archiv.org.lv\/lva60\/wp-content\/uploads\/2021\/12\/LNAKFFDA_F198_M16_0077.png 1000w, https:\/\/www.archiv.org.lv\/lva60\/wp-content\/uploads\/2021\/12\/LNAKFFDA_F198_M16_0077-300x221.png 300w, https:\/\/www.archiv.org.lv\/lva60\/wp-content\/uploads\/2021\/12\/LNAKFFDA_F198_M16_0077-768x566.png 768w\" sizes=\"auto, (max-width: 1000px) 100vw, 1000px\" \/><\/a><figcaption>\u017durn\u0101la &#8220;Latvijas Arh\u012bvi&#8221; pielikuma &#8220;Politiski repres\u0113tie&#8221; atv\u0113r\u0161anas sv\u0113tki Latvijas Valsts arh\u012bv\u0101 R\u012bg\u0101, Bezdel\u012bgu iel\u0101 1a. No kreis\u0101s: 1. Latvijas Valsts arh\u012bvu \u0123ener\u0101ldirektors Valdis \u0160t\u0101ls; 2. Latvijas Valsts arh\u012bvu \u0123ener\u0101ldirektora vietniece Tam\u0101ra Mazure. No lab\u0101s: 1. Latvijas Valsts arh\u012bva direktore Daina K\u013cavi\u0146a. R\u012bga, 1995.gads.  Foto: Georgijs Jeme\u013cj\u0101novs. Avots: LNA Kinofotofonodokumentu arh\u012bvs. <\/figcaption><\/figure>\n<\/div>\n<\/div>\n\n\n\n<p class=\"has-text-align-center\">Lai populariz\u0113tu Latvijas v\u0113sturi, izgl\u012btotu skol\u0113nus, studentus un skolot\u0101jus par&nbsp;Latvijas v\u0113stur\u0113 noz\u012bm\u012bgo deport\u0101cijas t\u0113mu un padar\u012btu iesp\u0113jami pieejamus arh\u012bva dokumentus, kas \u013cautu gan izs\u016bt\u012btajiem Latvijas iedz\u012bvot\u0101jiem, gan vi\u0146u radiniekiem atrast savus v\u0101rdus, 1941.&nbsp;gada 14.&nbsp;j\u016bnija masu deport\u0101cijas 60.&nbsp;gadsk\u0101rt\u0101 tika public\u0113ti saraksti gr\u0101mat\u0101s \u201cAizvestie, 1941.&nbsp;gada 14.&nbsp;j\u016bnijs\u201d un v\u0113l\u0101k ar\u012b \u201cAizvestie, 1949.&nbsp;gada marts\u201d. <\/p>\n\n\n\n<p class=\"has-text-align-center\">Pirmo piemi\u0146as gr\u0101matu \u201cAizvestie\u201d 2001.&nbsp;gada 11.&nbsp;j\u016bnij\u0101 R\u012bgas Latvie\u0161u biedr\u012bbas nam\u0101 atv\u0113ra t\u0101 laika Latvijas Valsts prezidente Vaira V\u012b\u0137e-Freiberga. Gr\u0101matu sagatavoja LVA p\u0113tnieku grupa ar Latvijas v\u0113sturnieku komisijas atbalstu. \u0160is darbs veikts, r\u016bp\u012bgi izp\u0113tot visas LVA fondos eso\u0161\u0101s deport\u0113to personu arh\u012bva lietas, papildus pieprasot zi\u0146as no Krievijas Feder\u0101cijas Iek\u0161lietu ministrijas Galven\u0101 inform\u0101cijas centra, t\u0101d\u0113j\u0101di pirmo reizi kop\u0161 deport\u0101cijas Latvij\u0101 nosaucot visus zin\u0101mos 15&nbsp;424 deport\u0101cijas upurus.<\/p>\n\n\n\n<div class=\"wp-block-columns is-layout-flex wp-container-core-columns-is-layout-28f84493 wp-block-columns-is-layout-flex\">\n<div class=\"wp-block-column is-layout-flow wp-block-column-is-layout-flow\">\n<figure class=\"wp-block-image alignwide size-large\"><a href=\"https:\/\/www.archiv.org.lv\/lva60\/wp-content\/uploads\/2021\/12\/img144-2.jpg\"><img loading=\"lazy\" decoding=\"async\" width=\"1024\" height=\"671\" src=\"https:\/\/www.archiv.org.lv\/lva60\/wp-content\/uploads\/2021\/12\/img144-2-1024x671.jpg\" alt=\"\" class=\"wp-image-621\" srcset=\"https:\/\/www.archiv.org.lv\/lva60\/wp-content\/uploads\/2021\/12\/img144-2-1024x671.jpg 1024w, https:\/\/www.archiv.org.lv\/lva60\/wp-content\/uploads\/2021\/12\/img144-2-300x197.jpg 300w, https:\/\/www.archiv.org.lv\/lva60\/wp-content\/uploads\/2021\/12\/img144-2-768x503.jpg 768w, https:\/\/www.archiv.org.lv\/lva60\/wp-content\/uploads\/2021\/12\/img144-2-1536x1006.jpg 1536w, https:\/\/www.archiv.org.lv\/lva60\/wp-content\/uploads\/2021\/12\/img144-2.jpg 1766w\" sizes=\"auto, (max-width: 1024px) 100vw, 1024px\" \/><\/a><figcaption>Gr\u0101matas &#8220;Aizvestie. 1941.gada 14.j\u016bnijs&#8221; atv\u0113r\u0161ana R\u012bgas latvie\u0161u biedr\u012bbas nam\u0101 2001.gada 11.j\u016bnij\u0101. Gr\u0101matu atver Latvijas Valsts prezidente Vaira-V\u012b\u0137e Freiberga un LVA direktore Daina K\u013cavi\u0146a. Avots: LNA LVA priv\u0101tais arh\u012bvs.<\/figcaption><\/figure>\n<\/div>\n\n\n\n<div class=\"wp-block-column is-layout-flow wp-block-column-is-layout-flow\">\n<figure class=\"wp-block-image alignwide size-large\"><a href=\"https:\/\/www.archiv.org.lv\/lva60\/wp-content\/uploads\/2021\/12\/img145-2.jpg\"><img loading=\"lazy\" decoding=\"async\" width=\"1024\" height=\"670\" src=\"https:\/\/www.archiv.org.lv\/lva60\/wp-content\/uploads\/2021\/12\/img145-2-1024x670.jpg\" alt=\"\" class=\"wp-image-622\" srcset=\"https:\/\/www.archiv.org.lv\/lva60\/wp-content\/uploads\/2021\/12\/img145-2-1024x670.jpg 1024w, https:\/\/www.archiv.org.lv\/lva60\/wp-content\/uploads\/2021\/12\/img145-2-300x196.jpg 300w, https:\/\/www.archiv.org.lv\/lva60\/wp-content\/uploads\/2021\/12\/img145-2-768x503.jpg 768w, https:\/\/www.archiv.org.lv\/lva60\/wp-content\/uploads\/2021\/12\/img145-2-1536x1005.jpg 1536w, https:\/\/www.archiv.org.lv\/lva60\/wp-content\/uploads\/2021\/12\/img145-2.jpg 1771w\" sizes=\"auto, (max-width: 1024px) 100vw, 1024px\" \/><\/a><figcaption>Valsts prezidentes Vairas-V\u012b\u0137es Freibergas velt\u012bjums represij\u0101s cietu\u0161ajam.  Avots: LNA LVA priv\u0101tais arh\u012bvs. <\/figcaption><\/figure>\n<\/div>\n<\/div>\n\n\n\n<div class=\"wp-block-columns is-layout-flex wp-container-core-columns-is-layout-28f84493 wp-block-columns-is-layout-flex\">\n<div class=\"wp-block-column is-layout-flow wp-block-column-is-layout-flow\">\n<p class=\"has-text-align-center\"> Kop\u0161 90.&nbsp;gadu s\u0101kuma arh\u012bvs laidis klaj\u0101 daudz v\u0113rt\u012bgu dokumentu, konferen\u010du refer\u0101tu un izzi\u0146u kr\u0101jumus, piem\u0113ram, \u201cTauta. Zeme. Valsts. Latvijas Nacion\u0101l\u0101s neatkar\u012bbas kust\u012bba dokumentos\u201d (1995.&nbsp;g.), \u201cNeatkar\u012bbas atg\u016b\u0161ana Atmodas laiks dokumentos\u201d (1996.&nbsp;g.), \u201cSkolu jaunatne nacion\u0101laj\u0101 c\u012b\u0146\u0101, 1940\u20131941\u201d (1997.&nbsp;g.), \u201cK\u0101rlis Miesnieks. Z\u012bm\u0113jumi\u201d (1998.&nbsp;g.), \u201cOkup\u0101cijas varu politika Latvij\u0101, 1939\u20131991\u201d (1999.&nbsp;g.), \u201cPasaules br\u012bvo latvie\u0161u apvien\u012bbas darb\u012bbas apskats, 1956\u20132001\u201d (2001.&nbsp;g.), \u201cMigranti Latvij\u0101, 1944\u20131989\u201d (2004.&nbsp;g.), \u201cRepresijas pret latvie\u0161iem PSRS, 1937\u20131938\u201d (2009.&nbsp;g.) u.&nbsp;c. Daudzi izdevumi sp\u0113ju\u0161i izn\u0101kt, pateicoties da\u017e\u0101du organiz\u0101ciju finansi\u0101lam atbalstam, piem\u0113ram, \u201cDaugavas Vanagu\u201d un Latvie\u0161u fonda ziedojumam dokumentu kr\u0101juma \u201cRepresijas Latvijas laukos, 1944\u20131949\u201d sagatavo\u0161an\u0101 un izdo\u0161an\u0101 2000.&nbsp;gad\u0101.<\/p>\n<\/div>\n\n\n\n<div class=\"wp-block-column is-layout-flow wp-block-column-is-layout-flow\">\n<figure class=\"wp-block-image alignwide size-large\"><a href=\"https:\/\/www.archiv.org.lv\/lva60\/wp-content\/uploads\/2021\/12\/img138-3.jpg\"><img loading=\"lazy\" decoding=\"async\" width=\"1024\" height=\"667\" src=\"https:\/\/www.archiv.org.lv\/lva60\/wp-content\/uploads\/2021\/12\/img138-3-1024x667.jpg\" alt=\"\" class=\"wp-image-624\" srcset=\"https:\/\/www.archiv.org.lv\/lva60\/wp-content\/uploads\/2021\/12\/img138-3-1024x667.jpg 1024w, https:\/\/www.archiv.org.lv\/lva60\/wp-content\/uploads\/2021\/12\/img138-3-300x195.jpg 300w, https:\/\/www.archiv.org.lv\/lva60\/wp-content\/uploads\/2021\/12\/img138-3-768x500.jpg 768w, https:\/\/www.archiv.org.lv\/lva60\/wp-content\/uploads\/2021\/12\/img138-3-1536x1001.jpg 1536w, https:\/\/www.archiv.org.lv\/lva60\/wp-content\/uploads\/2021\/12\/img138-3.jpg 1773w\" sizes=\"auto, (max-width: 1024px) 100vw, 1024px\" \/><\/a><figcaption>Dokumentu kr\u0101juma &#8220;Okup\u0101cijas varu politika Latvij\u0101. 1939-1991&#8221; atv\u0113r\u0161ana Latvijas M\u0101kslas muzej\u0101 1999.gada 14.j\u016bnij\u0101. Gr\u0101matas atv\u0113r\u0161an\u0101 run\u0101 Latvijas Valsts prezidents Guntis Ulmanis. Avots: LNA LVA priv\u0101tais arh\u012bvs.<\/figcaption><\/figure>\n<\/div>\n<\/div>\n\n\n\n<p class=\"has-text-align-center\">2004.&nbsp;gad\u0101 tapa \u201cLatvijas Valsts arh\u012bva Fondu r\u0101d\u012bt\u0101js\u201d, kas bija vair\u0101ku gadu darba rezult\u0101ts. Tas faktiski bija pirmais fondu r\u0101d\u012bt\u0101js atjaunot\u0101s Latvijas Republikas laik\u0101 un pirmais izdevums latvie\u0161u valod\u0101.<\/p>\n\n\n\n<div class=\"wp-block-columns is-layout-flex wp-container-core-columns-is-layout-28f84493 wp-block-columns-is-layout-flex\">\n<div class=\"wp-block-column is-layout-flow wp-block-column-is-layout-flow\">\n<p class=\"has-text-align-center\">2004.&nbsp;gad\u0101 s\u0101ka pieaugt interese par arh\u012bva m\u0101jaslapu, arvien bie\u017e\u0101k klienti izmantoja elektroniskos pakalpojumus. Pirmo reizi arh\u012bvs klientiem pied\u0101v\u0101ja digitaliz\u0113tu izst\u0101di, kas bija velt\u012bta gleznot\u0101jam Eduardam Kalni\u0146am 100 gadu jubilej\u0101. Kop\u0161 2004.&nbsp;gada LVA laidis klaj\u0101 vair\u0101kas virtu\u0101l\u0101s izst\u0101des, kas liel\u0101koties velt\u012btas padomju okup\u0101cijas re\u017e\u012bma sek\u0101m, trimdai un da\u017e\u0101d\u0101m iev\u0113rojam\u0101m person\u012bb\u0101m kult\u016br\u0101 un m\u0101ksl\u0101. Viena no l\u012bdz \u0161im iespaid\u012bg\u0101kaj\u0101m virtu\u0101laj\u0101m izst\u0101d\u0113m inform\u0101cijas bag\u0101t\u012bbas, v\u0113sturisk\u0101 noz\u012bm\u012bguma un ieguld\u012bt\u0101 darba zi\u0146\u0101 ir &#8220;<a rel=\"noreferrer noopener\" href=\"http:\/\/www.archiv.org.lv\/baltijas_dp_vacija\/\" target=\"_blank\">Baltijas valstu b\u0113g\u013cu nometnes V\u0101cij\u0101. 1944-1951<\/a>&#8221; (2014), kas tapa sadarb\u012bb\u0101 ar Igaunijas un Lietuvas kol\u0113\u0123iem un ir pieejama latvie\u0161u, igau\u0146u, lietuvie\u0161u un ang\u013cu valod\u0101. <\/p>\n\n\n\n<p class=\"has-text-align-center\">Ar vis\u0101m Latvijas Valsts arh\u012bva veidotaj\u0101m virtu\u0101laj\u0101m izst\u0101d\u0113m iesp\u0113jams iepaz\u012bties <a href=\"http:\/\/eresursi.arhivi.gov.lv\/content.aspx?id=342&amp;mainId=342\" data-type=\"URL\" data-id=\"http:\/\/eresursi.arhivi.gov.lv\/content.aspx?id=342&amp;mainId=342\" target=\"_blank\" rel=\"noreferrer noopener\">\u0160EIT<\/a>.<\/p>\n<\/div>\n\n\n\n<div class=\"wp-block-column is-layout-flow wp-block-column-is-layout-flow\">\n<figure class=\"wp-block-image size-large\"><img loading=\"lazy\" decoding=\"async\" width=\"1024\" height=\"780\" src=\"https:\/\/www.archiv.org.lv\/lva60\/wp-content\/uploads\/2021\/12\/Bez-nosaukuma-1024x780.jpg\" alt=\"\" class=\"wp-image-626\" srcset=\"https:\/\/www.archiv.org.lv\/lva60\/wp-content\/uploads\/2021\/12\/Bez-nosaukuma-1024x780.jpg 1024w, https:\/\/www.archiv.org.lv\/lva60\/wp-content\/uploads\/2021\/12\/Bez-nosaukuma-300x228.jpg 300w, https:\/\/www.archiv.org.lv\/lva60\/wp-content\/uploads\/2021\/12\/Bez-nosaukuma-768x585.jpg 768w, https:\/\/www.archiv.org.lv\/lva60\/wp-content\/uploads\/2021\/12\/Bez-nosaukuma.jpg 1044w\" sizes=\"auto, (max-width: 1024px) 100vw, 1024px\" \/><figcaption>Virtu\u0101l\u0101s izst\u0101des &#8220;Baltijas valstu b\u0113g\u013cu nometnes V\u0101cij\u0101. 1944-1951&#8221; titullapa.<\/figcaption><\/figure>\n<\/div>\n<\/div>\n\n\n\n<h2 class=\"wp-block-heading\">Pirm\u0101s sporta sp\u0113les<\/h2>\n\n\n\n<p class=\"has-text-align-center\">1996.&nbsp;gad\u0101 ar Valsts arh\u012bvu \u0123ener\u0101ldirekcijas r\u012bkojumu tika organiz\u0113tas pirm\u0101s sporta sp\u0113les.<em><em>\u201cLai iepaz\u012bstin\u0101tu valsts arh\u012bvu sist\u0113mas darbiniekus ar 1996.&nbsp;gada 1. pusgada darba rezult\u0101tiem, tos izv\u0113rt\u0113tu un apzin\u0101tu arh\u012bva darba probl\u0113mas, to atrisin\u0101\u0161anas iesp\u0113jas, savstarp\u0113ji daloties pieredz\u0113, iepaz\u012btos ar Al\u016bksnes zon\u0101l\u0101 arh\u012bva darbu, k\u0101 ar\u012b lai piedal\u012btos arh\u012bvu darbinieku profesion\u0101lo iema\u0146u, atjaut\u012bbas un sporta sacens\u012bb\u0101s, valsts arh\u012bvu, zon\u0101lo valsts arh\u012bvu un strukt\u016brvien\u012bbu vad\u012bt\u0101jiem nodro\u0161in\u0101t savu darbinieku piedal\u012b\u0161anos Arh\u012bva dienai velt\u012btaj\u0101 pas\u0101kum\u0101 1996.&nbsp;gada 28.\u201329.&nbsp;j\u016bnij\u0101 Al\u016bksn\u0113.\u201d<\/em><\/em><\/p>\n\n\n\n<div class=\"wp-block-columns is-layout-flex wp-container-core-columns-is-layout-28f84493 wp-block-columns-is-layout-flex\">\n<div class=\"wp-block-column is-layout-flow wp-block-column-is-layout-flow\">\n<div class=\"wp-block-image\"><figure class=\"aligncenter size-large\"><a href=\"https:\/\/www.archiv.org.lv\/lva60\/wp-content\/uploads\/2021\/11\/1996.06.29._Aluksne_01-scaled.jpg\"><img loading=\"lazy\" decoding=\"async\" width=\"1024\" height=\"685\" src=\"https:\/\/www.archiv.org.lv\/lva60\/wp-content\/uploads\/2021\/11\/1996.06.29._Aluksne_01-1024x685.jpg\" alt=\"\" class=\"wp-image-523\" srcset=\"https:\/\/www.archiv.org.lv\/lva60\/wp-content\/uploads\/2021\/11\/1996.06.29._Aluksne_01-1024x685.jpg 1024w, https:\/\/www.archiv.org.lv\/lva60\/wp-content\/uploads\/2021\/11\/1996.06.29._Aluksne_01-300x201.jpg 300w, https:\/\/www.archiv.org.lv\/lva60\/wp-content\/uploads\/2021\/11\/1996.06.29._Aluksne_01-768x514.jpg 768w, https:\/\/www.archiv.org.lv\/lva60\/wp-content\/uploads\/2021\/11\/1996.06.29._Aluksne_01-1536x1027.jpg 1536w, https:\/\/www.archiv.org.lv\/lva60\/wp-content\/uploads\/2021\/11\/1996.06.29._Aluksne_01-2048x1370.jpg 2048w, https:\/\/www.archiv.org.lv\/lva60\/wp-content\/uploads\/2021\/11\/1996.06.29._Aluksne_01-2000x1338.jpg 2000w\" sizes=\"auto, (max-width: 1024px) 100vw, 1024px\" \/><\/a><figcaption>LVA darbinieki ce\u013c\u0101 uz Al\u016bksni, 1996.gada 28.j\u016bnijs. Avots: Arta Freima\u0146a priv\u0101tais arh\u012bvs.<\/figcaption><\/figure><\/div>\n<\/div>\n\n\n\n<div class=\"wp-block-column is-layout-flow wp-block-column-is-layout-flow\">\n<div class=\"wp-block-image\"><figure class=\"aligncenter size-large\"><a href=\"https:\/\/www.archiv.org.lv\/lva60\/wp-content\/uploads\/2021\/11\/1996.06.29._Aluksne_03-scaled.jpg\"><img loading=\"lazy\" decoding=\"async\" width=\"1024\" height=\"693\" src=\"https:\/\/www.archiv.org.lv\/lva60\/wp-content\/uploads\/2021\/11\/1996.06.29._Aluksne_03-1024x693.jpg\" alt=\"\" class=\"wp-image-524\" srcset=\"https:\/\/www.archiv.org.lv\/lva60\/wp-content\/uploads\/2021\/11\/1996.06.29._Aluksne_03-1024x693.jpg 1024w, https:\/\/www.archiv.org.lv\/lva60\/wp-content\/uploads\/2021\/11\/1996.06.29._Aluksne_03-300x203.jpg 300w, https:\/\/www.archiv.org.lv\/lva60\/wp-content\/uploads\/2021\/11\/1996.06.29._Aluksne_03-768x520.jpg 768w, https:\/\/www.archiv.org.lv\/lva60\/wp-content\/uploads\/2021\/11\/1996.06.29._Aluksne_03-1536x1039.jpg 1536w, https:\/\/www.archiv.org.lv\/lva60\/wp-content\/uploads\/2021\/11\/1996.06.29._Aluksne_03-2048x1385.jpg 2048w, https:\/\/www.archiv.org.lv\/lva60\/wp-content\/uploads\/2021\/11\/1996.06.29._Aluksne_03-2000x1353.jpg 2000w\" sizes=\"auto, (max-width: 1024px) 100vw, 1024px\" \/><\/a><figcaption>LVA darbinieki gajien\u0101 sporta sp\u0113\u013cu laik\u0101 1996.gada 29.j\u016bnij\u0101. Avots: Arta Freima\u0146a priv\u0101tais arh\u012bvs. <\/figcaption><\/figure><\/div>\n<\/div>\n\n\n\n<div class=\"wp-block-column is-layout-flow wp-block-column-is-layout-flow\">\n<div class=\"wp-block-image\"><figure class=\"aligncenter size-large\"><a href=\"https:\/\/www.archiv.org.lv\/lva60\/wp-content\/uploads\/2021\/11\/1996.06.29._Aluksne_06-scaled.jpg\"><img loading=\"lazy\" decoding=\"async\" width=\"1024\" height=\"670\" src=\"https:\/\/www.archiv.org.lv\/lva60\/wp-content\/uploads\/2021\/11\/1996.06.29._Aluksne_06-1024x670.jpg\" alt=\"\" class=\"wp-image-525\" srcset=\"https:\/\/www.archiv.org.lv\/lva60\/wp-content\/uploads\/2021\/11\/1996.06.29._Aluksne_06-1024x670.jpg 1024w, https:\/\/www.archiv.org.lv\/lva60\/wp-content\/uploads\/2021\/11\/1996.06.29._Aluksne_06-300x196.jpg 300w, https:\/\/www.archiv.org.lv\/lva60\/wp-content\/uploads\/2021\/11\/1996.06.29._Aluksne_06-768x502.jpg 768w, https:\/\/www.archiv.org.lv\/lva60\/wp-content\/uploads\/2021\/11\/1996.06.29._Aluksne_06-1536x1004.jpg 1536w, https:\/\/www.archiv.org.lv\/lva60\/wp-content\/uploads\/2021\/11\/1996.06.29._Aluksne_06-2048x1339.jpg 2048w, https:\/\/www.archiv.org.lv\/lva60\/wp-content\/uploads\/2021\/11\/1996.06.29._Aluksne_06-2000x1308.jpg 2000w\" sizes=\"auto, (max-width: 1024px) 100vw, 1024px\" \/><\/a><figcaption> LVA darbinieki sporta sp\u0113\u013cu laik\u0101 1996.gada 29.j\u016bnij\u0101. Avots: Arta Freima\u0146a priv\u0101tais arh\u012bvs.  <\/figcaption><\/figure><\/div>\n<\/div>\n<\/div>\n\n\n\n<div class=\"wp-block-columns is-layout-flex wp-container-core-columns-is-layout-28f84493 wp-block-columns-is-layout-flex\">\n<div class=\"wp-block-column is-layout-flow wp-block-column-is-layout-flow\">\n<figure class=\"wp-block-image alignwide size-large\"><a href=\"https:\/\/www.archiv.org.lv\/lva60\/wp-content\/uploads\/2021\/12\/img153-2.jpg\"><img loading=\"lazy\" decoding=\"async\" width=\"1024\" height=\"676\" src=\"https:\/\/www.archiv.org.lv\/lva60\/wp-content\/uploads\/2021\/12\/img153-2-1024x676.jpg\" alt=\"\" class=\"wp-image-565\" srcset=\"https:\/\/www.archiv.org.lv\/lva60\/wp-content\/uploads\/2021\/12\/img153-2-1024x676.jpg 1024w, https:\/\/www.archiv.org.lv\/lva60\/wp-content\/uploads\/2021\/12\/img153-2-300x198.jpg 300w, https:\/\/www.archiv.org.lv\/lva60\/wp-content\/uploads\/2021\/12\/img153-2-768x507.jpg 768w, https:\/\/www.archiv.org.lv\/lva60\/wp-content\/uploads\/2021\/12\/img153-2-1536x1014.jpg 1536w, https:\/\/www.archiv.org.lv\/lva60\/wp-content\/uploads\/2021\/12\/img153-2.jpg 1762w\" sizes=\"auto, (max-width: 1024px) 100vw, 1024px\" \/><\/a><figcaption>LVA darbinieku komandas &#8220;Pap\u012brko\u017ei&#8221; dal\u012bba Latvijas arh\u012bvu 7.sporta sp\u0113l\u0113s Bern\u0101tos 2002.gada 12.-14.j\u016blij\u0101. Avots: LVA priv\u0101tais arh\u012bvs.<\/figcaption><\/figure>\n<\/div>\n\n\n\n<div class=\"wp-block-column is-layout-flow wp-block-column-is-layout-flow\">\n<figure class=\"wp-block-image alignwide size-large\"><a href=\"https:\/\/www.archiv.org.lv\/lva60\/wp-content\/uploads\/2021\/12\/img154-2.jpg\"><img loading=\"lazy\" decoding=\"async\" width=\"1024\" height=\"678\" src=\"https:\/\/www.archiv.org.lv\/lva60\/wp-content\/uploads\/2021\/12\/img154-2-1024x678.jpg\" alt=\"\" class=\"wp-image-566\" srcset=\"https:\/\/www.archiv.org.lv\/lva60\/wp-content\/uploads\/2021\/12\/img154-2-1024x678.jpg 1024w, https:\/\/www.archiv.org.lv\/lva60\/wp-content\/uploads\/2021\/12\/img154-2-300x199.jpg 300w, https:\/\/www.archiv.org.lv\/lva60\/wp-content\/uploads\/2021\/12\/img154-2-768x508.jpg 768w, https:\/\/www.archiv.org.lv\/lva60\/wp-content\/uploads\/2021\/12\/img154-2-1536x1016.jpg 1536w, https:\/\/www.archiv.org.lv\/lva60\/wp-content\/uploads\/2021\/12\/img154-2.jpg 1759w\" sizes=\"auto, (max-width: 1024px) 100vw, 1024px\" \/><\/a><figcaption> LVA darbinieki virves vilk\u0161an\u0101 Latvijas arh\u012bvu 7.sporta sp\u0113l\u0113s Bern\u0101tos 2002.gada 12.-14.j\u016blij\u0101. Avots: LVA priv\u0101tais arh\u012bvs. <\/figcaption><\/figure>\n<\/div>\n\n\n\n<div class=\"wp-block-column is-layout-flow wp-block-column-is-layout-flow\">\n<figure class=\"wp-block-image alignwide size-large\"><a href=\"https:\/\/www.archiv.org.lv\/lva60\/wp-content\/uploads\/2021\/12\/img155-2.jpg\"><img loading=\"lazy\" decoding=\"async\" width=\"1024\" height=\"676\" src=\"https:\/\/www.archiv.org.lv\/lva60\/wp-content\/uploads\/2021\/12\/img155-2-1024x676.jpg\" alt=\"\" class=\"wp-image-567\" srcset=\"https:\/\/www.archiv.org.lv\/lva60\/wp-content\/uploads\/2021\/12\/img155-2-1024x676.jpg 1024w, https:\/\/www.archiv.org.lv\/lva60\/wp-content\/uploads\/2021\/12\/img155-2-300x198.jpg 300w, https:\/\/www.archiv.org.lv\/lva60\/wp-content\/uploads\/2021\/12\/img155-2-768x507.jpg 768w, https:\/\/www.archiv.org.lv\/lva60\/wp-content\/uploads\/2021\/12\/img155-2-1536x1014.jpg 1536w, https:\/\/www.archiv.org.lv\/lva60\/wp-content\/uploads\/2021\/12\/img155-2.jpg 1761w\" sizes=\"auto, (max-width: 1024px) 100vw, 1024px\" \/><\/a><figcaption> LVA darbinieces \u0161\u0137\u0113r\u0161\u013cu josl\u0101 Latvijas arh\u012bvu 7.sporta sp\u0113l\u0113s Bern\u0101tos 2002.gada 12.-14.j\u016blij\u0101. Avots: LVA priv\u0101tais arh\u012bvs.  <\/figcaption><\/figure>\n<\/div>\n<\/div>\n\n\n\n<h2 class=\"wp-block-heading\">Arh\u012bvs \u0161odien<\/h2>\n\n\n\n<div class=\"wp-block-columns is-layout-flex wp-container-core-columns-is-layout-28f84493 wp-block-columns-is-layout-flex\">\n<div class=\"wp-block-column is-layout-flow wp-block-column-is-layout-flow\">\n<p class=\"has-text-align-center\"> <strong> <\/strong>L\u012bdz 2010. gadam Latvijas Valsts arh\u012bvs bija Latvijas Republikas Valsts arh\u012bvu \u0123ener\u0101ldirekcijas padot\u012bbas iest\u0101de. Ar Ministru kabineta 2010.&nbsp;gada 7.&nbsp;decembra r\u012bkojumu Nr.&nbsp;706 \u201cPar valsts arh\u012bvu sist\u0113mas iest\u0101\u017eu reorganiz\u0101ciju\u201d LVA 2011.&nbsp;gada 3.&nbsp;janv\u0101r\u012b k\u013cuva par <strong>Latvijas Nacion\u0101l\u0101 arh\u012bva strukt\u016brvien\u012bbu<\/strong>. <\/p>\n\n\n\n<p class=\"has-text-align-center\">P\u0113c pievieno\u0161an\u0101s Latvijas Nacion\u0101lajam arh\u012bvam Latvijas Valsts arh\u012bvs piedz\u012bvoja izmai\u0146as strukt\u016br\u0101 un amata vietu skait\u0101.<\/p>\n\n\n\n<p class=\"has-text-align-center\">Latvijas Valsts arh\u012bva p\u0101rvald\u012bb\u0101 pa\u0161laik atrodas:<\/p>\n\n\n\n<ul class=\"wp-block-list\"><li>Personu fondu un \u0101rvalstu dokumentu noda\u013ca;<\/li><li>Dokumentu saglab\u0101\u0161anas noda\u013ca;<\/li><li>Dokumentu aprakst\u012b\u0161anas noda\u013ca;<\/li><li>Izzi\u0146u noda\u013ca;<\/li><li>Saimniec\u012bbas sektors. <\/li><\/ul>\n<\/div>\n\n\n\n<div class=\"wp-block-column is-vertically-aligned-center is-layout-flow wp-block-column-is-layout-flow\">\n<div class=\"wp-block-media-text alignwide is-stacked-on-mobile\" style=\"grid-template-columns:49% auto\"><figure class=\"wp-block-media-text__media\"><img loading=\"lazy\" decoding=\"async\" width=\"683\" height=\"1024\" src=\"https:\/\/www.archiv.org.lv\/lva60\/wp-content\/uploads\/2021\/12\/Bezdeligas-1_0201-683x1024.jpg\" alt=\"\" class=\"wp-image-691 size-full\" srcset=\"https:\/\/www.archiv.org.lv\/lva60\/wp-content\/uploads\/2021\/12\/Bezdeligas-1_0201-683x1024.jpg 683w, https:\/\/www.archiv.org.lv\/lva60\/wp-content\/uploads\/2021\/12\/Bezdeligas-1_0201-200x300.jpg 200w, https:\/\/www.archiv.org.lv\/lva60\/wp-content\/uploads\/2021\/12\/Bezdeligas-1_0201-768x1152.jpg 768w, https:\/\/www.archiv.org.lv\/lva60\/wp-content\/uploads\/2021\/12\/Bezdeligas-1_0201-1024x1536.jpg 1024w, https:\/\/www.archiv.org.lv\/lva60\/wp-content\/uploads\/2021\/12\/Bezdeligas-1_0201-1365x2048.jpg 1365w, https:\/\/www.archiv.org.lv\/lva60\/wp-content\/uploads\/2021\/12\/Bezdeligas-1_0201-2000x3000.jpg 2000w, https:\/\/www.archiv.org.lv\/lva60\/wp-content\/uploads\/2021\/12\/Bezdeligas-1_0201-scaled.jpg 1707w\" sizes=\"auto, (max-width: 683px) 100vw, 683px\" \/><\/figure><div class=\"wp-block-media-text__content\">\n<p class=\"has-text-align-center has-small-font-size\">LNA Latvijas Valsts arh\u012bva direktors Artis Freimanis.<\/p>\n<\/div><\/div>\n<\/div>\n<\/div>\n\n\n\n<div class=\"wp-block-columns is-layout-flex wp-container-core-columns-is-layout-28f84493 wp-block-columns-is-layout-flex\">\n<div class=\"wp-block-column is-layout-flow wp-block-column-is-layout-flow\">\n<figure class=\"wp-block-image size-large\"><a href=\"https:\/\/www.archiv.org.lv\/lva60\/wp-content\/uploads\/2021\/12\/Darbinieku-skaits-pec-LR-neatkaribas.jpg\"><img loading=\"lazy\" decoding=\"async\" width=\"1024\" height=\"724\" src=\"https:\/\/www.archiv.org.lv\/lva60\/wp-content\/uploads\/2021\/12\/Darbinieku-skaits-pec-LR-neatkaribas-1024x724.jpg\" alt=\"\" class=\"wp-image-852\" srcset=\"https:\/\/www.archiv.org.lv\/lva60\/wp-content\/uploads\/2021\/12\/Darbinieku-skaits-pec-LR-neatkaribas-1024x724.jpg 1024w, https:\/\/www.archiv.org.lv\/lva60\/wp-content\/uploads\/2021\/12\/Darbinieku-skaits-pec-LR-neatkaribas-300x212.jpg 300w, https:\/\/www.archiv.org.lv\/lva60\/wp-content\/uploads\/2021\/12\/Darbinieku-skaits-pec-LR-neatkaribas-768x543.jpg 768w, https:\/\/www.archiv.org.lv\/lva60\/wp-content\/uploads\/2021\/12\/Darbinieku-skaits-pec-LR-neatkaribas-1536x1086.jpg 1536w, https:\/\/www.archiv.org.lv\/lva60\/wp-content\/uploads\/2021\/12\/Darbinieku-skaits-pec-LR-neatkaribas-2048x1448.jpg 2048w, https:\/\/www.archiv.org.lv\/lva60\/wp-content\/uploads\/2021\/12\/Darbinieku-skaits-pec-LR-neatkaribas-2000x1414.jpg 2000w\" sizes=\"auto, (max-width: 1024px) 100vw, 1024px\" \/><\/a><figcaption>Darbinieku skaita izmai\u0146as no 1990. l\u012bdz 2021.gadam.<\/figcaption><\/figure>\n\n\n\n<p class=\"has-text-align-center\"><\/p>\n<\/div>\n\n\n\n<div class=\"wp-block-column is-layout-flow wp-block-column-is-layout-flow\">\n<p class=\"has-text-align-center\">No 2010.\u00a0gada krasi samazin\u0101j\u0101s LVA darbinieku skaits. \u0145emot v\u0113r\u0101 t\u0101 laika sare\u017e\u0123\u012bto ekonomisko st\u0101vokli valst\u012b un uzs\u0101kto arh\u012bvu sist\u0113mas reorganiz\u0101ciju, Valsts arh\u012bvu \u0123ener\u0101ldirekcija 2009.\u00a0gada 29.\u00a0decembr\u012b izdeva r\u012bkojumu Nr. 119 \u201cPar Latvijas Valsts arh\u012bva \u0161tata vietu skaita un atl\u012bdz\u012bbas noteik\u0161anu\u201d, kas paredz\u0113ja likvid\u0113t noteiktas amata vietas.<\/p>\n<\/div>\n<\/div>\n\n\n\n<p class=\"has-text-align-center\">P\u0113d\u0113jos desmit gados Latvijas Valsts arh\u012bvs ir turpin\u0101jis ies\u0101ktos m\u0113r\u0137us. Arh\u012bvs veic un turpina pilnveidot klientu apkalpo\u0161anu, izsniedzot da\u017e\u0101da rakstura izzi\u0146as, pie\u0146emot dokumentus un nodro\u0161inot dokumentu pieejam\u012bbu las\u012btav\u0101s Bezdel\u012bgu iel\u0101 1a un Skandu iel\u0101 14. Dokumentu populariz\u0113\u0161anas jom\u0101 izveidotas da\u017e\u0101das dokumentu kopas, rad\u012btas vair\u0101kas patst\u0101v\u012bgas virtu\u0101l\u0101s izst\u0101des, kas p\u0113d\u0113jos gados k\u013cuvu\u0161as par galveno form\u0101tu ierasto tradicion\u0101lo un ce\u013cojo\u0161o izst\u0101\u017eu viet\u0101. Virtu\u0101lais form\u0101ts \u013cauj izst\u0101d\u0113m b\u016bt pieejam\u0101m ikvienam no jebkuras vietas Latvij\u0101 un pasaul\u0113 un b\u016bt labs m\u0101c\u012bbu materi\u0101ls skol\u0113niem un studentiem. Arh\u012bva darbinieki piedal\u012bju\u0161ies da\u017e\u0101d\u0101s starptautisk\u0101s konferenc\u0113s, nesot arh\u012bva v\u0101rdu pasaul\u0113 un populariz\u0113jot arh\u012bv\u0101 glab\u0101t\u0101s bag\u0101t\u012bbas. Arh\u012bvs laipni uz\u0146\u0113mis da\u017e\u0101du m\u0101c\u012bbu iest\u0101\u017eu audz\u0113k\u0146us un instit\u016bciju darbiniekus, lai iepaz\u012bstin\u0101tu ar Latvijas Valsts arh\u012bva dokumentu kr\u0101jumu, to daudzveid\u012bbu un specifiku un arh\u012bvniec\u012bbu kopum\u0101.<\/p>\n\n\n\n<div class=\"wp-block-columns is-layout-flex wp-container-core-columns-is-layout-28f84493 wp-block-columns-is-layout-flex\">\n<div class=\"wp-block-column is-layout-flow wp-block-column-is-layout-flow\">\n<p><\/p>\n\n\n\n<p class=\"has-text-align-center\">Arh\u012bv\u0101 organiz\u0113tas ar\u012b vair\u0101kas m\u0101kslas izst\u0101des \u2013 J\u016blija Straumes (1874\u20131970) izst\u0101de \u201cStraumes sp\u0113ks\u201d (2015.&nbsp;g.), karikat\u016brista \u0112rika O\u0161a izst\u0101de (2015.&nbsp;g.), Ineses M\u012blbergas person\u0101lizst\u0101de (2014.&nbsp;g.), Ilzes Ezernieces person\u0101lizst\u0101de \u201cCe\u013c\u0161 uz j\u016bru\u201d (2013.&nbsp;g.), dzejnieka J\u0101zepa Osma\u0146a gleznu izst\u0101de (2013.&nbsp;g.) u.&nbsp;c. Da\u017eas izst\u0101des, balstoties uz arh\u012bva dokumentiem, izveidotas ar\u012b virtu\u0101li \u2013 &#8220;<a href=\"http:\/\/www.archiv.org.lv\/Bisofs.Idejas\/\" data-type=\"URL\" data-id=\"http:\/\/www.archiv.org.lv\/Bisofs.Idejas\/\">M\u0101ris Bi\u0161ofs. Idejas<\/a>&#8220;(2017), &#8220;<a href=\"http:\/\/www.archiv.org.lv\/erika_gulbe\/\" data-type=\"URL\" data-id=\"http:\/\/www.archiv.org.lv\/erika_gulbe\/\">Gleznot\u0101ja \u0112rika Gulbe<\/a>&#8221; (2016) un &#8220;<a href=\"http:\/\/www.archiv.org.lv\/bromults\/\" data-type=\"URL\" data-id=\"http:\/\/www.archiv.org.lv\/bromults\/\">M\u0101kslinieks Alfejs Bromults<\/a>&#8220;(2013).<\/p>\n<\/div>\n\n\n\n<div class=\"wp-block-column is-layout-flow wp-block-column-is-layout-flow\">\n<figure class=\"wp-block-image alignwide size-large\"><a href=\"https:\/\/www.archiv.org.lv\/lva60\/wp-content\/uploads\/2021\/12\/16399931738356950839511240653982.jpg\"><img loading=\"lazy\" decoding=\"async\" width=\"1024\" height=\"768\" src=\"https:\/\/www.archiv.org.lv\/lva60\/wp-content\/uploads\/2021\/12\/16399931738356950839511240653982-1024x768.jpg\" alt=\"\" class=\"wp-image-853\" srcset=\"https:\/\/www.archiv.org.lv\/lva60\/wp-content\/uploads\/2021\/12\/16399931738356950839511240653982-1024x768.jpg 1024w, https:\/\/www.archiv.org.lv\/lva60\/wp-content\/uploads\/2021\/12\/16399931738356950839511240653982-300x225.jpg 300w, https:\/\/www.archiv.org.lv\/lva60\/wp-content\/uploads\/2021\/12\/16399931738356950839511240653982-768x576.jpg 768w, https:\/\/www.archiv.org.lv\/lva60\/wp-content\/uploads\/2021\/12\/16399931738356950839511240653982.jpg 1280w\" sizes=\"auto, (max-width: 1024px) 100vw, 1024px\" \/><\/a><figcaption>Arh\u012bva darbinieces priec\u0101jas par Ineses M\u012blbergas person\u0101lizst\u0101des darbiem. Foto: Guntis \u0160v\u012bti\u0146\u0161.<\/figcaption><\/figure>\n<\/div>\n<\/div>\n\n\n\n<div class=\"wp-block-columns is-layout-flex wp-container-core-columns-is-layout-28f84493 wp-block-columns-is-layout-flex\">\n<div class=\"wp-block-column is-layout-flow wp-block-column-is-layout-flow\">\n<figure class=\"wp-block-image alignwide size-large\"><a href=\"https:\/\/www.archiv.org.lv\/lva60\/wp-content\/uploads\/2021\/12\/18.novembris-1-scaled.jpg\"><img loading=\"lazy\" decoding=\"async\" width=\"1024\" height=\"576\" src=\"https:\/\/www.archiv.org.lv\/lva60\/wp-content\/uploads\/2021\/12\/18.novembris-1-1024x576.jpg\" alt=\"\" class=\"wp-image-858\" srcset=\"https:\/\/www.archiv.org.lv\/lva60\/wp-content\/uploads\/2021\/12\/18.novembris-1-1024x576.jpg 1024w, https:\/\/www.archiv.org.lv\/lva60\/wp-content\/uploads\/2021\/12\/18.novembris-1-300x169.jpg 300w, https:\/\/www.archiv.org.lv\/lva60\/wp-content\/uploads\/2021\/12\/18.novembris-1-768x432.jpg 768w, https:\/\/www.archiv.org.lv\/lva60\/wp-content\/uploads\/2021\/12\/18.novembris-1-1536x864.jpg 1536w, https:\/\/www.archiv.org.lv\/lva60\/wp-content\/uploads\/2021\/12\/18.novembris-1-2048x1152.jpg 2048w, https:\/\/www.archiv.org.lv\/lva60\/wp-content\/uploads\/2021\/12\/18.novembris-1-2000x1125.jpg 2000w\" sizes=\"auto, (max-width: 1024px) 100vw, 1024px\" \/><\/a><figcaption>Latvijas Valsts arh\u012bva direktors Artis Freimanis kop\u0101 ar Izzi\u0146u noda\u013cas vad\u012bt\u0101ju Inesi Mikel\u0101ni, sveicot arh\u012bva darbiniekus Latvijas dzim\u0161anas dien\u0101. 2019.gada 18.novembris. Avots: Arta Freima\u0146a priv\u0101tais arh\u012bvs.<\/figcaption><\/figure>\n<\/div>\n\n\n\n<div class=\"wp-block-column is-layout-flow wp-block-column-is-layout-flow\">\n<p><\/p>\n\n\n\n<p class=\"has-text-align-center\">Latvijas Valsts arh\u012bva vad\u012bba vienm\u0113r ir r\u016bp\u0113jusies par savu darbinieku labsaj\u016btu un neaizmirst tos god\u0101t \u012bpa\u0161os gad\u012bjumos \u2013 gan darbinieku jubilej\u0101s un citos svar\u012bgos dz\u012bves notikumos, gan valsts un gadsk\u0101rt\u0113jos sv\u0113tkos.<\/p>\n<\/div>\n<\/div>\n\n\n\n<p> <\/p>\n\n\n\n<p class=\"has-text-align-center\"><strong>Digitaliz\u0101cijas laikmets<\/strong><\/p>\n\n\n\n<p class=\"has-text-align-center\">P\u0113d\u0113jos gadus viena no arh\u012bva priorit\u0101t\u0113m ir fondu aprakstu un uzskaites sarakstu digitaliz\u0101cija un ievieto\u0161ana datub\u0101z\u0113s. Piem\u0113ram, LVA datub\u0101z\u0113 tagad ir pieejami visi Komunistisk\u0101s partijas fondu apraksti un v\u0113sturisk\u0101s izzi\u0146as, k\u0101 ar\u012b \u013coti pla\u0161s kl\u0101sts ar personu un trimdas fondu aprakstiem. Tas viss \u013cauj p\u0113tniekiem iepaz\u012bties ar tiem jau pirms las\u012btavu apmekl\u0113\u0161anas un izmantot iesp\u0113ju pas\u016bt\u012bt glab\u0101jam\u0101s vien\u012bbas\/lietas, nor\u0101dot identifikatoru vai fonda numuru, uzskaites saraksta\/apraksta numuru un glab\u0101jam\u0101s vien\u012bbas\/lietas numuru.<\/p>\n\n\n\n<p class=\"has-text-align-center\">Digitaliz\u0113ti tiek ar\u012b pa\u0161i dokumenti, un inform\u0101cija par tiem ir ievad\u012bta datub\u0101z\u0113s. Liel\u0101kais projekts, kas tuvojas nosl\u0113gumam, ir datub\u0101zes \u201cLatvie\u0161u diasporas dokumenti\u201d izstr\u0101de. Taj\u0101 vienkopus b\u016bs iesp\u0113jams ieg\u016bt zi\u0146as no emigr\u0101cij\u0101 eso\u0161o Latvijas pilso\u0146u re\u0123istr\u0101cijas kart\u012bt\u0113m, le\u0123ion\u0101ru pas\u0113m, personu, karaklaus\u012bbas, zemessarga karaklaus\u012bbas apliec\u012bb\u0101m, k\u0101 ar\u012b piek\u013c\u016bt katalogiem un virtu\u0101laj\u0101m izst\u0101d\u0113m.<\/p>\n\n\n\n<p class=\"has-text-align-center\">Neiztr\u016bksto\u0161a ir ar\u012b automatiz\u0101cija. LVA darba organiz\u0101cija strauji p\u0101riet elektronisk\u0101 vid\u0113. 2004.&nbsp;gad\u0101 tika izveidota datub\u0101ze VVAIS (Vienot\u0101 valsts arh\u012bvu inform\u0101cijas sist\u0113ma), uz kuras pamata noris arh\u012bva iek\u0161\u0113j\u0101s lietved\u012bbas aprite.<\/p>\n\n\n\n<figure class=\"wp-block-image alignwide size-large\"><a href=\"https:\/\/www.archiv.org.lv\/lva60\/wp-content\/uploads\/2021\/12\/Bezdeligas-1_0000-2016.gads-foto-ojars-jansons-scaled.jpg\"><img loading=\"lazy\" decoding=\"async\" width=\"1024\" height=\"514\" src=\"https:\/\/www.archiv.org.lv\/lva60\/wp-content\/uploads\/2021\/12\/Bezdeligas-1_0000-2016.gads-foto-ojars-jansons-1024x514.jpg\" alt=\"\" class=\"wp-image-856\" srcset=\"https:\/\/www.archiv.org.lv\/lva60\/wp-content\/uploads\/2021\/12\/Bezdeligas-1_0000-2016.gads-foto-ojars-jansons-1024x514.jpg 1024w, https:\/\/www.archiv.org.lv\/lva60\/wp-content\/uploads\/2021\/12\/Bezdeligas-1_0000-2016.gads-foto-ojars-jansons-300x151.jpg 300w, https:\/\/www.archiv.org.lv\/lva60\/wp-content\/uploads\/2021\/12\/Bezdeligas-1_0000-2016.gads-foto-ojars-jansons-768x386.jpg 768w, https:\/\/www.archiv.org.lv\/lva60\/wp-content\/uploads\/2021\/12\/Bezdeligas-1_0000-2016.gads-foto-ojars-jansons-1536x772.jpg 1536w, https:\/\/www.archiv.org.lv\/lva60\/wp-content\/uploads\/2021\/12\/Bezdeligas-1_0000-2016.gads-foto-ojars-jansons-2048x1029.jpg 2048w, https:\/\/www.archiv.org.lv\/lva60\/wp-content\/uploads\/2021\/12\/Bezdeligas-1_0000-2016.gads-foto-ojars-jansons-2000x1005.jpg 2000w\" sizes=\"auto, (max-width: 1024px) 100vw, 1024px\" \/><\/a><figcaption>P\u0113d\u0113j\u0101 kopbilde ar Latvijas Valsts arh\u012bva darbiniekiem, 2016.gads. Foto: Oj\u0101rs Jansons. Avots: Arta Freima\u0146a priv\u0101tais arh\u012bvs.<\/figcaption><\/figure>\n","protected":false},"excerpt":{"rendered":"<p>P\u0113c PSRS sabruk\u0161anas uz visu arh\u012bvu b\u0101zes 20.&nbsp;gs. 90.&nbsp;gados tika izveidoti valsts arh\u012bvi, kas veiksm\u012bgi turpina savu darb\u012bbu ar\u012b m\u016bsdien\u0101s. 1990.&nbsp;gada 1.&nbsp;apr\u012bl\u012b arh\u012bvi s\u0101ka str\u0101d\u0101t jaunos saimnieko\u0161anas apst\u0101k\u013cos, kuru m\u0113r\u0137is bija sist\u0113mas p\u0101rvald\u0113 ieviest ekonomisk\u0101s metodes un aktiviz\u0113t darbinieku materi\u0101lo stimul\u0113\u0161anu, izmantojot maksas pakalpojumus. 1990.&nbsp;gads bija izaicin\u0101jumiem pilns laiks \u2013 smagie ekonomiskie apst\u0101k\u013ci apmaks\u0101t arh\u012bva &hellip; <\/p>\n<p class=\"link-more\"><a href=\"https:\/\/www.archiv.org.lv\/lva60\/index.php\/pec-neatkaribas-atgusanas\/\" class=\"more-link\">Read more<span class=\"screen-reader-text\"> &#8220;P\u0113c neatkar\u012bbas atg\u016b\u0161anas&#8221;<\/span><\/a><\/p>\n","protected":false},"author":1,"featured_media":0,"parent":0,"menu_order":0,"comment_status":"closed","ping_status":"closed","template":"","meta":{"footnotes":""},"class_list":["post-141","page","type-page","status-publish","hentry"],"_links":{"self":[{"href":"https:\/\/www.archiv.org.lv\/lva60\/index.php\/wp-json\/wp\/v2\/pages\/141","targetHints":{"allow":["GET"]}}],"collection":[{"href":"https:\/\/www.archiv.org.lv\/lva60\/index.php\/wp-json\/wp\/v2\/pages"}],"about":[{"href":"https:\/\/www.archiv.org.lv\/lva60\/index.php\/wp-json\/wp\/v2\/types\/page"}],"author":[{"embeddable":true,"href":"https:\/\/www.archiv.org.lv\/lva60\/index.php\/wp-json\/wp\/v2\/users\/1"}],"replies":[{"embeddable":true,"href":"https:\/\/www.archiv.org.lv\/lva60\/index.php\/wp-json\/wp\/v2\/comments?post=141"}],"version-history":[{"count":183,"href":"https:\/\/www.archiv.org.lv\/lva60\/index.php\/wp-json\/wp\/v2\/pages\/141\/revisions"}],"predecessor-version":[{"id":959,"href":"https:\/\/www.archiv.org.lv\/lva60\/index.php\/wp-json\/wp\/v2\/pages\/141\/revisions\/959"}],"wp:attachment":[{"href":"https:\/\/www.archiv.org.lv\/lva60\/index.php\/wp-json\/wp\/v2\/media?parent=141"}],"curies":[{"name":"wp","href":"https:\/\/api.w.org\/{rel}","templated":true}]}}