{"id":5,"date":"2021-11-08T13:21:57","date_gmt":"2021-11-08T13:21:57","guid":{"rendered":"http:\/\/www.archiv.org.lv\/lva60\/?page_id=5"},"modified":"2021-12-22T10:01:56","modified_gmt":"2021-12-22T08:01:56","slug":"create-your-website-with-blocks","status":"publish","type":"page","link":"https:\/\/www.archiv.org.lv\/lva60\/","title":{"rendered":"Par Latvijas Valsts arh\u012bvu"},"content":{"rendered":"\n<h2 class=\"alignwide has-text-align-center has-text-align-wide has-gigantic-font-size wp-block-heading\" style=\"line-height:1.1\">Tur tie gadi kr\u0101jas&#8230;<\/h2>\n\n\n\n<div class=\"wp-block-columns is-layout-flex wp-container-core-columns-is-layout-28f84493 wp-block-columns-is-layout-flex\">\n<div class=\"wp-block-column is-layout-flow wp-block-column-is-layout-flow\">\n<div class=\"wp-block-media-text alignwide is-stacked-on-mobile is-vertically-aligned-center\"><figure class=\"wp-block-media-text__media\"><video controls src=\"https:\/\/www.archiv.org.lv\/lva60\/wp-content\/uploads\/2021\/11\/LNA_KFFDA_F8_2_4102_FR.mp4\"><\/video><\/figure><div class=\"wp-block-media-text__content\">\n<p class=\"has-small-font-size\">\u00a0<\/p>\n<p><em>&#8230;kad j\u0101dom\u0101 ne tikai par saviem gadiem, bet ar\u012b par savas paaudzes un tautas gadiem. Jo ar\u012b tajos ir savas vasaras, savi rude\u0146i un ziemas, kuras v\u0113rts iel\u0101got un pr\u0101t\u0101 patur\u0113t. Es gribu j\u016bs aicin\u0101t sev l\u012bdzi uz vietu, kur, manupr\u0101t, tie gadi tie\u0161\u0101m kr\u0101jas. Uz arh\u012bvu. Un nerauciet pieri grumb\u0101s \u2013 sak, cik garlaic\u012bgi un putek\u013caini! Es var\u0113tu nosaukt v\u0113l tikai p\u0101ris profesiju, kuras ir vismaz tikpat aizraujo\u0161as k\u0101 arhiv\u0101ra darbs. Un arh\u012bvs nav tikai vieta, kur gadi kr\u0101jas. Arh\u012bv\u0101 gadi ir tie kas, sarun\u0101jas, ieliek cits cit\u0101 un sadal\u0101s s\u012bk\u0101s straum\u012bt\u0113s \u2014 cilv\u0113ku likte\u0146os.<\/em><\/p>\n<p>Aida Pr\u0113dele, latvie\u0161u \u017eurn\u0101liste, 1983.gads.<\/p>\n<p>\u00a0<\/p>\n\n\n\n<p class=\"has-small-font-size\">Video: Fragments no kino\u017eurn\u0101la &#8220;Latvijas hronika&#8221; Nr. 31, 1989.gads. Re\u017eisors Viesturs \u0160utko. Avots: LNA Kinofotofonodokumentu arh\u012bvs. <\/p>\n<\/div><\/div>\n<\/div>\n<\/div>\n\n\n\n<p class=\"has-text-align-center has-medium-font-size\"><strong>Latvijas Valsts arh\u012bvs<\/strong> (LVA) ir Latvijas Nacion\u0101l\u0101 arh\u012bva strukt\u016brvien\u012bba.<\/p>\n\n\n\n<p class=\"has-text-align-center\"><strong><strong>Latvijas Valsts arh\u012bvs<\/strong> <strong>uzkr\u0101j un glab\u0101 Latvijas PSR un Latvijas Republikas augst\u0101ko valsts p\u0101rvaldes instit\u016bciju un citu iest\u0101\u017eu, R\u012bgas un J\u016brmalas pils\u0113tas pa\u0161vald\u012bbu instit\u016bciju dokumentus, Latvijas un \u0101rvalstu personu fondus un trimdas latvie\u0161u organiz\u0101ciju arh\u012bvus. Arh\u012bv\u0101 glab\u0101jas ar\u012b Latvijas Soci\u0101ldemokr\u0101tijas, Latvijas Komunistisk\u0101s partijas (LKP) un Latvijas PSR Valsts dro\u0161\u012bbas komitejas (VDK) dokumenti par repres\u0113taj\u0101m person\u0101m.<\/strong> <\/strong><\/p>\n\n\n\n<p class=\"has-text-align-center\"><strong>Latvijas Valsts arh\u012bvs nodro\u0161ina par Latvijas v\u0113sturi (kop\u0161 1940.\u00a0g.) uzkr\u0101to dokumentu saglab\u0101\u0161anu un izmanto\u0161anu.<\/strong> <strong>\u0160ie dokumenti, kas radu\u0161ies politisko, ekonomisko un soci\u0101lo procesu rezult\u0101t\u0101, liecina par unik\u0101lu v\u0113sturisku pieredzi \u2013 par latvie\u0161u n\u0101cijas izdz\u012bvo\u0161anu ilgas okup\u0101cijas un intens\u012bvas koloniz\u0101cijas apst\u0101k\u013cos.<\/strong><\/p>\n\n\n\n<p class=\"has-text-align-center\"><strong>2021.\u00a0gada 30.\u00a0decembr\u012b aprit 60 gadi kop\u0161 Latvijas Valsts arh\u012bva, tolaik saukta par LPSR Centr\u0101lo valsts Oktobra revol\u016bcijas un soci\u0101lisma celtniec\u012bbas arh\u012bvu, dibin\u0101\u0161anas. Latvijas Valsts arh\u012bvs virtu\u0101l\u0101 izst\u0101d\u0113 \u201cLatvijas Valsts arh\u012bvam 60\u201d pied\u0101v\u0101 iel\u016bkoties arh\u012bva v\u0113stures atskat\u0101 un taj\u0101 ietvertajos noz\u012bm\u012bg\u0101kajos pieturpunktos, kas atspogu\u013co arh\u012bva lomu politiskajos procesos, kop\u0113jas Latvijas v\u0113stures ainas veido\u0161an\u0101, zin\u0101tniskaj\u0101 p\u0113tniec\u012bb\u0101, dokumentu populariz\u0113\u0161an\u0101 un to pieejam\u012bb\u0101.<\/strong><\/p>\n\n\n\n<p><\/p>\n\n\n\n<p><\/p>\n","protected":false},"excerpt":{"rendered":"<p>Tur tie gadi kr\u0101jas&#8230; \u00a0 &#8230;kad j\u0101dom\u0101 ne tikai par saviem gadiem, bet ar\u012b par savas paaudzes un tautas gadiem. Jo ar\u012b tajos ir savas vasaras, savi rude\u0146i un ziemas, kuras v\u0113rts iel\u0101got un pr\u0101t\u0101 patur\u0113t. Es gribu j\u016bs aicin\u0101t sev l\u012bdzi uz vietu, kur, manupr\u0101t, tie gadi tie\u0161\u0101m kr\u0101jas. Uz arh\u012bvu. Un nerauciet pieri &hellip; <\/p>\n<p class=\"link-more\"><a href=\"https:\/\/www.archiv.org.lv\/lva60\/\" class=\"more-link\">Read more<span class=\"screen-reader-text\"> &#8220;Par Latvijas Valsts arh\u012bvu&#8221;<\/span><\/a><\/p>\n","protected":false},"author":1,"featured_media":0,"parent":0,"menu_order":0,"comment_status":"closed","ping_status":"closed","template":"","meta":{"footnotes":""},"class_list":["post-5","page","type-page","status-publish","hentry"],"_links":{"self":[{"href":"https:\/\/www.archiv.org.lv\/lva60\/index.php\/wp-json\/wp\/v2\/pages\/5","targetHints":{"allow":["GET"]}}],"collection":[{"href":"https:\/\/www.archiv.org.lv\/lva60\/index.php\/wp-json\/wp\/v2\/pages"}],"about":[{"href":"https:\/\/www.archiv.org.lv\/lva60\/index.php\/wp-json\/wp\/v2\/types\/page"}],"author":[{"embeddable":true,"href":"https:\/\/www.archiv.org.lv\/lva60\/index.php\/wp-json\/wp\/v2\/users\/1"}],"replies":[{"embeddable":true,"href":"https:\/\/www.archiv.org.lv\/lva60\/index.php\/wp-json\/wp\/v2\/comments?post=5"}],"version-history":[{"count":39,"href":"https:\/\/www.archiv.org.lv\/lva60\/index.php\/wp-json\/wp\/v2\/pages\/5\/revisions"}],"predecessor-version":[{"id":904,"href":"https:\/\/www.archiv.org.lv\/lva60\/index.php\/wp-json\/wp\/v2\/pages\/5\/revisions\/904"}],"wp:attachment":[{"href":"https:\/\/www.archiv.org.lv\/lva60\/index.php\/wp-json\/wp\/v2\/media?parent=5"}],"curies":[{"name":"wp","href":"https:\/\/api.w.org\/{rel}","templated":true}]}}