{"id":39,"date":"2022-10-11T23:25:25","date_gmt":"2022-10-11T20:25:25","guid":{"rendered":"http:\/\/www.archiv.org.lv\/upitis\/?page_id=39"},"modified":"2022-11-01T11:01:58","modified_gmt":"2022-11-01T09:01:58","slug":"biografija","status":"publish","type":"page","link":"https:\/\/www.archiv.org.lv\/upitis\/index.php\/biografija\/","title":{"rendered":"Biogr\u0101fija"},"content":{"rendered":"\n<div class=\"wp-block-columns is-layout-flex wp-container-core-columns-is-layout-28f84493 wp-block-columns-is-layout-flex\">\n<div class=\"wp-block-column is-layout-flow wp-block-column-is-layout-flow\">\n<p class=\"has-text-align-center\">Grafi\u0137is un kolekcion\u0101rs P\u0113teris Up\u012btis dzimis 1899. gada 27. septembr\u012b biju\u0161\u0101 R\u012bgas apri\u0146\u0137a \u0136\u0113\u010du pagasta \u201dLejas \u010co\u010duros\u201d. Kad Vidzem\u0113 s\u0101k\u0101s m\u0101ju iepirk\u0161ana, P. Up\u012b\u0161a vect\u0113vs P\u0113teris Up\u012btis 1865. gad\u0101 iepircis \u201d\u010co\u010duru\u201d m\u0101jas. T\u0101s biju\u0161as \u013coti nabadz\u012bgas ar me\u017eiem un purviem visapk\u0101rt, aramzemes bijis tikai pieci hekt\u0101ri, bet, t\u0101 k\u0101 vect\u0113vs bijis \u013coti str\u0101d\u012bgs, tad s\u0101cis l\u012bst me\u017eus, iekopt druvas, p\u013cavas un celt \u0113kas. 1865. gad\u0101 \u201dLejas \u010co\u010duros\u201d dzimis P. Up\u012b\u0161a t\u0113vs Augusts, kas p\u0113c sava t\u0113va n\u0101ves 1920. gad\u0101 mantojis m\u0101jas un k\u0101 zemkopis nodz\u012bvojis tur visu m\u016b\u017eu. Ta\u010du pret\u0113ji P. Up\u012b\u0161a vect\u0113vam, vi\u0146a t\u0113vam zemes darbs nemaz nepaticis.<\/p>\n\n\n\n<p class=\"has-text-align-center\">Sav\u0101 autobiogr\u0101fiskaj\u0101 v\u0113stul\u0113 rum\u0101\u0146u m\u0101ksliniekam un kolekcion\u0101ram <em>Paul Constantin<\/em> 1957. gad\u0101 P. Up\u012btis raksta:<\/p>\n\n\n\n<p class=\"has-text-align-center\"><em>\u201dT\u0113vs esot teicis, ka labpr\u0101t\u0101k savu m\u016b\u017eu pavad\u012btu pie \u201drakstu darbiem\u201d, str\u0101d\u0101jot par \u0101rstu vai ko citu. Bez dzimt\u0101s latvie\u0161u valodas vi\u0146\u0161 m\u0101c\u0113jis v\u0101cu valodu, t\u0101 ka var\u0113jis las\u012bt v\u0101cu rakstnieku darbus ori\u0123in\u0101l\u0101 valod\u0101, piedal\u012bjies pagasta sabiedriskaj\u0101 dz\u012bv\u0113, sp\u0113l\u0113jis te\u0101tri\u201d.<\/em><\/p>\n<\/div>\n\n\n\n<div class=\"wp-block-column is-layout-flow wp-block-column-is-layout-flow\">\n<figure class=\"wp-block-image aligncenter size-large is-resized\"><a href=\"https:\/\/www.archiv.org.lv\/upitis\/wp-content\/uploads\/2022\/10\/im054.jpg\"><img loading=\"lazy\" decoding=\"async\" src=\"https:\/\/www.archiv.org.lv\/upitis\/wp-content\/uploads\/2022\/10\/im054-685x1024.jpg\" alt=\"\" class=\"wp-image-166\" width=\"393\" height=\"587\" srcset=\"https:\/\/www.archiv.org.lv\/upitis\/wp-content\/uploads\/2022\/10\/im054-685x1024.jpg 685w, https:\/\/www.archiv.org.lv\/upitis\/wp-content\/uploads\/2022\/10\/im054-201x300.jpg 201w, https:\/\/www.archiv.org.lv\/upitis\/wp-content\/uploads\/2022\/10\/im054-768x1148.jpg 768w, https:\/\/www.archiv.org.lv\/upitis\/wp-content\/uploads\/2022\/10\/im054-1028x1536.jpg 1028w, https:\/\/www.archiv.org.lv\/upitis\/wp-content\/uploads\/2022\/10\/im054.jpg 1327w\" sizes=\"auto, (max-width: 393px) 100vw, 393px\" \/><\/a><figcaption>P. Up\u012btis darba proces\u0101 pie kokdzeluma. 20. gs. 50. gadi. Avots: LNA_LVA_F1839.<\/figcaption><\/figure>\n<\/div>\n<\/div>\n\n\n\n<p class=\"has-text-align-center\"><\/p>\n\n\n\n<p class=\"has-text-align-center is-style-plain\"><\/p>\n\n\n\n<p class=\"has-text-align-center\">1896. gad\u0101 P. Up\u012b\u0161a t\u0113vs apprec\u0113j\u0101s ar biju\u0161\u0101 tautskolot\u0101ja Zuppes meitu Paul\u012bnu \u2013 <em>\u201dmans m\u0101tes t\u0113va t\u0113vs p\u0113c taut\u012bbas franc\u016bzis, Napoleona karapulku karu g\u016bsteknis vai kara dal\u012bbnieks, kas palicis Krievij\u0101 (N\u012btaures ciemat\u0101) un saucies Soupp\u0113, bet, t\u0101 k\u0101 latviski taut\u0101 gr\u016bti t\u0101du nosaukumu atcer\u0113ties un kur nu v\u0113l izrun\u0101t, tad tas iesaukts vienk\u0101r\u0161i par Zuppe (sen\u0101k pirms ortogr\u0101fijas reformas 1920. gados burts S noz\u012bm\u0113ja un izrun\u0101ja k\u0101 Z). T\u0101ds Souppe ieraksts, cik atceros, atrad\u0101s manas m\u0101tes m\u0101sas Ebas pas\u0113 l\u012bdz 1920. gadiem, kad apmain\u012bja vecos cara Krievijas dokumentus pret Latvijas pasi. Bez tam m\u0101tei Paul\u012bnai ir tuva radniec\u012bba ar zviedriem\u2026\u201d<\/em>  Up\u012b\u0161u \u0123imen\u0113 piedzima \u010detri d\u0113li un \u010detras meitas un, lai uztur\u0113tu b\u0113rnus, t\u0113vam nekas cits neatlicis, k\u0101 art un kopt zemi. P. Up\u012btis atceras: <\/p>\n\n\n\n<p class=\"has-text-align-center is-style-plain\"><em>\u201dMani vec\u0101ki bija darba zemnieki. Man esot 8 gadi vecam, nomirst m\u0101te. Nu s\u0101k\u0101s gr\u016bta b\u0113rn\u012bba \u2013 vasar\u0101s smagi lauku darbi, bet ziemu c\u012bt\u012bga skolas apmekl\u0113\u0161ana [..] Cik atceros un izpratu toreiz, vec\u0101ku starp\u0101 vald\u012bja laba sapra\u0161an\u0101s un saska\u0146a un no abiem esmu guvis visu to skaist\u0101ko un cilden\u0101ko.\u201d <\/em><\/p>\n\n\n\n<p class=\"has-text-align-center\">Vec\u0101ko Up\u012b\u0161u \u0123imenes d\u0113lu Arturu adopt\u0113jusi t\u0113va m\u0101sa, l\u012bdz ar to visu b\u0113rn\u012bbu, skolas gadus un jaun\u012bbu kop\u0101 pavad\u012bju\u0161i septi\u0146i b\u0113rni.<\/p>\n\n\n\n<p class=\"has-text-align-center\">No 1907. gada l\u012bdz 1910. gadam P. Up\u012btis m\u0101c\u012bjies \u0136\u0113\u010du pagasta skol\u0101, p\u0113c tam no 1910. gada l\u012bdz 1912. gadam apmekl\u0113jis N\u012btaures draudzes skolu, bet 1912. gad\u0101 s\u0101cis m\u0101c\u012bbas M\u0101lpils pro\u0123imn\u0101zij\u0101, kur m\u0101c\u012bjies l\u012bdz 1917. gadam. \u0160aj\u0101 skol\u0101 P. Up\u012b\u0161a z\u012bm\u0113\u0161anas talantu atkl\u0101jusi skolot\u0101ja Zelma \u0160neidere, galvenok\u0101rt tu\u0161as un akvare\u013cu z\u012bm\u0113\u0161an\u0101. P. Up\u012btis z\u012bm\u0113jis v\u0101ci\u0146us skolas sar\u012bkojumu programm\u0101m, k\u013cuvis par skolas av\u012bzes ilustratoru, ka ar\u012b darin\u0101jis dekor\u0101cijas skolas un labdar\u012bbas biedr\u012bbas te\u0101tra izr\u0101d\u0113m. Visu vidusskolas laiku P. Up\u012btis aizr\u0101vies ar spalvas z\u012bm\u0113jumiem.<\/p>\n\n\n\n<div class=\"wp-block-columns is-layout-flex wp-container-core-columns-is-layout-28f84493 wp-block-columns-is-layout-flex\">\n<div class=\"wp-block-column is-layout-flow wp-block-column-is-layout-flow\">\n<figure class=\"wp-block-image size-large\"><a href=\"https:\/\/www.archiv.org.lv\/upitis\/wp-content\/uploads\/2022\/10\/Cocuros-15.04.1974-J.K..jpg\"><img loading=\"lazy\" decoding=\"async\" width=\"1024\" height=\"661\" src=\"https:\/\/www.archiv.org.lv\/upitis\/wp-content\/uploads\/2022\/10\/Cocuros-15.04.1974-J.K.-1024x661.jpg\" alt=\"\" class=\"wp-image-170\" srcset=\"https:\/\/www.archiv.org.lv\/upitis\/wp-content\/uploads\/2022\/10\/Cocuros-15.04.1974-J.K.-1024x661.jpg 1024w, https:\/\/www.archiv.org.lv\/upitis\/wp-content\/uploads\/2022\/10\/Cocuros-15.04.1974-J.K.-300x194.jpg 300w, https:\/\/www.archiv.org.lv\/upitis\/wp-content\/uploads\/2022\/10\/Cocuros-15.04.1974-J.K.-768x496.jpg 768w, https:\/\/www.archiv.org.lv\/upitis\/wp-content\/uploads\/2022\/10\/Cocuros-15.04.1974-J.K.-1536x992.jpg 1536w, https:\/\/www.archiv.org.lv\/upitis\/wp-content\/uploads\/2022\/10\/Cocuros-15.04.1974-J.K.-2048x1323.jpg 2048w, https:\/\/www.archiv.org.lv\/upitis\/wp-content\/uploads\/2022\/10\/Cocuros-15.04.1974-J.K.-2000x1292.jpg 2000w\" sizes=\"auto, (max-width: 1024px) 100vw, 1024px\" \/><\/a><figcaption>P. Up\u012btis braucien\u0101 uz sav\u0101m dzimtaj\u0101m viet\u0101m \u0136\u0113\u010du pagasta &#8220;\u010co\u010duru&#8221; m\u0101j\u0101m. 1974. gada apr\u012blis. Foto: Juris Krievi\u0146\u0161.  Avots: LNA_LVA_F1839. <\/figcaption><\/figure>\n<\/div>\n\n\n\n<div class=\"wp-block-column is-layout-flow wp-block-column-is-layout-flow\">\n<figure class=\"wp-block-image size-large\"><a href=\"https:\/\/www.archiv.org.lv\/upitis\/wp-content\/uploads\/2022\/10\/NTAURE1.jpg\"><img loading=\"lazy\" decoding=\"async\" width=\"1024\" height=\"934\" src=\"https:\/\/www.archiv.org.lv\/upitis\/wp-content\/uploads\/2022\/10\/NTAURE1-1024x934.jpg\" alt=\"\" class=\"wp-image-171\" srcset=\"https:\/\/www.archiv.org.lv\/upitis\/wp-content\/uploads\/2022\/10\/NTAURE1-1024x934.jpg 1024w, https:\/\/www.archiv.org.lv\/upitis\/wp-content\/uploads\/2022\/10\/NTAURE1-300x274.jpg 300w, https:\/\/www.archiv.org.lv\/upitis\/wp-content\/uploads\/2022\/10\/NTAURE1-768x701.jpg 768w, https:\/\/www.archiv.org.lv\/upitis\/wp-content\/uploads\/2022\/10\/NTAURE1-1536x1401.jpg 1536w, https:\/\/www.archiv.org.lv\/upitis\/wp-content\/uploads\/2022\/10\/NTAURE1-2048x1868.jpg 2048w, https:\/\/www.archiv.org.lv\/upitis\/wp-content\/uploads\/2022\/10\/NTAURE1-2000x1824.jpg 2000w\" sizes=\"auto, (max-width: 1024px) 100vw, 1024px\" \/><\/a><figcaption>P. Up\u012btis N\u012btaures draudzes skolas d\u0101rz\u0101. 1974. gada apr\u012blis. Foto: Juris Krievi\u0146\u0161.  Avots: LNA_LVA_F1839. <\/figcaption><\/figure>\n<\/div>\n\n\n\n<div class=\"wp-block-column is-layout-flow wp-block-column-is-layout-flow\">\n<figure class=\"wp-block-image size-large\"><a href=\"https:\/\/www.archiv.org.lv\/upitis\/wp-content\/uploads\/2022\/10\/Pie-Nitaures-draudzes-skolas-1974-J.K..jpg\"><img loading=\"lazy\" decoding=\"async\" width=\"1024\" height=\"1022\" src=\"https:\/\/www.archiv.org.lv\/upitis\/wp-content\/uploads\/2022\/10\/Pie-Nitaures-draudzes-skolas-1974-J.K.-1024x1022.jpg\" alt=\"\" class=\"wp-image-172\" srcset=\"https:\/\/www.archiv.org.lv\/upitis\/wp-content\/uploads\/2022\/10\/Pie-Nitaures-draudzes-skolas-1974-J.K.-1024x1022.jpg 1024w, https:\/\/www.archiv.org.lv\/upitis\/wp-content\/uploads\/2022\/10\/Pie-Nitaures-draudzes-skolas-1974-J.K.-300x300.jpg 300w, https:\/\/www.archiv.org.lv\/upitis\/wp-content\/uploads\/2022\/10\/Pie-Nitaures-draudzes-skolas-1974-J.K.-150x150.jpg 150w, https:\/\/www.archiv.org.lv\/upitis\/wp-content\/uploads\/2022\/10\/Pie-Nitaures-draudzes-skolas-1974-J.K.-768x766.jpg 768w, https:\/\/www.archiv.org.lv\/upitis\/wp-content\/uploads\/2022\/10\/Pie-Nitaures-draudzes-skolas-1974-J.K..jpg 1507w\" sizes=\"auto, (max-width: 1024px) 100vw, 1024px\" \/><\/a><figcaption>P. Up\u012btis pie N\u012btaures draudzes skolas. 1974. gada apr\u012blis. Foto: Juris Krievi\u0146\u0161.  Avots: LNA_LVA_F1839. <\/figcaption><\/figure>\n<\/div>\n<\/div>\n\n\n\n<p class=\"has-text-align-center\">Par sav\u0101m t\u0101l\u0101kaj\u0101m gait\u0101m P. Up\u012btis st\u0101sta: <\/p>\n\n\n\n<p class=\"has-text-align-center\"><em>\u201dI Pasaules kara rezult\u0101t\u0101 p\u0113c R\u012bgas kri\u0161anas c\u012b\u0146as notiek ar\u012b par M\u0101lpils pro\u0123imn\u0101ziju, kura kr\u012bt kara ugunij par uguni. J\u0101mekl\u0113 jauna skola t\u0101l\u0101k aizmugur\u0113, un t\u0101 ir Valmiera, jo tur, l\u016bk, dz\u012bvo viena t\u0113va m\u0101sa.\u201d <\/em><\/p>\n\n\n\n<p class=\"has-text-align-center\">1918. gad\u0101 vi\u0146\u0161 iest\u0101j\u0101s Valmieras \u0123imn\u0101zij\u0101, kuru pabeidza 1919. gada pavasar\u012b. Valmieras \u0123imn\u0101zij\u0101 par skolot\u0101jiem str\u0101d\u0101ju\u0161i t\u0101di m\u0101kslinieki k\u0101 Eduards Brenc\u0113ns, P\u0113teris Kundzi\u0146\u0161 un J\u0101nis Saukums. P. Up\u012b\u0161a t\u0113vs pie\u0146\u0113ma d\u0113la izv\u0113li k\u013c\u016bt par m\u0101kslinieku, jo cien\u012bjis V. Purv\u012bti k\u0101 izcilu m\u0101kslinieku, kur\u0161 dzimis \u0136\u0113\u010du pagastam kaimi\u0146os eso\u0161aj\u0101 Zaubes pagast\u0101, l\u012bdz ar to t\u0113vs pazinis Purv\u012b\u0161u \u0123imeni. Tom\u0113r s\u0101kotn\u0113ji P. Up\u012b\u0161a t\u0113vam biju\u0161as citas domas par d\u0113la profesiju. P. Up\u012btis atceras: <\/p>\n\n\n\n<p class=\"has-text-align-center\"><em>\u201dVi\u0146\u0161 pat gan vair\u0101k bija iedom\u0101jies savu d\u0113lu redzam k\u0101 ma\u0161\u012bnistu uz vilciena, man pat nav izdevies izdibin\u0101t, kur \u0161ai domai mekl\u0113jams pirmc\u0113lonis. Vien\u012bgi tas apst\u0101klis, ka t\u0113vs visu m\u016b\u017eu diezgan stipri moc\u012bj\u0101s ar reimatismu, lika nopietni apsv\u0113rt ma\u0161\u012bnista profesiju \u2013 karstums no kurtuves, aukstums no otras puses, caurv\u0113j\u0161 ir ne visai v\u0113l\u012bgi vesel\u012bbai. T\u0101 \u201dm\u0101kslinieks\u201d \u0161oreiz uzvar\u0113ja ma\u0161\u012bnistu. Bet ikreiz, kad dzelzce\u013cu stacij\u0101s bij\u012bgi noraugos lokomot\u012bv\u0113s, dom\u0101s p\u0101rce\u013cos par t\u0101s vad\u012bt\u0101ju, \u012bsten\u012bba k\u013c\u016btu, ja es b\u016btu pild\u012bjis t\u0113va v\u0113l\u0113\u0161anos.\u201d<\/em><\/p>\n\n\n\n<div class=\"wp-block-columns is-layout-flex wp-container-core-columns-is-layout-28f84493 wp-block-columns-is-layout-flex\">\n<div class=\"wp-block-column is-layout-flow wp-block-column-is-layout-flow\">\n<p class=\"has-text-align-center\">1919. gada vasar\u0101 P. Up\u012btis tika iesaukts karadienest\u0101 un ieskait\u012bts otr\u0101 Ventspils k\u0101jnieku pulka Sakaru rot\u0101 k\u0101 telefonists l\u012bdz 1921. gada rudenim, kad tika demobiliz\u0113ts izgl\u012bt\u012bbas turpin\u0101\u0161anai. 1921. gada ruden\u012b vi\u0146\u0161 iest\u0101j\u0101s Latvijas M\u0101kslas akad\u0113mij\u0101 un m\u0101c\u012bj\u0101s profesora Riharda Zari\u0146a Grafikas meistardarbn\u012bc\u0101. Nepiecie\u0161amie l\u012bdzek\u013ci iztikai bija pa\u0161am j\u0101nopelna, un tas pagarin\u0101jis studiju laiku, kad paral\u0113li m\u0101c\u012bb\u0101m P. Up\u012btis str\u0101d\u0101jis da\u017e\u0101dos gad\u012bjuma darbos \u2013 gatavojis afi\u0161as, da\u017e\u0101dus uzrakstus, izk\u0101rtnes, pre\u010du noform\u0113jumus, dizainu loterijas bi\u013cet\u0113m, spiedogiem, veicis kr\u0101sot\u0101ja, taps\u0113t\u0101ja darbus, bijis m\u0113rnieka pal\u012bgs u.c. Str\u0101d\u0101jis ar\u012b pie gr\u0101matu m\u0101ksliniecisk\u0101s apdares. Studiju laik\u0101 P. Up\u012btis diezgan daudz rad\u012bjis izdevumam \u201dLatvju raksti\u201d \u2013 darin\u0101jis vismaz 30 z\u012bm\u0113jumus.<\/p>\n<\/div>\n\n\n\n<div class=\"wp-block-column is-layout-flow wp-block-column-is-layout-flow\">\n<figure class=\"wp-block-image aligncenter size-large\"><a href=\"https:\/\/www.archiv.org.lv\/upitis\/wp-content\/uploads\/2022\/10\/Upitis-studens-.jpg\"><img loading=\"lazy\" decoding=\"async\" width=\"1024\" height=\"719\" src=\"https:\/\/www.archiv.org.lv\/upitis\/wp-content\/uploads\/2022\/10\/Upitis-studens--1024x719.jpg\" alt=\"\" class=\"wp-image-162\" srcset=\"https:\/\/www.archiv.org.lv\/upitis\/wp-content\/uploads\/2022\/10\/Upitis-studens--1024x719.jpg 1024w, https:\/\/www.archiv.org.lv\/upitis\/wp-content\/uploads\/2022\/10\/Upitis-studens--300x211.jpg 300w, https:\/\/www.archiv.org.lv\/upitis\/wp-content\/uploads\/2022\/10\/Upitis-studens--768x540.jpg 768w, https:\/\/www.archiv.org.lv\/upitis\/wp-content\/uploads\/2022\/10\/Upitis-studens--1536x1079.jpg 1536w, https:\/\/www.archiv.org.lv\/upitis\/wp-content\/uploads\/2022\/10\/Upitis-studens--2048x1439.jpg 2048w, https:\/\/www.archiv.org.lv\/upitis\/wp-content\/uploads\/2022\/10\/Upitis-studens--2000x1405.jpg 2000w\" sizes=\"auto, (max-width: 1024px) 100vw, 1024px\" \/><\/a><figcaption> Profesori Vilhelms Purv\u012btis un Rihards Zari\u0146\u0161 ar Grafikas meistardarbn\u012bcas studentiem. 1. rind\u0101 no kreis\u0101s: Z\u0101l\u012bte, Otomija Freiberga, Vilhelms Purv\u012btis, Rihards Zari\u0146\u0161, Erna B\u0113rzi\u0146a, Marija Muceniece, 2. rind\u0101 no kreis\u0101s: P\u0113teris Zutis, J\u0101nis Liepi\u0146\u0161, Ervins Volfeils, Rove Hugo, Visvaldis R\u016bsa, P.Up\u012btis, \u0160t\u0101ls, Ei\u017eens Bodnieks, Francis Bange, Arturs Duburs, 3. rind\u0101 -Kalni\u0146\u0161, Fridrihs V\u012bksne, Arturs Apinis, 1927. gads. Avots: LNA_LVA_F1839<\/figcaption><\/figure>\n<\/div>\n<\/div>\n\n\n\n<p class=\"has-text-align-center\">&nbsp;&nbsp;&nbsp;&nbsp;&nbsp;&nbsp;<\/p>\n\n\n\n<div class=\"wp-block-columns is-layout-flex wp-container-core-columns-is-layout-28f84493 wp-block-columns-is-layout-flex\">\n<div class=\"wp-block-column is-layout-flow wp-block-column-is-layout-flow\">\n<figure class=\"wp-block-image aligncenter size-large\"><a href=\"https:\/\/www.archiv.org.lv\/upitis\/wp-content\/uploads\/2022\/10\/Pie-prof.-Zarina-1927.gada-pavasari.jpg\"><img loading=\"lazy\" decoding=\"async\" width=\"1024\" height=\"721\" src=\"https:\/\/www.archiv.org.lv\/upitis\/wp-content\/uploads\/2022\/10\/Pie-prof.-Zarina-1927.gada-pavasari-1024x721.jpg\" alt=\"\" class=\"wp-image-152\" srcset=\"https:\/\/www.archiv.org.lv\/upitis\/wp-content\/uploads\/2022\/10\/Pie-prof.-Zarina-1927.gada-pavasari-1024x721.jpg 1024w, https:\/\/www.archiv.org.lv\/upitis\/wp-content\/uploads\/2022\/10\/Pie-prof.-Zarina-1927.gada-pavasari-300x211.jpg 300w, https:\/\/www.archiv.org.lv\/upitis\/wp-content\/uploads\/2022\/10\/Pie-prof.-Zarina-1927.gada-pavasari-768x541.jpg 768w, https:\/\/www.archiv.org.lv\/upitis\/wp-content\/uploads\/2022\/10\/Pie-prof.-Zarina-1927.gada-pavasari.jpg 1328w\" sizes=\"auto, (max-width: 1024px) 100vw, 1024px\" \/><\/a><figcaption>Grafikas meistardarbn\u012bcas audz\u0113k\u0146i viesojas pie profesora Riharda Zari\u0146a dz\u012bvokl\u012b, 1927. gada pavasaris. Avots: LNA_LVA_F1839.<\/figcaption><\/figure>\n<\/div>\n\n\n\n<div class=\"wp-block-column is-layout-flow wp-block-column-is-layout-flow\">\n<figure class=\"wp-block-image aligncenter size-large\"><a href=\"https:\/\/www.archiv.org.lv\/upitis\/wp-content\/uploads\/2022\/10\/Grafikas-meistardarbnica-1927-28.gads_.jpg\"><img loading=\"lazy\" decoding=\"async\" width=\"1024\" height=\"645\" src=\"https:\/\/www.archiv.org.lv\/upitis\/wp-content\/uploads\/2022\/10\/Grafikas-meistardarbnica-1927-28.gads_-1024x645.jpg\" alt=\"\" class=\"wp-image-153\" srcset=\"https:\/\/www.archiv.org.lv\/upitis\/wp-content\/uploads\/2022\/10\/Grafikas-meistardarbnica-1927-28.gads_-1024x645.jpg 1024w, https:\/\/www.archiv.org.lv\/upitis\/wp-content\/uploads\/2022\/10\/Grafikas-meistardarbnica-1927-28.gads_-300x189.jpg 300w, https:\/\/www.archiv.org.lv\/upitis\/wp-content\/uploads\/2022\/10\/Grafikas-meistardarbnica-1927-28.gads_-768x484.jpg 768w, https:\/\/www.archiv.org.lv\/upitis\/wp-content\/uploads\/2022\/10\/Grafikas-meistardarbnica-1927-28.gads_-1536x968.jpg 1536w, https:\/\/www.archiv.org.lv\/upitis\/wp-content\/uploads\/2022\/10\/Grafikas-meistardarbnica-1927-28.gads_.jpg 1607w\" sizes=\"auto, (max-width: 1024px) 100vw, 1024px\" \/><\/a><figcaption>Grafikas meistardarbn\u012bc\u0101, 1927.\/28. gads. Avots: LNA_LVA_F1839. <\/figcaption><\/figure>\n<\/div>\n\n\n\n<div class=\"wp-block-column is-layout-flow wp-block-column-is-layout-flow\">\n<figure class=\"wp-block-image aligncenter size-large\"><a href=\"https:\/\/www.archiv.org.lv\/upitis\/wp-content\/uploads\/2022\/10\/1928.g.21.janvari-karnevala-Sunpurna-pili-vai-1929.gada-9.februari.jpg\"><img loading=\"lazy\" decoding=\"async\" width=\"1024\" height=\"638\" src=\"https:\/\/www.archiv.org.lv\/upitis\/wp-content\/uploads\/2022\/10\/1928.g.21.janvari-karnevala-Sunpurna-pili-vai-1929.gada-9.februari-1024x638.jpg\" alt=\"\" class=\"wp-image-154\" srcset=\"https:\/\/www.archiv.org.lv\/upitis\/wp-content\/uploads\/2022\/10\/1928.g.21.janvari-karnevala-Sunpurna-pili-vai-1929.gada-9.februari-1024x638.jpg 1024w, https:\/\/www.archiv.org.lv\/upitis\/wp-content\/uploads\/2022\/10\/1928.g.21.janvari-karnevala-Sunpurna-pili-vai-1929.gada-9.februari-300x187.jpg 300w, https:\/\/www.archiv.org.lv\/upitis\/wp-content\/uploads\/2022\/10\/1928.g.21.janvari-karnevala-Sunpurna-pili-vai-1929.gada-9.februari-768x478.jpg 768w, https:\/\/www.archiv.org.lv\/upitis\/wp-content\/uploads\/2022\/10\/1928.g.21.janvari-karnevala-Sunpurna-pili-vai-1929.gada-9.februari-1536x957.jpg 1536w, https:\/\/www.archiv.org.lv\/upitis\/wp-content\/uploads\/2022\/10\/1928.g.21.janvari-karnevala-Sunpurna-pili-vai-1929.gada-9.februari.jpg 1631w\" sizes=\"auto, (max-width: 1024px) 100vw, 1024px\" \/><\/a><figcaption>Latvijas M\u0101kslas akad\u0113mijas karnev\u0101la \u201cSumpur\u0146a pil\u012b\u201d, 1929. gada 9. febru\u0101ris. Avots: LNA_LVA_F1839.<\/figcaption><\/figure>\n<\/div>\n<\/div>\n\n\n\n<div class=\"wp-block-columns is-layout-flex wp-container-core-columns-is-layout-28f84493 wp-block-columns-is-layout-flex\">\n<div class=\"wp-block-column is-layout-flow wp-block-column-is-layout-flow\">\n<p class=\"has-text-align-center\">1924. gad\u0101 P. Up\u012btis piedal\u012bj\u0101s pirmaj\u0101 M\u0101kslas akad\u0113mijas audz\u0113k\u0146u izst\u0101d\u0113, bet 1928. gad\u0101 \u2013 pirmo reizi kop\u0113j\u0101 latvie\u0161u m\u0101kslas izst\u0101d\u0113 ar z\u012bm\u0113jumiem (kop\u0161 1928. gada ar grafikas darbiem piedal\u012bj\u0101s da\u017e\u0101d\u0101s izst\u0101d\u0113s). Akad\u0113mija tika pabeigta 1932. gad\u0101 ar diplomdarbu \u201dLab\u012bbas ved\u0113js\u201d as\u0113juma tehnik\u0101, ieg\u016bstot m\u0101kslinieka &#8211; grafi\u0137a gr\u0101du. P. Up\u012b\u0161a pedagogi m\u0101c\u012bbu laik\u0101 biju\u0161i V. Purv\u012btis, J. Kuga, E. V\u012btols, V. Tone, H. Gr\u012bnbergs, K. Brenc\u0113ns un K. Miesnieks. \u201d<em>Linogriezuma un kokdzeluma k\u0101 m\u0101c\u012bbu discipl\u012bna man\u0101 m\u0101c\u012b\u0161an\u0101s laik\u0101 akad\u0113mij\u0101 v\u0113l nebija. T\u0101s ieveda ap 1934. gadu Zari\u0146a skolnieks K. Krauze. Labi apguvu litogr\u0101fiju un as\u0113jumu.\u201d<\/em> 1932. gad\u0101, l\u012bdztekus diplomdarbam, P. Up\u012btis darin\u0101ja ar\u012b ilustr\u0101cijas latvie\u0161u tautas pasakai \u201dBr\u012bnumkoks\u201d spalvas z\u012bm\u0113juma tehnik\u0101. 1935. gada vasar\u0101 Kult\u016bras fonda I izst\u0101d\u0113 P. Up\u012btis izst\u0101d\u012bja 3 spalvas z\u012bm\u0113jumus, t\u0101 pa\u0161a gada beig\u0101s tika organiz\u0113ta Kult\u016bras fonda II izst\u0101de, kurai P. Up\u012btis iesniedza vienu spalvas z\u012bm\u0113jumu. 1936. gad\u0101 vi\u0146\u0161 izst\u0101d\u0113s nepiedal\u012bj\u0101s, bet 1937.\/1938. gadu mij\u0101 r\u012bkotaj\u0101 Kult\u016bras fonda IV izst\u0101d\u0113 atkal r\u0101d\u012bja divus spalvas z\u012bm\u0113jumus, savuk\u0101rt 1938. gad\u0101 atkal izst\u0101d\u0113s nepiedal\u012bj\u0101s.<\/p>\n<\/div>\n\n\n\n<div class=\"wp-block-column is-layout-flow wp-block-column-is-layout-flow\">\n<figure class=\"wp-block-image aligncenter size-large is-resized\"><a href=\"https:\/\/www.archiv.org.lv\/upitis\/wp-content\/uploads\/2022\/10\/im215-rotated.jpg\"><img loading=\"lazy\" decoding=\"async\" src=\"https:\/\/www.archiv.org.lv\/upitis\/wp-content\/uploads\/2022\/10\/im215-751x1024.jpg\" alt=\"\" class=\"wp-image-157\" width=\"367\" height=\"499\" srcset=\"https:\/\/www.archiv.org.lv\/upitis\/wp-content\/uploads\/2022\/10\/im215-751x1024.jpg 751w, https:\/\/www.archiv.org.lv\/upitis\/wp-content\/uploads\/2022\/10\/im215-220x300.jpg 220w, https:\/\/www.archiv.org.lv\/upitis\/wp-content\/uploads\/2022\/10\/im215-768x1047.jpg 768w, https:\/\/www.archiv.org.lv\/upitis\/wp-content\/uploads\/2022\/10\/im215-1502x2048.jpg 1502w\" sizes=\"auto, (max-width: 367px) 100vw, 367px\" \/><\/a><figcaption>P. Up\u012b\u0161a diplomdarba &#8220;Lab\u012bbas ved\u0113js&#8221; skice, absolv\u0113jot LMA Grafikas meistardarbn\u012bcu, 1932. gads. Avots: LNA_LVA_F1839.<\/figcaption><\/figure>\n<\/div>\n<\/div>\n\n\n\n<figure class=\"wp-block-image size-large\"><a href=\"https:\/\/www.archiv.org.lv\/upitis\/wp-content\/uploads\/2022\/10\/Makslas-akademijas-izlaidums-2.lieta_-scaled.jpg\"><img loading=\"lazy\" decoding=\"async\" width=\"1024\" height=\"472\" src=\"https:\/\/www.archiv.org.lv\/upitis\/wp-content\/uploads\/2022\/10\/Makslas-akademijas-izlaidums-2.lieta_-1024x472.jpg\" alt=\"\" class=\"wp-image-142\" srcset=\"https:\/\/www.archiv.org.lv\/upitis\/wp-content\/uploads\/2022\/10\/Makslas-akademijas-izlaidums-2.lieta_-1024x472.jpg 1024w, https:\/\/www.archiv.org.lv\/upitis\/wp-content\/uploads\/2022\/10\/Makslas-akademijas-izlaidums-2.lieta_-300x138.jpg 300w, https:\/\/www.archiv.org.lv\/upitis\/wp-content\/uploads\/2022\/10\/Makslas-akademijas-izlaidums-2.lieta_-768x354.jpg 768w, https:\/\/www.archiv.org.lv\/upitis\/wp-content\/uploads\/2022\/10\/Makslas-akademijas-izlaidums-2.lieta_-1536x708.jpg 1536w, https:\/\/www.archiv.org.lv\/upitis\/wp-content\/uploads\/2022\/10\/Makslas-akademijas-izlaidums-2.lieta_-2048x944.jpg 2048w, https:\/\/www.archiv.org.lv\/upitis\/wp-content\/uploads\/2022\/10\/Makslas-akademijas-izlaidums-2.lieta_-2000x922.jpg 2000w\" sizes=\"auto, (max-width: 1024px) 100vw, 1024px\" \/><\/a><figcaption>Latvijas M\u0101kslas akad\u0113mijas izlaidums, 1932. gads. Avots: LNA_LVA_F1839.<\/figcaption><\/figure>\n\n\n\n<div class=\"wp-block-columns is-layout-flex wp-container-core-columns-is-layout-28f84493 wp-block-columns-is-layout-flex\">\n<div class=\"wp-block-column is-layout-flow wp-block-column-is-layout-flow\">\n<p class=\"has-text-align-center\">1926. gad\u0101 P. Up\u012btis pabeidzis skolot\u0101ju sagatavo\u0161anas divu m\u0113ne\u0161u kursus, 1928. gad\u0101 apprec\u0113j\u0101s ar Veru Ukriju. \u0122imen\u0113 piedzima meita Aina un d\u0113ls Andris. No 1929. gada septembra l\u012bdz 1944. gada oktobrim P. Up\u012btis str\u0101d\u0101jis galvenok\u0101rt k\u0101 z\u012bm\u0113\u0161anas un gl\u012btrakst\u012b\u0161anas skolot\u0101js R\u012bgas pils\u0113tas 3. \u012bpatn\u0113j\u0101 pamatskol\u0101 (1937. gad\u0101 p\u0101rd\u0113v\u0113ta par Me\u017ea skolu) ar da\u017eu m\u0113ne\u0161u p\u0101rtraukumu, jo 1941. gad\u0101 vi\u0146am tika pied\u0101v\u0101ts darbs R\u012bgas Pils\u0113tas m\u0101kslas muzej\u0101 k\u0101 Grafikas kabineta p\u0101rzi\u0146a un bibliotek\u0101ra vietas izpild\u012bt\u0101jam. Paral\u0113li str\u0101d\u0101jis R\u012bgas 1. vidusskol\u0101 par z\u012bm\u0113\u0161anas un m\u0101kslas v\u0113stures pasniedz\u0113ju. Pirmaj\u0101s v\u0101cu okup\u0101cijas ned\u0113\u013c\u0101s 1941. gad\u0101 P. Up\u012btis bija spiests aiziet no darba muzej\u0101 un R\u012bgas 1. vidusskol\u0101 un ats\u0101ka darbu Me\u017ea skol\u0101, kur nostr\u0101d\u0101ja l\u012bdz 1944. gada vasaras atva\u013cin\u0101jumam, kad pameta R\u012bgu un l\u012bdz kara beig\u0101m dz\u012bvoja kop\u0101 ar \u0123imeni Tukum\u0101. Tur s\u0101ka str\u0101d\u0101t Tukuma pils\u0113tas 2. pamatskol\u0101 par z\u012bm\u0113\u0161anas skolot\u0101ju.<\/p>\n<\/div>\n\n\n\n<div class=\"wp-block-column is-layout-flow wp-block-column-is-layout-flow\">\n<figure class=\"wp-block-image aligncenter size-large is-resized is-style-zoooom\"><a href=\"https:\/\/www.archiv.org.lv\/upitis\/wp-content\/uploads\/2022\/10\/J.Ozols-Riga.jpg\"><img loading=\"lazy\" decoding=\"async\" src=\"https:\/\/www.archiv.org.lv\/upitis\/wp-content\/uploads\/2022\/10\/J.Ozols-Riga-710x1024.jpg\" alt=\"\" class=\"wp-image-717\" width=\"355\" height=\"512\" srcset=\"https:\/\/www.archiv.org.lv\/upitis\/wp-content\/uploads\/2022\/10\/J.Ozols-Riga-710x1024.jpg 710w, https:\/\/www.archiv.org.lv\/upitis\/wp-content\/uploads\/2022\/10\/J.Ozols-Riga-208x300.jpg 208w, https:\/\/www.archiv.org.lv\/upitis\/wp-content\/uploads\/2022\/10\/J.Ozols-Riga-768x1108.jpg 768w, https:\/\/www.archiv.org.lv\/upitis\/wp-content\/uploads\/2022\/10\/J.Ozols-Riga.jpg 972w\" sizes=\"auto, (max-width: 355px) 100vw, 355px\" \/><\/a><figcaption>P\u0113teris Up\u012btis, 20. gs. 20.-30. gadi. Foto: J. Ozols. Avots: LNA_LVA_F1839.<\/figcaption><\/figure>\n<\/div>\n<\/div>\n\n\n\n<div class=\"wp-block-columns is-layout-flex wp-container-core-columns-is-layout-28f84493 wp-block-columns-is-layout-flex\">\n<div class=\"wp-block-column is-layout-flow wp-block-column-is-layout-flow\">\n<figure class=\"wp-block-image aligncenter size-large\"><a href=\"https:\/\/www.archiv.org.lv\/upitis\/wp-content\/uploads\/2022\/10\/im064.jpg\"><img loading=\"lazy\" decoding=\"async\" width=\"1024\" height=\"631\" src=\"https:\/\/www.archiv.org.lv\/upitis\/wp-content\/uploads\/2022\/10\/im064-1024x631.jpg\" alt=\"\" class=\"wp-image-135\" srcset=\"https:\/\/www.archiv.org.lv\/upitis\/wp-content\/uploads\/2022\/10\/im064-1024x631.jpg 1024w, https:\/\/www.archiv.org.lv\/upitis\/wp-content\/uploads\/2022\/10\/im064-300x185.jpg 300w, https:\/\/www.archiv.org.lv\/upitis\/wp-content\/uploads\/2022\/10\/im064-768x473.jpg 768w, https:\/\/www.archiv.org.lv\/upitis\/wp-content\/uploads\/2022\/10\/im064.jpg 1462w\" sizes=\"auto, (max-width: 1024px) 100vw, 1024px\" \/><\/a><figcaption>P\u0113teris Up\u012btis pie skolot\u0101ja galda R\u012bgas pils\u0113tas 3. \u012bpatn\u0113j\u0101 pamatskol\u0101. 20. gs. 20.-30. gadi. Avots: LNA_LVA_F1839.<\/figcaption><\/figure>\n<\/div>\n\n\n\n<div class=\"wp-block-column is-layout-flow wp-block-column-is-layout-flow\">\n<figure class=\"wp-block-image aligncenter size-large\"><a href=\"https:\/\/www.archiv.org.lv\/upitis\/wp-content\/uploads\/2022\/10\/Meza-skola-1929.gada-septembri.jpg\"><img loading=\"lazy\" decoding=\"async\" width=\"1024\" height=\"634\" src=\"https:\/\/www.archiv.org.lv\/upitis\/wp-content\/uploads\/2022\/10\/Meza-skola-1929.gada-septembri-1024x634.jpg\" alt=\"\" class=\"wp-image-136\" srcset=\"https:\/\/www.archiv.org.lv\/upitis\/wp-content\/uploads\/2022\/10\/Meza-skola-1929.gada-septembri-1024x634.jpg 1024w, https:\/\/www.archiv.org.lv\/upitis\/wp-content\/uploads\/2022\/10\/Meza-skola-1929.gada-septembri-300x186.jpg 300w, https:\/\/www.archiv.org.lv\/upitis\/wp-content\/uploads\/2022\/10\/Meza-skola-1929.gada-septembri-768x475.jpg 768w, https:\/\/www.archiv.org.lv\/upitis\/wp-content\/uploads\/2022\/10\/Meza-skola-1929.gada-septembri.jpg 1451w\" sizes=\"auto, (max-width: 1024px) 100vw, 1024px\" \/><\/a><figcaption>P\u0113teris Up\u012btis vada z\u012bm\u0113\u0161anas stundu R\u012bgas pils\u0113tas 3. \u012bpatn\u0113j\u0101s pamatskolas  audz\u0113k\u0146iem. 1929. gada septembris. Avots: LNA_LVA_F1839.<\/figcaption><\/figure>\n<\/div>\n\n\n\n<div class=\"wp-block-column is-layout-flow wp-block-column-is-layout-flow\">\n<figure class=\"wp-block-image aligncenter size-large\"><a href=\"https:\/\/www.archiv.org.lv\/upitis\/wp-content\/uploads\/2022\/10\/Es-ar-saviem-berniem-5.IV_.1940-foto-J.Stanko.jpg\"><img loading=\"lazy\" decoding=\"async\" width=\"1024\" height=\"674\" src=\"https:\/\/www.archiv.org.lv\/upitis\/wp-content\/uploads\/2022\/10\/Es-ar-saviem-berniem-5.IV_.1940-foto-J.Stanko-1024x674.jpg\" alt=\"\" class=\"wp-image-137\" srcset=\"https:\/\/www.archiv.org.lv\/upitis\/wp-content\/uploads\/2022\/10\/Es-ar-saviem-berniem-5.IV_.1940-foto-J.Stanko-1024x674.jpg 1024w, https:\/\/www.archiv.org.lv\/upitis\/wp-content\/uploads\/2022\/10\/Es-ar-saviem-berniem-5.IV_.1940-foto-J.Stanko-300x197.jpg 300w, https:\/\/www.archiv.org.lv\/upitis\/wp-content\/uploads\/2022\/10\/Es-ar-saviem-berniem-5.IV_.1940-foto-J.Stanko-768x505.jpg 768w, https:\/\/www.archiv.org.lv\/upitis\/wp-content\/uploads\/2022\/10\/Es-ar-saviem-berniem-5.IV_.1940-foto-J.Stanko.jpg 1383w\" sizes=\"auto, (max-width: 1024px) 100vw, 1024px\" \/><\/a><figcaption>P\u0113teris Up\u012btis ar saviem audz\u0113k\u0146iem Me\u017ea skol\u0101. 1940. gada 5. apr\u012blis. Foto: J.Stanko. Avots: LNA_LVA_F1839.<\/figcaption><\/figure>\n<\/div>\n<\/div>\n\n\n\n<p class=\"has-text-align-center\">1927. gad\u0101 zob\u0101rstei Elzai Kaudz\u012btei P. Up\u012btis darin\u0101ja savu pirmo gr\u0101matz\u012bmi. Pirm\u0101s ierosmes gr\u0101matz\u012bmju jom\u0101 rad\u0101s Riharda Zari\u0146a Grafikas meistardarbn\u012bc\u0101, kad tika dots uzdevums rad\u012bt \u0161o miniat\u016bro grafikas darbu. <\/p>\n\n\n\n<p class=\"has-text-align-center\">Gr\u0101matz\u012bmi (lat. ex libris) parasti veido k\u0101d\u0101 no grafikas tehnik\u0101m, liel\u0101koties ksilogr\u0101fij\u0101, kas ir grafikas tehnika, kur\u0101 att\u0113ls tiek griezts vai grebts koka kli\u0161ej\u0101, lai p\u0113c tam ieg\u016btu novilkumus (iesp\u0113jams ieg\u016bt lielu skaitu novilkumu). Gr\u0101matz\u012bme ir gan m\u0101kslas darbs, gan pieder\u012bbas apliecin\u0101jums, kas ietver t\u0101s \u012bpa\u0161nieka v\u0101rdu, uzv\u0101rdu un bie\u017ei tiek iel\u012bm\u0113ta gr\u0101matas iek\u0161pus\u0113.<\/p>\n\n\n\n<p class=\"has-text-align-center\">Jau 1927.\u00a0gad\u0101 P. Up\u012btis s\u0101ka ar\u012b kolekcion\u0113t gr\u0101matz\u012bmes, vi\u0146\u0161 ieguva savas kolekcijas pirmos eksempl\u0101rus\u00a0\u2013 skolot\u0101ja Riharda Zari\u0146a gr\u0101matz\u012bmju novilkumus. 1935. gad\u0101 P. Up\u012btis dev\u0101s ce\u013cojum\u0101 uz Berl\u012bni, V\u012bni un Pr\u0101gu ar m\u0113r\u0137i apmekl\u0113t muzejus un izst\u0101des. Pr\u0101g\u0101 P. Up\u012btis nopircis kokdzelumam (P. Up\u012b\u0161a ieviests termins) jeb kokgrebumam (viens no ksilogr\u0101fijas veidiem) nepiecie\u0161amos darba r\u012bkus \u2013 dze\u013cus un koka galdi\u0146us: <\/p>\n\n\n\n<p class=\"has-text-align-center\"><em>\u201dPr\u0101g\u0101 nejau\u0161i ieraugu veikala skatlog\u0101 bumbieru koka galdi\u0146us dzelumam (grebumam) un darba r\u012bkus \u2013 dze\u013cus (\u0161tiche\u013cus). Ieg\u0101d\u0101jos tos, lai gan nemaz nezinu, k\u0101 ar tiem j\u0101str\u0101d\u0101.\u201d<\/em><\/p>\n\n\n\n<p class=\"has-text-align-center\"><em>\u201d1936. un 1937. gad\u0101 s\u0101ku izpild\u012bt nelielus vienas un divkr\u0101su linogriezumus, kurus ar\u012b izst\u0101du \u2013 kritika uz\u0146em griezumus atsauc\u012bgi. Vingrin\u0101jumi linolej\u0101 pamaz\u0101m uzvedin\u0101ja uz dom\u0101m, k\u0101 grafi\u0137is var\u0113tu iztikt bez met\u0101la pl\u0101t\u0113m un sk\u0101b\u0113m, kas stipri apgr\u016btino\u0161a, ja dz\u012bvokl\u012b nav speci\u0101las spiedes un iek\u0101rtojuma. J\u0101m\u0113\u0123ina ciet\u0101ks materi\u0101ls koks un ar citiem darba r\u012bkiem. T\u0101 1938. gad\u0101 rad\u0101s pirmais kokdzelums (grebums) fant\u0101zija, kur att\u0113lota j\u016bra, saule un buru laivas, kur vien\u0101 no laiv\u0101m k\u0101ds cilv\u0113ks gatavojas doties braucien\u0101. Galdi\u0146a izm\u0113rs niec\u012bgs 5,8 x 9 cm. \u0160is pas\u0101kums t\u0101 iepat\u012bkas, ka ar katru n\u0101ko\u0161o darbu interese tik pieauga\u2026\u201d <\/em><\/p>\n\n\n\n<p class=\"has-text-align-center\">Lai gan savas patst\u0101v\u012bg\u0101s darb\u012bbas s\u0101kum\u0101 P. Up\u012btis vair\u0101k str\u0101d\u0101ja ar linogriezumiem, 20. gs. 30. gadu beig\u0101s vi\u0146u aizvien vair\u0101k saist\u012bja kokdzelums, un vi\u0146\u0161 k\u013cuva par vienu no iev\u0113rojam\u0101kajiem kokdzeluma meistariem latvie\u0161u m\u0101ksl\u0101. Kop\u0161 1938. gada kokdzeluma tehnik\u0101 m\u0101kslinieks str\u0101d\u0101ja nep\u0101rtraukti. Ar \u0161aj\u0101 tehnik\u0101 darin\u0101tajiem darbiem 1939. gad\u0101 vi\u0146\u0161 piedal\u012bj\u0101s m\u0101kslinieku biedr\u012bbas \u201dZa\u013c\u0101 V\u0101rna\u201d izst\u0101d\u0113, k\u0101 ar\u012b pirmo reizi \u0101rzem\u0113s \u2013 Malm\u0113 (Zviedrija) r\u012bkotaj\u0101 latvie\u0161u m\u0101kslinieku darbu izst\u0101d\u0113. <\/p>\n\n\n\n<p class=\"has-text-align-center\">Kokdzelum\u0101 P. Up\u012btim galvenais iedvesmas avots bija ainava un cilv\u0113ka darba dz\u012bves vide. P. Up\u012btis atz\u012bst, ka <em>\u201dpat\u012bk visvair\u0101k pieskarties lauku dz\u012bves tematikai, kas man \u013coti paz\u012bstama no b\u0113rn\u012bbas. Dzimt\u0101 pagasta kalnainais apvidus ar pakalniem, ezeriem, me\u017eiem un purviem ir manu dabas skatu lirisko un dinamikas ieska\u0146u noteic\u0113ji\u201d<\/em>. 1937. gada vasar\u0101 P. Up\u012btis otro reizi dev\u0101s studiju nol\u016bkos uz Par\u012bzi, Zieme\u013cit\u0101liju, V\u012bni, Budape\u0161tu, Krakovu un Var\u0161avu.<\/p>\n\n\n\n<p class=\"has-text-align-center\">1941. gad\u0101 P. Up\u012btis piedal\u012bj\u0101s pirmaj\u0101 Padomju Latvijas t\u0113lot\u0101jas m\u0101kslas darbu izst\u0101d\u0113 R\u012bg\u0101. Kara gados par rakstur\u012bg\u0101ko P. Up\u012b\u0161a dai\u013crad\u0113 pamaz\u0101m k\u013cuva rudens darbu t\u0113ma \u2013 p\u0101rsvar\u0101 ra\u017eas nov\u0101k\u0161ana, bet laik\u0101, kad m\u0101kslinieks ar \u0123imeni dz\u012bvoja Tukum\u0101, tika darin\u0101tas virkne Tukuma ainavu. Var uzskat\u012bt, ka P. Up\u012btis ar 1945. gad\u0101 darin\u0101to \u201dTukuma ciklu\u201d ir tematisko grafikas ciklu aizs\u0101c\u0113js latvie\u0161u m\u0101ksl\u0101. Turpm\u0101kajos gados par vienu no popul\u0101r\u0101kajiem P. Up\u012b\u0161a grafikas cikliem k\u013cuva \u201dLatvie\u0161u zvejnieki\u201d, it \u012bpa\u0161i s\u0101kot ar 1955. gadu, kad tas ik gadu tika ekspon\u0113ts da\u017e\u0101d\u0101s izst\u0101d\u0113s. P\u0113c 1949. gada, l\u012bdz 1952. gadam ieskaitot, tematiskie cikli netika darin\u0101ti. Kop\u0161 1953. gada P. Up\u012b\u0161a dai\u013crad\u0113 par vado\u0161o t\u0113mu k\u013cuva ainava. Kopum\u0101 P. Up\u012btis darin\u0101jis t\u0101dus grafiskos ciklus k\u0101 \u201dTukums\u201d, \u201dLauku darbi\u201d, \u201dLatvie\u0161u zvejnieki\u201d, \u201dC\u012b\u0146a par augstu ra\u017eu\u201d, \u201dAtjauno\u0161anas darbi Latvij\u0101\u201d, \u201dLirika\u201d, \u201dPurvu neb\u016bs\u201d, \u201dM\u0113s ce\u013cam\u201d, \u201dGauja\u201d, \u201dDarba duna\u201d, \u201dEzera son\u0101te\u201d, \u201dDruvas\u201d, \u201dNorv\u0113\u0123ija\u201d (1958. gad\u0101 P. Up\u012btis ce\u013cojis pa Norv\u0113\u0123iju), \u201dKarpati\u201d, \u201dV\u0113tra\u201d, \u201dUgunis\u201d u.c. P. Up\u012btis akt\u012bvi ar \u0161iem darbiem piedal\u012bjies izst\u0101d\u0113s &#8211; Oktobra revol\u016bcijas 40. gadadienai velt\u012btaj\u0101s izst\u0101d\u0113s R\u012bg\u0101 un Maskav\u0101 1957. gad\u0101, Vissavien\u012bbas estampa izst\u0101d\u0113 \u013be\u0146ingrad\u0101 (\u0161obr\u012bd Sanktp\u0113terburga) 1958. gad\u0101, padomju m\u0101kslas izst\u0101d\u0113 \u010cehoslov\u0101kij\u0101 (\u0161obr\u012bd \u010cehija un Slov\u0101kija) 1959. gad\u0101, Latvijas PSR divdesmit gadu jubilejas izst\u0101d\u0113 1960. gad\u0101, Baltijas republiku m\u0101kslas izst\u0101d\u0113 Maskav\u0101 taj\u0101 pa\u0161\u0101 gad\u0101, PSRS Komunistisk\u0101s partijas XXII kongresam velt\u012btaj\u0101s m\u0101kslas izst\u0101d\u0113s R\u012bg\u0101 un Maskav\u0101 1961. gad\u0101, Vissavien\u012bbas estampa izst\u0101d\u0113 Kijiv\u0101 taj\u0101 pa\u0161\u0101 gad\u0101, Padomju Latvijas akvare\u013ca un grafikas izst\u0101d\u0113 Zviedrij\u0101 1964. gad\u0101, Latvijas PSR 25 gadu jubilejas m\u0101kslas izst\u0101d\u0113 1965. gad\u0101 un Baltijas republiku m\u0101kslas izst\u0101d\u0113 Maskav\u0101 1966. gad\u0101, Vissavien\u012bbas tre\u0161aj\u0101 estampa izst\u0101d\u0113 Baku 1967. gad\u0101 u.c. 1959. gad\u0101 P. Up\u012btis sar\u012bkoja pla\u0161u person\u0101lizst\u0101di (kop\u0101 ar A. Meln\u0101ru), kur\u0101 ekspon\u0113ja iev\u0113rojamu da\u013cu savu kokdzelumu.<\/p>\n\n\n\n<div class=\"wp-block-columns is-layout-flex wp-container-core-columns-is-layout-28f84493 wp-block-columns-is-layout-flex\">\n<div class=\"wp-block-column is-layout-flow wp-block-column-is-layout-flow\">\n<figure class=\"wp-block-image aligncenter size-large is-style-zoooom\"><a href=\"https:\/\/www.archiv.org.lv\/upitis\/wp-content\/uploads\/2022\/10\/1946G11.jpg\"><img loading=\"lazy\" decoding=\"async\" width=\"1024\" height=\"647\" src=\"https:\/\/www.archiv.org.lv\/upitis\/wp-content\/uploads\/2022\/10\/1946G11-1024x647.jpg\" alt=\"\" class=\"wp-image-537\" srcset=\"https:\/\/www.archiv.org.lv\/upitis\/wp-content\/uploads\/2022\/10\/1946G11-1024x647.jpg 1024w, https:\/\/www.archiv.org.lv\/upitis\/wp-content\/uploads\/2022\/10\/1946G11-300x190.jpg 300w, https:\/\/www.archiv.org.lv\/upitis\/wp-content\/uploads\/2022\/10\/1946G11-768x485.jpg 768w, https:\/\/www.archiv.org.lv\/upitis\/wp-content\/uploads\/2022\/10\/1946G11-1536x970.jpg 1536w, https:\/\/www.archiv.org.lv\/upitis\/wp-content\/uploads\/2022\/10\/1946G11.jpg 1621w\" sizes=\"auto, (max-width: 1024px) 100vw, 1024px\" \/><\/a><figcaption>Brauciens uz Maskavu. Sergeja Troicka lavras apskat\u012b\u0161ana Zagorsk\u0101. No lab\u0101s: Birzgalis, Kruglovs, Zviedris, Pl\u0113pis, Apinis, Up\u012btis, Breik\u0161s, Kalni\u0146\u0161. 1946.g. 18. maijs. Avots: LNA_LVA_F1839.<\/figcaption><\/figure>\n\n\n\n<figure class=\"wp-block-image aligncenter size-large is-style-zoooom\"><a href=\"https:\/\/www.archiv.org.lv\/upitis\/wp-content\/uploads\/2022\/10\/Fotografijas-no-P.Upisa-brauciena-uz-Ukrainu-15.05.1966-pie-Marka-Ceremsini-memoriala-muzeja-15.5.1966-g.jpg\"><img loading=\"lazy\" decoding=\"async\" width=\"1024\" height=\"714\" src=\"https:\/\/www.archiv.org.lv\/upitis\/wp-content\/uploads\/2022\/10\/Fotografijas-no-P.Upisa-brauciena-uz-Ukrainu-15.05.1966-pie-Marka-Ceremsini-memoriala-muzeja-15.5.1966-g-1024x714.jpg\" alt=\"\" class=\"wp-image-538\" srcset=\"https:\/\/www.archiv.org.lv\/upitis\/wp-content\/uploads\/2022\/10\/Fotografijas-no-P.Upisa-brauciena-uz-Ukrainu-15.05.1966-pie-Marka-Ceremsini-memoriala-muzeja-15.5.1966-g-1024x714.jpg 1024w, https:\/\/www.archiv.org.lv\/upitis\/wp-content\/uploads\/2022\/10\/Fotografijas-no-P.Upisa-brauciena-uz-Ukrainu-15.05.1966-pie-Marka-Ceremsini-memoriala-muzeja-15.5.1966-g-300x209.jpg 300w, https:\/\/www.archiv.org.lv\/upitis\/wp-content\/uploads\/2022\/10\/Fotografijas-no-P.Upisa-brauciena-uz-Ukrainu-15.05.1966-pie-Marka-Ceremsini-memoriala-muzeja-15.5.1966-g-768x535.jpg 768w, https:\/\/www.archiv.org.lv\/upitis\/wp-content\/uploads\/2022\/10\/Fotografijas-no-P.Upisa-brauciena-uz-Ukrainu-15.05.1966-pie-Marka-Ceremsini-memoriala-muzeja-15.5.1966-g-1536x1071.jpg 1536w, https:\/\/www.archiv.org.lv\/upitis\/wp-content\/uploads\/2022\/10\/Fotografijas-no-P.Upisa-brauciena-uz-Ukrainu-15.05.1966-pie-Marka-Ceremsini-memoriala-muzeja-15.5.1966-g-2048x1428.jpg 2048w, https:\/\/www.archiv.org.lv\/upitis\/wp-content\/uploads\/2022\/10\/Fotografijas-no-P.Upisa-brauciena-uz-Ukrainu-15.05.1966-pie-Marka-Ceremsini-memoriala-muzeja-15.5.1966-g-2000x1394.jpg 2000w\" sizes=\"auto, (max-width: 1024px) 100vw, 1024px\" \/><\/a><figcaption>P. Up\u012b\u0161a brauciens uz Ukrainu 1966. gada 15. maij\u0101. Pie Marko \u010cerem\u0161inas memori\u0101l\u0101 muzeja. Avots: LNA_LVA_F1839<\/figcaption><\/figure>\n<\/div>\n\n\n\n<div class=\"wp-block-column is-layout-flow wp-block-column-is-layout-flow\">\n<figure class=\"wp-block-image aligncenter size-large is-style-zoooom\"><a href=\"https:\/\/www.archiv.org.lv\/upitis\/wp-content\/uploads\/2022\/10\/Upitis-Kauna-1957.gada-vasara.jpg\"><img loading=\"lazy\" decoding=\"async\" width=\"758\" height=\"1024\" src=\"https:\/\/www.archiv.org.lv\/upitis\/wp-content\/uploads\/2022\/10\/Upitis-Kauna-1957.gada-vasara-758x1024.jpg\" alt=\"\" class=\"wp-image-536\" srcset=\"https:\/\/www.archiv.org.lv\/upitis\/wp-content\/uploads\/2022\/10\/Upitis-Kauna-1957.gada-vasara-758x1024.jpg 758w, https:\/\/www.archiv.org.lv\/upitis\/wp-content\/uploads\/2022\/10\/Upitis-Kauna-1957.gada-vasara-222x300.jpg 222w, https:\/\/www.archiv.org.lv\/upitis\/wp-content\/uploads\/2022\/10\/Upitis-Kauna-1957.gada-vasara-768x1037.jpg 768w, https:\/\/www.archiv.org.lv\/upitis\/wp-content\/uploads\/2022\/10\/Upitis-Kauna-1957.gada-vasara.jpg 954w\" sizes=\"auto, (max-width: 758px) 100vw, 758px\" \/><\/a><figcaption>P. Up\u012btis Kau\u0146\u0101, 1957. gada vasara. Avots: LNA_LVA_F1839.<\/figcaption><\/figure>\n<\/div>\n<\/div>\n\n\n\n<p class=\"has-text-align-center\">L\u012bdztekus iepriek\u0161 min\u0113tajam, P. Up\u012btis darin\u0101ja ilustr\u0101cijas da\u017e\u0101diem liter\u0101rajiem darbiem &#8211; A. Austri\u0146a \u201dPui\u0161k\u0101nam\u201d (1943), kur\u0161 netika realiz\u0113ts, A. Pu\u0161kina po\u0113mas \u201dVara j\u0101tnieks\u201d izdevumam (1946, atk\u0101rtoti izdota 1949. g.), J. Jaunsudrabi\u0146a gr\u0101mat\u0101m \u201dAr mak\u0161\u0137eri\u201d (1967) un \u201dT\u0101 pasaule paiet\u2026\u201d(1977), k\u0101 ar\u012b citiem darbiem.<\/p>\n\n\n\n<p class=\"has-text-align-center\">1945. gad\u0101 P. Up\u012btis tika uzaicin\u0101ts str\u0101d\u0101t par ksilogr\u0101fijas, kompoz\u012bcijas un gr\u0101matu grafikas pasniedz\u0113ju \u2013 docentu &#8211; Latvijas PSR Valsts M\u0101kslas akad\u0113mij\u0101. \u0160aj\u0101 pa\u0161\u0101 gad\u0101 uz\u0146emts k\u0101 biedrs LPSR M\u0101kslinieku savien\u012bb\u0101, bet 1946. gad\u0101 iecelts administrat\u012bvaj\u0101 darb\u0101 par akad\u0113mijas glezniec\u012bbas un t\u0113lniec\u012bbas noda\u013cu dek\u0101nu un \u0161aj\u0101 amat\u0101 str\u0101d\u0101ja l\u012bdz 1967. gadam. Kop\u0161 1963. gada bija ar\u012b Latvijas PSR Valsts M\u0101kslas akad\u0113mijas profesors. M\u0101c\u012bja linogriezumu un kokdzelumu, grafikas kompoz\u012bciju un gr\u0101matu m\u0101ksliniecisko apdari. L\u012bdz\u0101s pedagoga darbam M\u0101kslas akad\u0113mij\u0101, visus p\u0113ckara gadus P. Up\u012btis intens\u012bvi un rado\u0161i str\u0101d\u0101ja da\u017e\u0101dos grafikas \u017eanros, kop\u0161 1955. gada visu laiku paral\u0113li citiem darbiem tapa gr\u0101matz\u012bmes.<\/p>\n\n\n\n<figure class=\"wp-block-image aligncenter size-large is-style-zoooom\"><a href=\"https:\/\/www.archiv.org.lv\/upitis\/wp-content\/uploads\/2022\/10\/Upitis-1979.g.junija-VMA-scaled.jpg\"><img loading=\"lazy\" decoding=\"async\" width=\"1024\" height=\"629\" src=\"https:\/\/www.archiv.org.lv\/upitis\/wp-content\/uploads\/2022\/10\/Upitis-1979.g.junija-VMA-1024x629.jpg\" alt=\"\" class=\"wp-image-714\" srcset=\"https:\/\/www.archiv.org.lv\/upitis\/wp-content\/uploads\/2022\/10\/Upitis-1979.g.junija-VMA-1024x629.jpg 1024w, https:\/\/www.archiv.org.lv\/upitis\/wp-content\/uploads\/2022\/10\/Upitis-1979.g.junija-VMA-300x184.jpg 300w, https:\/\/www.archiv.org.lv\/upitis\/wp-content\/uploads\/2022\/10\/Upitis-1979.g.junija-VMA-768x472.jpg 768w, https:\/\/www.archiv.org.lv\/upitis\/wp-content\/uploads\/2022\/10\/Upitis-1979.g.junija-VMA-1536x944.jpg 1536w, https:\/\/www.archiv.org.lv\/upitis\/wp-content\/uploads\/2022\/10\/Upitis-1979.g.junija-VMA-2048x1259.jpg 2048w, https:\/\/www.archiv.org.lv\/upitis\/wp-content\/uploads\/2022\/10\/Upitis-1979.g.junija-VMA-2000x1229.jpg 2000w\" sizes=\"auto, (max-width: 1024px) 100vw, 1024px\" \/><\/a><figcaption>P\u0113teris Up\u012btis Latvijas PSR Valsts M\u0101kslas akad\u0113mij\u0101, 1979. gada j\u016bnijs. Avots: LNA_LVA_F1839.<\/figcaption><\/figure>\n\n\n\n<p><strong>P. Up\u012btis ar saviem audz\u0113k\u0146iem un vi\u0146u as\u0113jumiem Latvijas PSR Valsts M\u0101kslas akad\u0113mij\u0101<\/strong>. <strong>20. gs. 60.-70. gadi.<\/strong> Avots: LNA_LVA_F1839.<\/p>\n\n\n\n<div class=\"wp-block-columns is-layout-flex wp-container-core-columns-is-layout-28f84493 wp-block-columns-is-layout-flex\">\n<div class=\"wp-block-column is-layout-flow wp-block-column-is-layout-flow\">\n<figure class=\"wp-block-image aligncenter size-large is-style-zoooom\"><a href=\"https:\/\/www.archiv.org.lv\/upitis\/wp-content\/uploads\/2022\/10\/Elitas-Viliamas-asejums-blakus-Juris-Briedis-1979.gada-junija-VMA-scaled.jpg\"><img loading=\"lazy\" decoding=\"async\" width=\"633\" height=\"1024\" src=\"https:\/\/www.archiv.org.lv\/upitis\/wp-content\/uploads\/2022\/10\/Elitas-Viliamas-asejums-blakus-Juris-Briedis-1979.gada-junija-VMA-633x1024.jpg\" alt=\"\" class=\"wp-image-540\" srcset=\"https:\/\/www.archiv.org.lv\/upitis\/wp-content\/uploads\/2022\/10\/Elitas-Viliamas-asejums-blakus-Juris-Briedis-1979.gada-junija-VMA-633x1024.jpg 633w, https:\/\/www.archiv.org.lv\/upitis\/wp-content\/uploads\/2022\/10\/Elitas-Viliamas-asejums-blakus-Juris-Briedis-1979.gada-junija-VMA-185x300.jpg 185w, https:\/\/www.archiv.org.lv\/upitis\/wp-content\/uploads\/2022\/10\/Elitas-Viliamas-asejums-blakus-Juris-Briedis-1979.gada-junija-VMA-768x1242.jpg 768w, https:\/\/www.archiv.org.lv\/upitis\/wp-content\/uploads\/2022\/10\/Elitas-Viliamas-asejums-blakus-Juris-Briedis-1979.gada-junija-VMA-949x1536.jpg 949w, https:\/\/www.archiv.org.lv\/upitis\/wp-content\/uploads\/2022\/10\/Elitas-Viliamas-asejums-blakus-Juris-Briedis-1979.gada-junija-VMA-1266x2048.jpg 1266w, https:\/\/www.archiv.org.lv\/upitis\/wp-content\/uploads\/2022\/10\/Elitas-Viliamas-asejums-blakus-Juris-Briedis-1979.gada-junija-VMA-scaled.jpg 1582w\" sizes=\"auto, (max-width: 633px) 100vw, 633px\" \/><\/a><\/figure>\n<\/div>\n\n\n\n<div class=\"wp-block-column is-layout-flow wp-block-column-is-layout-flow\">\n<figure class=\"wp-block-image aligncenter size-large is-style-zoooom\"><a href=\"https:\/\/www.archiv.org.lv\/upitis\/wp-content\/uploads\/2022\/10\/img662-2-scaled.jpg\"><img loading=\"lazy\" decoding=\"async\" width=\"749\" height=\"1024\" src=\"https:\/\/www.archiv.org.lv\/upitis\/wp-content\/uploads\/2022\/10\/img662-2-749x1024.jpg\" alt=\"\" class=\"wp-image-541\" srcset=\"https:\/\/www.archiv.org.lv\/upitis\/wp-content\/uploads\/2022\/10\/img662-2-749x1024.jpg 749w, https:\/\/www.archiv.org.lv\/upitis\/wp-content\/uploads\/2022\/10\/img662-2-219x300.jpg 219w, https:\/\/www.archiv.org.lv\/upitis\/wp-content\/uploads\/2022\/10\/img662-2-768x1050.jpg 768w, https:\/\/www.archiv.org.lv\/upitis\/wp-content\/uploads\/2022\/10\/img662-2-1124x1536.jpg 1124w, https:\/\/www.archiv.org.lv\/upitis\/wp-content\/uploads\/2022\/10\/img662-2-1498x2048.jpg 1498w, https:\/\/www.archiv.org.lv\/upitis\/wp-content\/uploads\/2022\/10\/img662-2-2000x2734.jpg 2000w, https:\/\/www.archiv.org.lv\/upitis\/wp-content\/uploads\/2022\/10\/img662-2-scaled.jpg 1873w\" sizes=\"auto, (max-width: 749px) 100vw, 749px\" \/><\/a><\/figure>\n<\/div>\n\n\n\n<div class=\"wp-block-column is-layout-flow wp-block-column-is-layout-flow\">\n<figure class=\"wp-block-image size-large is-style-zoooom\"><a href=\"https:\/\/www.archiv.org.lv\/upitis\/wp-content\/uploads\/2022\/10\/img729-2-scaled.jpg\"><img loading=\"lazy\" decoding=\"async\" width=\"752\" height=\"1024\" src=\"https:\/\/www.archiv.org.lv\/upitis\/wp-content\/uploads\/2022\/10\/img729-2-752x1024.jpg\" alt=\"\" class=\"wp-image-542\" srcset=\"https:\/\/www.archiv.org.lv\/upitis\/wp-content\/uploads\/2022\/10\/img729-2-752x1024.jpg 752w, https:\/\/www.archiv.org.lv\/upitis\/wp-content\/uploads\/2022\/10\/img729-2-220x300.jpg 220w, https:\/\/www.archiv.org.lv\/upitis\/wp-content\/uploads\/2022\/10\/img729-2-768x1045.jpg 768w, https:\/\/www.archiv.org.lv\/upitis\/wp-content\/uploads\/2022\/10\/img729-2-1129x1536.jpg 1129w, https:\/\/www.archiv.org.lv\/upitis\/wp-content\/uploads\/2022\/10\/img729-2-1505x2048.jpg 1505w, https:\/\/www.archiv.org.lv\/upitis\/wp-content\/uploads\/2022\/10\/img729-2-2000x2722.jpg 2000w, https:\/\/www.archiv.org.lv\/upitis\/wp-content\/uploads\/2022\/10\/img729-2-scaled.jpg 1881w\" sizes=\"auto, (max-width: 752px) 100vw, 752px\" \/><\/a><\/figure>\n<\/div>\n<\/div>\n\n\n\n<div class=\"wp-block-columns is-layout-flex wp-container-core-columns-is-layout-28f84493 wp-block-columns-is-layout-flex\">\n<div class=\"wp-block-column is-layout-flow wp-block-column-is-layout-flow\">\n<figure class=\"wp-block-image aligncenter size-large is-style-zoooom\"><a href=\"https:\/\/www.archiv.org.lv\/upitis\/wp-content\/uploads\/2022\/10\/1964.gads_.jpg\"><img loading=\"lazy\" decoding=\"async\" width=\"1024\" height=\"726\" src=\"https:\/\/www.archiv.org.lv\/upitis\/wp-content\/uploads\/2022\/10\/1964.gads_-1024x726.jpg\" alt=\"\" class=\"wp-image-543\" srcset=\"https:\/\/www.archiv.org.lv\/upitis\/wp-content\/uploads\/2022\/10\/1964.gads_-1024x726.jpg 1024w, https:\/\/www.archiv.org.lv\/upitis\/wp-content\/uploads\/2022\/10\/1964.gads_-300x213.jpg 300w, https:\/\/www.archiv.org.lv\/upitis\/wp-content\/uploads\/2022\/10\/1964.gads_-768x545.jpg 768w, https:\/\/www.archiv.org.lv\/upitis\/wp-content\/uploads\/2022\/10\/1964.gads_-1536x1089.jpg 1536w, https:\/\/www.archiv.org.lv\/upitis\/wp-content\/uploads\/2022\/10\/1964.gads_.jpg 1778w\" sizes=\"auto, (max-width: 1024px) 100vw, 1024px\" \/><\/a><\/figure>\n<\/div>\n\n\n\n<div class=\"wp-block-column is-layout-flow wp-block-column-is-layout-flow\">\n<figure class=\"wp-block-image aligncenter size-large is-style-zoooom\"><a href=\"https:\/\/www.archiv.org.lv\/upitis\/wp-content\/uploads\/2022\/10\/img728-2-scaled.jpg\"><img loading=\"lazy\" decoding=\"async\" width=\"1024\" height=\"753\" src=\"https:\/\/www.archiv.org.lv\/upitis\/wp-content\/uploads\/2022\/10\/img728-2-1024x753.jpg\" alt=\"\" class=\"wp-image-545\" srcset=\"https:\/\/www.archiv.org.lv\/upitis\/wp-content\/uploads\/2022\/10\/img728-2-1024x753.jpg 1024w, https:\/\/www.archiv.org.lv\/upitis\/wp-content\/uploads\/2022\/10\/img728-2-300x221.jpg 300w, https:\/\/www.archiv.org.lv\/upitis\/wp-content\/uploads\/2022\/10\/img728-2-768x565.jpg 768w, https:\/\/www.archiv.org.lv\/upitis\/wp-content\/uploads\/2022\/10\/img728-2-1536x1130.jpg 1536w, https:\/\/www.archiv.org.lv\/upitis\/wp-content\/uploads\/2022\/10\/img728-2-2048x1507.jpg 2048w, https:\/\/www.archiv.org.lv\/upitis\/wp-content\/uploads\/2022\/10\/img728-2-2000x1472.jpg 2000w\" sizes=\"auto, (max-width: 1024px) 100vw, 1024px\" \/><\/a><\/figure>\n<\/div>\n\n\n\n<div class=\"wp-block-column is-layout-flow wp-block-column-is-layout-flow\">\n<figure class=\"wp-block-image aligncenter size-large is-style-zoooom\"><a href=\"https:\/\/www.archiv.org.lv\/upitis\/wp-content\/uploads\/2022\/10\/Meistars-Janis-Sneiders-studenti-Zikmane-un-Strupulis-darbnica-1964.gada-3.janvari-scaled.jpg\"><img loading=\"lazy\" decoding=\"async\" width=\"1024\" height=\"658\" src=\"https:\/\/www.archiv.org.lv\/upitis\/wp-content\/uploads\/2022\/10\/Meistars-Janis-Sneiders-studenti-Zikmane-un-Strupulis-darbnica-1964.gada-3.janvari-1024x658.jpg\" alt=\"\" class=\"wp-image-544\" srcset=\"https:\/\/www.archiv.org.lv\/upitis\/wp-content\/uploads\/2022\/10\/Meistars-Janis-Sneiders-studenti-Zikmane-un-Strupulis-darbnica-1964.gada-3.janvari-1024x658.jpg 1024w, https:\/\/www.archiv.org.lv\/upitis\/wp-content\/uploads\/2022\/10\/Meistars-Janis-Sneiders-studenti-Zikmane-un-Strupulis-darbnica-1964.gada-3.janvari-300x193.jpg 300w, https:\/\/www.archiv.org.lv\/upitis\/wp-content\/uploads\/2022\/10\/Meistars-Janis-Sneiders-studenti-Zikmane-un-Strupulis-darbnica-1964.gada-3.janvari-768x494.jpg 768w, https:\/\/www.archiv.org.lv\/upitis\/wp-content\/uploads\/2022\/10\/Meistars-Janis-Sneiders-studenti-Zikmane-un-Strupulis-darbnica-1964.gada-3.janvari-1536x987.jpg 1536w, https:\/\/www.archiv.org.lv\/upitis\/wp-content\/uploads\/2022\/10\/Meistars-Janis-Sneiders-studenti-Zikmane-un-Strupulis-darbnica-1964.gada-3.janvari-2048x1316.jpg 2048w, https:\/\/www.archiv.org.lv\/upitis\/wp-content\/uploads\/2022\/10\/Meistars-Janis-Sneiders-studenti-Zikmane-un-Strupulis-darbnica-1964.gada-3.janvari-2000x1285.jpg 2000w\" sizes=\"auto, (max-width: 1024px) 100vw, 1024px\" \/><\/a><\/figure>\n<\/div>\n<\/div>\n\n\n\n<p><strong>Latvijas PSR M\u0101kslinieku savien\u012bbas biedra anketa. 1945. gada 30. maijs. <\/strong>Avots: LNA_LVA_F1839.<\/p>\n\n\n\n<div class=\"wp-block-columns is-layout-flex wp-container-core-columns-is-layout-28f84493 wp-block-columns-is-layout-flex\">\n<div class=\"wp-block-column is-vertically-aligned-center is-layout-flow wp-block-column-is-layout-flow\">\n<figure class=\"wp-block-image aligncenter size-large is-resized is-style-zoooom\"><a href=\"https:\/\/www.archiv.org.lv\/upitis\/wp-content\/uploads\/2022\/10\/43.lieta-anketa-scaled.jpg\"><img loading=\"lazy\" decoding=\"async\" src=\"https:\/\/www.archiv.org.lv\/upitis\/wp-content\/uploads\/2022\/10\/43.lieta-anketa-731x1024.jpg\" alt=\"\" class=\"wp-image-766\" width=\"217\" height=\"303\" srcset=\"https:\/\/www.archiv.org.lv\/upitis\/wp-content\/uploads\/2022\/10\/43.lieta-anketa-731x1024.jpg 731w, https:\/\/www.archiv.org.lv\/upitis\/wp-content\/uploads\/2022\/10\/43.lieta-anketa-214x300.jpg 214w, https:\/\/www.archiv.org.lv\/upitis\/wp-content\/uploads\/2022\/10\/43.lieta-anketa-768x1076.jpg 768w, https:\/\/www.archiv.org.lv\/upitis\/wp-content\/uploads\/2022\/10\/43.lieta-anketa-1097x1536.jpg 1097w, https:\/\/www.archiv.org.lv\/upitis\/wp-content\/uploads\/2022\/10\/43.lieta-anketa-1462x2048.jpg 1462w, https:\/\/www.archiv.org.lv\/upitis\/wp-content\/uploads\/2022\/10\/43.lieta-anketa-2000x2802.jpg 2000w, https:\/\/www.archiv.org.lv\/upitis\/wp-content\/uploads\/2022\/10\/43.lieta-anketa-scaled.jpg 1828w\" sizes=\"auto, (max-width: 217px) 100vw, 217px\" \/><\/a><\/figure>\n<\/div>\n\n\n\n<div class=\"wp-block-column is-layout-flow wp-block-column-is-layout-flow\">\n<figure class=\"wp-block-image alignleft size-large is-style-zoooom\"><a href=\"https:\/\/www.archiv.org.lv\/upitis\/wp-content\/uploads\/2022\/10\/43.lieta-anketa-2-scaled.jpg\"><img loading=\"lazy\" decoding=\"async\" width=\"1024\" height=\"693\" src=\"https:\/\/www.archiv.org.lv\/upitis\/wp-content\/uploads\/2022\/10\/43.lieta-anketa-2-1024x693.jpg\" alt=\"\" class=\"wp-image-767\" srcset=\"https:\/\/www.archiv.org.lv\/upitis\/wp-content\/uploads\/2022\/10\/43.lieta-anketa-2-1024x693.jpg 1024w, https:\/\/www.archiv.org.lv\/upitis\/wp-content\/uploads\/2022\/10\/43.lieta-anketa-2-300x203.jpg 300w, https:\/\/www.archiv.org.lv\/upitis\/wp-content\/uploads\/2022\/10\/43.lieta-anketa-2-768x519.jpg 768w, https:\/\/www.archiv.org.lv\/upitis\/wp-content\/uploads\/2022\/10\/43.lieta-anketa-2-1536x1039.jpg 1536w, https:\/\/www.archiv.org.lv\/upitis\/wp-content\/uploads\/2022\/10\/43.lieta-anketa-2-2048x1385.jpg 2048w, https:\/\/www.archiv.org.lv\/upitis\/wp-content\/uploads\/2022\/10\/43.lieta-anketa-2-2000x1353.jpg 2000w\" sizes=\"auto, (max-width: 1024px) 100vw, 1024px\" \/><\/a><\/figure>\n<\/div>\n<\/div>\n\n\n\n<figure class=\"wp-block-video\"><video height=\"720\" style=\"aspect-ratio: 1280 \/ 720;\" width=\"1280\" controls src=\"https:\/\/www.archiv.org.lv\/upitis\/wp-content\/uploads\/2022\/10\/LNA_KFFDA_F8_2_2860_MONT.mp4\"><\/video><figcaption>Fragments no kino\u017eurn\u0101la \u201cPadomju Latvija\u201d Nr. 31. M\u0101kslinieks profesors P\u0113teris Up\u012btis. Operators Gailis Vladimirs. 1974. gads. Avots: Latvijas Valsts kinofotofonodokumentu arh\u012bvs.<\/figcaption><\/figure>\n\n\n\n<p class=\"has-text-align-center\">1960. gad\u0101 gr\u0101matz\u012bmes tika ekspon\u0113tas Maskav\u0101 Baltijas republiku m\u0101kslas izst\u0101d\u0113, bet 1961. gad\u0101 vi\u0146\u0161 pirmo reizi piedal\u012bj\u0101s Starptautiskaj\u0101 gr\u0101matz\u012bmju izst\u0101d\u0113 Leipcig\u0101. T\u0101l\u0101k sekoja izst\u0101des da\u017e\u0101d\u0101s Latvijas viet\u0101s, Maskav\u0101, \u013be\u0146ingrad\u0101, Var\u0161av\u0101, Pozna\u0146\u0101, Krakov\u0101, Leipcig\u0101, Budape\u0161t\u0101, Par\u012bz\u0113, Hamburg\u0101, Oslo, Monre\u0101l\u0101, Osak\u0101 u.c.<\/p>\n\n\n\n<p><strong>P\u0113teris Up\u012btis dz\u012bv\u0113 un darb\u0101<\/strong>, <strong>20. gs. 50.-80. gadi. <\/strong>Avots: LNA_LVA_F1839.<\/p>\n\n\n\n<div class=\"wp-block-columns is-layout-flex wp-container-core-columns-is-layout-28f84493 wp-block-columns-is-layout-flex\">\n<div class=\"wp-block-column is-layout-flow wp-block-column-is-layout-flow\">\n<div class=\"wp-block-columns is-layout-flex wp-container-core-columns-is-layout-28f84493 wp-block-columns-is-layout-flex\">\n<div class=\"wp-block-column is-layout-flow wp-block-column-is-layout-flow\">\n<figure class=\"wp-block-image aligncenter size-full is-style-zoooom\"><a href=\"https:\/\/www.archiv.org.lv\/upitis\/wp-content\/uploads\/2022\/10\/1951.gads-Romana-Tilberga-foto.jpg\"><img loading=\"lazy\" decoding=\"async\" width=\"617\" height=\"907\" src=\"https:\/\/www.archiv.org.lv\/upitis\/wp-content\/uploads\/2022\/10\/1951.gads-Romana-Tilberga-foto.jpg\" alt=\"\" class=\"wp-image-719\" srcset=\"https:\/\/www.archiv.org.lv\/upitis\/wp-content\/uploads\/2022\/10\/1951.gads-Romana-Tilberga-foto.jpg 617w, https:\/\/www.archiv.org.lv\/upitis\/wp-content\/uploads\/2022\/10\/1951.gads-Romana-Tilberga-foto-204x300.jpg 204w\" sizes=\"auto, (max-width: 617px) 100vw, 617px\" \/><\/a><figcaption>Foto: R. Tillbergs.<\/figcaption><\/figure>\n<\/div>\n\n\n\n<div class=\"wp-block-column is-layout-flow wp-block-column-is-layout-flow\">\n<figure class=\"wp-block-image aligncenter size-large is-style-zoooom\"><a href=\"https:\/\/www.archiv.org.lv\/upitis\/wp-content\/uploads\/2022\/10\/im045.jpg\"><img loading=\"lazy\" decoding=\"async\" width=\"687\" height=\"1024\" src=\"https:\/\/www.archiv.org.lv\/upitis\/wp-content\/uploads\/2022\/10\/im045-687x1024.jpg\" alt=\"\" class=\"wp-image-720\" srcset=\"https:\/\/www.archiv.org.lv\/upitis\/wp-content\/uploads\/2022\/10\/im045-687x1024.jpg 687w, https:\/\/www.archiv.org.lv\/upitis\/wp-content\/uploads\/2022\/10\/im045-201x300.jpg 201w, https:\/\/www.archiv.org.lv\/upitis\/wp-content\/uploads\/2022\/10\/im045-768x1145.jpg 768w, https:\/\/www.archiv.org.lv\/upitis\/wp-content\/uploads\/2022\/10\/im045.jpg 908w\" sizes=\"auto, (max-width: 687px) 100vw, 687px\" \/><\/a><\/figure>\n<\/div>\n<\/div>\n<\/div>\n\n\n\n<div class=\"wp-block-column is-layout-flow wp-block-column-is-layout-flow\">\n<div class=\"wp-block-columns is-layout-flex wp-container-core-columns-is-layout-28f84493 wp-block-columns-is-layout-flex\">\n<div class=\"wp-block-column is-layout-flow wp-block-column-is-layout-flow\">\n<figure class=\"wp-block-image aligncenter size-large is-style-zoooom\"><a href=\"https:\/\/www.archiv.org.lv\/upitis\/wp-content\/uploads\/2022\/10\/im046.jpg\"><img loading=\"lazy\" decoding=\"async\" width=\"730\" height=\"1024\" src=\"https:\/\/www.archiv.org.lv\/upitis\/wp-content\/uploads\/2022\/10\/im046-730x1024.jpg\" alt=\"\" class=\"wp-image-721\" srcset=\"https:\/\/www.archiv.org.lv\/upitis\/wp-content\/uploads\/2022\/10\/im046-730x1024.jpg 730w, https:\/\/www.archiv.org.lv\/upitis\/wp-content\/uploads\/2022\/10\/im046-214x300.jpg 214w, https:\/\/www.archiv.org.lv\/upitis\/wp-content\/uploads\/2022\/10\/im046-768x1078.jpg 768w, https:\/\/www.archiv.org.lv\/upitis\/wp-content\/uploads\/2022\/10\/im046.jpg 932w\" sizes=\"auto, (max-width: 730px) 100vw, 730px\" \/><\/a><\/figure>\n<\/div>\n\n\n\n<div class=\"wp-block-column is-layout-flow wp-block-column-is-layout-flow\">\n<figure class=\"wp-block-image aligncenter size-large is-style-zoooom\"><a href=\"https:\/\/www.archiv.org.lv\/upitis\/wp-content\/uploads\/2022\/10\/Foto-Harijs-Burmetstars.jpg\"><img loading=\"lazy\" decoding=\"async\" width=\"670\" height=\"1024\" src=\"https:\/\/www.archiv.org.lv\/upitis\/wp-content\/uploads\/2022\/10\/Foto-Harijs-Burmetstars-670x1024.jpg\" alt=\"\" class=\"wp-image-722\" srcset=\"https:\/\/www.archiv.org.lv\/upitis\/wp-content\/uploads\/2022\/10\/Foto-Harijs-Burmetstars-670x1024.jpg 670w, https:\/\/www.archiv.org.lv\/upitis\/wp-content\/uploads\/2022\/10\/Foto-Harijs-Burmetstars-196x300.jpg 196w, https:\/\/www.archiv.org.lv\/upitis\/wp-content\/uploads\/2022\/10\/Foto-Harijs-Burmetstars-768x1174.jpg 768w, https:\/\/www.archiv.org.lv\/upitis\/wp-content\/uploads\/2022\/10\/Foto-Harijs-Burmetstars-1005x1536.jpg 1005w, https:\/\/www.archiv.org.lv\/upitis\/wp-content\/uploads\/2022\/10\/Foto-Harijs-Burmetstars.jpg 1263w\" sizes=\"auto, (max-width: 670px) 100vw, 670px\" \/><\/a><figcaption>Foto: H. Burmeistars.<\/figcaption><\/figure>\n<\/div>\n<\/div>\n<\/div>\n<\/div>\n\n\n\n<div class=\"wp-block-columns is-layout-flex wp-container-core-columns-is-layout-28f84493 wp-block-columns-is-layout-flex\">\n<div class=\"wp-block-column is-layout-flow wp-block-column-is-layout-flow\">\n<div class=\"wp-block-columns is-layout-flex wp-container-core-columns-is-layout-28f84493 wp-block-columns-is-layout-flex\">\n<div class=\"wp-block-column is-layout-flow wp-block-column-is-layout-flow\">\n<figure class=\"wp-block-image aligncenter size-large is-style-zoooom\"><a href=\"https:\/\/www.archiv.org.lv\/upitis\/wp-content\/uploads\/2022\/10\/L.Blodnieka-foto-scaled.jpg\"><img loading=\"lazy\" decoding=\"async\" width=\"677\" height=\"1024\" src=\"https:\/\/www.archiv.org.lv\/upitis\/wp-content\/uploads\/2022\/10\/L.Blodnieka-foto-677x1024.jpg\" alt=\"\" class=\"wp-image-724\" srcset=\"https:\/\/www.archiv.org.lv\/upitis\/wp-content\/uploads\/2022\/10\/L.Blodnieka-foto-677x1024.jpg 677w, https:\/\/www.archiv.org.lv\/upitis\/wp-content\/uploads\/2022\/10\/L.Blodnieka-foto-198x300.jpg 198w, https:\/\/www.archiv.org.lv\/upitis\/wp-content\/uploads\/2022\/10\/L.Blodnieka-foto-768x1162.jpg 768w, https:\/\/www.archiv.org.lv\/upitis\/wp-content\/uploads\/2022\/10\/L.Blodnieka-foto-1015x1536.jpg 1015w, https:\/\/www.archiv.org.lv\/upitis\/wp-content\/uploads\/2022\/10\/L.Blodnieka-foto-1354x2048.jpg 1354w, https:\/\/www.archiv.org.lv\/upitis\/wp-content\/uploads\/2022\/10\/L.Blodnieka-foto-2000x3026.jpg 2000w, https:\/\/www.archiv.org.lv\/upitis\/wp-content\/uploads\/2022\/10\/L.Blodnieka-foto-scaled.jpg 1692w\" sizes=\"auto, (max-width: 677px) 100vw, 677px\" \/><\/a><figcaption>Foto: L. B\u013codnieks<\/figcaption><\/figure>\n<\/div>\n\n\n\n<div class=\"wp-block-column is-layout-flow wp-block-column-is-layout-flow\">\n<figure class=\"wp-block-image aligncenter size-large is-style-zoooom\"><a href=\"https:\/\/www.archiv.org.lv\/upitis\/wp-content\/uploads\/2022\/10\/im044-rotated.jpg\"><img loading=\"lazy\" decoding=\"async\" width=\"713\" height=\"1024\" src=\"https:\/\/www.archiv.org.lv\/upitis\/wp-content\/uploads\/2022\/10\/im044-713x1024.jpg\" alt=\"\" class=\"wp-image-725\" srcset=\"https:\/\/www.archiv.org.lv\/upitis\/wp-content\/uploads\/2022\/10\/im044-713x1024.jpg 713w, https:\/\/www.archiv.org.lv\/upitis\/wp-content\/uploads\/2022\/10\/im044-209x300.jpg 209w, https:\/\/www.archiv.org.lv\/upitis\/wp-content\/uploads\/2022\/10\/im044-768x1103.jpg 768w, https:\/\/www.archiv.org.lv\/upitis\/wp-content\/uploads\/2022\/10\/im044-rotated.jpg 900w\" sizes=\"auto, (max-width: 713px) 100vw, 713px\" \/><\/a><\/figure>\n<\/div>\n<\/div>\n<\/div>\n\n\n\n<div class=\"wp-block-column is-layout-flow wp-block-column-is-layout-flow\">\n<div class=\"wp-block-columns is-layout-flex wp-container-core-columns-is-layout-28f84493 wp-block-columns-is-layout-flex\">\n<div class=\"wp-block-column is-layout-flow wp-block-column-is-layout-flow\">\n<figure class=\"wp-block-image aligncenter size-large is-style-zoooom\"><a href=\"https:\/\/www.archiv.org.lv\/upitis\/wp-content\/uploads\/2022\/10\/im048-rotated.jpg\"><img loading=\"lazy\" decoding=\"async\" width=\"715\" height=\"1024\" src=\"https:\/\/www.archiv.org.lv\/upitis\/wp-content\/uploads\/2022\/10\/im048-715x1024.jpg\" alt=\"\" class=\"wp-image-726\" srcset=\"https:\/\/www.archiv.org.lv\/upitis\/wp-content\/uploads\/2022\/10\/im048-715x1024.jpg 715w, https:\/\/www.archiv.org.lv\/upitis\/wp-content\/uploads\/2022\/10\/im048-209x300.jpg 209w, https:\/\/www.archiv.org.lv\/upitis\/wp-content\/uploads\/2022\/10\/im048-768x1100.jpg 768w, https:\/\/www.archiv.org.lv\/upitis\/wp-content\/uploads\/2022\/10\/im048-1073x1536.jpg 1073w, https:\/\/www.archiv.org.lv\/upitis\/wp-content\/uploads\/2022\/10\/im048-rotated.jpg 1222w\" sizes=\"auto, (max-width: 715px) 100vw, 715px\" \/><\/a><\/figure>\n<\/div>\n\n\n\n<div class=\"wp-block-column is-layout-flow wp-block-column-is-layout-flow\">\n<figure class=\"wp-block-image aligncenter size-large is-style-zoooom\"><a href=\"https:\/\/www.archiv.org.lv\/upitis\/wp-content\/uploads\/2022\/10\/Upitis-ar-delu-Andri-L.Blodnieka-foto-scaled.jpg\"><img loading=\"lazy\" decoding=\"async\" width=\"718\" height=\"1024\" src=\"https:\/\/www.archiv.org.lv\/upitis\/wp-content\/uploads\/2022\/10\/Upitis-ar-delu-Andri-L.Blodnieka-foto-718x1024.jpg\" alt=\"\" class=\"wp-image-727\" srcset=\"https:\/\/www.archiv.org.lv\/upitis\/wp-content\/uploads\/2022\/10\/Upitis-ar-delu-Andri-L.Blodnieka-foto-718x1024.jpg 718w, https:\/\/www.archiv.org.lv\/upitis\/wp-content\/uploads\/2022\/10\/Upitis-ar-delu-Andri-L.Blodnieka-foto-210x300.jpg 210w, https:\/\/www.archiv.org.lv\/upitis\/wp-content\/uploads\/2022\/10\/Upitis-ar-delu-Andri-L.Blodnieka-foto-768x1095.jpg 768w, https:\/\/www.archiv.org.lv\/upitis\/wp-content\/uploads\/2022\/10\/Upitis-ar-delu-Andri-L.Blodnieka-foto-1078x1536.jpg 1078w, https:\/\/www.archiv.org.lv\/upitis\/wp-content\/uploads\/2022\/10\/Upitis-ar-delu-Andri-L.Blodnieka-foto-1437x2048.jpg 1437w, https:\/\/www.archiv.org.lv\/upitis\/wp-content\/uploads\/2022\/10\/Upitis-ar-delu-Andri-L.Blodnieka-foto-2000x2850.jpg 2000w, https:\/\/www.archiv.org.lv\/upitis\/wp-content\/uploads\/2022\/10\/Upitis-ar-delu-Andri-L.Blodnieka-foto-scaled.jpg 1796w\" sizes=\"auto, (max-width: 718px) 100vw, 718px\" \/><\/a><figcaption>Up\u012btis ar d\u0113lu Andri, Foto: L. B\u013codnieks. <\/figcaption><\/figure>\n<\/div>\n<\/div>\n<\/div>\n<\/div>\n\n\n\n<div class=\"wp-block-columns is-layout-flex wp-container-core-columns-is-layout-28f84493 wp-block-columns-is-layout-flex\">\n<div class=\"wp-block-column is-layout-flow wp-block-column-is-layout-flow\">\n<figure class=\"wp-block-image aligncenter size-large is-style-zoooom\"><a href=\"https:\/\/www.archiv.org.lv\/upitis\/wp-content\/uploads\/2022\/10\/im053.jpg\"><img loading=\"lazy\" decoding=\"async\" width=\"1024\" height=\"675\" src=\"https:\/\/www.archiv.org.lv\/upitis\/wp-content\/uploads\/2022\/10\/im053-1024x675.jpg\" alt=\"\" class=\"wp-image-728\" srcset=\"https:\/\/www.archiv.org.lv\/upitis\/wp-content\/uploads\/2022\/10\/im053-1024x675.jpg 1024w, https:\/\/www.archiv.org.lv\/upitis\/wp-content\/uploads\/2022\/10\/im053-300x198.jpg 300w, https:\/\/www.archiv.org.lv\/upitis\/wp-content\/uploads\/2022\/10\/im053-768x506.jpg 768w, https:\/\/www.archiv.org.lv\/upitis\/wp-content\/uploads\/2022\/10\/im053-1536x1012.jpg 1536w, https:\/\/www.archiv.org.lv\/upitis\/wp-content\/uploads\/2022\/10\/im053-2000x1318.jpg 2000w, https:\/\/www.archiv.org.lv\/upitis\/wp-content\/uploads\/2022\/10\/im053.jpg 2023w\" sizes=\"auto, (max-width: 1024px) 100vw, 1024px\" \/><\/a><\/figure>\n<\/div>\n\n\n\n<div class=\"wp-block-column is-layout-flow wp-block-column-is-layout-flow\">\n<figure class=\"wp-block-image aligncenter size-large is-style-zoooom\"><a href=\"https:\/\/www.archiv.org.lv\/upitis\/wp-content\/uploads\/2022\/10\/1980.gada-augusts-2-rotated.jpg\"><img loading=\"lazy\" decoding=\"async\" width=\"1024\" height=\"690\" src=\"https:\/\/www.archiv.org.lv\/upitis\/wp-content\/uploads\/2022\/10\/1980.gada-augusts-2-1024x690.jpg\" alt=\"\" class=\"wp-image-729\" srcset=\"https:\/\/www.archiv.org.lv\/upitis\/wp-content\/uploads\/2022\/10\/1980.gada-augusts-2-1024x690.jpg 1024w, https:\/\/www.archiv.org.lv\/upitis\/wp-content\/uploads\/2022\/10\/1980.gada-augusts-2-300x202.jpg 300w, https:\/\/www.archiv.org.lv\/upitis\/wp-content\/uploads\/2022\/10\/1980.gada-augusts-2-768x518.jpg 768w, https:\/\/www.archiv.org.lv\/upitis\/wp-content\/uploads\/2022\/10\/1980.gada-augusts-2-rotated.jpg 1515w\" sizes=\"auto, (max-width: 1024px) 100vw, 1024px\" \/><\/a><\/figure>\n<\/div>\n\n\n\n<div class=\"wp-block-column is-layout-flow wp-block-column-is-layout-flow\">\n<figure class=\"wp-block-image aligncenter size-large is-style-zoooom\"><a href=\"https:\/\/www.archiv.org.lv\/upitis\/wp-content\/uploads\/2022\/10\/1980.gada-augusts-3.jpg\"><img loading=\"lazy\" decoding=\"async\" width=\"1024\" height=\"676\" src=\"https:\/\/www.archiv.org.lv\/upitis\/wp-content\/uploads\/2022\/10\/1980.gada-augusts-3-1024x676.jpg\" alt=\"\" class=\"wp-image-730\" srcset=\"https:\/\/www.archiv.org.lv\/upitis\/wp-content\/uploads\/2022\/10\/1980.gada-augusts-3-1024x676.jpg 1024w, https:\/\/www.archiv.org.lv\/upitis\/wp-content\/uploads\/2022\/10\/1980.gada-augusts-3-300x198.jpg 300w, https:\/\/www.archiv.org.lv\/upitis\/wp-content\/uploads\/2022\/10\/1980.gada-augusts-3-768x507.jpg 768w, https:\/\/www.archiv.org.lv\/upitis\/wp-content\/uploads\/2022\/10\/1980.gada-augusts-3-1536x1014.jpg 1536w, https:\/\/www.archiv.org.lv\/upitis\/wp-content\/uploads\/2022\/10\/1980.gada-augusts-3.jpg 1740w\" sizes=\"auto, (max-width: 1024px) 100vw, 1024px\" \/><\/a><\/figure>\n<\/div>\n<\/div>\n\n\n\n<figure class=\"wp-block-image aligncenter size-large is-style-zoooom\"><a href=\"https:\/\/www.archiv.org.lv\/upitis\/wp-content\/uploads\/2022\/10\/1.no-l.-P.U.-sievasmasa-Anna-Ziedina.-2.no-l.-Juris-Zandersons-Ziedins-janis-Valdis-1989.g.-1.jpg\"><img loading=\"lazy\" decoding=\"async\" width=\"1024\" height=\"888\" src=\"https:\/\/www.archiv.org.lv\/upitis\/wp-content\/uploads\/2022\/10\/1.no-l.-P.U.-sievasmasa-Anna-Ziedina.-2.no-l.-Juris-Zandersons-Ziedins-janis-Valdis-1989.g.-1-1024x888.jpg\" alt=\"\" class=\"wp-image-733\" srcset=\"https:\/\/www.archiv.org.lv\/upitis\/wp-content\/uploads\/2022\/10\/1.no-l.-P.U.-sievasmasa-Anna-Ziedina.-2.no-l.-Juris-Zandersons-Ziedins-janis-Valdis-1989.g.-1-1024x888.jpg 1024w, https:\/\/www.archiv.org.lv\/upitis\/wp-content\/uploads\/2022\/10\/1.no-l.-P.U.-sievasmasa-Anna-Ziedina.-2.no-l.-Juris-Zandersons-Ziedins-janis-Valdis-1989.g.-1-300x260.jpg 300w, https:\/\/www.archiv.org.lv\/upitis\/wp-content\/uploads\/2022\/10\/1.no-l.-P.U.-sievasmasa-Anna-Ziedina.-2.no-l.-Juris-Zandersons-Ziedins-janis-Valdis-1989.g.-1-768x666.jpg 768w, https:\/\/www.archiv.org.lv\/upitis\/wp-content\/uploads\/2022\/10\/1.no-l.-P.U.-sievasmasa-Anna-Ziedina.-2.no-l.-Juris-Zandersons-Ziedins-janis-Valdis-1989.g.-1.jpg 1489w\" sizes=\"auto, (max-width: 1024px) 100vw, 1024px\" \/><\/a><figcaption>P\u0113tera Up\u012b\u0161a jubileja. 1. rind\u0101 no lab\u0101s P. Up\u012b\u0161a sievasm\u0101sa Anna Ziedi\u0146a. 2. rind\u0101 no lab\u0101s Juris Zandersons, J\u0101nis Ziedi\u0146\u0161. 1989. gads. Avots: LNA_LVA_F1839.<\/figcaption><\/figure>\n\n\n\n<p class=\"has-text-align-center\">K\u0101 jau iepriek\u0161 min\u0113ts, P. Up\u012btis ne tikai pats darin\u0101ja gr\u0101matz\u012bmes, bet t\u0101s ar\u012b kolekcion\u0113ja. S\u0101kotn\u0113ji vi\u0146\u0161 kr\u0101ja R. Zari\u0146a gr\u0101matz\u012bmes, bet v\u0113l\u0101k izveidoja vienu no liel\u0101kaj\u0101m gr\u0101matz\u012bmju kolekcij\u0101m Latvijas PSR (l\u012bdz\u0101s K. S\u016bni\u0146a, Z. Zuzes, D. Ro\u017ekalna u.c. kolekcij\u0101m), kur\u0101 ietilpst gan latvie\u0161u, gan \u0101rzemju m\u0101kslinieku darbi. Ja s\u0101kum\u0101 P. Up\u012btis kr\u0101ja tikai galvenok\u0101rt latvie\u0161u m\u0101kslinieku gr\u0101matz\u012bmes, tad p\u0113ckara gados autoru loks papla\u0161in\u0101j\u0101s, m\u0101kslinieks s\u0101ka sarakst\u012bties un apmain\u012bties gr\u0101matz\u012bm\u0113m (gan sav\u0101m darin\u0101taj\u0101m, gan sakr\u0101taj\u0101m) ar daudziem da\u017e\u0101du valstu m\u0101ksliniekiem un kolekcion\u0101riem. P. Up\u012btim izveidoj\u0101s pla\u0161i kontakti ar vado\u0161ajiem gr\u0101matz\u012bmju m\u0101kslas nozares centriem PSRS \u2013 Maskavu, \u013be\u0146ingradu, Tallinu, Tartu, Vi\u013c\u0146u, Kijivu un \u0161o pils\u0113tu izcil\u0101kajiem kolekciju \u012bpa\u0161niekiem. Pak\u0101peniski pievienoj\u0101s s\u016bt\u012bjumi no \u010cehoslov\u0101kijas, Ung\u0101rijas, Rum\u0101nijas, Polijas, Francijas, It\u0101lijas, V\u0101cijas, D\u0101nijas, Norv\u0113\u0123ijas, Zviedrijas, Somijas u.c. valst\u012bm.<\/p>\n\n\n\n<p class=\"has-text-align-center\">P. Up\u012btis kr\u0101ja ne tikai gr\u0101matz\u012bmes, bet ar\u012b inform\u0101ciju par m\u0101ksliniekiem, galvenok\u0101rt grafi\u0137iem. Vi\u0146\u0161 sav\u0101cis detaliz\u0113tus materi\u0101lus par R. Zari\u0146u, T. \u016aderu, J. Pl\u0113pi un citiem grafi\u0137iem. 1943. gad\u0101 P. Up\u012btis sagatavoja izdevumu par T. \u016adera dai\u013cradi, 1958. gad\u0101 uzrakst\u012bjis apcer\u0113jumu par pirmaj\u0101m latvie\u0161u m\u0101kslinieciskaj\u0101m gr\u0101matz\u012bm\u0113m, 1969. gad\u0101 izdota P. Up\u012b\u0161a sagatavota gr\u0101mata \u201dRiharda Zari\u0146a 25 gr\u0101matz\u012bmes.\u201d, 1970. gad\u0101 par R. Zari\u0146u public\u0113jis p\u0113t\u012bjumu \u201dRiharda Zari\u0146a gr\u0101matz\u012bmes. Latvie\u0161u t\u0113lot\u0101ja m\u0101ksla.<\/p>\n\n\n\n<p class=\"has-text-align-center\">P. Up\u012btis piedal\u012bj\u0101s ar\u012b starptautiskajos ekslibristu kongresos, kas ik p\u0113c 2 gadiem notiek da\u017e\u0101d\u0101s Eiropas pils\u0113t\u0101s. Kongresu laik\u0101 tiek r\u012bkotas pla\u0161as gr\u0101matz\u012bmju izst\u0101des. Taj\u0101s, s\u0101kot ar 1961. gada Leipcigas izst\u0101di (kas notika sakar\u0101 ar 8. Starptautisko ekslibristu kongresu), ar saviem darbiem regul\u0101ri piedal\u012bj\u0101s ar\u012b P. Up\u012btis: 1962. gad\u0101 \u2013 Par\u012bz\u0113; 1964. gad\u0101 \u2013 Krakov\u0101; 1966. gad\u0101 \u2013 Hamburg\u0101; 1968. gad\u0101 \u2013 Komo; 1970. gad\u0101 \u2013 Budape\u0161t\u0101; 1972. gad\u0101 \u2013 Helsing\u0113r\u0101,; 1974. gad\u0101 \u2013 Dienvidsl\u0101vij\u0101 (\u0161obr\u012bd \u2013 Bosnija un Hercegovina, Horv\u0101tija, Zieme\u013cma\u0137edonija, Melnkalne, Serbija un Slov\u0113nija); 1976. gad\u0101 \u2013 Portug\u0101l\u0113; 1978. gad\u0101 \u2013 Lug\u0101no.<\/p>\n\n\n\n<div class=\"wp-block-columns is-layout-flex wp-container-core-columns-is-layout-28f84493 wp-block-columns-is-layout-flex\">\n<div class=\"wp-block-column is-layout-flow wp-block-column-is-layout-flow\">\n<figure class=\"wp-block-image aligncenter size-large is-style-zoooom\"><a href=\"https:\/\/www.archiv.org.lv\/upitis\/wp-content\/uploads\/2022\/10\/Ekslibristu-sanaksme-Minska-Baltkrievija-1976.g.-18.novembri.jpg\"><img loading=\"lazy\" decoding=\"async\" width=\"1024\" height=\"636\" src=\"https:\/\/www.archiv.org.lv\/upitis\/wp-content\/uploads\/2022\/10\/Ekslibristu-sanaksme-Minska-Baltkrievija-1976.g.-18.novembri-1024x636.jpg\" alt=\"\" class=\"wp-image-529\" srcset=\"https:\/\/www.archiv.org.lv\/upitis\/wp-content\/uploads\/2022\/10\/Ekslibristu-sanaksme-Minska-Baltkrievija-1976.g.-18.novembri-1024x636.jpg 1024w, https:\/\/www.archiv.org.lv\/upitis\/wp-content\/uploads\/2022\/10\/Ekslibristu-sanaksme-Minska-Baltkrievija-1976.g.-18.novembri-300x186.jpg 300w, https:\/\/www.archiv.org.lv\/upitis\/wp-content\/uploads\/2022\/10\/Ekslibristu-sanaksme-Minska-Baltkrievija-1976.g.-18.novembri-768x477.jpg 768w, https:\/\/www.archiv.org.lv\/upitis\/wp-content\/uploads\/2022\/10\/Ekslibristu-sanaksme-Minska-Baltkrievija-1976.g.-18.novembri-1536x954.jpg 1536w, https:\/\/www.archiv.org.lv\/upitis\/wp-content\/uploads\/2022\/10\/Ekslibristu-sanaksme-Minska-Baltkrievija-1976.g.-18.novembri.jpg 1652w\" sizes=\"auto, (max-width: 1024px) 100vw, 1024px\" \/><\/a><figcaption>Ekslibristu san\u0101ksme Minsk\u0101, Baltkrievij\u0101 1976. gada 18. novembr\u012b. Avots: LNA_LVA_F1839.<\/figcaption><\/figure>\n<\/div>\n\n\n\n<div class=\"wp-block-column is-layout-flow wp-block-column-is-layout-flow\">\n<figure class=\"wp-block-image aligncenter size-large is-style-zoooom\"><a href=\"https:\/\/www.archiv.org.lv\/upitis\/wp-content\/uploads\/2022\/10\/Minska-18.novembris-1976.jpg\"><img loading=\"lazy\" decoding=\"async\" width=\"1024\" height=\"634\" src=\"https:\/\/www.archiv.org.lv\/upitis\/wp-content\/uploads\/2022\/10\/Minska-18.novembris-1976-1024x634.jpg\" alt=\"\" class=\"wp-image-530\" srcset=\"https:\/\/www.archiv.org.lv\/upitis\/wp-content\/uploads\/2022\/10\/Minska-18.novembris-1976-1024x634.jpg 1024w, https:\/\/www.archiv.org.lv\/upitis\/wp-content\/uploads\/2022\/10\/Minska-18.novembris-1976-300x186.jpg 300w, https:\/\/www.archiv.org.lv\/upitis\/wp-content\/uploads\/2022\/10\/Minska-18.novembris-1976-768x475.jpg 768w, https:\/\/www.archiv.org.lv\/upitis\/wp-content\/uploads\/2022\/10\/Minska-18.novembris-1976-1536x950.jpg 1536w, https:\/\/www.archiv.org.lv\/upitis\/wp-content\/uploads\/2022\/10\/Minska-18.novembris-1976.jpg 1715w\" sizes=\"auto, (max-width: 1024px) 100vw, 1024px\" \/><\/a><figcaption>Ekslibristu san\u0101ksme Minsk\u0101, Baltkrievij\u0101 1976. gada 18. novembr\u012b. Avots: LNA_LVA_F1839.<\/figcaption><\/figure>\n<\/div>\n<\/div>\n\n\n\n<p><strong>Ekslibristu salidojums Rannameiz\u0101 (<em>Rannam\u00f5isa<\/em>) Igaunij\u0101 1981. gada 13.-14. apr\u012bl\u012b.<\/strong> Avots: LNA_LVA_F1839.<\/p>\n\n\n\n<div class=\"wp-block-columns is-layout-flex wp-container-core-columns-is-layout-28f84493 wp-block-columns-is-layout-flex\">\n<div class=\"wp-block-column is-layout-flow wp-block-column-is-layout-flow\">\n<figure class=\"wp-block-image aligncenter size-large is-style-zoooom\"><a href=\"https:\/\/www.archiv.org.lv\/upitis\/wp-content\/uploads\/2022\/10\/1981.gada-salidojums-Igaunija.jpg\"><img loading=\"lazy\" decoding=\"async\" width=\"1024\" height=\"732\" src=\"https:\/\/www.archiv.org.lv\/upitis\/wp-content\/uploads\/2022\/10\/1981.gada-salidojums-Igaunija-1024x732.jpg\" alt=\"\" class=\"wp-image-532\" srcset=\"https:\/\/www.archiv.org.lv\/upitis\/wp-content\/uploads\/2022\/10\/1981.gada-salidojums-Igaunija-1024x732.jpg 1024w, https:\/\/www.archiv.org.lv\/upitis\/wp-content\/uploads\/2022\/10\/1981.gada-salidojums-Igaunija-300x214.jpg 300w, https:\/\/www.archiv.org.lv\/upitis\/wp-content\/uploads\/2022\/10\/1981.gada-salidojums-Igaunija-768x549.jpg 768w, https:\/\/www.archiv.org.lv\/upitis\/wp-content\/uploads\/2022\/10\/1981.gada-salidojums-Igaunija.jpg 1305w\" sizes=\"auto, (max-width: 1024px) 100vw, 1024px\" \/><\/a><\/figure>\n<\/div>\n\n\n\n<div class=\"wp-block-column is-layout-flow wp-block-column-is-layout-flow\">\n<figure class=\"wp-block-image aligncenter size-large is-style-zoooom\"><a href=\"https:\/\/www.archiv.org.lv\/upitis\/wp-content\/uploads\/2022\/10\/Mutso-un-es.-Raunamoisa-1981.g.-13-14-aprili.jpg\"><img loading=\"lazy\" decoding=\"async\" width=\"1024\" height=\"684\" src=\"https:\/\/www.archiv.org.lv\/upitis\/wp-content\/uploads\/2022\/10\/Mutso-un-es.-Raunamoisa-1981.g.-13-14-aprili-1024x684.jpg\" alt=\"\" class=\"wp-image-533\" srcset=\"https:\/\/www.archiv.org.lv\/upitis\/wp-content\/uploads\/2022\/10\/Mutso-un-es.-Raunamoisa-1981.g.-13-14-aprili-1024x684.jpg 1024w, https:\/\/www.archiv.org.lv\/upitis\/wp-content\/uploads\/2022\/10\/Mutso-un-es.-Raunamoisa-1981.g.-13-14-aprili-300x201.jpg 300w, https:\/\/www.archiv.org.lv\/upitis\/wp-content\/uploads\/2022\/10\/Mutso-un-es.-Raunamoisa-1981.g.-13-14-aprili-768x513.jpg 768w, https:\/\/www.archiv.org.lv\/upitis\/wp-content\/uploads\/2022\/10\/Mutso-un-es.-Raunamoisa-1981.g.-13-14-aprili.jpg 1493w\" sizes=\"auto, (max-width: 1024px) 100vw, 1024px\" \/><\/a><\/figure>\n<\/div>\n\n\n\n<div class=\"wp-block-column is-layout-flow wp-block-column-is-layout-flow\">\n<figure class=\"wp-block-image aligncenter size-large is-style-zoooom\"><a href=\"https:\/\/www.archiv.org.lv\/upitis\/wp-content\/uploads\/2022\/10\/Salidojums-Rannamoise.jpg\"><img loading=\"lazy\" decoding=\"async\" width=\"1024\" height=\"644\" src=\"https:\/\/www.archiv.org.lv\/upitis\/wp-content\/uploads\/2022\/10\/Salidojums-Rannamoise-1024x644.jpg\" alt=\"\" class=\"wp-image-534\" srcset=\"https:\/\/www.archiv.org.lv\/upitis\/wp-content\/uploads\/2022\/10\/Salidojums-Rannamoise-1024x644.jpg 1024w, https:\/\/www.archiv.org.lv\/upitis\/wp-content\/uploads\/2022\/10\/Salidojums-Rannamoise-300x189.jpg 300w, https:\/\/www.archiv.org.lv\/upitis\/wp-content\/uploads\/2022\/10\/Salidojums-Rannamoise-768x483.jpg 768w, https:\/\/www.archiv.org.lv\/upitis\/wp-content\/uploads\/2022\/10\/Salidojums-Rannamoise-1536x966.jpg 1536w, https:\/\/www.archiv.org.lv\/upitis\/wp-content\/uploads\/2022\/10\/Salidojums-Rannamoise-2048x1288.jpg 2048w, https:\/\/www.archiv.org.lv\/upitis\/wp-content\/uploads\/2022\/10\/Salidojums-Rannamoise-2000x1258.jpg 2000w\" sizes=\"auto, (max-width: 1024px) 100vw, 1024px\" \/><\/a><\/figure>\n<\/div>\n<\/div>\n\n\n\n<p class=\"has-text-align-center\">P. Up\u012b\u0161a kolekcijas k\u0101rto\u0161an\u0101 lieli nopelni ir m\u0101kslinieka dz\u012bvesbiedrei Verai Up\u012btei. Gadu gait\u0101 vi\u0146a k\u013cuva par Up\u012b\u0161u kolekcijas galveno p\u0101rzin\u0101t\u0101ju.<\/p>\n\n\n\n<p class=\"has-text-align-center\">1949. gad\u0101 par izciliem nopelniem m\u0101ksl\u0101 Latvijas PSR Augst\u0101k\u0101s Padomes prezidijs P. Up\u012bti apbalvoja ar goda rakstu, 1956. gad\u0101 par izciliem sasniegumiem m\u0101ksl\u0101 vi\u0146am tika pie\u0161\u0137irts Latvijas PSR Augst\u0101k\u0101s Padomes Prezidija Goda raksts un PSRS Kult\u016bras ministrijas meda\u013ca \u201cPar pan\u0101kumiem dai\u013crad\u0113\u201d, 1959. gad\u0101 P. Up\u012btim pie\u0161\u0137irts LPSR Nopelniem bag\u0101t\u0101 m\u0101kslas darbinieka goda diploms, 1965. gad\u0101 sa\u0146\u0113mis Latvijas PSR Tautas m\u0101kslinieka goda nosaukumu, 1976. gad\u0101 &#8211; Latvijas PSR Valsts pr\u0113miju, 1981. gad\u0101 apbalvots ar ordeni \u201dGoda Z\u012bme\u201d. <\/p>\n\n\n\n<div class=\"wp-block-columns is-layout-flex wp-container-core-columns-is-layout-28f84493 wp-block-columns-is-layout-flex\">\n<div class=\"wp-block-column is-layout-flow wp-block-column-is-layout-flow\">\n<div class=\"wp-block-columns is-layout-flex wp-container-core-columns-is-layout-28f84493 wp-block-columns-is-layout-flex\">\n<div class=\"wp-block-column is-layout-flow wp-block-column-is-layout-flow\">\n<figure class=\"wp-block-image size-large\"><a href=\"https:\/\/www.archiv.org.lv\/upitis\/wp-content\/uploads\/2022\/10\/img020-scaled.jpg\"><img loading=\"lazy\" decoding=\"async\" width=\"742\" height=\"1024\" src=\"https:\/\/www.archiv.org.lv\/upitis\/wp-content\/uploads\/2022\/10\/img020-742x1024.jpg\" alt=\"\" class=\"wp-image-146\" srcset=\"https:\/\/www.archiv.org.lv\/upitis\/wp-content\/uploads\/2022\/10\/img020-742x1024.jpg 742w, https:\/\/www.archiv.org.lv\/upitis\/wp-content\/uploads\/2022\/10\/img020-217x300.jpg 217w, https:\/\/www.archiv.org.lv\/upitis\/wp-content\/uploads\/2022\/10\/img020-768x1060.jpg 768w, https:\/\/www.archiv.org.lv\/upitis\/wp-content\/uploads\/2022\/10\/img020-1113x1536.jpg 1113w, https:\/\/www.archiv.org.lv\/upitis\/wp-content\/uploads\/2022\/10\/img020-1484x2048.jpg 1484w, https:\/\/www.archiv.org.lv\/upitis\/wp-content\/uploads\/2022\/10\/img020-2000x2759.jpg 2000w, https:\/\/www.archiv.org.lv\/upitis\/wp-content\/uploads\/2022\/10\/img020-scaled.jpg 1856w\" sizes=\"auto, (max-width: 742px) 100vw, 742px\" \/><\/a><figcaption>Latvijas PSR Augst\u0101k\u0101s Padomes prezidija goda raksts P. Up\u012btim par izciliem nopelniem m\u0101ksl\u0101, 1949. gads. Avots: LNA_LVA_F1839.<\/figcaption><\/figure>\n<\/div>\n\n\n\n<div class=\"wp-block-column is-layout-flow wp-block-column-is-layout-flow\">\n<figure class=\"wp-block-image size-large\"><a href=\"https:\/\/www.archiv.org.lv\/upitis\/wp-content\/uploads\/2022\/10\/img019-2-scaled.jpg\"><img loading=\"lazy\" decoding=\"async\" width=\"686\" height=\"1024\" src=\"https:\/\/www.archiv.org.lv\/upitis\/wp-content\/uploads\/2022\/10\/img019-2-686x1024.jpg\" alt=\"\" class=\"wp-image-147\" srcset=\"https:\/\/www.archiv.org.lv\/upitis\/wp-content\/uploads\/2022\/10\/img019-2-686x1024.jpg 686w, https:\/\/www.archiv.org.lv\/upitis\/wp-content\/uploads\/2022\/10\/img019-2-201x300.jpg 201w, https:\/\/www.archiv.org.lv\/upitis\/wp-content\/uploads\/2022\/10\/img019-2-768x1146.jpg 768w, https:\/\/www.archiv.org.lv\/upitis\/wp-content\/uploads\/2022\/10\/img019-2-1029x1536.jpg 1029w, https:\/\/www.archiv.org.lv\/upitis\/wp-content\/uploads\/2022\/10\/img019-2-1372x2048.jpg 1372w, https:\/\/www.archiv.org.lv\/upitis\/wp-content\/uploads\/2022\/10\/img019-2-scaled.jpg 1716w\" sizes=\"auto, (max-width: 686px) 100vw, 686px\" \/><\/a><figcaption>Latvijas PSR Augst\u0101k\u0101s Padomes Prezidija Goda raksts par izciliem sasniegumiem m\u0101ksl\u0101, 1956. gads. Avots: LNA_LVA_F1839.<\/figcaption><\/figure>\n<\/div>\n<\/div>\n<\/div>\n\n\n\n<div class=\"wp-block-column is-layout-flow wp-block-column-is-layout-flow\">\n<div class=\"wp-block-columns is-layout-flex wp-container-core-columns-is-layout-28f84493 wp-block-columns-is-layout-flex\">\n<div class=\"wp-block-column is-layout-flow wp-block-column-is-layout-flow\">\n<figure class=\"wp-block-image size-large\"><a href=\"https:\/\/www.archiv.org.lv\/upitis\/wp-content\/uploads\/2022\/10\/Goda-raksts-1.jpg\"><img loading=\"lazy\" decoding=\"async\" width=\"737\" height=\"1024\" src=\"https:\/\/www.archiv.org.lv\/upitis\/wp-content\/uploads\/2022\/10\/Goda-raksts-1-737x1024.jpg\" alt=\"\" class=\"wp-image-148\" srcset=\"https:\/\/www.archiv.org.lv\/upitis\/wp-content\/uploads\/2022\/10\/Goda-raksts-1-737x1024.jpg 737w, https:\/\/www.archiv.org.lv\/upitis\/wp-content\/uploads\/2022\/10\/Goda-raksts-1-216x300.jpg 216w, https:\/\/www.archiv.org.lv\/upitis\/wp-content\/uploads\/2022\/10\/Goda-raksts-1-768x1068.jpg 768w, https:\/\/www.archiv.org.lv\/upitis\/wp-content\/uploads\/2022\/10\/Goda-raksts-1-1105x1536.jpg 1105w, https:\/\/www.archiv.org.lv\/upitis\/wp-content\/uploads\/2022\/10\/Goda-raksts-1-1473x2048.jpg 1473w, https:\/\/www.archiv.org.lv\/upitis\/wp-content\/uploads\/2022\/10\/Goda-raksts-1.jpg 1748w\" sizes=\"auto, (max-width: 737px) 100vw, 737px\" \/><\/a><figcaption>LPSR Nopelniem bag\u0101t\u0101 m\u0101kslas darbinieka goda diploms P\u0113terim Up\u012btim, 1959. gads. Avots: LNA_LVA_F1839.<\/figcaption><\/figure>\n<\/div>\n\n\n\n<div class=\"wp-block-column is-layout-flow wp-block-column-is-layout-flow\">\n<figure class=\"wp-block-image size-large\"><a href=\"https:\/\/www.archiv.org.lv\/upitis\/wp-content\/uploads\/2022\/10\/img021-2.jpg\"><img loading=\"lazy\" decoding=\"async\" width=\"726\" height=\"1024\" src=\"https:\/\/www.archiv.org.lv\/upitis\/wp-content\/uploads\/2022\/10\/img021-2-726x1024.jpg\" alt=\"\" class=\"wp-image-149\" srcset=\"https:\/\/www.archiv.org.lv\/upitis\/wp-content\/uploads\/2022\/10\/img021-2-726x1024.jpg 726w, https:\/\/www.archiv.org.lv\/upitis\/wp-content\/uploads\/2022\/10\/img021-2-213x300.jpg 213w, https:\/\/www.archiv.org.lv\/upitis\/wp-content\/uploads\/2022\/10\/img021-2-768x1083.jpg 768w, https:\/\/www.archiv.org.lv\/upitis\/wp-content\/uploads\/2022\/10\/img021-2-1089x1536.jpg 1089w, https:\/\/www.archiv.org.lv\/upitis\/wp-content\/uploads\/2022\/10\/img021-2-1452x2048.jpg 1452w, https:\/\/www.archiv.org.lv\/upitis\/wp-content\/uploads\/2022\/10\/img021-2.jpg 1728w\" sizes=\"auto, (max-width: 726px) 100vw, 726px\" \/><\/a><figcaption>Latvijas PSR Tautas m\u0101kslinieka goda nosaukuma pie\u0161\u0137ir\u0161ana P\u0113terim Up\u012btim, 1965. gads. Avots: LNA_LVA_F1839.<\/figcaption><\/figure>\n<\/div>\n<\/div>\n<\/div>\n<\/div>\n\n\n\n<p class=\"has-text-align-center\">P. Up\u012btis ilgu laiku bijis LPSR M\u0101kslinieku savien\u012bbas Grafi\u0137u sekcijas vad\u012bt\u0101js, ar\u012b vad\u012bt\u0101ja vietnieks. M\u0101ksliniekam bija ar\u012b daudz sabiedrisku pien\u0101kumu, vi\u0146\u0161 piedal\u012bj\u0101s da\u017e\u0101da m\u0113roga izst\u0101\u017eu organiz\u0113\u0161an\u0101, p\u0101rst\u0101v\u0113ja M\u0101kslas akad\u0113miju un LPSR M\u0101kslinieku savien\u012bbu da\u017e\u0101da rakstura un m\u0113roga jubilej\u0101s, daudz laika ziedoja da\u017e\u0101du m\u0101kslas un \u017e\u016brijas komisiju darbam, akt\u012bvi sadarboj\u0101s ar visp\u0101rizgl\u012btojo\u0161\u0101m skol\u0101m un speci\u0101laj\u0101m m\u0101kslas vidusskol\u0101m, bija da\u017e\u0101du tik\u0161anos dal\u012bbnieks, arvien bija gatavs las\u012bt refer\u0101tus un dal\u012bties ar sav\u0101m zin\u0101\u0161an\u0101m un pieredzi.<\/p>\n\n\n\n<figure class=\"wp-block-image aligncenter size-large is-resized\"><a href=\"https:\/\/www.archiv.org.lv\/upitis\/wp-content\/uploads\/2022\/10\/img022-2.jpg\"><img loading=\"lazy\" decoding=\"async\" src=\"https:\/\/www.archiv.org.lv\/upitis\/wp-content\/uploads\/2022\/10\/img022-2-1024x349.jpg\" alt=\"\" class=\"wp-image-160\" width=\"728\" height=\"248\" srcset=\"https:\/\/www.archiv.org.lv\/upitis\/wp-content\/uploads\/2022\/10\/img022-2-1024x349.jpg 1024w, https:\/\/www.archiv.org.lv\/upitis\/wp-content\/uploads\/2022\/10\/img022-2-300x102.jpg 300w, https:\/\/www.archiv.org.lv\/upitis\/wp-content\/uploads\/2022\/10\/img022-2-768x261.jpg 768w, https:\/\/www.archiv.org.lv\/upitis\/wp-content\/uploads\/2022\/10\/img022-2-1536x523.jpg 1536w, https:\/\/www.archiv.org.lv\/upitis\/wp-content\/uploads\/2022\/10\/img022-2-2048x697.jpg 2048w, https:\/\/www.archiv.org.lv\/upitis\/wp-content\/uploads\/2022\/10\/img022-2-2000x681.jpg 2000w\" sizes=\"auto, (max-width: 728px) 100vw, 728px\" \/><\/a><figcaption>P. Up\u012b\u0161a Latvijas PSR M\u0101kslinieku savien\u012bbas biedra karte. Avots: LNA_LVA_F1839.<\/figcaption><\/figure>\n\n\n\n<div class=\"wp-block-columns is-layout-flex wp-container-core-columns-is-layout-28f84493 wp-block-columns-is-layout-flex\">\n<div class=\"wp-block-column is-layout-flow wp-block-column-is-layout-flow\">\n<figure class=\"wp-block-image aligncenter size-large\"><a href=\"https:\/\/www.archiv.org.lv\/upitis\/wp-content\/uploads\/2022\/10\/1968.gada-rudeni-pie-Jurkela-studija.-lekcija-par-teodoru-uderu.-rotated.jpg\"><img loading=\"lazy\" decoding=\"async\" width=\"1024\" height=\"666\" src=\"https:\/\/www.archiv.org.lv\/upitis\/wp-content\/uploads\/2022\/10\/1968.gada-rudeni-pie-Jurkela-studija.-lekcija-par-teodoru-uderu.-1024x666.jpg\" alt=\"\" class=\"wp-image-174\" srcset=\"https:\/\/www.archiv.org.lv\/upitis\/wp-content\/uploads\/2022\/10\/1968.gada-rudeni-pie-Jurkela-studija.-lekcija-par-teodoru-uderu.-1024x666.jpg 1024w, https:\/\/www.archiv.org.lv\/upitis\/wp-content\/uploads\/2022\/10\/1968.gada-rudeni-pie-Jurkela-studija.-lekcija-par-teodoru-uderu.-300x195.jpg 300w, https:\/\/www.archiv.org.lv\/upitis\/wp-content\/uploads\/2022\/10\/1968.gada-rudeni-pie-Jurkela-studija.-lekcija-par-teodoru-uderu.-768x499.jpg 768w, https:\/\/www.archiv.org.lv\/upitis\/wp-content\/uploads\/2022\/10\/1968.gada-rudeni-pie-Jurkela-studija.-lekcija-par-teodoru-uderu.-1536x999.jpg 1536w, https:\/\/www.archiv.org.lv\/upitis\/wp-content\/uploads\/2022\/10\/1968.gada-rudeni-pie-Jurkela-studija.-lekcija-par-teodoru-uderu.-rotated.jpg 1801w\" sizes=\"auto, (max-width: 1024px) 100vw, 1024px\" \/><\/a><figcaption>P. Up\u012btis Eduarda Jur\u0137e\u013ca studij\u0101. Lekcija par Teodoru \u016aderu. 1968. gada rudens. Avots: LNA_LVA_F1839.<\/figcaption><\/figure>\n<\/div>\n\n\n\n<div class=\"wp-block-column is-layout-flow wp-block-column-is-layout-flow\">\n<figure class=\"wp-block-image aligncenter size-large\"><a href=\"https:\/\/www.archiv.org.lv\/upitis\/wp-content\/uploads\/2022\/10\/Murjanos-1974.gada-13.sept_.-Vangazu-vidusskolas-6.a-klase.jpg\"><img loading=\"lazy\" decoding=\"async\" width=\"1024\" height=\"699\" src=\"https:\/\/www.archiv.org.lv\/upitis\/wp-content\/uploads\/2022\/10\/Murjanos-1974.gada-13.sept_.-Vangazu-vidusskolas-6.a-klase-1024x699.jpg\" alt=\"\" class=\"wp-image-175\" srcset=\"https:\/\/www.archiv.org.lv\/upitis\/wp-content\/uploads\/2022\/10\/Murjanos-1974.gada-13.sept_.-Vangazu-vidusskolas-6.a-klase-1024x699.jpg 1024w, https:\/\/www.archiv.org.lv\/upitis\/wp-content\/uploads\/2022\/10\/Murjanos-1974.gada-13.sept_.-Vangazu-vidusskolas-6.a-klase-300x205.jpg 300w, https:\/\/www.archiv.org.lv\/upitis\/wp-content\/uploads\/2022\/10\/Murjanos-1974.gada-13.sept_.-Vangazu-vidusskolas-6.a-klase-768x524.jpg 768w, https:\/\/www.archiv.org.lv\/upitis\/wp-content\/uploads\/2022\/10\/Murjanos-1974.gada-13.sept_.-Vangazu-vidusskolas-6.a-klase-1536x1048.jpg 1536w, https:\/\/www.archiv.org.lv\/upitis\/wp-content\/uploads\/2022\/10\/Murjanos-1974.gada-13.sept_.-Vangazu-vidusskolas-6.a-klase-2000x1364.jpg 2000w, https:\/\/www.archiv.org.lv\/upitis\/wp-content\/uploads\/2022\/10\/Murjanos-1974.gada-13.sept_.-Vangazu-vidusskolas-6.a-klase.jpg 2036w\" sizes=\"auto, (max-width: 1024px) 100vw, 1024px\" \/><\/a><figcaption>P. Up\u012btis Murj\u0101\u0146os ar Vanga\u017eu vidusskolas 6. a klasi. 1974. gada 13. septembris. Avots: LNA_LVA_F1839.<\/figcaption><\/figure>\n<\/div>\n<\/div>\n","protected":false},"excerpt":{"rendered":"<p>Grafi\u0137is un kolekcion\u0101rs P\u0113teris Up\u012btis dzimis 1899. gada 27. septembr\u012b biju\u0161\u0101 R\u012bgas apri\u0146\u0137a \u0136\u0113\u010du pagasta \u201dLejas \u010co\u010duros\u201d. Kad Vidzem\u0113 s\u0101k\u0101s m\u0101ju iepirk\u0161ana, P. Up\u012b\u0161a vect\u0113vs P\u0113teris Up\u012btis 1865. gad\u0101 iepircis \u201d\u010co\u010duru\u201d m\u0101jas. T\u0101s biju\u0161as \u013coti nabadz\u012bgas ar me\u017eiem un purviem visapk\u0101rt, aramzemes bijis tikai pieci hekt\u0101ri, bet, t\u0101 k\u0101 vect\u0113vs bijis \u013coti str\u0101d\u012bgs, tad s\u0101cis &hellip; <\/p>\n<p class=\"link-more\"><a href=\"https:\/\/www.archiv.org.lv\/upitis\/index.php\/biografija\/\" class=\"more-link\">Read more<span class=\"screen-reader-text\"> &#8220;Biogr\u0101fija&#8221;<\/span><\/a><\/p>\n","protected":false},"author":1,"featured_media":0,"parent":0,"menu_order":0,"comment_status":"closed","ping_status":"closed","template":"","meta":{"footnotes":""},"class_list":["post-39","page","type-page","status-publish","hentry"],"_links":{"self":[{"href":"https:\/\/www.archiv.org.lv\/upitis\/index.php\/wp-json\/wp\/v2\/pages\/39","targetHints":{"allow":["GET"]}}],"collection":[{"href":"https:\/\/www.archiv.org.lv\/upitis\/index.php\/wp-json\/wp\/v2\/pages"}],"about":[{"href":"https:\/\/www.archiv.org.lv\/upitis\/index.php\/wp-json\/wp\/v2\/types\/page"}],"author":[{"embeddable":true,"href":"https:\/\/www.archiv.org.lv\/upitis\/index.php\/wp-json\/wp\/v2\/users\/1"}],"replies":[{"embeddable":true,"href":"https:\/\/www.archiv.org.lv\/upitis\/index.php\/wp-json\/wp\/v2\/comments?post=39"}],"version-history":[{"count":95,"href":"https:\/\/www.archiv.org.lv\/upitis\/index.php\/wp-json\/wp\/v2\/pages\/39\/revisions"}],"predecessor-version":[{"id":893,"href":"https:\/\/www.archiv.org.lv\/upitis\/index.php\/wp-json\/wp\/v2\/pages\/39\/revisions\/893"}],"wp:attachment":[{"href":"https:\/\/www.archiv.org.lv\/upitis\/index.php\/wp-json\/wp\/v2\/media?parent=39"}],"curies":[{"name":"wp","href":"https:\/\/api.w.org\/{rel}","templated":true}]}}