{"id":88,"date":"2022-10-12T09:23:04","date_gmt":"2022-10-12T06:23:04","guid":{"rendered":"http:\/\/www.archiv.org.lv\/upitis\/?page_id=88"},"modified":"2022-11-08T11:30:47","modified_gmt":"2022-11-08T09:30:47","slug":"kolekcionetas-gramatzimes","status":"publish","type":"page","link":"https:\/\/www.archiv.org.lv\/upitis\/index.php\/kolekcionetas-gramatzimes\/","title":{"rendered":"Kolekcion\u0113t\u0101s gr\u0101matz\u012bmes"},"content":{"rendered":"\n<p class=\"has-text-align-center\">Gr\u0101matz\u012bmes ir iecien\u012bts kolekcion\u0113\u0161anas objekts. To kr\u0101\u0161ana Eirop\u0101 akt\u012bv\u0101k aizs\u0101k\u0101s 19. gadsimt\u0101 un turpin\u0101s l\u012bdz pat m\u016bsdien\u0101m. Kolekciju veido\u0161ana notiek, balstoties uz da\u017e\u0101diem aspektiem, piem\u0113ram, tiek veidotas gr\u0101matz\u012bmju tematisk\u0101s kolekcijas, kur\u0101s apkopotas gr\u0101matz\u012bmes ar noteiktiem mot\u012bviem, heraldisko gr\u0101matz\u012bmju kolekcijas, tiek veidotas ar\u012b k\u0101d\u0101m konkr\u0113t\u0101m person\u0101m darin\u0101tu gr\u0101matz\u012bmju kolekcijas, atsevi\u0161\u0137u valstu m\u0101kslinieku rad\u012bto gr\u0101matz\u012bmju kolekcijas, apl\u016bkojot \u0161o autoru dai\u013crades att\u012bst\u012bbu u.c. 19. gadsimt\u0101 s\u0101ka veidoties ar\u012b da\u017e\u0101das biedr\u012bbas, kas apvienoja gan ekslibru autorus, gan to kolekcion\u0101rus. Pirm\u0101 \u0161\u0101da biedr\u012bba tika izveidota 1891. gad\u0101 London\u0101 (\u201dEx-libris Society\u201d), taj\u0101 pa\u0161\u0101 gad\u0101 t\u0101da pati biedr\u012bba tika nodibin\u0101ta ar\u012b V\u0101cij\u0101, 1894. gad\u0101 \u2013 Francij\u0101, \u0160veic\u0113 un It\u0101lij\u0101 &#8211; 1908. gad\u0101 utt. Laika gait\u0101 \u0161\u012bs biedr\u012bbas s\u0101ka izdot ar\u012b savas gr\u0101matas, \u017eurn\u0101lus, organiz\u0113ja da\u017e\u0101dus kongresus, izst\u0101des u.c. pas\u0101kumus, kuru laik\u0101 to biedri var\u0113ja apmain\u012bties ar gr\u0101matz\u012bm\u0113m ar citu valstu p\u0101rst\u0101vjiem. Pirmais starptautiskais ekslibristu kongress notika K\u016bf\u0161tein\u0101, Austrij\u0101, 1953. gad\u0101. P\u0113c tam kongresi tika r\u012bkoti katru gadu vai ik p\u0113c diviem gadiem: 1954. gad\u0101 \u2013 Lug\u0101no, \u0160veic\u0113; 1955. gad\u0101 &#8211; Antverpen\u0113, Be\u013c\u0123ij\u0101; 1956. gad\u0101 \u2013 Frankfurt\u0113, V\u0101cij\u0101; 1957. gad\u0101 \u2013 Amsterdam\u0101, N\u012bderland\u0113; 1958. gad\u0101 \u2013 Barselon\u0101, Sp\u0101nij\u0101; 1960. gad\u0101 \u2013 V\u012bn\u0113, Austrij\u0101; 1961. gad\u0101 \u2013 Leipcig\u0101, V\u0101cij\u0101; 1962. gad\u0101 \u2013 Par\u012bz\u0113, Francij\u0101; 1964. gad\u0101 \u2013 Krakov\u0101, Polij\u0101; 1966. gad\u0101 \u2013 Hamburg\u0101, V\u0101cij\u0101. Kop\u0161 1966. gada kongresus r\u012bko starptautiska organiz\u0101cija <em>Federation Internationale des Societes<\/em><em> d\u2019Amateurs d\u2019Exlibris<\/em> (FISAE), kur\u0101 apvienoju\u0161ies ekslibru kolekcion\u0101ri. Taj\u0101 laik\u0101 ar\u012b Latvijas PSR att\u012bst\u012bj\u0101s gr\u0101matz\u012bmju kolekcion\u0113\u0161ana, 20. gadsimta 2. pus\u0113 izveidoj\u0101s R\u012bgas ekslibristu klubs.<\/p>\n\n\n\n<p class=\"has-text-align-center\">P. Up\u012btis gr\u0101matz\u012bmju kolekcion\u0113\u0161anai piev\u0113rsies jau 1927. gad\u0101 studiju Latvijas M\u0101kslas akad\u0113mij\u0101 laik\u0101, un pirm\u0101s vi\u0146a kolekcij\u0101 bija skolot\u0101ja Riharda Zari\u0146a darin\u0101t\u0101s gr\u0101matz\u012bmes. S\u0101kum\u0101 P. Up\u012btis kr\u0101jis tikai latvie\u0161u m\u0101kslinieku gr\u0101matz\u012bmes, bet pak\u0101peniski tika aptverts daudz pla\u0161\u0101ks autoru loks un izveidota apjom\u012bga gr\u0101matz\u012bmju kolekcija (viena no liel\u0101kaj\u0101m Latvij\u0101). L\u012bdz ar to P. Up\u012btis pievienoj\u0101s t\u0101diem Latvij\u0101 iev\u0113rojamiem gr\u0101matz\u012bmju kolekcion\u0101riem k\u0101 Rihards Zari\u0146\u0161, J\u0101nis Misi\u0146\u0161, v\u0113l\u0101k ar\u012b K\u0101rlis S\u016bni\u0146\u0161, Zigurds Zuze, Dainis Ro\u017ekalns u.c. LNA Latvijas Valsts arh\u012bva glab\u0101\u0161an\u0101 nodoto P. Up\u012b\u0161a \u0101rzemju m\u0101kslinieku darin\u0101to gr\u0101matz\u012bmju kolekcij\u0101 ietilpst aptuveni 30 000 gr\u0101matz\u012bmju, savuk\u0101rt latvie\u0161u un Latvij\u0101 dz\u012bvojo\u0161o m\u0101kslinieku darin\u0101to gr\u0101matz\u012bmju skaits sasniedz aptuveni 8&nbsp;000 vien\u012bbu. Braucieni uz da\u017e\u0101d\u0101m valst\u012bm, starptautiskie ekslibristu kongresi Eirop\u0101 un iepaz\u012b\u0161an\u0101s ar da\u017e\u0101du zemju kult\u016bras darbiniekiem, m\u0101ksliniekiem un kolekcion\u0101riem bija tas, kas veicin\u0101ja P. Up\u012b\u0161a k\u0101 kolekcion\u0101ra darb\u012bbu un \u013c\u0101va izveidot akt\u012bvu komunik\u0101ciju ar da\u017e\u0101du valstu p\u0101rst\u0101vjiem, kas izv\u0113rt\u0101s k\u0101 gr\u0101matz\u012bmju, da\u017e\u0101du m\u0101kslas izdevumu u.c. apmai\u0146a.<\/p>\n\n\n\n<div class=\"wp-block-columns is-layout-flex wp-container-core-columns-is-layout-28f84493 wp-block-columns-is-layout-flex\">\n<div class=\"wp-block-column is-layout-flow wp-block-column-is-layout-flow\">\n<div class=\"wp-block-columns is-layout-flex wp-container-core-columns-is-layout-28f84493 wp-block-columns-is-layout-flex\">\n<div class=\"wp-block-column is-layout-flow wp-block-column-is-layout-flow\">\n<figure class=\"wp-block-image aligncenter size-large is-style-zoooom\"><a href=\"https:\/\/www.archiv.org.lv\/upitis\/wp-content\/uploads\/2022\/10\/Fragments-no-P.Upisa-pierakstu-klades-ar-nozimetiem-dazadu-arzemju-makslinieku-ekslibristu-stilizetiem-parakstiem-autoru-monogrammam-scaled.jpg\"><img loading=\"lazy\" decoding=\"async\" width=\"1024\" height=\"627\" src=\"https:\/\/www.archiv.org.lv\/upitis\/wp-content\/uploads\/2022\/10\/Fragments-no-P.Upisa-pierakstu-klades-ar-nozimetiem-dazadu-arzemju-makslinieku-ekslibristu-stilizetiem-parakstiem-autoru-monogrammam-1024x627.jpg\" alt=\"\" class=\"wp-image-852\" srcset=\"https:\/\/www.archiv.org.lv\/upitis\/wp-content\/uploads\/2022\/10\/Fragments-no-P.Upisa-pierakstu-klades-ar-nozimetiem-dazadu-arzemju-makslinieku-ekslibristu-stilizetiem-parakstiem-autoru-monogrammam-1024x627.jpg 1024w, https:\/\/www.archiv.org.lv\/upitis\/wp-content\/uploads\/2022\/10\/Fragments-no-P.Upisa-pierakstu-klades-ar-nozimetiem-dazadu-arzemju-makslinieku-ekslibristu-stilizetiem-parakstiem-autoru-monogrammam-300x184.jpg 300w, https:\/\/www.archiv.org.lv\/upitis\/wp-content\/uploads\/2022\/10\/Fragments-no-P.Upisa-pierakstu-klades-ar-nozimetiem-dazadu-arzemju-makslinieku-ekslibristu-stilizetiem-parakstiem-autoru-monogrammam-768x470.jpg 768w, https:\/\/www.archiv.org.lv\/upitis\/wp-content\/uploads\/2022\/10\/Fragments-no-P.Upisa-pierakstu-klades-ar-nozimetiem-dazadu-arzemju-makslinieku-ekslibristu-stilizetiem-parakstiem-autoru-monogrammam-1536x941.jpg 1536w, https:\/\/www.archiv.org.lv\/upitis\/wp-content\/uploads\/2022\/10\/Fragments-no-P.Upisa-pierakstu-klades-ar-nozimetiem-dazadu-arzemju-makslinieku-ekslibristu-stilizetiem-parakstiem-autoru-monogrammam-2048x1254.jpg 2048w, https:\/\/www.archiv.org.lv\/upitis\/wp-content\/uploads\/2022\/10\/Fragments-no-P.Upisa-pierakstu-klades-ar-nozimetiem-dazadu-arzemju-makslinieku-ekslibristu-stilizetiem-parakstiem-autoru-monogrammam-2000x1225.jpg 2000w\" sizes=\"auto, (max-width: 1024px) 100vw, 1024px\" \/><\/a><figcaption class=\"wp-element-caption\">Fragments no P.Up\u012b\u0161a pierakstu klades ar noz\u012bm\u0113tiem da\u017e\u0101du \u0101rzemju m\u0101kslinieku ekslibristu stiliz\u0113tiem parakstiem &#8211; autoru monogramm\u0101m. Avots: LNA_LVA_F1839. <\/figcaption><\/figure>\n<\/div>\n\n\n\n<div class=\"wp-block-column is-layout-flow wp-block-column-is-layout-flow\">\n<figure class=\"wp-block-image aligncenter size-large is-style-zoooom\"><a href=\"https:\/\/www.archiv.org.lv\/upitis\/wp-content\/uploads\/2022\/10\/Upisa-klade-ar-latviesu-makslinieku-darinato-ekslibru-sarakstiem-1960-1989.jpg\"><img loading=\"lazy\" decoding=\"async\" width=\"830\" height=\"1024\" src=\"https:\/\/www.archiv.org.lv\/upitis\/wp-content\/uploads\/2022\/10\/Upisa-klade-ar-latviesu-makslinieku-darinato-ekslibru-sarakstiem-1960-1989-830x1024.jpg\" alt=\"\" class=\"wp-image-853\" srcset=\"https:\/\/www.archiv.org.lv\/upitis\/wp-content\/uploads\/2022\/10\/Upisa-klade-ar-latviesu-makslinieku-darinato-ekslibru-sarakstiem-1960-1989-830x1024.jpg 830w, https:\/\/www.archiv.org.lv\/upitis\/wp-content\/uploads\/2022\/10\/Upisa-klade-ar-latviesu-makslinieku-darinato-ekslibru-sarakstiem-1960-1989-243x300.jpg 243w, https:\/\/www.archiv.org.lv\/upitis\/wp-content\/uploads\/2022\/10\/Upisa-klade-ar-latviesu-makslinieku-darinato-ekslibru-sarakstiem-1960-1989-768x948.jpg 768w, https:\/\/www.archiv.org.lv\/upitis\/wp-content\/uploads\/2022\/10\/Upisa-klade-ar-latviesu-makslinieku-darinato-ekslibru-sarakstiem-1960-1989-1244x1536.jpg 1244w, https:\/\/www.archiv.org.lv\/upitis\/wp-content\/uploads\/2022\/10\/Upisa-klade-ar-latviesu-makslinieku-darinato-ekslibru-sarakstiem-1960-1989-1659x2048.jpg 1659w, https:\/\/www.archiv.org.lv\/upitis\/wp-content\/uploads\/2022\/10\/Upisa-klade-ar-latviesu-makslinieku-darinato-ekslibru-sarakstiem-1960-1989.jpg 1968w\" sizes=\"auto, (max-width: 830px) 100vw, 830px\" \/><\/a><figcaption class=\"wp-element-caption\">P. Up\u012b\u0161a klade ar latvie\u0161u m\u0101kslinieku darin\u0101to ekslibru sarakstiem, 1960.-1989. gads. Avots: LNA_LVA_F1839.  <\/figcaption><\/figure>\n<\/div>\n<\/div>\n<\/div>\n\n\n\n<div class=\"wp-block-column is-layout-flow wp-block-column-is-layout-flow\">\n<div class=\"wp-block-columns is-layout-flex wp-container-core-columns-is-layout-28f84493 wp-block-columns-is-layout-flex\">\n<div class=\"wp-block-column is-layout-flow wp-block-column-is-layout-flow\">\n<figure class=\"wp-block-image aligncenter size-large is-style-zoooom\"><a href=\"https:\/\/www.archiv.org.lv\/upitis\/wp-content\/uploads\/2022\/10\/Upisa-klade-ar-latviesu-makslinieku-darinato-ekslibru-sarakstiem-1960-1989-2.jpg\"><img loading=\"lazy\" decoding=\"async\" width=\"858\" height=\"1024\" src=\"https:\/\/www.archiv.org.lv\/upitis\/wp-content\/uploads\/2022\/10\/Upisa-klade-ar-latviesu-makslinieku-darinato-ekslibru-sarakstiem-1960-1989-2-858x1024.jpg\" alt=\"\" class=\"wp-image-854\" srcset=\"https:\/\/www.archiv.org.lv\/upitis\/wp-content\/uploads\/2022\/10\/Upisa-klade-ar-latviesu-makslinieku-darinato-ekslibru-sarakstiem-1960-1989-2-858x1024.jpg 858w, https:\/\/www.archiv.org.lv\/upitis\/wp-content\/uploads\/2022\/10\/Upisa-klade-ar-latviesu-makslinieku-darinato-ekslibru-sarakstiem-1960-1989-2-251x300.jpg 251w, https:\/\/www.archiv.org.lv\/upitis\/wp-content\/uploads\/2022\/10\/Upisa-klade-ar-latviesu-makslinieku-darinato-ekslibru-sarakstiem-1960-1989-2-768x916.jpg 768w, https:\/\/www.archiv.org.lv\/upitis\/wp-content\/uploads\/2022\/10\/Upisa-klade-ar-latviesu-makslinieku-darinato-ekslibru-sarakstiem-1960-1989-2-1287x1536.jpg 1287w, https:\/\/www.archiv.org.lv\/upitis\/wp-content\/uploads\/2022\/10\/Upisa-klade-ar-latviesu-makslinieku-darinato-ekslibru-sarakstiem-1960-1989-2-1716x2048.jpg 1716w, https:\/\/www.archiv.org.lv\/upitis\/wp-content\/uploads\/2022\/10\/Upisa-klade-ar-latviesu-makslinieku-darinato-ekslibru-sarakstiem-1960-1989-2-2000x2386.jpg 2000w, https:\/\/www.archiv.org.lv\/upitis\/wp-content\/uploads\/2022\/10\/Upisa-klade-ar-latviesu-makslinieku-darinato-ekslibru-sarakstiem-1960-1989-2.jpg 2009w\" sizes=\"auto, (max-width: 858px) 100vw, 858px\" \/><\/a><\/figure>\n<\/div>\n\n\n\n<div class=\"wp-block-column is-layout-flow wp-block-column-is-layout-flow\">\n<figure class=\"wp-block-image aligncenter size-large is-style-zoooom\"><a href=\"https:\/\/www.archiv.org.lv\/upitis\/wp-content\/uploads\/2022\/10\/Upisa-pierakstu-klade-ar-arzemju-makslinieku-ekslibru-autoru-sarakstiem-1975-1985-scaled.jpg\"><img loading=\"lazy\" decoding=\"async\" width=\"1024\" height=\"732\" src=\"https:\/\/www.archiv.org.lv\/upitis\/wp-content\/uploads\/2022\/10\/Upisa-pierakstu-klade-ar-arzemju-makslinieku-ekslibru-autoru-sarakstiem-1975-1985-1024x732.jpg\" alt=\"\" class=\"wp-image-855\" srcset=\"https:\/\/www.archiv.org.lv\/upitis\/wp-content\/uploads\/2022\/10\/Upisa-pierakstu-klade-ar-arzemju-makslinieku-ekslibru-autoru-sarakstiem-1975-1985-1024x732.jpg 1024w, https:\/\/www.archiv.org.lv\/upitis\/wp-content\/uploads\/2022\/10\/Upisa-pierakstu-klade-ar-arzemju-makslinieku-ekslibru-autoru-sarakstiem-1975-1985-300x214.jpg 300w, https:\/\/www.archiv.org.lv\/upitis\/wp-content\/uploads\/2022\/10\/Upisa-pierakstu-klade-ar-arzemju-makslinieku-ekslibru-autoru-sarakstiem-1975-1985-768x549.jpg 768w, https:\/\/www.archiv.org.lv\/upitis\/wp-content\/uploads\/2022\/10\/Upisa-pierakstu-klade-ar-arzemju-makslinieku-ekslibru-autoru-sarakstiem-1975-1985-1536x1098.jpg 1536w, https:\/\/www.archiv.org.lv\/upitis\/wp-content\/uploads\/2022\/10\/Upisa-pierakstu-klade-ar-arzemju-makslinieku-ekslibru-autoru-sarakstiem-1975-1985-2048x1464.jpg 2048w, https:\/\/www.archiv.org.lv\/upitis\/wp-content\/uploads\/2022\/10\/Upisa-pierakstu-klade-ar-arzemju-makslinieku-ekslibru-autoru-sarakstiem-1975-1985-2000x1430.jpg 2000w\" sizes=\"auto, (max-width: 1024px) 100vw, 1024px\" \/><\/a><figcaption class=\"wp-element-caption\">P. Up\u012b\u0161a pierakstu klade ar \u0101rzemju m\u0101kslinieku ekslibru autoru sarakstiem, 1975.-1985. gads. Avots: LNA_LVA_F1839.<\/figcaption><\/figure>\n<\/div>\n<\/div>\n<\/div>\n<\/div>\n\n\n\n<p class=\"has-text-align-center\">Savstarp\u0113jo kontaktu (galvenok\u0101rt sarakstes) ar da\u017e\u0101diem \u0101rzemju kolekcion\u0101riem rezult\u0101t\u0101 P. Up\u012btis izveidoja gr\u0101matz\u012bmju kolekciju, kur\u0101 ietilpst Eiropas un \u0100zijas m\u0101kslinieku darin\u0101t\u0101s gr\u0101matz\u012bmes \u2013 arm\u0113\u0146u, austrie\u0161u, baltkrievu, be\u013c\u0123u, bulg\u0101ru, \u010cehoslov\u0101kijas, d\u0101\u0146u, Dienvidsl\u0101vijas, fran\u010du, igau\u0146u, it\u0101\u013cu, jap\u0101\u0146u, Kauk\u0101za valstu, krievu, Lielbrit\u0101nijas, lietuvie\u0161u, n\u012bderlandie\u0161u, norv\u0113\u0123u, po\u013cu, portug\u0101\u013cu, rum\u0101\u0146u, somu, sp\u0101\u0146u, \u0161veicie\u0161u, ukrai\u0146u, ung\u0101ru, v\u0101cu, zviedru, Austr\u0101lijas un Oke\u0101nijas, Zieme\u013camerikas, Dienvidamerikas un \u0100frikas m\u0101kslinieku rad\u012bt\u0101s gr\u0101matz\u012bmes. \u0160aj\u0101s gr\u0101matz\u012bm\u0113s, kas darin\u0101tas gan atsevi\u0161\u0137\u0101m person\u0101m, gan k\u0101d\u0101m iest\u0101d\u0113m, biedr\u012bb\u0101m u.c. v\u0113rojama m\u0101ksliniecisk\u0101 un tematisk\u0101 daudzveid\u012bba, redzami da\u017e\u0101di m\u0101kslas stili, at\u0161\u0137ir\u012bgi form\u0101ti, autoriem rakstur\u012bgie rokraksti, ar\u012b da\u017e\u0101di neparasti risin\u0101jumi. Skaita zi\u0146\u0101 liel\u0101ko da\u013cu gr\u0101matz\u012bmju P. Up\u012b\u0161a sakr\u0101to \u0101rzemju m\u0101kslinieku darin\u0101to gr\u0101matz\u012bmju kolekcij\u0101 veido igau\u0146u, to skait\u0101, piem\u0113ram, <em>Johannes Juhansoo<\/em>, <em>Leida Soom<\/em> u.c. m\u0101kslinieku darin\u0101t\u0101s gr\u0101matz\u012bmes, d\u0101\u0146u m\u0101kslinieku, to skait\u0101, piem<em>., Christian Blaesbjerg<\/em> darin\u0101t\u0101s gr\u0101matz\u012bmes, ung\u0101ru m\u0101kslinieku, to skait\u0101, piem., <em>Karoly Andrusko<\/em>, <em>Fery Antal<\/em> u.c. m\u0101kslinieku darin\u0101t\u0101s gr\u0101matz\u012bmes, po\u013cu m\u0101kslinieku, to skait\u0101, piem., <em>Vojciech Jakubowski,<\/em> <em>Zbigniew Jozwik<\/em> u.c. m\u0101kslinieku darin\u0101t\u0101s gr\u0101matz\u012bmes, krievu m\u0101kslinieku, to skait\u0101, piem., <em>Jevge\u0146ija Go\u013cahovska<\/em>, <em>Anatolija Kala\u0161\u0146ikova<\/em> u.c. m\u0101kslinieku darin\u0101t\u0101s gr\u0101matz\u012bmes, lietuvie\u0161u m\u0101kslinieku, to skait\u0101, piem., <em>\u010ceslovas Kontrimas<\/em> darin\u0101t\u0101s gr\u0101matz\u012bmes, ukrai\u0146u m\u0101kslinieku, to skait\u0101, piem., <em>Stef\u0101nijas Gebus-Bara\u0146eckas<\/em>, <em>Konstant\u012bna Kozlovska<\/em> (gan t\u0113va, gan d\u0113la) u.c. m\u0101kslinieku darin\u0101t\u0101s gr\u0101matz\u012bmes, norv\u0113\u0123u m\u0101kslinieku, piem., <em>Henry Schjaerven<\/em> darin\u0101t\u0101s gr\u0101matz\u012bmes, v\u0101cu m\u0101kslinieku, piem., <em>Herbert Ott<\/em> darin\u0101t\u0101s gr\u0101matz\u012bmes, \u010cehoslov\u0101kijas, arm\u0113\u0146u m\u0101kslinieku darin\u0101t\u0101s gr\u0101matz\u012bmes. Lielu da\u013cu kolekcijas veido ar\u012b \u0101rzemju m\u0101kslinieku P. Up\u012btim darin\u0101t\u0101s gr\u0101matz\u012bmes.<\/p>\n\n\n\n<div class=\"wp-block-columns is-layout-flex wp-container-core-columns-is-layout-28f84493 wp-block-columns-is-layout-flex\">\n<div class=\"wp-block-column is-layout-flow wp-block-column-is-layout-flow\">\n<figure class=\"wp-block-image aligncenter size-large is-resized is-style-zoooom\"><a href=\"https:\/\/www.archiv.org.lv\/upitis\/wp-content\/uploads\/2022\/10\/Tiksanas-planetarija-ar-Kalasnikovu-Anatoliju-vina-izstade-27.II_.1980-rotated.jpg\"><img loading=\"lazy\" decoding=\"async\" src=\"https:\/\/www.archiv.org.lv\/upitis\/wp-content\/uploads\/2022\/10\/Tiksanas-planetarija-ar-Kalasnikovu-Anatoliju-vina-izstade-27.II_.1980-1024x763.jpg\" alt=\"\" class=\"wp-image-708\" width=\"398\" height=\"297\" srcset=\"https:\/\/www.archiv.org.lv\/upitis\/wp-content\/uploads\/2022\/10\/Tiksanas-planetarija-ar-Kalasnikovu-Anatoliju-vina-izstade-27.II_.1980-1024x763.jpg 1024w, https:\/\/www.archiv.org.lv\/upitis\/wp-content\/uploads\/2022\/10\/Tiksanas-planetarija-ar-Kalasnikovu-Anatoliju-vina-izstade-27.II_.1980-300x224.jpg 300w, https:\/\/www.archiv.org.lv\/upitis\/wp-content\/uploads\/2022\/10\/Tiksanas-planetarija-ar-Kalasnikovu-Anatoliju-vina-izstade-27.II_.1980-768x573.jpg 768w, https:\/\/www.archiv.org.lv\/upitis\/wp-content\/uploads\/2022\/10\/Tiksanas-planetarija-ar-Kalasnikovu-Anatoliju-vina-izstade-27.II_.1980-rotated.jpg 1379w\" sizes=\"auto, (max-width: 398px) 100vw, 398px\" \/><\/a><figcaption class=\"wp-element-caption\">Tik\u0161an\u0101s ar Anatoliju  Kala\u0161\u0146ikovu vi\u0146a izst\u0101d\u0113 planet\u0101rij\u0101 R\u012bg\u0101 1980. gada 27. febru\u0101r\u012b. Avots: LNA_LVA_F1839.<\/figcaption><\/figure>\n<\/div>\n\n\n\n<div class=\"wp-block-column is-layout-flow wp-block-column-is-layout-flow\">\n<figure class=\"wp-block-image aligncenter size-large is-style-zoooom\"><a href=\"https:\/\/www.archiv.org.lv\/upitis\/wp-content\/uploads\/2022\/10\/im059.jpg\"><img loading=\"lazy\" decoding=\"async\" width=\"1024\" height=\"698\" src=\"https:\/\/www.archiv.org.lv\/upitis\/wp-content\/uploads\/2022\/10\/im059-1024x698.jpg\" alt=\"\" class=\"wp-image-709\" srcset=\"https:\/\/www.archiv.org.lv\/upitis\/wp-content\/uploads\/2022\/10\/im059-1024x698.jpg 1024w, https:\/\/www.archiv.org.lv\/upitis\/wp-content\/uploads\/2022\/10\/im059-300x204.jpg 300w, https:\/\/www.archiv.org.lv\/upitis\/wp-content\/uploads\/2022\/10\/im059-768x523.jpg 768w, https:\/\/www.archiv.org.lv\/upitis\/wp-content\/uploads\/2022\/10\/im059.jpg 1476w\" sizes=\"auto, (max-width: 1024px) 100vw, 1024px\" \/><\/a><figcaption class=\"wp-element-caption\">P\u0113teris Up\u012btis ar Anatoliju  Kala\u0161\u0146ikovu vi\u0146a izst\u0101d\u0113 planetarij\u0101 1980. gada 27. febru\u0101r\u012b. Avots: LNA_LVA_F1839.<\/figcaption><\/figure>\n<\/div>\n<\/div>\n\n\n\n<p><strong>\u0100rzemju m\u0101kslinieku darin\u0101t\u0101s gr\u0101matz\u012bmes.<\/strong> Avots: LNA_LVA_F1839.<\/p>\n\n\n\n<div class=\"wp-block-columns is-layout-flex wp-container-core-columns-is-layout-28f84493 wp-block-columns-is-layout-flex\">\n<div class=\"wp-block-column is-layout-flow wp-block-column-is-layout-flow\">\n<div class=\"wp-block-columns is-layout-flex wp-container-core-columns-is-layout-28f84493 wp-block-columns-is-layout-flex\">\n<div class=\"wp-block-column is-layout-flow wp-block-column-is-layout-flow\">\n<figure class=\"wp-block-image aligncenter size-large is-style-zoooom\"><a href=\"https:\/\/www.archiv.org.lv\/upitis\/wp-content\/uploads\/2022\/10\/1982.04.12-rotated.jpg\"><img loading=\"lazy\" decoding=\"async\" width=\"805\" height=\"1024\" src=\"https:\/\/www.archiv.org.lv\/upitis\/wp-content\/uploads\/2022\/10\/1982.04.12-805x1024.jpg\" alt=\"\" class=\"wp-image-655\" srcset=\"https:\/\/www.archiv.org.lv\/upitis\/wp-content\/uploads\/2022\/10\/1982.04.12-805x1024.jpg 805w, https:\/\/www.archiv.org.lv\/upitis\/wp-content\/uploads\/2022\/10\/1982.04.12-236x300.jpg 236w, https:\/\/www.archiv.org.lv\/upitis\/wp-content\/uploads\/2022\/10\/1982.04.12-768x977.jpg 768w, https:\/\/www.archiv.org.lv\/upitis\/wp-content\/uploads\/2022\/10\/1982.04.12-rotated.jpg 1179w\" sizes=\"auto, (max-width: 805px) 100vw, 805px\" \/><\/a><figcaption class=\"wp-element-caption\"><em>Peter F. Hosokawa<\/em> (Jap\u0101na), 1982. gads.<\/figcaption><\/figure>\n<\/div>\n\n\n\n<div class=\"wp-block-column is-layout-flow wp-block-column-is-layout-flow\">\n<figure class=\"wp-block-image aligncenter size-large is-style-zoooom\"><a href=\"https:\/\/www.archiv.org.lv\/upitis\/wp-content\/uploads\/2022\/10\/Taeke-Eberhard-1979-Australija-rotated.jpg\"><img loading=\"lazy\" decoding=\"async\" width=\"703\" height=\"1024\" src=\"https:\/\/www.archiv.org.lv\/upitis\/wp-content\/uploads\/2022\/10\/Taeke-Eberhard-1979-Australija-703x1024.jpg\" alt=\"\" class=\"wp-image-656\" srcset=\"https:\/\/www.archiv.org.lv\/upitis\/wp-content\/uploads\/2022\/10\/Taeke-Eberhard-1979-Australija-703x1024.jpg 703w, https:\/\/www.archiv.org.lv\/upitis\/wp-content\/uploads\/2022\/10\/Taeke-Eberhard-1979-Australija-206x300.jpg 206w, https:\/\/www.archiv.org.lv\/upitis\/wp-content\/uploads\/2022\/10\/Taeke-Eberhard-1979-Australija-768x1118.jpg 768w, https:\/\/www.archiv.org.lv\/upitis\/wp-content\/uploads\/2022\/10\/Taeke-Eberhard-1979-Australija-1055x1536.jpg 1055w, https:\/\/www.archiv.org.lv\/upitis\/wp-content\/uploads\/2022\/10\/Taeke-Eberhard-1979-Australija-rotated.jpg 1079w\" sizes=\"auto, (max-width: 703px) 100vw, 703px\" \/><\/a><figcaption class=\"wp-element-caption\"><em>Tacke Eberhard<\/em> (Austr\u0101lija) 1979. gads<\/figcaption><\/figure>\n<\/div>\n<\/div>\n<\/div>\n\n\n\n<div class=\"wp-block-column is-layout-flow wp-block-column-is-layout-flow\">\n<div class=\"wp-block-columns is-layout-flex wp-container-core-columns-is-layout-28f84493 wp-block-columns-is-layout-flex\">\n<div class=\"wp-block-column is-layout-flow wp-block-column-is-layout-flow\">\n<figure class=\"wp-block-image aligncenter size-large is-style-zoooom\"><a href=\"https:\/\/www.archiv.org.lv\/upitis\/wp-content\/uploads\/2022\/10\/Roy-Davies-Australija-1925.jpg\"><img loading=\"lazy\" decoding=\"async\" width=\"927\" height=\"1024\" src=\"https:\/\/www.archiv.org.lv\/upitis\/wp-content\/uploads\/2022\/10\/Roy-Davies-Australija-1925-927x1024.jpg\" alt=\"\" class=\"wp-image-657\" srcset=\"https:\/\/www.archiv.org.lv\/upitis\/wp-content\/uploads\/2022\/10\/Roy-Davies-Australija-1925-927x1024.jpg 927w, https:\/\/www.archiv.org.lv\/upitis\/wp-content\/uploads\/2022\/10\/Roy-Davies-Australija-1925-272x300.jpg 272w, https:\/\/www.archiv.org.lv\/upitis\/wp-content\/uploads\/2022\/10\/Roy-Davies-Australija-1925-768x848.jpg 768w, https:\/\/www.archiv.org.lv\/upitis\/wp-content\/uploads\/2022\/10\/Roy-Davies-Australija-1925.jpg 932w\" sizes=\"auto, (max-width: 927px) 100vw, 927px\" \/><\/a><figcaption class=\"wp-element-caption\"><em>Roy Davies<\/em> (Austr\u0101lija), 1925. gads.<\/figcaption><\/figure>\n<\/div>\n\n\n\n<div class=\"wp-block-column is-layout-flow wp-block-column-is-layout-flow\">\n<figure class=\"wp-block-image aligncenter size-large is-style-zoooom\"><a href=\"https:\/\/www.archiv.org.lv\/upitis\/wp-content\/uploads\/2022\/10\/Tom-Glover-Jaunzelande-1960-rotated.jpg\"><img loading=\"lazy\" decoding=\"async\" width=\"954\" height=\"1024\" src=\"https:\/\/www.archiv.org.lv\/upitis\/wp-content\/uploads\/2022\/10\/Tom-Glover-Jaunzelande-1960-954x1024.jpg\" alt=\"\" class=\"wp-image-658\" srcset=\"https:\/\/www.archiv.org.lv\/upitis\/wp-content\/uploads\/2022\/10\/Tom-Glover-Jaunzelande-1960-954x1024.jpg 954w, https:\/\/www.archiv.org.lv\/upitis\/wp-content\/uploads\/2022\/10\/Tom-Glover-Jaunzelande-1960-280x300.jpg 280w, https:\/\/www.archiv.org.lv\/upitis\/wp-content\/uploads\/2022\/10\/Tom-Glover-Jaunzelande-1960-768x824.jpg 768w, https:\/\/www.archiv.org.lv\/upitis\/wp-content\/uploads\/2022\/10\/Tom-Glover-Jaunzelande-1960-rotated.jpg 1258w\" sizes=\"auto, (max-width: 954px) 100vw, 954px\" \/><\/a><figcaption class=\"wp-element-caption\"><em>Tom Glover<\/em> (Jaunz\u0113lande), 1960. gads.<\/figcaption><\/figure>\n<\/div>\n<\/div>\n<\/div>\n<\/div>\n\n\n\n<div class=\"wp-block-columns is-layout-flex wp-container-core-columns-is-layout-28f84493 wp-block-columns-is-layout-flex\">\n<div class=\"wp-block-column is-layout-flow wp-block-column-is-layout-flow\">\n<div class=\"wp-block-columns is-layout-flex wp-container-core-columns-is-layout-28f84493 wp-block-columns-is-layout-flex\">\n<div class=\"wp-block-column is-layout-flow wp-block-column-is-layout-flow\">\n<figure class=\"wp-block-image aligncenter size-large is-style-zoooom\"><a href=\"https:\/\/www.archiv.org.lv\/upitis\/wp-content\/uploads\/2022\/10\/Dienvidafrika-1960-797x1024.jpg\"><img loading=\"lazy\" decoding=\"async\" width=\"797\" height=\"1024\" src=\"https:\/\/www.archiv.org.lv\/upitis\/wp-content\/uploads\/2022\/10\/Dienvidafrika-1960-797x1024.jpg\" alt=\"\" class=\"wp-image-659\" srcset=\"https:\/\/www.archiv.org.lv\/upitis\/wp-content\/uploads\/2022\/10\/Dienvidafrika-1960-797x1024.jpg 797w, https:\/\/www.archiv.org.lv\/upitis\/wp-content\/uploads\/2022\/10\/Dienvidafrika-1960-233x300.jpg 233w, https:\/\/www.archiv.org.lv\/upitis\/wp-content\/uploads\/2022\/10\/Dienvidafrika-1960-768x987.jpg 768w, https:\/\/www.archiv.org.lv\/upitis\/wp-content\/uploads\/2022\/10\/Dienvidafrika-1960-rotated.jpg 972w\" sizes=\"auto, (max-width: 797px) 100vw, 797px\" \/><\/a><figcaption class=\"wp-element-caption\">Nezin\u0101ms m\u0101kslinieks, Dienvid\u0101frika, 1960. gads.<\/figcaption><\/figure>\n<\/div>\n\n\n\n<div class=\"wp-block-column is-layout-flow wp-block-column-is-layout-flow\">\n<figure class=\"wp-block-image aligncenter size-large is-style-zoooom\"><a href=\"https:\/\/www.archiv.org.lv\/upitis\/wp-content\/uploads\/2022\/10\/Sondor-Konya-Dienvidafrika-1970.jpg\"><img loading=\"lazy\" decoding=\"async\" width=\"438\" height=\"1024\" src=\"https:\/\/www.archiv.org.lv\/upitis\/wp-content\/uploads\/2022\/10\/Sondor-Konya-Dienvidafrika-1970-438x1024.jpg\" alt=\"\" class=\"wp-image-660\" srcset=\"https:\/\/www.archiv.org.lv\/upitis\/wp-content\/uploads\/2022\/10\/Sondor-Konya-Dienvidafrika-1970-438x1024.jpg 438w, https:\/\/www.archiv.org.lv\/upitis\/wp-content\/uploads\/2022\/10\/Sondor-Konya-Dienvidafrika-1970-128x300.jpg 128w, https:\/\/www.archiv.org.lv\/upitis\/wp-content\/uploads\/2022\/10\/Sondor-Konya-Dienvidafrika-1970-657x1536.jpg 657w, https:\/\/www.archiv.org.lv\/upitis\/wp-content\/uploads\/2022\/10\/Sondor-Konya-Dienvidafrika-1970.jpg 687w\" sizes=\"auto, (max-width: 438px) 100vw, 438px\" \/><\/a><figcaption class=\"wp-element-caption\"><em>Sandor Konya<\/em> (Dienvid\u0101frika), 1970. gads.<\/figcaption><\/figure>\n<\/div>\n<\/div>\n<\/div>\n\n\n\n<div class=\"wp-block-column is-layout-flow wp-block-column-is-layout-flow\">\n<div class=\"wp-block-columns is-layout-flex wp-container-core-columns-is-layout-28f84493 wp-block-columns-is-layout-flex\">\n<div class=\"wp-block-column is-layout-flow wp-block-column-is-layout-flow\">\n<figure class=\"wp-block-image aligncenter size-large is-style-zoooom\"><a href=\"https:\/\/www.archiv.org.lv\/upitis\/wp-content\/uploads\/2022\/10\/Alberto-Lima-Brazilija-1970.jpg\"><img loading=\"lazy\" decoding=\"async\" width=\"734\" height=\"1024\" src=\"https:\/\/www.archiv.org.lv\/upitis\/wp-content\/uploads\/2022\/10\/Alberto-Lima-Brazilija-1970-734x1024.jpg\" alt=\"\" class=\"wp-image-661\" srcset=\"https:\/\/www.archiv.org.lv\/upitis\/wp-content\/uploads\/2022\/10\/Alberto-Lima-Brazilija-1970-734x1024.jpg 734w, https:\/\/www.archiv.org.lv\/upitis\/wp-content\/uploads\/2022\/10\/Alberto-Lima-Brazilija-1970-215x300.jpg 215w, https:\/\/www.archiv.org.lv\/upitis\/wp-content\/uploads\/2022\/10\/Alberto-Lima-Brazilija-1970-768x1072.jpg 768w, https:\/\/www.archiv.org.lv\/upitis\/wp-content\/uploads\/2022\/10\/Alberto-Lima-Brazilija-1970.jpg 819w\" sizes=\"auto, (max-width: 734px) 100vw, 734px\" \/><\/a><figcaption class=\"wp-element-caption\"><em>Alberto Lima<\/em> (Braz\u012blija), 1970. gads.<\/figcaption><\/figure>\n<\/div>\n\n\n\n<div class=\"wp-block-column is-layout-flow wp-block-column-is-layout-flow\">\n<figure class=\"wp-block-image aligncenter size-large is-style-zoooom\"><a href=\"https:\/\/www.archiv.org.lv\/upitis\/wp-content\/uploads\/2022\/10\/Gregorio-Ituarte-Argentina-1970.jpg\"><img loading=\"lazy\" decoding=\"async\" width=\"1024\" height=\"841\" src=\"https:\/\/www.archiv.org.lv\/upitis\/wp-content\/uploads\/2022\/10\/Gregorio-Ituarte-Argentina-1970-1024x841.jpg\" alt=\"\" class=\"wp-image-662\" srcset=\"https:\/\/www.archiv.org.lv\/upitis\/wp-content\/uploads\/2022\/10\/Gregorio-Ituarte-Argentina-1970-1024x841.jpg 1024w, https:\/\/www.archiv.org.lv\/upitis\/wp-content\/uploads\/2022\/10\/Gregorio-Ituarte-Argentina-1970-300x246.jpg 300w, https:\/\/www.archiv.org.lv\/upitis\/wp-content\/uploads\/2022\/10\/Gregorio-Ituarte-Argentina-1970-768x631.jpg 768w, https:\/\/www.archiv.org.lv\/upitis\/wp-content\/uploads\/2022\/10\/Gregorio-Ituarte-Argentina-1970.jpg 1113w\" sizes=\"auto, (max-width: 1024px) 100vw, 1024px\" \/><\/a><figcaption class=\"wp-element-caption\"><em>Gregorio Ituarte<\/em> (Argent\u012bna), 1970. gads.<\/figcaption><\/figure>\n<\/div>\n<\/div>\n<\/div>\n<\/div>\n\n\n\n<div class=\"wp-block-columns is-layout-flex wp-container-core-columns-is-layout-28f84493 wp-block-columns-is-layout-flex\">\n<div class=\"wp-block-column is-layout-flow wp-block-column-is-layout-flow\">\n<div class=\"wp-block-columns is-layout-flex wp-container-core-columns-is-layout-28f84493 wp-block-columns-is-layout-flex\">\n<div class=\"wp-block-column is-layout-flow wp-block-column-is-layout-flow\">\n<figure class=\"wp-block-image aligncenter size-large is-style-zoooom\"><a href=\"https:\/\/www.archiv.org.lv\/upitis\/wp-content\/uploads\/2022\/10\/Hubbard-Don-ASV-1985-rotated.jpg\"><img loading=\"lazy\" decoding=\"async\" width=\"787\" height=\"1024\" src=\"https:\/\/www.archiv.org.lv\/upitis\/wp-content\/uploads\/2022\/10\/Hubbard-Don-ASV-1985-787x1024.jpg\" alt=\"\" class=\"wp-image-665\" srcset=\"https:\/\/www.archiv.org.lv\/upitis\/wp-content\/uploads\/2022\/10\/Hubbard-Don-ASV-1985-787x1024.jpg 787w, https:\/\/www.archiv.org.lv\/upitis\/wp-content\/uploads\/2022\/10\/Hubbard-Don-ASV-1985-231x300.jpg 231w, https:\/\/www.archiv.org.lv\/upitis\/wp-content\/uploads\/2022\/10\/Hubbard-Don-ASV-1985-768x999.jpg 768w, https:\/\/www.archiv.org.lv\/upitis\/wp-content\/uploads\/2022\/10\/Hubbard-Don-ASV-1985-1181x1536.jpg 1181w, https:\/\/www.archiv.org.lv\/upitis\/wp-content\/uploads\/2022\/10\/Hubbard-Don-ASV-1985-rotated.jpg 1229w\" sizes=\"auto, (max-width: 787px) 100vw, 787px\" \/><\/a><figcaption class=\"wp-element-caption\"><em>Don Hubbard<\/em> (ASV), 1985. gads.<\/figcaption><\/figure>\n<\/div>\n\n\n\n<div class=\"wp-block-column is-layout-flow wp-block-column-is-layout-flow\">\n<figure class=\"wp-block-image aligncenter size-full is-style-zoooom\"><a href=\"https:\/\/www.archiv.org.lv\/upitis\/wp-content\/uploads\/2022\/10\/Italo-Zetti-Milana-1960.jpg\"><img loading=\"lazy\" decoding=\"async\" width=\"873\" height=\"752\" src=\"https:\/\/www.archiv.org.lv\/upitis\/wp-content\/uploads\/2022\/10\/Italo-Zetti-Milana-1960.jpg\" alt=\"\" class=\"wp-image-669\" srcset=\"https:\/\/www.archiv.org.lv\/upitis\/wp-content\/uploads\/2022\/10\/Italo-Zetti-Milana-1960.jpg 873w, https:\/\/www.archiv.org.lv\/upitis\/wp-content\/uploads\/2022\/10\/Italo-Zetti-Milana-1960-300x258.jpg 300w, https:\/\/www.archiv.org.lv\/upitis\/wp-content\/uploads\/2022\/10\/Italo-Zetti-Milana-1960-768x662.jpg 768w\" sizes=\"auto, (max-width: 873px) 100vw, 873px\" \/><\/a><figcaption class=\"wp-element-caption\"><em>Italo Zetti<\/em> (It\u0101lija), 1960. gads.<\/figcaption><\/figure>\n<\/div>\n<\/div>\n<\/div>\n\n\n\n<div class=\"wp-block-column is-layout-flow wp-block-column-is-layout-flow\">\n<div class=\"wp-block-columns is-layout-flex wp-container-core-columns-is-layout-28f84493 wp-block-columns-is-layout-flex\">\n<div class=\"wp-block-column is-layout-flow wp-block-column-is-layout-flow\">\n<figure class=\"wp-block-image aligncenter size-large is-style-zoooom\"><a href=\"https:\/\/www.archiv.org.lv\/upitis\/wp-content\/uploads\/2022\/10\/Maaria-Elisa-Leboroni-Italija1978.jpg\"><img loading=\"lazy\" decoding=\"async\" width=\"793\" height=\"1024\" src=\"https:\/\/www.archiv.org.lv\/upitis\/wp-content\/uploads\/2022\/10\/Maaria-Elisa-Leboroni-Italija1978-793x1024.jpg\" alt=\"\" class=\"wp-image-671\" srcset=\"https:\/\/www.archiv.org.lv\/upitis\/wp-content\/uploads\/2022\/10\/Maaria-Elisa-Leboroni-Italija1978-793x1024.jpg 793w, https:\/\/www.archiv.org.lv\/upitis\/wp-content\/uploads\/2022\/10\/Maaria-Elisa-Leboroni-Italija1978-232x300.jpg 232w, https:\/\/www.archiv.org.lv\/upitis\/wp-content\/uploads\/2022\/10\/Maaria-Elisa-Leboroni-Italija1978-768x992.jpg 768w, https:\/\/www.archiv.org.lv\/upitis\/wp-content\/uploads\/2022\/10\/Maaria-Elisa-Leboroni-Italija1978-1189x1536.jpg 1189w, https:\/\/www.archiv.org.lv\/upitis\/wp-content\/uploads\/2022\/10\/Maaria-Elisa-Leboroni-Italija1978.jpg 1212w\" sizes=\"auto, (max-width: 793px) 100vw, 793px\" \/><\/a><figcaption class=\"wp-element-caption\"><em>Maria Elisa Leboroni<\/em> (It\u0101lija), 1978. gads.<\/figcaption><\/figure>\n<\/div>\n\n\n\n<div class=\"wp-block-column is-layout-flow wp-block-column-is-layout-flow\">\n<figure class=\"wp-block-image aligncenter size-large is-style-zoooom\"><a href=\"https:\/\/www.archiv.org.lv\/upitis\/wp-content\/uploads\/2022\/10\/Vladimirs-Masiks-Ukraina-1972-rotated.jpg\"><img loading=\"lazy\" decoding=\"async\" width=\"759\" height=\"1024\" src=\"https:\/\/www.archiv.org.lv\/upitis\/wp-content\/uploads\/2022\/10\/Vladimirs-Masiks-Ukraina-1972-759x1024.jpg\" alt=\"\" class=\"wp-image-674\" srcset=\"https:\/\/www.archiv.org.lv\/upitis\/wp-content\/uploads\/2022\/10\/Vladimirs-Masiks-Ukraina-1972-759x1024.jpg 759w, https:\/\/www.archiv.org.lv\/upitis\/wp-content\/uploads\/2022\/10\/Vladimirs-Masiks-Ukraina-1972-222x300.jpg 222w, https:\/\/www.archiv.org.lv\/upitis\/wp-content\/uploads\/2022\/10\/Vladimirs-Masiks-Ukraina-1972-768x1037.jpg 768w, https:\/\/www.archiv.org.lv\/upitis\/wp-content\/uploads\/2022\/10\/Vladimirs-Masiks-Ukraina-1972-rotated.jpg 1058w\" sizes=\"auto, (max-width: 759px) 100vw, 759px\" \/><\/a><figcaption class=\"wp-element-caption\"><em>Vladimirs Masiks<\/em> (ukrai\u0146u m\u0101kslin), 1972. gads.<\/figcaption><\/figure>\n<\/div>\n<\/div>\n<\/div>\n<\/div>\n\n\n\n<div class=\"wp-block-columns is-layout-flex wp-container-core-columns-is-layout-28f84493 wp-block-columns-is-layout-flex\">\n<div class=\"wp-block-column is-layout-flow wp-block-column-is-layout-flow\">\n<div class=\"wp-block-columns is-layout-flex wp-container-core-columns-is-layout-28f84493 wp-block-columns-is-layout-flex\">\n<div class=\"wp-block-column is-layout-flow wp-block-column-is-layout-flow\">\n<figure class=\"wp-block-image aligncenter size-large is-style-zoooom\"><a href=\"https:\/\/www.archiv.org.lv\/upitis\/wp-content\/uploads\/2022\/10\/Vladimirs-Masiks-Ukraina-1973-rotated.jpg\"><img loading=\"lazy\" decoding=\"async\" width=\"759\" height=\"1024\" src=\"https:\/\/www.archiv.org.lv\/upitis\/wp-content\/uploads\/2022\/10\/Vladimirs-Masiks-Ukraina-1973-759x1024.jpg\" alt=\"\" class=\"wp-image-675\" srcset=\"https:\/\/www.archiv.org.lv\/upitis\/wp-content\/uploads\/2022\/10\/Vladimirs-Masiks-Ukraina-1973-759x1024.jpg 759w, https:\/\/www.archiv.org.lv\/upitis\/wp-content\/uploads\/2022\/10\/Vladimirs-Masiks-Ukraina-1973-222x300.jpg 222w, https:\/\/www.archiv.org.lv\/upitis\/wp-content\/uploads\/2022\/10\/Vladimirs-Masiks-Ukraina-1973-768x1037.jpg 768w, https:\/\/www.archiv.org.lv\/upitis\/wp-content\/uploads\/2022\/10\/Vladimirs-Masiks-Ukraina-1973-rotated.jpg 1058w\" sizes=\"auto, (max-width: 759px) 100vw, 759px\" \/><\/a><figcaption class=\"wp-element-caption\"><em>Vladimirs Masiks<\/em> (ukrai\u0146u m\u0101kslin), 1973. gads.<\/figcaption><\/figure>\n<\/div>\n\n\n\n<div class=\"wp-block-column is-layout-flow wp-block-column-is-layout-flow\">\n<figure class=\"wp-block-image aligncenter size-large is-style-zoooom\"><a href=\"https:\/\/www.archiv.org.lv\/upitis\/wp-content\/uploads\/2022\/10\/Christian-Blaesbjerg-rotated.jpg\"><img loading=\"lazy\" decoding=\"async\" width=\"724\" height=\"1024\" src=\"https:\/\/www.archiv.org.lv\/upitis\/wp-content\/uploads\/2022\/10\/Christian-Blaesbjerg-724x1024.jpg\" alt=\"\" class=\"wp-image-653\" srcset=\"https:\/\/www.archiv.org.lv\/upitis\/wp-content\/uploads\/2022\/10\/Christian-Blaesbjerg-724x1024.jpg 724w, https:\/\/www.archiv.org.lv\/upitis\/wp-content\/uploads\/2022\/10\/Christian-Blaesbjerg-212x300.jpg 212w, https:\/\/www.archiv.org.lv\/upitis\/wp-content\/uploads\/2022\/10\/Christian-Blaesbjerg-768x1086.jpg 768w, https:\/\/www.archiv.org.lv\/upitis\/wp-content\/uploads\/2022\/10\/Christian-Blaesbjerg-rotated.jpg 793w\" sizes=\"auto, (max-width: 724px) 100vw, 724px\" \/><\/a><figcaption class=\"wp-element-caption\"><em>Christian Blaesbjerg<\/em> (D\u0101nija), 1974. gads.<\/figcaption><\/figure>\n<\/div>\n<\/div>\n<\/div>\n\n\n\n<div class=\"wp-block-column is-layout-flow wp-block-column-is-layout-flow\">\n<div class=\"wp-block-columns is-layout-flex wp-container-core-columns-is-layout-28f84493 wp-block-columns-is-layout-flex\">\n<div class=\"wp-block-column is-layout-flow wp-block-column-is-layout-flow\">\n<figure class=\"wp-block-image aligncenter size-full is-style-zoooom\"><a href=\"https:\/\/www.archiv.org.lv\/upitis\/wp-content\/uploads\/2022\/10\/Stefanija-Gebus-Baranecka-1962.jpg\"><img loading=\"lazy\" decoding=\"async\" width=\"740\" height=\"1005\" src=\"https:\/\/www.archiv.org.lv\/upitis\/wp-content\/uploads\/2022\/10\/Stefanija-Gebus-Baranecka-1962.jpg\" alt=\"\" class=\"wp-image-677\" srcset=\"https:\/\/www.archiv.org.lv\/upitis\/wp-content\/uploads\/2022\/10\/Stefanija-Gebus-Baranecka-1962.jpg 740w, https:\/\/www.archiv.org.lv\/upitis\/wp-content\/uploads\/2022\/10\/Stefanija-Gebus-Baranecka-1962-221x300.jpg 221w\" sizes=\"auto, (max-width: 740px) 100vw, 740px\" \/><\/a><figcaption class=\"wp-element-caption\"><em>Stef\u0101nija Gebus &#8211; Bara\u0146ecka <\/em>(ukrai\u0146u m\u0101kslin.), 1962. gads.<\/figcaption><\/figure>\n<\/div>\n\n\n\n<div class=\"wp-block-column is-layout-flow wp-block-column-is-layout-flow\">\n<figure class=\"wp-block-image aligncenter size-large is-style-zoooom\"><a href=\"https:\/\/www.archiv.org.lv\/upitis\/wp-content\/uploads\/2022\/10\/Stefanija-Gebus-Baranecka-1962_2.jpg\"><img loading=\"lazy\" decoding=\"async\" width=\"771\" height=\"1024\" src=\"https:\/\/www.archiv.org.lv\/upitis\/wp-content\/uploads\/2022\/10\/Stefanija-Gebus-Baranecka-1962_2-771x1024.jpg\" alt=\"\" class=\"wp-image-678\" srcset=\"https:\/\/www.archiv.org.lv\/upitis\/wp-content\/uploads\/2022\/10\/Stefanija-Gebus-Baranecka-1962_2-771x1024.jpg 771w, https:\/\/www.archiv.org.lv\/upitis\/wp-content\/uploads\/2022\/10\/Stefanija-Gebus-Baranecka-1962_2-226x300.jpg 226w, https:\/\/www.archiv.org.lv\/upitis\/wp-content\/uploads\/2022\/10\/Stefanija-Gebus-Baranecka-1962_2-768x1020.jpg 768w, https:\/\/www.archiv.org.lv\/upitis\/wp-content\/uploads\/2022\/10\/Stefanija-Gebus-Baranecka-1962_2.jpg 783w\" sizes=\"auto, (max-width: 771px) 100vw, 771px\" \/><\/a><figcaption class=\"wp-element-caption\"><em>Stef\u0101nija Gebus &#8211; Bara\u0146ecka <\/em>(ukrai\u0146u m\u0101kslin.), 1962. gads.<\/figcaption><\/figure>\n<\/div>\n<\/div>\n<\/div>\n<\/div>\n\n\n\n<div class=\"wp-block-columns is-layout-flex wp-container-core-columns-is-layout-28f84493 wp-block-columns-is-layout-flex\">\n<div class=\"wp-block-column is-layout-flow wp-block-column-is-layout-flow\">\n<div class=\"wp-block-columns is-layout-flex wp-container-core-columns-is-layout-28f84493 wp-block-columns-is-layout-flex\">\n<div class=\"wp-block-column is-layout-flow wp-block-column-is-layout-flow\">\n<figure class=\"wp-block-image aligncenter size-full is-style-zoooom\"><a href=\"https:\/\/www.archiv.org.lv\/upitis\/wp-content\/uploads\/2022\/10\/Konstantina-Kozlovska-1967.jpg\"><img loading=\"lazy\" decoding=\"async\" width=\"939\" height=\"758\" src=\"https:\/\/www.archiv.org.lv\/upitis\/wp-content\/uploads\/2022\/10\/Konstantina-Kozlovska-1967.jpg\" alt=\"\" class=\"wp-image-679\" srcset=\"https:\/\/www.archiv.org.lv\/upitis\/wp-content\/uploads\/2022\/10\/Konstantina-Kozlovska-1967.jpg 939w, https:\/\/www.archiv.org.lv\/upitis\/wp-content\/uploads\/2022\/10\/Konstantina-Kozlovska-1967-300x242.jpg 300w, https:\/\/www.archiv.org.lv\/upitis\/wp-content\/uploads\/2022\/10\/Konstantina-Kozlovska-1967-768x620.jpg 768w\" sizes=\"auto, (max-width: 939px) 100vw, 939px\" \/><\/a><figcaption class=\"wp-element-caption\"><em>Konstant\u012bns Kozlovskis <\/em>(seniors) (ukrai\u0146u m\u0101kslin.), 1967. gads.<\/figcaption><\/figure>\n<\/div>\n\n\n\n<div class=\"wp-block-column is-layout-flow wp-block-column-is-layout-flow\">\n<figure class=\"wp-block-image aligncenter size-large is-style-zoooom\"><a href=\"https:\/\/www.archiv.org.lv\/upitis\/wp-content\/uploads\/2022\/10\/Konstantina-Kozlovska.jpg\"><img loading=\"lazy\" decoding=\"async\" width=\"744\" height=\"1024\" src=\"https:\/\/www.archiv.org.lv\/upitis\/wp-content\/uploads\/2022\/10\/Konstantina-Kozlovska-744x1024.jpg\" alt=\"\" class=\"wp-image-680\" srcset=\"https:\/\/www.archiv.org.lv\/upitis\/wp-content\/uploads\/2022\/10\/Konstantina-Kozlovska-744x1024.jpg 744w, https:\/\/www.archiv.org.lv\/upitis\/wp-content\/uploads\/2022\/10\/Konstantina-Kozlovska-218x300.jpg 218w, https:\/\/www.archiv.org.lv\/upitis\/wp-content\/uploads\/2022\/10\/Konstantina-Kozlovska-768x1056.jpg 768w, https:\/\/www.archiv.org.lv\/upitis\/wp-content\/uploads\/2022\/10\/Konstantina-Kozlovska.jpg 799w\" sizes=\"auto, (max-width: 744px) 100vw, 744px\" \/><\/a><figcaption class=\"wp-element-caption\"><em>Konstant\u012bns Kozlovskis<\/em> (seniors) (ukrai\u0146u m\u0101kslin.), 1966. gads.<\/figcaption><\/figure>\n<\/div>\n<\/div>\n<\/div>\n\n\n\n<div class=\"wp-block-column is-layout-flow wp-block-column-is-layout-flow\">\n<div class=\"wp-block-columns is-layout-flex wp-container-core-columns-is-layout-28f84493 wp-block-columns-is-layout-flex\">\n<div class=\"wp-block-column is-layout-flow wp-block-column-is-layout-flow\">\n<figure class=\"wp-block-image aligncenter size-large is-style-zoooom\"><a href=\"https:\/\/www.archiv.org.lv\/upitis\/wp-content\/uploads\/2022\/10\/Anatolijs-Kalasnikovs-70.gadi_.jpg\"><img loading=\"lazy\" decoding=\"async\" width=\"798\" height=\"1024\" src=\"https:\/\/www.archiv.org.lv\/upitis\/wp-content\/uploads\/2022\/10\/Anatolijs-Kalasnikovs-70.gadi_-798x1024.jpg\" alt=\"\" class=\"wp-image-681\" srcset=\"https:\/\/www.archiv.org.lv\/upitis\/wp-content\/uploads\/2022\/10\/Anatolijs-Kalasnikovs-70.gadi_-798x1024.jpg 798w, https:\/\/www.archiv.org.lv\/upitis\/wp-content\/uploads\/2022\/10\/Anatolijs-Kalasnikovs-70.gadi_-234x300.jpg 234w, https:\/\/www.archiv.org.lv\/upitis\/wp-content\/uploads\/2022\/10\/Anatolijs-Kalasnikovs-70.gadi_-768x985.jpg 768w, https:\/\/www.archiv.org.lv\/upitis\/wp-content\/uploads\/2022\/10\/Anatolijs-Kalasnikovs-70.gadi_.jpg 839w\" sizes=\"auto, (max-width: 798px) 100vw, 798px\" \/><\/a><figcaption class=\"wp-element-caption\"><em>Anatolijs Kala\u0161\u0146ikovs<\/em> (krievu m\u0101kslin.), 70. gadi<\/figcaption><\/figure>\n<\/div>\n\n\n\n<div class=\"wp-block-column is-layout-flow wp-block-column-is-layout-flow\">\n<figure class=\"wp-block-image aligncenter size-large is-style-zoooom\"><a href=\"https:\/\/www.archiv.org.lv\/upitis\/wp-content\/uploads\/2022\/10\/Anatolijs-Kalasnikovs-1976.jpg\"><img loading=\"lazy\" decoding=\"async\" width=\"781\" height=\"1024\" src=\"https:\/\/www.archiv.org.lv\/upitis\/wp-content\/uploads\/2022\/10\/Anatolijs-Kalasnikovs-1976-781x1024.jpg\" alt=\"\" class=\"wp-image-682\" srcset=\"https:\/\/www.archiv.org.lv\/upitis\/wp-content\/uploads\/2022\/10\/Anatolijs-Kalasnikovs-1976-781x1024.jpg 781w, https:\/\/www.archiv.org.lv\/upitis\/wp-content\/uploads\/2022\/10\/Anatolijs-Kalasnikovs-1976-229x300.jpg 229w, https:\/\/www.archiv.org.lv\/upitis\/wp-content\/uploads\/2022\/10\/Anatolijs-Kalasnikovs-1976-768x1007.jpg 768w, https:\/\/www.archiv.org.lv\/upitis\/wp-content\/uploads\/2022\/10\/Anatolijs-Kalasnikovs-1976.jpg 916w\" sizes=\"auto, (max-width: 781px) 100vw, 781px\" \/><\/a><figcaption class=\"wp-element-caption\"><em>Anatolijs Kala\u0161\u0146ikovs<\/em> (krievu m\u0101kslin.), 1973. gads.<\/figcaption><\/figure>\n<\/div>\n<\/div>\n<\/div>\n<\/div>\n\n\n\n<div class=\"wp-block-columns is-layout-flex wp-container-core-columns-is-layout-28f84493 wp-block-columns-is-layout-flex\">\n<div class=\"wp-block-column is-layout-flow wp-block-column-is-layout-flow\">\n<div class=\"wp-block-columns is-layout-flex wp-container-core-columns-is-layout-28f84493 wp-block-columns-is-layout-flex\">\n<div class=\"wp-block-column is-layout-flow wp-block-column-is-layout-flow\">\n<figure class=\"wp-block-image aligncenter size-large is-style-zoooom\"><a href=\"https:\/\/www.archiv.org.lv\/upitis\/wp-content\/uploads\/2022\/10\/Herbert-Ott-Darin-1957-rotated.jpg\"><img loading=\"lazy\" decoding=\"async\" width=\"831\" height=\"1024\" src=\"https:\/\/www.archiv.org.lv\/upitis\/wp-content\/uploads\/2022\/10\/Herbert-Ott-Darin-1957-831x1024.jpg\" alt=\"\" class=\"wp-image-684\" srcset=\"https:\/\/www.archiv.org.lv\/upitis\/wp-content\/uploads\/2022\/10\/Herbert-Ott-Darin-1957-831x1024.jpg 831w, https:\/\/www.archiv.org.lv\/upitis\/wp-content\/uploads\/2022\/10\/Herbert-Ott-Darin-1957-244x300.jpg 244w, https:\/\/www.archiv.org.lv\/upitis\/wp-content\/uploads\/2022\/10\/Herbert-Ott-Darin-1957-768x946.jpg 768w, https:\/\/www.archiv.org.lv\/upitis\/wp-content\/uploads\/2022\/10\/Herbert-Ott-Darin-1957-rotated.jpg 1015w\" sizes=\"auto, (max-width: 831px) 100vw, 831px\" \/><\/a><figcaption class=\"wp-element-caption\"><em>Herbert Ott<\/em> (V\u0101cija), 1957. gads.<\/figcaption><\/figure>\n<\/div>\n\n\n\n<div class=\"wp-block-column is-layout-flow wp-block-column-is-layout-flow\">\n<figure class=\"wp-block-image aligncenter size-large is-style-zoooom\"><a href=\"https:\/\/www.archiv.org.lv\/upitis\/wp-content\/uploads\/2022\/10\/Evald-Okas-1968-rotated.jpg\"><img loading=\"lazy\" decoding=\"async\" width=\"653\" height=\"1024\" src=\"https:\/\/www.archiv.org.lv\/upitis\/wp-content\/uploads\/2022\/10\/Evald-Okas-1968-653x1024.jpg\" alt=\"\" class=\"wp-image-685\" srcset=\"https:\/\/www.archiv.org.lv\/upitis\/wp-content\/uploads\/2022\/10\/Evald-Okas-1968-653x1024.jpg 653w, https:\/\/www.archiv.org.lv\/upitis\/wp-content\/uploads\/2022\/10\/Evald-Okas-1968-191x300.jpg 191w, https:\/\/www.archiv.org.lv\/upitis\/wp-content\/uploads\/2022\/10\/Evald-Okas-1968-768x1204.jpg 768w, https:\/\/www.archiv.org.lv\/upitis\/wp-content\/uploads\/2022\/10\/Evald-Okas-1968-980x1536.jpg 980w, https:\/\/www.archiv.org.lv\/upitis\/wp-content\/uploads\/2022\/10\/Evald-Okas-1968-1307x2048.jpg 1307w, https:\/\/www.archiv.org.lv\/upitis\/wp-content\/uploads\/2022\/10\/Evald-Okas-1968-rotated.jpg 1622w\" sizes=\"auto, (max-width: 653px) 100vw, 653px\" \/><\/a><figcaption class=\"wp-element-caption\"><em>Evald Okas<\/em> (igau\u0146u m\u0101kslin.), 1968. gads<\/figcaption><\/figure>\n<\/div>\n<\/div>\n<\/div>\n\n\n\n<div class=\"wp-block-column is-layout-flow wp-block-column-is-layout-flow\">\n<div class=\"wp-block-columns is-layout-flex wp-container-core-columns-is-layout-28f84493 wp-block-columns-is-layout-flex\">\n<div class=\"wp-block-column is-layout-flow wp-block-column-is-layout-flow\">\n<figure class=\"wp-block-image aligncenter size-large is-style-zoooom\"><a href=\"https:\/\/www.archiv.org.lv\/upitis\/wp-content\/uploads\/2022\/10\/Evald-Okas-1972.jpg\"><img loading=\"lazy\" decoding=\"async\" width=\"536\" height=\"1024\" src=\"https:\/\/www.archiv.org.lv\/upitis\/wp-content\/uploads\/2022\/10\/Evald-Okas-1972-536x1024.jpg\" alt=\"\" class=\"wp-image-686\" srcset=\"https:\/\/www.archiv.org.lv\/upitis\/wp-content\/uploads\/2022\/10\/Evald-Okas-1972-536x1024.jpg 536w, https:\/\/www.archiv.org.lv\/upitis\/wp-content\/uploads\/2022\/10\/Evald-Okas-1972-157x300.jpg 157w, https:\/\/www.archiv.org.lv\/upitis\/wp-content\/uploads\/2022\/10\/Evald-Okas-1972-768x1466.jpg 768w, https:\/\/www.archiv.org.lv\/upitis\/wp-content\/uploads\/2022\/10\/Evald-Okas-1972-805x1536.jpg 805w, https:\/\/www.archiv.org.lv\/upitis\/wp-content\/uploads\/2022\/10\/Evald-Okas-1972.jpg 966w\" sizes=\"auto, (max-width: 536px) 100vw, 536px\" \/><\/a><figcaption class=\"wp-element-caption\"><em>Evald Okas<\/em> (igau\u0146u m\u0101kslin.), 1972. gads.<\/figcaption><\/figure>\n<\/div>\n\n\n\n<div class=\"wp-block-column is-layout-flow wp-block-column-is-layout-flow\">\n<figure class=\"wp-block-image aligncenter size-large is-style-zoooom\"><a href=\"https:\/\/www.archiv.org.lv\/upitis\/wp-content\/uploads\/2022\/10\/Mart-Lepp-Igaunija-1974-rotated.jpg\"><img loading=\"lazy\" decoding=\"async\" width=\"589\" height=\"1024\" src=\"https:\/\/www.archiv.org.lv\/upitis\/wp-content\/uploads\/2022\/10\/Mart-Lepp-Igaunija-1974-589x1024.jpg\" alt=\"\" class=\"wp-image-687\" srcset=\"https:\/\/www.archiv.org.lv\/upitis\/wp-content\/uploads\/2022\/10\/Mart-Lepp-Igaunija-1974-589x1024.jpg 589w, https:\/\/www.archiv.org.lv\/upitis\/wp-content\/uploads\/2022\/10\/Mart-Lepp-Igaunija-1974-173x300.jpg 173w, https:\/\/www.archiv.org.lv\/upitis\/wp-content\/uploads\/2022\/10\/Mart-Lepp-Igaunija-1974-768x1334.jpg 768w, https:\/\/www.archiv.org.lv\/upitis\/wp-content\/uploads\/2022\/10\/Mart-Lepp-Igaunija-1974-884x1536.jpg 884w, https:\/\/www.archiv.org.lv\/upitis\/wp-content\/uploads\/2022\/10\/Mart-Lepp-Igaunija-1974-1179x2048.jpg 1179w, https:\/\/www.archiv.org.lv\/upitis\/wp-content\/uploads\/2022\/10\/Mart-Lepp-Igaunija-1974-rotated.jpg 1472w\" sizes=\"auto, (max-width: 589px) 100vw, 589px\" \/><\/a><figcaption class=\"wp-element-caption\"><em>Mart Lepp<\/em> (igau\u0146u m\u0101kslin.), 1974. gads.<\/figcaption><\/figure>\n<\/div>\n<\/div>\n<\/div>\n<\/div>\n\n\n\n<div class=\"wp-block-columns is-layout-flex wp-container-core-columns-is-layout-28f84493 wp-block-columns-is-layout-flex\">\n<div class=\"wp-block-column is-layout-flow wp-block-column-is-layout-flow\">\n<div class=\"wp-block-columns is-layout-flex wp-container-core-columns-is-layout-28f84493 wp-block-columns-is-layout-flex\">\n<div class=\"wp-block-column is-layout-flow wp-block-column-is-layout-flow\">\n<figure class=\"wp-block-image aligncenter size-large is-style-zoooom\"><a href=\"https:\/\/www.archiv.org.lv\/upitis\/wp-content\/uploads\/2022\/10\/Leida-Soom-Tallina-1978-gr.z.-Gianni-Mantero.jpg\"><img loading=\"lazy\" decoding=\"async\" width=\"781\" height=\"1024\" src=\"https:\/\/www.archiv.org.lv\/upitis\/wp-content\/uploads\/2022\/10\/Leida-Soom-Tallina-1978-gr.z.-Gianni-Mantero-781x1024.jpg\" alt=\"\" class=\"wp-image-689\" srcset=\"https:\/\/www.archiv.org.lv\/upitis\/wp-content\/uploads\/2022\/10\/Leida-Soom-Tallina-1978-gr.z.-Gianni-Mantero-781x1024.jpg 781w, https:\/\/www.archiv.org.lv\/upitis\/wp-content\/uploads\/2022\/10\/Leida-Soom-Tallina-1978-gr.z.-Gianni-Mantero-229x300.jpg 229w, https:\/\/www.archiv.org.lv\/upitis\/wp-content\/uploads\/2022\/10\/Leida-Soom-Tallina-1978-gr.z.-Gianni-Mantero-768x1007.jpg 768w, https:\/\/www.archiv.org.lv\/upitis\/wp-content\/uploads\/2022\/10\/Leida-Soom-Tallina-1978-gr.z.-Gianni-Mantero.jpg 1065w\" sizes=\"auto, (max-width: 781px) 100vw, 781px\" \/><\/a><figcaption class=\"wp-element-caption\"><em>Leida Soom<\/em> (igau\u0146u m\u0101kslin.), 1978. gads.<\/figcaption><\/figure>\n<\/div>\n\n\n\n<div class=\"wp-block-column is-layout-flow wp-block-column-is-layout-flow\">\n<figure class=\"wp-block-image aligncenter size-large is-style-zoooom\"><a href=\"https:\/\/www.archiv.org.lv\/upitis\/wp-content\/uploads\/2022\/10\/Lietuvas-makslinieku-darinata-Vilnas-Universitates-bibliotekas-400-gadu-jubilejai-veltita-gr.z.-Vitautas-Kalinauskas.jpg\"><img loading=\"lazy\" decoding=\"async\" width=\"802\" height=\"1024\" src=\"https:\/\/www.archiv.org.lv\/upitis\/wp-content\/uploads\/2022\/10\/Lietuvas-makslinieku-darinata-Vilnas-Universitates-bibliotekas-400-gadu-jubilejai-veltita-gr.z.-Vitautas-Kalinauskas-802x1024.jpg\" alt=\"\" class=\"wp-image-690\" srcset=\"https:\/\/www.archiv.org.lv\/upitis\/wp-content\/uploads\/2022\/10\/Lietuvas-makslinieku-darinata-Vilnas-Universitates-bibliotekas-400-gadu-jubilejai-veltita-gr.z.-Vitautas-Kalinauskas-802x1024.jpg 802w, https:\/\/www.archiv.org.lv\/upitis\/wp-content\/uploads\/2022\/10\/Lietuvas-makslinieku-darinata-Vilnas-Universitates-bibliotekas-400-gadu-jubilejai-veltita-gr.z.-Vitautas-Kalinauskas-235x300.jpg 235w, https:\/\/www.archiv.org.lv\/upitis\/wp-content\/uploads\/2022\/10\/Lietuvas-makslinieku-darinata-Vilnas-Universitates-bibliotekas-400-gadu-jubilejai-veltita-gr.z.-Vitautas-Kalinauskas-768x980.jpg 768w, https:\/\/www.archiv.org.lv\/upitis\/wp-content\/uploads\/2022\/10\/Lietuvas-makslinieku-darinata-Vilnas-Universitates-bibliotekas-400-gadu-jubilejai-veltita-gr.z.-Vitautas-Kalinauskas.jpg 890w\" sizes=\"auto, (max-width: 802px) 100vw, 802px\" \/><\/a><figcaption class=\"wp-element-caption\"><em>Vitautas Kalinauskas<\/em> darin\u0101ta Vi\u013c\u0146as Universit\u0101tes bibliot\u0113kas 400 gadu jubilejai velt\u012bta gr\u0101matz\u012bme, 1970. gads. <\/figcaption><\/figure>\n<\/div>\n<\/div>\n<\/div>\n\n\n\n<div class=\"wp-block-column is-layout-flow wp-block-column-is-layout-flow\">\n<div class=\"wp-block-columns is-layout-flex wp-container-core-columns-is-layout-28f84493 wp-block-columns-is-layout-flex\">\n<div class=\"wp-block-column is-layout-flow wp-block-column-is-layout-flow\">\n<figure class=\"wp-block-image aligncenter size-full is-style-zoooom\"><a href=\"https:\/\/www.archiv.org.lv\/upitis\/wp-content\/uploads\/2022\/10\/Lietuvas-makslinieku-darinata-Vilnas-Universitates-bibliotekas-400-gadu-jubilejai-veltita-gr.z.-Antanas-Gedminas.jpg\"><img loading=\"lazy\" decoding=\"async\" width=\"948\" height=\"841\" src=\"https:\/\/www.archiv.org.lv\/upitis\/wp-content\/uploads\/2022\/10\/Lietuvas-makslinieku-darinata-Vilnas-Universitates-bibliotekas-400-gadu-jubilejai-veltita-gr.z.-Antanas-Gedminas.jpg\" alt=\"\" class=\"wp-image-691\" srcset=\"https:\/\/www.archiv.org.lv\/upitis\/wp-content\/uploads\/2022\/10\/Lietuvas-makslinieku-darinata-Vilnas-Universitates-bibliotekas-400-gadu-jubilejai-veltita-gr.z.-Antanas-Gedminas.jpg 948w, https:\/\/www.archiv.org.lv\/upitis\/wp-content\/uploads\/2022\/10\/Lietuvas-makslinieku-darinata-Vilnas-Universitates-bibliotekas-400-gadu-jubilejai-veltita-gr.z.-Antanas-Gedminas-300x266.jpg 300w, https:\/\/www.archiv.org.lv\/upitis\/wp-content\/uploads\/2022\/10\/Lietuvas-makslinieku-darinata-Vilnas-Universitates-bibliotekas-400-gadu-jubilejai-veltita-gr.z.-Antanas-Gedminas-768x681.jpg 768w\" sizes=\"auto, (max-width: 948px) 100vw, 948px\" \/><\/a><figcaption class=\"wp-element-caption\"><em>Antanas Gedminas<\/em> darin\u0101ta Vi\u013c\u0146as Universit\u0101tes bibliot\u0113kas 400 gadu jubilejai velt\u012bta gr\u0101matz\u012bme, 1970. gads.<\/figcaption><\/figure>\n<\/div>\n\n\n\n<div class=\"wp-block-column is-layout-flow wp-block-column-is-layout-flow\">\n<figure class=\"wp-block-image aligncenter size-full is-style-zoooom\"><img loading=\"lazy\" decoding=\"async\" width=\"811\" height=\"874\" src=\"https:\/\/www.archiv.org.lv\/upitis\/wp-content\/uploads\/2022\/10\/Vojicech-Jakubowski-1975.jpg\" alt=\"\" class=\"wp-image-693\" srcset=\"https:\/\/www.archiv.org.lv\/upitis\/wp-content\/uploads\/2022\/10\/Vojicech-Jakubowski-1975.jpg 811w, https:\/\/www.archiv.org.lv\/upitis\/wp-content\/uploads\/2022\/10\/Vojicech-Jakubowski-1975-278x300.jpg 278w, https:\/\/www.archiv.org.lv\/upitis\/wp-content\/uploads\/2022\/10\/Vojicech-Jakubowski-1975-768x828.jpg 768w\" sizes=\"auto, (max-width: 811px) 100vw, 811px\" \/><figcaption class=\"wp-element-caption\"><em>Vojciech Jakubowski<\/em> (po\u013cu m\u0101kslin.), 1975. gads.<\/figcaption><\/figure>\n<\/div>\n<\/div>\n<\/div>\n<\/div>\n\n\n\n<div class=\"wp-block-columns is-layout-flex wp-container-core-columns-is-layout-28f84493 wp-block-columns-is-layout-flex\">\n<div class=\"wp-block-column is-layout-flow wp-block-column-is-layout-flow\">\n<div class=\"wp-block-columns is-layout-flex wp-container-core-columns-is-layout-28f84493 wp-block-columns-is-layout-flex\">\n<div class=\"wp-block-column is-layout-flow wp-block-column-is-layout-flow\">\n<figure class=\"wp-block-image aligncenter size-large is-style-zoooom\"><a href=\"https:\/\/www.archiv.org.lv\/upitis\/wp-content\/uploads\/2022\/10\/Igors-Beketovs-1967.jpg\"><img loading=\"lazy\" decoding=\"async\" width=\"591\" height=\"1024\" src=\"https:\/\/www.archiv.org.lv\/upitis\/wp-content\/uploads\/2022\/10\/Igors-Beketovs-1967-591x1024.jpg\" alt=\"\" class=\"wp-image-698\" srcset=\"https:\/\/www.archiv.org.lv\/upitis\/wp-content\/uploads\/2022\/10\/Igors-Beketovs-1967-591x1024.jpg 591w, https:\/\/www.archiv.org.lv\/upitis\/wp-content\/uploads\/2022\/10\/Igors-Beketovs-1967-173x300.jpg 173w, https:\/\/www.archiv.org.lv\/upitis\/wp-content\/uploads\/2022\/10\/Igors-Beketovs-1967-768x1330.jpg 768w, https:\/\/www.archiv.org.lv\/upitis\/wp-content\/uploads\/2022\/10\/Igors-Beketovs-1967.jpg 837w\" sizes=\"auto, (max-width: 591px) 100vw, 591px\" \/><\/a><figcaption class=\"wp-element-caption\"><em>Igors Beketovs<\/em> (ukrai\u0146u m\u0101kslin.), 1967. gads<\/figcaption><\/figure>\n<\/div>\n\n\n\n<div class=\"wp-block-column is-layout-flow wp-block-column-is-layout-flow\">\n<figure class=\"wp-block-image aligncenter size-large is-style-zoooom\"><a href=\"https:\/\/www.archiv.org.lv\/upitis\/wp-content\/uploads\/2022\/10\/Jaroslav-Marik.jpg\"><img loading=\"lazy\" decoding=\"async\" width=\"875\" height=\"1024\" src=\"https:\/\/www.archiv.org.lv\/upitis\/wp-content\/uploads\/2022\/10\/Jaroslav-Marik-875x1024.jpg\" alt=\"\" class=\"wp-image-699\" srcset=\"https:\/\/www.archiv.org.lv\/upitis\/wp-content\/uploads\/2022\/10\/Jaroslav-Marik-875x1024.jpg 875w, https:\/\/www.archiv.org.lv\/upitis\/wp-content\/uploads\/2022\/10\/Jaroslav-Marik-256x300.jpg 256w, https:\/\/www.archiv.org.lv\/upitis\/wp-content\/uploads\/2022\/10\/Jaroslav-Marik-768x899.jpg 768w, https:\/\/www.archiv.org.lv\/upitis\/wp-content\/uploads\/2022\/10\/Jaroslav-Marik.jpg 1118w\" sizes=\"auto, (max-width: 875px) 100vw, 875px\" \/><\/a><figcaption class=\"wp-element-caption\"><em>Jaroslav Marik<\/em> (\u010dehu m\u0101kslin.), 50. gadi.<\/figcaption><\/figure>\n<\/div>\n<\/div>\n<\/div>\n\n\n\n<div class=\"wp-block-column is-layout-flow wp-block-column-is-layout-flow\">\n<div class=\"wp-block-columns is-layout-flex wp-container-core-columns-is-layout-28f84493 wp-block-columns-is-layout-flex\">\n<div class=\"wp-block-column is-layout-flow wp-block-column-is-layout-flow\">\n<figure class=\"wp-block-image aligncenter size-large is-style-zoooom\"><a href=\"https:\/\/www.archiv.org.lv\/upitis\/wp-content\/uploads\/2022\/10\/Johann-Naha-Kanada-1969-2.jpg\"><img loading=\"lazy\" decoding=\"async\" width=\"720\" height=\"1024\" src=\"https:\/\/www.archiv.org.lv\/upitis\/wp-content\/uploads\/2022\/10\/Johann-Naha-Kanada-1969-2-720x1024.jpg\" alt=\"\" class=\"wp-image-700\" srcset=\"https:\/\/www.archiv.org.lv\/upitis\/wp-content\/uploads\/2022\/10\/Johann-Naha-Kanada-1969-2-720x1024.jpg 720w, https:\/\/www.archiv.org.lv\/upitis\/wp-content\/uploads\/2022\/10\/Johann-Naha-Kanada-1969-2-211x300.jpg 211w, https:\/\/www.archiv.org.lv\/upitis\/wp-content\/uploads\/2022\/10\/Johann-Naha-Kanada-1969-2-768x1092.jpg 768w, https:\/\/www.archiv.org.lv\/upitis\/wp-content\/uploads\/2022\/10\/Johann-Naha-Kanada-1969-2.jpg 800w\" sizes=\"auto, (max-width: 720px) 100vw, 720px\" \/><\/a><figcaption class=\"wp-element-caption\"><em>Johann Naha<\/em> (igau\u0146u m\u0101kslin.) 1969. gads.<\/figcaption><\/figure>\n<\/div>\n\n\n\n<div class=\"wp-block-column is-layout-flow wp-block-column-is-layout-flow\">\n<figure class=\"wp-block-image aligncenter size-full is-style-zoooom\"><a href=\"https:\/\/www.archiv.org.lv\/upitis\/wp-content\/uploads\/2022\/10\/Riho-Lahi-.jpg\"><img loading=\"lazy\" decoding=\"async\" width=\"558\" height=\"1018\" src=\"https:\/\/www.archiv.org.lv\/upitis\/wp-content\/uploads\/2022\/10\/Riho-Lahi-.jpg\" alt=\"\" class=\"wp-image-701\" srcset=\"https:\/\/www.archiv.org.lv\/upitis\/wp-content\/uploads\/2022\/10\/Riho-Lahi-.jpg 558w, https:\/\/www.archiv.org.lv\/upitis\/wp-content\/uploads\/2022\/10\/Riho-Lahi--164x300.jpg 164w\" sizes=\"auto, (max-width: 558px) 100vw, 558px\" \/><\/a><figcaption class=\"wp-element-caption\"><em>Riho Lahi <\/em>(igau\u0146u m\u0101kslin.), 1977. gads.<\/figcaption><\/figure>\n<\/div>\n<\/div>\n<\/div>\n<\/div>\n\n\n\n<div class=\"wp-block-columns is-layout-flex wp-container-core-columns-is-layout-28f84493 wp-block-columns-is-layout-flex\">\n<div class=\"wp-block-column is-layout-flow wp-block-column-is-layout-flow\">\n<div class=\"wp-block-columns is-layout-flex wp-container-core-columns-is-layout-28f84493 wp-block-columns-is-layout-flex\">\n<div class=\"wp-block-column is-layout-flow wp-block-column-is-layout-flow\">\n<figure class=\"wp-block-image aligncenter size-large is-style-zoooom\"><a href=\"https:\/\/www.archiv.org.lv\/upitis\/wp-content\/uploads\/2022\/10\/Lorentz-May-1984_2.jpg\"><img loading=\"lazy\" decoding=\"async\" width=\"709\" height=\"1024\" src=\"https:\/\/www.archiv.org.lv\/upitis\/wp-content\/uploads\/2022\/10\/Lorentz-May-1984_2-709x1024.jpg\" alt=\"\" class=\"wp-image-703\" srcset=\"https:\/\/www.archiv.org.lv\/upitis\/wp-content\/uploads\/2022\/10\/Lorentz-May-1984_2-709x1024.jpg 709w, https:\/\/www.archiv.org.lv\/upitis\/wp-content\/uploads\/2022\/10\/Lorentz-May-1984_2-208x300.jpg 208w, https:\/\/www.archiv.org.lv\/upitis\/wp-content\/uploads\/2022\/10\/Lorentz-May-1984_2-768x1109.jpg 768w, https:\/\/www.archiv.org.lv\/upitis\/wp-content\/uploads\/2022\/10\/Lorentz-May-1984_2.jpg 898w\" sizes=\"auto, (max-width: 709px) 100vw, 709px\" \/><\/a><figcaption class=\"wp-element-caption\"><em>Lorentz May<\/em> (D\u0101nija), 1984. gads.<\/figcaption><\/figure>\n<\/div>\n\n\n\n<div class=\"wp-block-column is-layout-flow wp-block-column-is-layout-flow\">\n<figure class=\"wp-block-image aligncenter size-large is-style-zoooom\"><a href=\"https:\/\/www.archiv.org.lv\/upitis\/wp-content\/uploads\/2022\/10\/Vincas-Kisarauskas-rotated.jpg\"><img loading=\"lazy\" decoding=\"async\" width=\"743\" height=\"1024\" src=\"https:\/\/www.archiv.org.lv\/upitis\/wp-content\/uploads\/2022\/10\/Vincas-Kisarauskas-743x1024.jpg\" alt=\"\" class=\"wp-image-704\" srcset=\"https:\/\/www.archiv.org.lv\/upitis\/wp-content\/uploads\/2022\/10\/Vincas-Kisarauskas-743x1024.jpg 743w, https:\/\/www.archiv.org.lv\/upitis\/wp-content\/uploads\/2022\/10\/Vincas-Kisarauskas-218x300.jpg 218w, https:\/\/www.archiv.org.lv\/upitis\/wp-content\/uploads\/2022\/10\/Vincas-Kisarauskas-768x1059.jpg 768w, https:\/\/www.archiv.org.lv\/upitis\/wp-content\/uploads\/2022\/10\/Vincas-Kisarauskas-1114x1536.jpg 1114w, https:\/\/www.archiv.org.lv\/upitis\/wp-content\/uploads\/2022\/10\/Vincas-Kisarauskas-rotated.jpg 1243w\" sizes=\"auto, (max-width: 743px) 100vw, 743px\" \/><\/a><figcaption class=\"wp-element-caption\"><em>Vincas Kisarauskas<\/em> (lietuvie\u0161u m\u0101kslin.), 1974. gads<\/figcaption><\/figure>\n<\/div>\n<\/div>\n<\/div>\n\n\n\n<div class=\"wp-block-column is-layout-flow wp-block-column-is-layout-flow\">\n<div class=\"wp-block-columns is-layout-flex wp-container-core-columns-is-layout-28f84493 wp-block-columns-is-layout-flex\">\n<div class=\"wp-block-column is-layout-flow wp-block-column-is-layout-flow\">\n<figure class=\"wp-block-image aligncenter size-large is-style-zoooom\"><a href=\"https:\/\/www.archiv.org.lv\/upitis\/wp-content\/uploads\/2022\/10\/Ulrich-Bewersdorff-1970-rotated.jpg\"><img loading=\"lazy\" decoding=\"async\" width=\"810\" height=\"1024\" src=\"https:\/\/www.archiv.org.lv\/upitis\/wp-content\/uploads\/2022\/10\/Ulrich-Bewersdorff-1970-810x1024.jpg\" alt=\"\" class=\"wp-image-705\" srcset=\"https:\/\/www.archiv.org.lv\/upitis\/wp-content\/uploads\/2022\/10\/Ulrich-Bewersdorff-1970-810x1024.jpg 810w, https:\/\/www.archiv.org.lv\/upitis\/wp-content\/uploads\/2022\/10\/Ulrich-Bewersdorff-1970-237x300.jpg 237w, https:\/\/www.archiv.org.lv\/upitis\/wp-content\/uploads\/2022\/10\/Ulrich-Bewersdorff-1970-768x971.jpg 768w, https:\/\/www.archiv.org.lv\/upitis\/wp-content\/uploads\/2022\/10\/Ulrich-Bewersdorff-1970-rotated.jpg 1186w\" sizes=\"auto, (max-width: 810px) 100vw, 810px\" \/><\/a><figcaption class=\"wp-element-caption\"><em>Ullrich Bewersdorff<\/em> (V\u0101cija), 1970. gads.<\/figcaption><\/figure>\n<\/div>\n\n\n\n<div class=\"wp-block-column is-layout-flow wp-block-column-is-layout-flow\">\n<figure class=\"wp-block-image aligncenter size-large is-style-zoooom\"><a href=\"https:\/\/www.archiv.org.lv\/upitis\/wp-content\/uploads\/2022\/10\/Henno-Arrak-1980.jpg\"><img loading=\"lazy\" decoding=\"async\" width=\"806\" height=\"1024\" src=\"https:\/\/www.archiv.org.lv\/upitis\/wp-content\/uploads\/2022\/10\/Henno-Arrak-1980-806x1024.jpg\" alt=\"\" class=\"wp-image-706\" srcset=\"https:\/\/www.archiv.org.lv\/upitis\/wp-content\/uploads\/2022\/10\/Henno-Arrak-1980-806x1024.jpg 806w, https:\/\/www.archiv.org.lv\/upitis\/wp-content\/uploads\/2022\/10\/Henno-Arrak-1980-236x300.jpg 236w, https:\/\/www.archiv.org.lv\/upitis\/wp-content\/uploads\/2022\/10\/Henno-Arrak-1980-768x976.jpg 768w, https:\/\/www.archiv.org.lv\/upitis\/wp-content\/uploads\/2022\/10\/Henno-Arrak-1980.jpg 991w\" sizes=\"auto, (max-width: 806px) 100vw, 806px\" \/><\/a><figcaption class=\"wp-element-caption\"><em>Henno Arrak<\/em> (igau\u0146u m\u0101kslin.), 1980. gads<\/figcaption><\/figure>\n<\/div>\n<\/div>\n<\/div>\n<\/div>\n\n\n\n<p><strong>\u0100rzemju m\u0101kslinieku darin\u0101t\u0101s gr\u0101matz\u012bmes P.Up\u012btim<\/strong>. Avots: LNA_LVA_F1839.<\/p>\n\n\n\n<div class=\"wp-block-columns is-layout-flex wp-container-core-columns-is-layout-28f84493 wp-block-columns-is-layout-flex\">\n<div class=\"wp-block-column is-layout-flow wp-block-column-is-layout-flow\">\n<div class=\"wp-block-columns is-layout-flex wp-container-core-columns-is-layout-28f84493 wp-block-columns-is-layout-flex\">\n<div class=\"wp-block-column is-layout-flow wp-block-column-is-layout-flow\">\n<figure class=\"wp-block-image aligncenter size-large is-style-zoooom\"><a href=\"https:\/\/www.archiv.org.lv\/upitis\/wp-content\/uploads\/2022\/10\/im422-rotated.jpg\"><img loading=\"lazy\" decoding=\"async\" width=\"620\" height=\"1024\" src=\"https:\/\/www.archiv.org.lv\/upitis\/wp-content\/uploads\/2022\/10\/im422-620x1024.jpg\" alt=\"\" class=\"wp-image-631\" srcset=\"https:\/\/www.archiv.org.lv\/upitis\/wp-content\/uploads\/2022\/10\/im422-620x1024.jpg 620w, https:\/\/www.archiv.org.lv\/upitis\/wp-content\/uploads\/2022\/10\/im422-182x300.jpg 182w, https:\/\/www.archiv.org.lv\/upitis\/wp-content\/uploads\/2022\/10\/im422-768x1269.jpg 768w, https:\/\/www.archiv.org.lv\/upitis\/wp-content\/uploads\/2022\/10\/im422-930x1536.jpg 930w, https:\/\/www.archiv.org.lv\/upitis\/wp-content\/uploads\/2022\/10\/im422-rotated.jpg 1007w\" sizes=\"auto, (max-width: 620px) 100vw, 620px\" \/><\/a><figcaption class=\"wp-element-caption\"><em>Peter F. Hosokawa<\/em> (Jap\u0101na), 70. gadi.<\/figcaption><\/figure>\n<\/div>\n\n\n\n<div class=\"wp-block-column is-layout-flow wp-block-column-is-layout-flow\">\n<figure class=\"wp-block-image aligncenter size-full is-style-zoooom\"><a href=\"https:\/\/www.archiv.org.lv\/upitis\/wp-content\/uploads\/2022\/10\/im423-2.jpg\"><img loading=\"lazy\" decoding=\"async\" width=\"981\" height=\"973\" src=\"https:\/\/www.archiv.org.lv\/upitis\/wp-content\/uploads\/2022\/10\/im423-2.jpg\" alt=\"\" class=\"wp-image-632\" srcset=\"https:\/\/www.archiv.org.lv\/upitis\/wp-content\/uploads\/2022\/10\/im423-2.jpg 981w, https:\/\/www.archiv.org.lv\/upitis\/wp-content\/uploads\/2022\/10\/im423-2-300x298.jpg 300w, https:\/\/www.archiv.org.lv\/upitis\/wp-content\/uploads\/2022\/10\/im423-2-150x150.jpg 150w, https:\/\/www.archiv.org.lv\/upitis\/wp-content\/uploads\/2022\/10\/im423-2-768x762.jpg 768w\" sizes=\"auto, (max-width: 981px) 100vw, 981px\" \/><\/a><figcaption class=\"wp-element-caption\"><em>Peter F. Hosokawa<\/em> (Jap\u0101na), 1982. gads.<\/figcaption><\/figure>\n<\/div>\n<\/div>\n<\/div>\n\n\n\n<div class=\"wp-block-column is-layout-flow wp-block-column-is-layout-flow\">\n<div class=\"wp-block-columns is-layout-flex wp-container-core-columns-is-layout-28f84493 wp-block-columns-is-layout-flex\">\n<div class=\"wp-block-column is-layout-flow wp-block-column-is-layout-flow\">\n<figure class=\"wp-block-image aligncenter size-full is-style-zoooom\"><a href=\"https:\/\/www.archiv.org.lv\/upitis\/wp-content\/uploads\/2022\/10\/Blezbergs-Danija.jpg\"><img loading=\"lazy\" decoding=\"async\" width=\"583\" height=\"831\" src=\"https:\/\/www.archiv.org.lv\/upitis\/wp-content\/uploads\/2022\/10\/Blezbergs-Danija.jpg\" alt=\"\" class=\"wp-image-609\" srcset=\"https:\/\/www.archiv.org.lv\/upitis\/wp-content\/uploads\/2022\/10\/Blezbergs-Danija.jpg 583w, https:\/\/www.archiv.org.lv\/upitis\/wp-content\/uploads\/2022\/10\/Blezbergs-Danija-210x300.jpg 210w\" sizes=\"auto, (max-width: 583px) 100vw, 583px\" \/><\/a><figcaption class=\"wp-element-caption\"><em>Christian Blaesbjerg<\/em> (D\u0101nija), 1964. gads. <\/figcaption><\/figure>\n<\/div>\n\n\n\n<div class=\"wp-block-column is-layout-flow wp-block-column-is-layout-flow\">\n<figure class=\"wp-block-image aligncenter size-full is-style-zoooom\"><a href=\"https:\/\/www.archiv.org.lv\/upitis\/wp-content\/uploads\/2022\/10\/Christian-Blaesbjerg-1984.jpg\"><img loading=\"lazy\" decoding=\"async\" width=\"448\" height=\"838\" src=\"https:\/\/www.archiv.org.lv\/upitis\/wp-content\/uploads\/2022\/10\/Christian-Blaesbjerg-1984.jpg\" alt=\"\" class=\"wp-image-633\" srcset=\"https:\/\/www.archiv.org.lv\/upitis\/wp-content\/uploads\/2022\/10\/Christian-Blaesbjerg-1984.jpg 448w, https:\/\/www.archiv.org.lv\/upitis\/wp-content\/uploads\/2022\/10\/Christian-Blaesbjerg-1984-160x300.jpg 160w\" sizes=\"auto, (max-width: 448px) 100vw, 448px\" \/><\/a><figcaption class=\"wp-element-caption\"><em>Christian Blaesbjerg<\/em> (D\u0101nija), 1985. gads.<\/figcaption><\/figure>\n<\/div>\n<\/div>\n<\/div>\n<\/div>\n\n\n\n<div class=\"wp-block-columns is-layout-flex wp-container-core-columns-is-layout-28f84493 wp-block-columns-is-layout-flex\">\n<div class=\"wp-block-column is-layout-flow wp-block-column-is-layout-flow\">\n<div class=\"wp-block-columns is-layout-flex wp-container-core-columns-is-layout-28f84493 wp-block-columns-is-layout-flex\">\n<div class=\"wp-block-column is-layout-flow wp-block-column-is-layout-flow\">\n<figure class=\"wp-block-image aligncenter size-large is-style-zoooom\"><a href=\"https:\/\/www.archiv.org.lv\/upitis\/wp-content\/uploads\/2022\/10\/J.-Jodransovs-Igaunija-1979.jpg\"><img loading=\"lazy\" decoding=\"async\" width=\"764\" height=\"1024\" src=\"https:\/\/www.archiv.org.lv\/upitis\/wp-content\/uploads\/2022\/10\/J.-Jodransovs-Igaunija-1979-764x1024.jpg\" alt=\"\" class=\"wp-image-610\" srcset=\"https:\/\/www.archiv.org.lv\/upitis\/wp-content\/uploads\/2022\/10\/J.-Jodransovs-Igaunija-1979-764x1024.jpg 764w, https:\/\/www.archiv.org.lv\/upitis\/wp-content\/uploads\/2022\/10\/J.-Jodransovs-Igaunija-1979-224x300.jpg 224w, https:\/\/www.archiv.org.lv\/upitis\/wp-content\/uploads\/2022\/10\/J.-Jodransovs-Igaunija-1979-768x1030.jpg 768w, https:\/\/www.archiv.org.lv\/upitis\/wp-content\/uploads\/2022\/10\/J.-Jodransovs-Igaunija-1979.jpg 1047w\" sizes=\"auto, (max-width: 764px) 100vw, 764px\" \/><\/a><figcaption class=\"wp-element-caption\"><em>Johannes Juhansoo<\/em> (igau\u0146u m\u0101kslin.), 1979. gads<\/figcaption><\/figure>\n<\/div>\n\n\n\n<div class=\"wp-block-column is-layout-flow wp-block-column-is-layout-flow\">\n<figure class=\"wp-block-image aligncenter size-large is-style-zoooom\"><a href=\"https:\/\/www.archiv.org.lv\/upitis\/wp-content\/uploads\/2022\/10\/Johannes-Juhansoo.jpg\"><img loading=\"lazy\" decoding=\"async\" width=\"767\" height=\"1024\" src=\"https:\/\/www.archiv.org.lv\/upitis\/wp-content\/uploads\/2022\/10\/Johannes-Juhansoo-767x1024.jpg\" alt=\"\" class=\"wp-image-635\" srcset=\"https:\/\/www.archiv.org.lv\/upitis\/wp-content\/uploads\/2022\/10\/Johannes-Juhansoo-767x1024.jpg 767w, https:\/\/www.archiv.org.lv\/upitis\/wp-content\/uploads\/2022\/10\/Johannes-Juhansoo-225x300.jpg 225w, https:\/\/www.archiv.org.lv\/upitis\/wp-content\/uploads\/2022\/10\/Johannes-Juhansoo-768x1025.jpg 768w, https:\/\/www.archiv.org.lv\/upitis\/wp-content\/uploads\/2022\/10\/Johannes-Juhansoo.jpg 965w\" sizes=\"auto, (max-width: 767px) 100vw, 767px\" \/><\/a><figcaption class=\"wp-element-caption\"><em>Johannes Juhansoo<\/em> (igau\u0146u m\u0101kslin.), 1979. gads<\/figcaption><\/figure>\n<\/div>\n<\/div>\n<\/div>\n\n\n\n<div class=\"wp-block-column is-layout-flow wp-block-column-is-layout-flow\">\n<div class=\"wp-block-columns is-layout-flex wp-container-core-columns-is-layout-28f84493 wp-block-columns-is-layout-flex\">\n<div class=\"wp-block-column is-layout-flow wp-block-column-is-layout-flow\">\n<figure class=\"wp-block-image aligncenter size-large is-style-zoooom\"><a href=\"https:\/\/www.archiv.org.lv\/upitis\/wp-content\/uploads\/2022\/10\/Andrusko-Karoli-Jugoslavija-1976.jpg\"><img loading=\"lazy\" decoding=\"async\" width=\"830\" height=\"1024\" src=\"https:\/\/www.archiv.org.lv\/upitis\/wp-content\/uploads\/2022\/10\/Andrusko-Karoli-Jugoslavija-1976-830x1024.jpg\" alt=\"\" class=\"wp-image-608\" srcset=\"https:\/\/www.archiv.org.lv\/upitis\/wp-content\/uploads\/2022\/10\/Andrusko-Karoli-Jugoslavija-1976-830x1024.jpg 830w, https:\/\/www.archiv.org.lv\/upitis\/wp-content\/uploads\/2022\/10\/Andrusko-Karoli-Jugoslavija-1976-243x300.jpg 243w, https:\/\/www.archiv.org.lv\/upitis\/wp-content\/uploads\/2022\/10\/Andrusko-Karoli-Jugoslavija-1976-768x947.jpg 768w, https:\/\/www.archiv.org.lv\/upitis\/wp-content\/uploads\/2022\/10\/Andrusko-Karoli-Jugoslavija-1976.jpg 1062w\" sizes=\"auto, (max-width: 830px) 100vw, 830px\" \/><\/a><figcaption class=\"wp-element-caption\"><em>Karoly Andrusko<\/em> (ung\u0101ru m\u0101kslin.), 1976. gads.<\/figcaption><\/figure>\n<\/div>\n\n\n\n<div class=\"wp-block-column is-layout-flow wp-block-column-is-layout-flow\">\n<figure class=\"wp-block-image aligncenter size-large is-style-zoooom\"><a href=\"https:\/\/www.archiv.org.lv\/upitis\/wp-content\/uploads\/2022\/10\/Jevgenijs-Nikolajevs-Tihanovics-Minska.jpg\"><img loading=\"lazy\" decoding=\"async\" width=\"695\" height=\"1024\" src=\"https:\/\/www.archiv.org.lv\/upitis\/wp-content\/uploads\/2022\/10\/Jevgenijs-Nikolajevs-Tihanovics-Minska-695x1024.jpg\" alt=\"\" class=\"wp-image-611\" srcset=\"https:\/\/www.archiv.org.lv\/upitis\/wp-content\/uploads\/2022\/10\/Jevgenijs-Nikolajevs-Tihanovics-Minska-695x1024.jpg 695w, https:\/\/www.archiv.org.lv\/upitis\/wp-content\/uploads\/2022\/10\/Jevgenijs-Nikolajevs-Tihanovics-Minska-204x300.jpg 204w, https:\/\/www.archiv.org.lv\/upitis\/wp-content\/uploads\/2022\/10\/Jevgenijs-Nikolajevs-Tihanovics-Minska-768x1131.jpg 768w, https:\/\/www.archiv.org.lv\/upitis\/wp-content\/uploads\/2022\/10\/Jevgenijs-Nikolajevs-Tihanovics-Minska.jpg 903w\" sizes=\"auto, (max-width: 695px) 100vw, 695px\" \/><\/a><figcaption class=\"wp-element-caption\"><em>Jevge\u0146ijs Tihanovi\u010ds<\/em> (baltkrievu m\u0101kslin.), 1977. gads.<\/figcaption><\/figure>\n<\/div>\n<\/div>\n<\/div>\n<\/div>\n\n\n\n<div class=\"wp-block-columns is-layout-flex wp-container-core-columns-is-layout-28f84493 wp-block-columns-is-layout-flex\">\n<div class=\"wp-block-column is-layout-flow wp-block-column-is-layout-flow\">\n<figure class=\"wp-block-image aligncenter size-large is-style-zoooom\"><a href=\"https:\/\/www.archiv.org.lv\/upitis\/wp-content\/uploads\/2022\/10\/C.Kontrimas-Lietuva-1969.jpg\"><img loading=\"lazy\" decoding=\"async\" width=\"596\" height=\"1024\" src=\"https:\/\/www.archiv.org.lv\/upitis\/wp-content\/uploads\/2022\/10\/C.Kontrimas-Lietuva-1969-596x1024.jpg\" alt=\"\" class=\"wp-image-636\" srcset=\"https:\/\/www.archiv.org.lv\/upitis\/wp-content\/uploads\/2022\/10\/C.Kontrimas-Lietuva-1969-596x1024.jpg 596w, https:\/\/www.archiv.org.lv\/upitis\/wp-content\/uploads\/2022\/10\/C.Kontrimas-Lietuva-1969-175x300.jpg 175w, https:\/\/www.archiv.org.lv\/upitis\/wp-content\/uploads\/2022\/10\/C.Kontrimas-Lietuva-1969.jpg 692w\" sizes=\"auto, (max-width: 596px) 100vw, 596px\" \/><\/a><figcaption class=\"wp-element-caption\"><em>\u010ceslovas Kontrimas<\/em> (lietuvie\u0161u m\u0101kslin.), 1969. gads.<\/figcaption><\/figure>\n<\/div>\n\n\n\n<div class=\"wp-block-column is-layout-flow wp-block-column-is-layout-flow\">\n<figure class=\"wp-block-image aligncenter size-large is-style-zoooom\"><a href=\"https:\/\/www.archiv.org.lv\/upitis\/wp-content\/uploads\/2022\/10\/Igors-Beketovs-1968.jpg\"><img loading=\"lazy\" decoding=\"async\" width=\"729\" height=\"1024\" src=\"https:\/\/www.archiv.org.lv\/upitis\/wp-content\/uploads\/2022\/10\/Igors-Beketovs-1968-729x1024.jpg\" alt=\"\" class=\"wp-image-637\" srcset=\"https:\/\/www.archiv.org.lv\/upitis\/wp-content\/uploads\/2022\/10\/Igors-Beketovs-1968-729x1024.jpg 729w, https:\/\/www.archiv.org.lv\/upitis\/wp-content\/uploads\/2022\/10\/Igors-Beketovs-1968-213x300.jpg 213w, https:\/\/www.archiv.org.lv\/upitis\/wp-content\/uploads\/2022\/10\/Igors-Beketovs-1968-768x1079.jpg 768w, https:\/\/www.archiv.org.lv\/upitis\/wp-content\/uploads\/2022\/10\/Igors-Beketovs-1968.jpg 881w\" sizes=\"auto, (max-width: 729px) 100vw, 729px\" \/><\/a><figcaption class=\"wp-element-caption\"><em>Igors Beketovs <\/em>(ukrai\u0146u m\u0101kslin.), 1968. gads<\/figcaption><\/figure>\n<\/div>\n\n\n\n<div class=\"wp-block-column is-layout-flow wp-block-column-is-layout-flow\">\n<figure class=\"wp-block-image aligncenter size-large is-style-zoooom\"><a href=\"https:\/\/www.archiv.org.lv\/upitis\/wp-content\/uploads\/2022\/10\/K.Kozlovskis-1967.jpg\"><img loading=\"lazy\" decoding=\"async\" width=\"755\" height=\"1024\" src=\"https:\/\/www.archiv.org.lv\/upitis\/wp-content\/uploads\/2022\/10\/K.Kozlovskis-1967-755x1024.jpg\" alt=\"\" class=\"wp-image-638\" srcset=\"https:\/\/www.archiv.org.lv\/upitis\/wp-content\/uploads\/2022\/10\/K.Kozlovskis-1967-755x1024.jpg 755w, https:\/\/www.archiv.org.lv\/upitis\/wp-content\/uploads\/2022\/10\/K.Kozlovskis-1967-221x300.jpg 221w, https:\/\/www.archiv.org.lv\/upitis\/wp-content\/uploads\/2022\/10\/K.Kozlovskis-1967-768x1041.jpg 768w, https:\/\/www.archiv.org.lv\/upitis\/wp-content\/uploads\/2022\/10\/K.Kozlovskis-1967.jpg 787w\" sizes=\"auto, (max-width: 755px) 100vw, 755px\" \/><\/a><figcaption class=\"wp-element-caption\"><em>Konstant\u012bns Kozlovskis<\/em> (seniors) (ukrai\u0146u m\u0101kslin.), 1967. gads.<\/figcaption><\/figure>\n<\/div>\n<\/div>\n\n\n\n<div class=\"wp-block-columns is-layout-flex wp-container-core-columns-is-layout-28f84493 wp-block-columns-is-layout-flex\">\n<div class=\"wp-block-column is-layout-flow wp-block-column-is-layout-flow\">\n<figure class=\"wp-block-image aligncenter size-large is-resized is-style-zoooom\"><a href=\"https:\/\/www.archiv.org.lv\/upitis\/wp-content\/uploads\/2022\/10\/Peter-Edmund-gr.z.-Upitim-1979.gads_.-rotated.jpg\"><img decoding=\"async\" src=\"https:\/\/www.archiv.org.lv\/upitis\/wp-content\/uploads\/2022\/10\/Peter-Edmund-gr.z.-Upitim-1979.gads_.-744x1024.jpg\" alt=\"\" class=\"wp-image-640\" width=\"-136\" height=\"-186\" srcset=\"https:\/\/www.archiv.org.lv\/upitis\/wp-content\/uploads\/2022\/10\/Peter-Edmund-gr.z.-Upitim-1979.gads_.-744x1024.jpg 744w, https:\/\/www.archiv.org.lv\/upitis\/wp-content\/uploads\/2022\/10\/Peter-Edmund-gr.z.-Upitim-1979.gads_.-218x300.jpg 218w, https:\/\/www.archiv.org.lv\/upitis\/wp-content\/uploads\/2022\/10\/Peter-Edmund-gr.z.-Upitim-1979.gads_.-768x1057.jpg 768w, https:\/\/www.archiv.org.lv\/upitis\/wp-content\/uploads\/2022\/10\/Peter-Edmund-gr.z.-Upitim-1979.gads_.-rotated.jpg 965w\" sizes=\"(max-width: 744px) 100vw, 744px\" \/><\/a><figcaption class=\"wp-element-caption\"><em>Edmund Peter<\/em> (d\u0101\u0146u m\u0101kslin.), 1979. gads<\/figcaption><\/figure>\n<\/div>\n\n\n\n<div class=\"wp-block-column is-layout-flow wp-block-column-is-layout-flow\">\n<figure class=\"wp-block-image aligncenter size-large is-resized is-style-zoooom\"><a href=\"https:\/\/www.archiv.org.lv\/upitis\/wp-content\/uploads\/2022\/10\/V.Kisarauskas-1975-rotated.jpg\"><img decoding=\"async\" src=\"https:\/\/www.archiv.org.lv\/upitis\/wp-content\/uploads\/2022\/10\/V.Kisarauskas-1975-755x1024.jpg\" alt=\"\" class=\"wp-image-641\" width=\"-127\" height=\"-171\" srcset=\"https:\/\/www.archiv.org.lv\/upitis\/wp-content\/uploads\/2022\/10\/V.Kisarauskas-1975-755x1024.jpg 755w, https:\/\/www.archiv.org.lv\/upitis\/wp-content\/uploads\/2022\/10\/V.Kisarauskas-1975-221x300.jpg 221w, https:\/\/www.archiv.org.lv\/upitis\/wp-content\/uploads\/2022\/10\/V.Kisarauskas-1975-768x1042.jpg 768w, https:\/\/www.archiv.org.lv\/upitis\/wp-content\/uploads\/2022\/10\/V.Kisarauskas-1975-rotated.jpg 1000w\" sizes=\"(max-width: 755px) 100vw, 755px\" \/><\/a><figcaption class=\"wp-element-caption\"><em>Vincas Kisarauskas<\/em> (lietuvie\u0161u m\u0101kslin.), 1975. gads.<\/figcaption><\/figure>\n<\/div>\n<\/div>\n\n\n\n<p class=\"has-text-align-center\">P. Up\u012btis uzsv\u0113ris, ka <em>\u201dgr\u0101matz\u012bmes mazie izm\u0113ri, pavairo\u0161anas iesp\u0113jas dod iesp\u0113ju pla\u0161i apmain\u012bties ar \u0161iem mazizm\u0113ra grafikas darbiem. Man tas ir \u013coti svar\u012bgi ar\u012b k\u0101 grafi\u0137im profesion\u0101lim un M\u0101kslas akad\u0113mijas pedagogam. Apmainoties gr\u0101matz\u012bm\u0113m ar da\u017e\u0101du tautu m\u0101ksliniekiem, kult\u016bras p\u0101rst\u0101vjiem, caur to esmu liel\u0101 m\u0113r\u0101 lietas kurs\u0101 par grafikas st\u0101vokli, \u012bpatn\u012bb\u0101m katr\u0101 zi\u0146\u0101 vis\u0101 Eirop\u0101, ar\u012b pla\u0161\u0101k pasaul\u0113.\u201d<\/em> (Zeile. P. Gr\u0101matz\u012bme \u2013 cilv\u0113ku un kult\u016bru vienot\u0101jz\u012bme)<\/p>\n\n\n\n<p class=\"has-text-align-center\">Iepaz\u012b\u0161an\u0101s ar t\u0101diem lielu gr\u0101matz\u012bmju kolekciju \u012bpa\u0161niekiem k\u0101 <em>Thor Schyberg <\/em>un<em> Paul Pfister <\/em>gan ce\u013cojum\u0101 uz Norv\u0113\u0123iju (1958), gan 13. Budape\u0161tas starptautiskaj\u0101 ekslibristu kongres\u0101 (1970), \u013c\u0101va P. Up\u012btim aizs\u0101kt savstarp\u0113ju gr\u0101matz\u012bmju apmai\u0146u, kas ietv\u0113ra gan vi\u0146a pa\u0161a darin\u0101t\u0101s, gan citu latvie\u0161u m\u0101kslinieku rad\u012bt\u0101s. Ar norv\u0113\u0123u gr\u0101matz\u012bmju kolekcion\u0101riem, piem\u0113ram, <em>T. Schyberg<\/em> un <em>Thor Skullerud<\/em> P. Up\u012btim saglab\u0101jusies pla\u0161a sarakste, kur\u0101 tiek risin\u0101ti jaut\u0101jumi par gr\u0101matz\u012bmju, da\u017e\u0101du m\u0101kslas izdevumu u.c. apmai\u0146u. 1966. gada 3. novembr\u012b <em>T. Skullerud<\/em> raksta: <em>\u201dNorv\u0113\u0123ij\u0101 ir tikai tr\u012bs ekslibru kolekcion\u0101ri: Thor Schyberg, Henry Schjaerven un es. Man\u0101 kolekcij\u0101, ko es veidoju vair\u0101k nek\u0101 20 gadus, ir apm\u0113ram 20&nbsp;000 ekslibru. Es kolekcion\u0113ju ar\u012b gr\u0101matas, bet man ir to ir tikai 5 vai 6&nbsp;t\u016bksto\u0161i.\u201d<\/em> (tulk. no v\u0101cu val.) Atbildes v\u0113stul\u0113 (saglab\u0101jies melnraksts) 1966. gada 1. decembr\u012b P. Up\u012btis min ar\u012b savas kolekcijas t\u0101 laika apjomu: <em>\u201dMan ar\u012b ir neliela gr\u0101matz\u012bmju kolekcija. T\u0101 sast\u0101v no aptuveni 10&nbsp;000 gr\u0101matz\u012bm\u0113m.\u201d<\/em><\/p>\n\n\n\n<p class=\"has-text-align-center\">P\u0101rsvar\u0101 P. Up\u012b\u0161a gan sa\u0146emtaj\u0101s, gan pa\u0161a rakst\u012btaj\u0101s v\u0113stul\u0113s da\u017e\u0101du valstu kolekcion\u0101riem un m\u0101ksliniekiem tiek min\u0113ts konkr\u0113ts skaits gr\u0101matz\u012bmju, kas nos\u016bt\u012bts apmai\u0146ai, neizv\u0113r\u0161ot detaliz\u0113t\u0101ku to aprakstu. Piem\u0113ram, P. Up\u012btis v\u0113stul\u0113 (saglab\u0101jies melnraksts) <em>T. Schyberg <\/em>1960. gada 31. oktobr\u012b raksta: <em>\u201dNos\u016btu Jums 22 da\u017e\u0101dos laikos vair\u0101ku latvie\u0161u m\u0101kslinieku darin\u0101t\u0101s gr\u0101matu z\u012bmes.\u201d<\/em> Protams, nereti tiek min\u0113ti k\u0101di atsevi\u0161\u0137i piem\u0113ri, ka ar\u012b izteikti k\u0101di konkr\u0113ti l\u016bgumi. Antons \u0100boli\u0146\u0161 1976. gada 9. janv\u0101r\u012b ats\u016bt\u012bjis v\u0113stuli P. Up\u012btim, kur\u0101 redzams \u0161\u0101da veida l\u016bgums: <em>\u201dVarb\u016bt J\u016bsu r\u012bc\u012bb\u0101 atrastos k\u0101da lieka Jupatova darin\u0101ta gr\u0101matz\u012bme? Manos fondos pagaid\u0101m neviena no vi\u0146a darin\u0101t\u0101m gr\u0101matz\u012bm\u0113m nav.\u201d<\/em> Ar\u012b turpm\u0101kaj\u0101 sarakst\u0113 par\u0101d\u0101s konkr\u0113ti jaut\u0101jumi: \u201d<em>T\u0101 k\u0101 cen\u0161os sav\u0101kt par Arturu Duburu (manu novadnieku, kur\u0161 dzimis Pociem\u0101 t\u0101pat k\u0101 es) visus iesp\u0113jamos uzzi\u0146u materi\u0101lus, k\u0101d\u0101m person\u0101m un k\u0101dos gados vi\u0146\u0161 darin\u0101jis gr\u0101matz\u012bmes, jo Jums jau ir visliel\u0101k\u0101 gr\u0101matz\u012bmju kolekcija, kur\u0101 atrodas ar\u012b varb\u016bt vi\u0146a darin\u0101jumi? &#8220;<\/em> (1977. gada 22. febru\u0101ris)<\/p>\n\n\n\n<p class=\"has-text-align-center\">&nbsp;&nbsp;&nbsp;&nbsp;&nbsp;&nbsp; Sarakstoties ar da\u017e\u0101du valstu p\u0101rst\u0101vjiem, b\u016btiski bija apmai\u0146as ce\u013c\u0101 ieg\u016bt \u0161o valstu m\u0101kslinieku darin\u0101t\u0101s gr\u0101matz\u012bmes, kas t\u0101d\u0113j\u0101di sniedz priek\u0161statu par \u0161\u012b grafikas \u017eanra att\u012bst\u012bbu konkr\u0113t\u0101 zem\u0113. Piem\u0113ram, sazinoties ar literat\u016bras profesoru un gr\u0101matz\u012bmju kolekcion\u0101ru <em>Paul Pfister<\/em>, ar kuru P. Up\u012btis bija ticies ekslibristu kongresos, vi\u0146\u0161 v\u0113l\u0113jies g\u016bt padzi\u013cin\u0101t\u0101ku inform\u0101ciju par fran\u010du m\u0101kslinieku darin\u0101taj\u0101m gr\u0101matz\u012bm\u0113m. 1964. gada 20. febru\u0101r\u012b P. Up\u012btis raksta (v\u0113stules melnraksts) <em>P. Pfister<\/em>: <em>\u201dVaru pied\u0101v\u0101t 150 ekslibrus mai\u0146as nol\u016bkos, tikai v\u0113l\u0113tos zin\u0101t, kuram ekslibru \u017eanram J\u016bs dodat priek\u0161roku, t.i. k\u0101dai t\u0113mai? Man ir neskaidrs priek\u0161stats par m\u016bsdienu fran\u010du m\u0101kslinieku gr\u0101matz\u012bm\u0113m. Man\u0101 kolekcij\u0101 ir da\u017ei eksempl\u0101ri, bet p\u0101rsvar\u0101 no sen\u0101kiem laikiem.\u201d<\/em> 1964. gada 1. apr\u012bl\u012b P. Up\u012btis sa\u0146\u0113mis atbildi no <em>P. Pfister<\/em>: <em>\u201dJ\u016bs rakst\u0101t, ka Jums ir tikai v\u0101j\u0161 priek\u0161stats par fran\u010du m\u0101kslinieku gr\u0101matz\u012bm\u0113m, no k\u0101 es secinu, ka bij\u0101t priec\u012bgs sa\u0146emt \u0161\u0101das gr\u0101matz\u012bmes, bet diem\u017e\u0113l man jums j\u0101saka, ka es pats esmu \u0101rk\u0101rt\u012bgi tr\u016bc\u012bgs \u0161aj\u0101 jom\u0101; gr\u0101matz\u012bmju kolekcion\u0113\u0161ana \u0161eit notiek daudz ret\u0101k nek\u0101 cit\u0101s valst\u012bs, un es, iesp\u0113jams, esmu tas kaisl\u012bg\u0101kais. Man\u0101 kolekcij\u0101 ir liels skaits v\u0101cu, austrie\u0161u, \u010dehu, ung\u0101ru ekslibru (kas, protams, mani \u013coti iepriecina), bet man pieder sal\u012bdzino\u0161i maz fran\u010du ekslibru\u2026\u201d<\/em> (tulk. no v\u0101cu val.) P. Up\u012btis uz \u0161o atbild\u0113jis: <em>\u201d Es priec\u0101jos par katru fran\u010du m\u0101kslinieku gr\u0101matz\u012bmi neatkar\u012bgi no t\u0101, k\u0101d\u0101 tehnik\u0101 t\u0101s darin\u0101tas.\u201d<\/em> (1964. gada 1. apr\u012blis, v\u0113stules melnraksts)<\/p>\n\n\n\n<p><strong>Da\u017e\u0101du m\u0101kslinieku darin\u0101t\u0101s <em>Paul Pfister <\/em>velt\u012bt\u0101s gr\u0101matz\u012bmes. <\/strong>Avots: LNA_LVA_F1839.<\/p>\n\n\n\n<div class=\"wp-block-columns is-layout-flex wp-container-core-columns-is-layout-28f84493 wp-block-columns-is-layout-flex\">\n<div class=\"wp-block-column is-layout-flow wp-block-column-is-layout-flow\">\n<figure class=\"wp-block-image aligncenter size-large is-style-zoooom\"><a href=\"https:\/\/www.archiv.org.lv\/upitis\/wp-content\/uploads\/2022\/10\/Paul-Pfister-1971-1.jpg\"><img loading=\"lazy\" decoding=\"async\" width=\"783\" height=\"1024\" src=\"https:\/\/www.archiv.org.lv\/upitis\/wp-content\/uploads\/2022\/10\/Paul-Pfister-1971-1-783x1024.jpg\" alt=\"\" class=\"wp-image-625\" srcset=\"https:\/\/www.archiv.org.lv\/upitis\/wp-content\/uploads\/2022\/10\/Paul-Pfister-1971-1-783x1024.jpg 783w, https:\/\/www.archiv.org.lv\/upitis\/wp-content\/uploads\/2022\/10\/Paul-Pfister-1971-1-229x300.jpg 229w, https:\/\/www.archiv.org.lv\/upitis\/wp-content\/uploads\/2022\/10\/Paul-Pfister-1971-1-768x1005.jpg 768w, https:\/\/www.archiv.org.lv\/upitis\/wp-content\/uploads\/2022\/10\/Paul-Pfister-1971-1.jpg 1058w\" sizes=\"auto, (max-width: 783px) 100vw, 783px\" \/><\/a><figcaption class=\"wp-element-caption\"><em>Oriol Maria Divi<\/em> (Sp\u0101nija) darin\u0101t\u0101 gr\u0101matz\u012bme <em>Paul Pfister<\/em>, 1971. gads.<\/figcaption><\/figure>\n<\/div>\n\n\n\n<div class=\"wp-block-column is-layout-flow wp-block-column-is-layout-flow\">\n<figure class=\"wp-block-image aligncenter size-large is-style-zoooom\"><a href=\"https:\/\/www.archiv.org.lv\/upitis\/wp-content\/uploads\/2022\/10\/Paul-Pfister-1973-1-rotated.jpg\"><img loading=\"lazy\" decoding=\"async\" width=\"759\" height=\"1024\" src=\"https:\/\/www.archiv.org.lv\/upitis\/wp-content\/uploads\/2022\/10\/Paul-Pfister-1973-1-759x1024.jpg\" alt=\"\" class=\"wp-image-626\" srcset=\"https:\/\/www.archiv.org.lv\/upitis\/wp-content\/uploads\/2022\/10\/Paul-Pfister-1973-1-759x1024.jpg 759w, https:\/\/www.archiv.org.lv\/upitis\/wp-content\/uploads\/2022\/10\/Paul-Pfister-1973-1-222x300.jpg 222w, https:\/\/www.archiv.org.lv\/upitis\/wp-content\/uploads\/2022\/10\/Paul-Pfister-1973-1-768x1036.jpg 768w, https:\/\/www.archiv.org.lv\/upitis\/wp-content\/uploads\/2022\/10\/Paul-Pfister-1973-1-rotated.jpg 836w\" sizes=\"auto, (max-width: 759px) 100vw, 759px\" \/><\/a><figcaption class=\"wp-element-caption\"><em>Fritz K\u00fchn<\/em> (V\u0101cija) darin\u0101t\u0101 gr\u0101matz\u012bme <em>Paul Pfister<\/em>, 1973. gads. <\/figcaption><\/figure>\n<\/div>\n\n\n\n<div class=\"wp-block-column is-layout-flow wp-block-column-is-layout-flow\">\n<figure class=\"wp-block-image aligncenter size-large is-style-zoooom\"><a href=\"https:\/\/www.archiv.org.lv\/upitis\/wp-content\/uploads\/2022\/10\/Paul-Pfister-1973-2-1-rotated.jpg\"><img loading=\"lazy\" decoding=\"async\" width=\"1024\" height=\"727\" src=\"https:\/\/www.archiv.org.lv\/upitis\/wp-content\/uploads\/2022\/10\/Paul-Pfister-1973-2-1-1024x727.jpg\" alt=\"\" class=\"wp-image-627\" srcset=\"https:\/\/www.archiv.org.lv\/upitis\/wp-content\/uploads\/2022\/10\/Paul-Pfister-1973-2-1-1024x727.jpg 1024w, https:\/\/www.archiv.org.lv\/upitis\/wp-content\/uploads\/2022\/10\/Paul-Pfister-1973-2-1-300x213.jpg 300w, https:\/\/www.archiv.org.lv\/upitis\/wp-content\/uploads\/2022\/10\/Paul-Pfister-1973-2-1-768x546.jpg 768w, https:\/\/www.archiv.org.lv\/upitis\/wp-content\/uploads\/2022\/10\/Paul-Pfister-1973-2-1-rotated.jpg 1136w\" sizes=\"auto, (max-width: 1024px) 100vw, 1024px\" \/><\/a><figcaption class=\"wp-element-caption\"><em>Hermann Huffert <\/em>(V\u0101cija) darin\u0101t\u0101 gr\u0101matz\u012bme <em>Paul Pfister<\/em>, 1973. gads.<\/figcaption><\/figure>\n<\/div>\n<\/div>\n\n\n\n<p class=\"has-text-align-center\">&nbsp;&nbsp;&nbsp;&nbsp;&nbsp;&nbsp; K\u0101 jau min\u0113ts, starptautiskie ekslibristu kongresi bija noz\u012bm\u012bgi kontaktu ieguves zi\u0146\u0101. Savstarp\u0113j\u0101 dal\u012bbnieku komunik\u0101cija gan kongresu laik\u0101, gan p\u0113c tiem bija viens no noteico\u0161ajiem aspektiem gr\u0101matz\u012bmju kolekcion\u0113\u0161an\u0101. D\u0101\u0146u arh\u012bvists un gr\u0101matz\u012bmju kolekcion\u0101rs <em>Egart Andersson<\/em> 1972. gada 10. decembr\u012b raksta: \u201d <em>P\u0113c kongresa man bija \u013coti pat\u012bkama kop\u0101 pas\u0113d\u0113\u0161ana m\u0101j\u0101s. Tev ar\u012b tur vajadz\u0113ja b\u016bt, m\u0113s bij\u0101m 6 da\u017e\u0101du taut\u012bbu p\u0101rst\u0101vji. Varb\u016bt atceries Pepitu Palli no Barselonas, Janousek un Hradecny no \u010cehoslov\u0101kijas, manu \u013coti labu draugu Karoly Andrusko no Dienvidsl\u0101vijas u.c. \u017d\u0113l tikai, ka nebiji ar mums, jo mums bija \u013coti pat\u012bkama t\u0113rz\u0113\u0161ana par gr\u0101matz\u012bm\u0113m lab\u0101, starptautisk\u0101 atmosf\u0113r\u0101.\u201d<\/em> (tulk. no v\u0101cu val.)<\/p>\n\n\n\n<div class=\"wp-block-columns is-layout-flex wp-container-core-columns-is-layout-28f84493 wp-block-columns-is-layout-flex\">\n<div class=\"wp-block-column is-layout-flow wp-block-column-is-layout-flow\">\n<figure class=\"wp-block-image aligncenter size-large is-style-zoooom\"><a href=\"https:\/\/www.archiv.org.lv\/upitis\/wp-content\/uploads\/2022\/10\/Andrusko-Karoli-1970.jpg\"><img loading=\"lazy\" decoding=\"async\" width=\"619\" height=\"1024\" src=\"https:\/\/www.archiv.org.lv\/upitis\/wp-content\/uploads\/2022\/10\/Andrusko-Karoli-1970-619x1024.jpg\" alt=\"\" class=\"wp-image-643\" srcset=\"https:\/\/www.archiv.org.lv\/upitis\/wp-content\/uploads\/2022\/10\/Andrusko-Karoli-1970-619x1024.jpg 619w, https:\/\/www.archiv.org.lv\/upitis\/wp-content\/uploads\/2022\/10\/Andrusko-Karoli-1970-181x300.jpg 181w, https:\/\/www.archiv.org.lv\/upitis\/wp-content\/uploads\/2022\/10\/Andrusko-Karoli-1970.jpg 728w\" sizes=\"auto, (max-width: 619px) 100vw, 619px\" \/><\/a><figcaption class=\"wp-element-caption\"><em>Karoly Andrusko<\/em> (ung\u0101ru m\u0101kslin.), 1970. gads. Avots: LNA_LVA_F1839.<\/figcaption><\/figure>\n<\/div>\n\n\n\n<div class=\"wp-block-column is-layout-flow wp-block-column-is-layout-flow\">\n<figure class=\"wp-block-image aligncenter size-large is-style-zoooom\"><a href=\"https:\/\/www.archiv.org.lv\/upitis\/wp-content\/uploads\/2022\/10\/Karoly-Andrusko-1971-rotated.jpg\"><img loading=\"lazy\" decoding=\"async\" width=\"732\" height=\"1024\" src=\"https:\/\/www.archiv.org.lv\/upitis\/wp-content\/uploads\/2022\/10\/Karoly-Andrusko-1971-732x1024.jpg\" alt=\"\" class=\"wp-image-644\" srcset=\"https:\/\/www.archiv.org.lv\/upitis\/wp-content\/uploads\/2022\/10\/Karoly-Andrusko-1971-732x1024.jpg 732w, https:\/\/www.archiv.org.lv\/upitis\/wp-content\/uploads\/2022\/10\/Karoly-Andrusko-1971-214x300.jpg 214w, https:\/\/www.archiv.org.lv\/upitis\/wp-content\/uploads\/2022\/10\/Karoly-Andrusko-1971-768x1074.jpg 768w, https:\/\/www.archiv.org.lv\/upitis\/wp-content\/uploads\/2022\/10\/Karoly-Andrusko-1971-rotated.jpg 893w\" sizes=\"auto, (max-width: 732px) 100vw, 732px\" \/><\/a><figcaption class=\"wp-element-caption\"><em>Karoly Andrusko <\/em>(ung\u0101ru m\u0101kslin.), 1971. gads. Avots: LNA_LVA_F1839.<\/figcaption><\/figure>\n<\/div>\n\n\n\n<div class=\"wp-block-column is-layout-flow wp-block-column-is-layout-flow\">\n<figure class=\"wp-block-image aligncenter size-large is-style-zoooom\"><a href=\"https:\/\/www.archiv.org.lv\/upitis\/wp-content\/uploads\/2022\/10\/Karoly-Andrusko-1972.jpg\"><img loading=\"lazy\" decoding=\"async\" width=\"736\" height=\"1024\" src=\"https:\/\/www.archiv.org.lv\/upitis\/wp-content\/uploads\/2022\/10\/Karoly-Andrusko-1972-736x1024.jpg\" alt=\"\" class=\"wp-image-645\" srcset=\"https:\/\/www.archiv.org.lv\/upitis\/wp-content\/uploads\/2022\/10\/Karoly-Andrusko-1972-736x1024.jpg 736w, https:\/\/www.archiv.org.lv\/upitis\/wp-content\/uploads\/2022\/10\/Karoly-Andrusko-1972-216x300.jpg 216w, https:\/\/www.archiv.org.lv\/upitis\/wp-content\/uploads\/2022\/10\/Karoly-Andrusko-1972-768x1069.jpg 768w, https:\/\/www.archiv.org.lv\/upitis\/wp-content\/uploads\/2022\/10\/Karoly-Andrusko-1972-1104x1536.jpg 1104w, https:\/\/www.archiv.org.lv\/upitis\/wp-content\/uploads\/2022\/10\/Karoly-Andrusko-1972.jpg 1212w\" sizes=\"auto, (max-width: 736px) 100vw, 736px\" \/><\/a><figcaption class=\"wp-element-caption\"><em>Karoly Andrusko<\/em> (ung\u0101ru m\u0101kslin.), 1972. gads. Avots: LNA_LVA_F1839.<\/figcaption><\/figure>\n<\/div>\n<\/div>\n\n\n\n<p class=\"has-text-align-center\"><em>&nbsp;&nbsp;&nbsp;&nbsp;&nbsp;&nbsp;&nbsp;&nbsp;&nbsp;&nbsp;&nbsp; <\/em>Lai gan liel\u0101k\u0101 da\u013cagr\u0101matz\u012bmju kolekcion\u0101ru bie\u017ei vien ir pa\u0161i m\u0101kslinieki, ta\u010du ir daudz ar\u012b citu profesiju p\u0101rst\u0101vju kolekcion\u0101ru, kas nav saist\u012bti ar kult\u016bru, m\u0101kslu. Piem\u0113ram, d\u0101\u0146u gr\u0101matz\u012bmju kolekcion\u0101rs <em>Helmer Fogedgaard <\/em>bija s\u0113klu tirgot\u0101js<em>. <\/em>V\u0113stul\u0113 P. Up\u012btim 1969. gada 15. maij\u0101 vi\u0146\u0161 raksta: <em>\u201dJ\u0101, dro\u0161i vien ir ar\u012b neparasti, ka es k\u0101 s\u0113klu p\u0101rdev\u0113js br\u012bvaj\u0101 laik\u0101 str\u0101d\u0101ju ar gr\u0101matz\u012bm\u0113m, gr\u0101mat\u0101m un m\u0101kslu, bet t\u0101s ir manas \u012bst\u0101s intereses. S\u0113klas ir tikai profesija.\u201d<\/em> (tulk. no v\u0101cu val.) Bie\u017ei vien gr\u0101matz\u012bmes tika main\u012btas ne tikai pret gr\u0101matz\u012bm\u0113m, bet, piem\u0113ram, pret\u012b tika s\u016bt\u012bti da\u017e\u0101di m\u0101kslas izdevumi, gr\u0101matas u. tml., vai tika pied\u0101v\u0101ta dal\u012bba attiec\u012bg\u0101s valsts ekslibristu biedr\u012bb\u0101. Tas par\u0101d\u0101s ar\u012b sarakst\u0113 ar <em>H. Fogedgaard.<\/em> <\/p>\n\n\n\n<p class=\"has-text-align-center\"><em>\u201dEs tik \u013coti v\u0113los J\u016bs iepriecin\u0101t. Vai Jums nav v\u0113l\u0113\u0161an\u0101s sa\u0146emt k\u0101du m\u0101kslas gr\u0101matu vai m\u0101kslas \u017eurn\u0101lu? Vai dal\u012bbu k\u0101d\u0101 ekslibristu biedr\u012bb\u0101? Tad es labpr\u0101t par Jums samaks\u0101\u0161u.\u201d <\/em>(H. Fogedgaard v\u0113stule P. Up\u012btim 1969. gada 15. maij\u0101, tulk. no v\u0101cu val.)<\/p>\n\n\n\n<p class=\"has-text-align-center\"><em>\u201cGadu gait\u0101 J\u016bs man esat ats\u016bt\u012bjis tik daudz gr\u0101matz\u012bmju, gr\u0101matu un mapju, ka j\u016btos Jums daudz par\u0101d\u0101. Lai mazliet atmaks\u0101tu, es \u0161odien nos\u016bt\u012bju jums d\u0101van\u0101 m\u0101kslas gr\u0101matu.\u201d <\/em>(H. Fogedgaard v\u0113stule P. Up\u012btim 1972. gada 24. febru\u0101r\u012b, tulk. no v\u0101cu val.)<\/p>\n\n\n\n<p class=\"has-text-align-center\">&nbsp;&nbsp;&nbsp;&nbsp;&nbsp;&nbsp;&nbsp;&nbsp;&nbsp;&nbsp;&nbsp;&nbsp;&nbsp;&nbsp; Daudz savstarp\u0113j\u0101s apmai\u0146as P. Up\u012btim bijis ar d\u0101\u0146u gr\u0101matz\u012bmju kolekcion\u0101ru <em>Johnny<\/em> <em>K\u00f8hler. <\/em>1959. gada 9. apr\u012bl\u012b P. Up\u012btis sa\u0146\u0113mis \u0161\u0101du v\u0113stuli: <em>\u201dNos\u016btu Jums 25 d\u0101\u0146u m\u0101kslinieku darin\u0101tus ekslibrus apmai\u0146ai. Esmu \u013coti ieinteres\u0113ts kr\u0101sainos ekslibros un ceru, ka J\u016bs varb\u016bt varat man ats\u016bt\u012bt mai\u0146ai kr\u0101sainus ekslibrus. Atvainojos, ka es nevaru rakst\u012bt v\u0101cu valod\u0101, bet es ceru, ka J\u016bs saprotat ang\u013cu valodu un \u0161o v\u0113stuli. J\u016bs varat man rakst\u012bt atpaka\u013c v\u0101ciski, jo man ir draugs, kas iztulkos v\u0113stules. Ja J\u016bs neesat ieinteres\u0113ts apmai\u0146\u0101, tad, l\u016bdzu, ats\u016btiet atpaka\u013c ekslibrus.\u201d <\/em>(tulk. no ang\u013cu val.) &nbsp;1959. gada 30. maija v\u0113stul\u0113<em> J.<\/em> <em>K\u00f8hler <\/em>paskaidro: <em>\u201dNevaru Jums apsol\u012bt daudz kr\u0101sainu gr\u0101matz\u012bmju, jo t\u0101das netiek darin\u0101tas m\u016bsu valst\u012b. Mums \u0161eit ir tikai divkr\u0101sainas gr\u0101matz\u012bmes un ar\u012b to nav daudz. M\u016bsu kaimi\u0146iem igau\u0146iem ir da\u017ei meistari, kuri darina kr\u0101sainas gr\u0101matz\u012bmes.\u201d<\/em> (tulk. no ang\u013cu val.) Turpm\u0101kaj\u0101 sarakst\u0113 atkl\u0101jas, ka <em>J.<\/em> <em>K\u00f8hler <\/em>kolekcion\u0113 ne tikai gr\u0101matz\u012bmes, bet kr\u0101j ar\u012b pastmarkas: <em>\u201dLiels paldies par aploksni ar interesantaj\u0101m pastmark\u0101m no J\u016bsu valsts. Es esmu ar\u012b pastmarku kolekcion\u0101rs, un t\u0101d\u0113\u013c t\u0101s man tie\u0161\u0101m \u013coti interes\u0113.\u201d <\/em>(V\u0113stule P. Up\u012btim 1959. gada 29. apr\u012bl\u012b, tulk. no ang\u013cu val.) T\u0101pat k\u0101 <em>H. Fogedgaard<\/em>, ar\u012b <em>J.<\/em> <em>K\u00f8hler <\/em>pied\u0101v\u0101jis P. Up\u012btim k\u013c\u016bt par d\u0101\u0146u ekslibristu biedr\u012bbas locekli: <em>\u201dVarb\u016bt Jums ir interese k\u013c\u016bt par D\u0101\u0146u ekslibristu biedr\u012bbas: Dansk Exlibris Selskab biedru? Biedra nauda gad\u0101 ir 3 dol\u0101ri=12, 50 v\u0101cu markas=1450 franki. Varb\u016bt m\u0113s varam to nok\u0101rtot, es var\u0113tu par Jums samaks\u0101t un J\u016bs var\u0113tu man ats\u016bt\u012bt gr\u0101matas vai ekslibrus apmai\u0146ai. [..] Vai J\u016bs apmain\u0101ties ar gr\u0101matz\u012bm\u0113m ar kolekcion\u0101riem no Padomju Savien\u012bbas? Varb\u016bt J\u016bs man var\u0113tu pal\u012bdz\u0113t ar vi\u0146u adres\u0113m.\u201d <\/em>(V\u0113stule P. Up\u012btim 1959. gada 20. maij\u0101, tulk. no ang\u013cu val.) 1963. gada 21. janv\u0101r\u012b P. Up\u012btis raksta (saglab\u0101jies melnraksts): <em>\u201d\u013boti cienu gr\u0101matas par kokdzelumu, t\u0101pat ar\u012b par gr\u0101matz\u012bm\u0113m, bet tas nenoz\u012bm\u0113, ka Jums man t\u0101s t\u016bl\u012bt j\u0101s\u016bta. Savuk\u0101rt, man ir apmierin\u0101jums, ja mani s\u016bt\u012bjumi Jums pie\u0146emami, tie galvenok\u0101rt dom\u0101jami, lai J\u016bs iepaz\u012btu m\u016bsu m\u0101kslas kult\u016bru, it \u012bpa\u0161i, k\u0101d\u0101 st\u0101vokl\u012b ir m\u016bsu maz\u0101 grafika \u2013 gr\u0101matz\u012bmes.\u201d<\/em> P. Up\u012btim bija svar\u012bgi, lai \u0161ie cilv\u0113ki, ar kuriem notiek komunik\u0101cija, g\u016btu p\u0113c iesp\u0113jas pla\u0161\u0101ku priek\u0161statu par latvie\u0161u m\u0101kslinieku darin\u0101taj\u0101m gr\u0101matz\u012bm\u0113m. Ar\u012b savas darin\u0101t\u0101s gr\u0101matz\u012bmes P. Up\u012btis regul\u0101ri s\u016bt\u012bja apmai\u0146ai.<\/p>\n\n\n\n<p class=\"has-text-align-center\">Be\u013c\u0123u liter\u0101ts un gr\u0101matz\u012bmju kolekcion\u0101rs<em> Leo Arras<\/em> 1974. gada 29. janv\u0101r\u012b raksta: <em>\u201dLiels paldies par J\u016bsu jauko Jaungada apsveikumu un par 8 pievienotaj\u0101m gr\u0101matz\u012bm\u0113m. 12 gr\u0101matz\u012bmes, kuras izs\u016bt\u012bj\u0101t j\u016bnij\u0101, ar\u012b ierad\u0101s lab\u0101 k\u0101rt\u012bb\u0101. Man ir \u0101rk\u0101rt\u012bgi liels prieks, jo tagad man\u0101 kolekcij\u0101 ir vair\u0101k nek\u0101 65 P. Up\u012b\u0161a gr\u0101matz\u012bmju. Es ar to \u013coti lepojos, jo j\u016bs zin\u0101t, cik \u013coti es nov\u0113rt\u0113ju j\u016bsu darbu.\u201d<\/em> (tulk. no v\u0101cu val.)<\/p>\n\n\n\n<p class=\"has-text-align-center\">P. Up\u012btis 1974. gada 22. apr\u012bl\u012b vi\u0146am raksta (saglab\u0101jies v\u0113stules melnraksts): <em>\u201d\u0160obr\u012bd liel\u0101koties pa\u0161i m\u0101kslinieki ir ekslibru kolekcion\u0101ri. Es dar\u012b\u0161u, ko var\u0113\u0161u, lai pal\u012bdz\u0113tu Jums sag\u0101d\u0101t latvie\u0161u m\u0101kslinieku ekslibrus\u201d.<\/em><\/p>\n\n\n\n<p class=\"has-text-align-center\">&nbsp;&nbsp;&nbsp;&nbsp;&nbsp;&nbsp;&nbsp;&nbsp;&nbsp;&nbsp;&nbsp; Liel\u0101k\u0101 gr\u0101matz\u012bmju kolekcija Eirop\u0101 pieder\u0113ja it\u0101\u013cu arhitektam, grafi\u0137im un ekslibru kolekcion\u0101ram <em>Gianni Mantero<\/em>, kur\u0161 bijis ar\u012b FISAE pirmais vad\u012bt\u0101js. 1964. gada 20. janv\u0101r\u012b vi\u0146\u0161 raksta P. Up\u012btim: <em>\u201dMan pieder aptuveni 700 lab\u0101ko Eiropas m\u0101kslinieku ekslibru, un es v\u0113los s\u0101kt ar jums apmain\u012bties, lai ieg\u016btu visus j\u016bsu darin\u0101tos ekslibrus.\u201d<\/em> (tulk. no v\u0101cu val.)<em> <\/em>P. Up\u012btis mai\u0146ai s\u016bt\u012bjis <em>G. Mantero<\/em> ne tikai savus, bet ar\u012b citu latvie\u0161u m\u0101kslinieku darin\u0101tos ekslibrus. 1965. gada 25. j\u016bnij\u0101 P. Up\u012btis raksta (saglab\u0101jies v\u0113stules melnraksts): <em>\u201dIelieku sava drauga m\u0101kslinieka, grafi\u0137a J\u0101\u0146a Pl\u0113pja 10 gr\u0101matz\u012bmes, kuras jau tagad skait\u0101s k\u0101 retums. Pavisam vi\u0146\u0161 bija izgatavojis 38 z\u012bmes.\u201d<\/em> P. Up\u012b\u0161a kolekcij\u0101 ietilpst liels skaits <em>G. Mantero<\/em> gr\u0101matz\u012bmju<em>, <\/em>kuras vi\u0146am darin\u0101ju\u0161i da\u017e\u0101di Eiropas m\u0101kslinieki.<\/p>\n\n\n\n<div class=\"wp-block-columns is-layout-flex wp-container-core-columns-is-layout-28f84493 wp-block-columns-is-layout-flex\">\n<div class=\"wp-block-column is-layout-flow wp-block-column-is-layout-flow\">\n<div class=\"wp-block-columns is-layout-flex wp-container-core-columns-is-layout-28f84493 wp-block-columns-is-layout-flex\">\n<div class=\"wp-block-column is-layout-flow wp-block-column-is-layout-flow\">\n<figure class=\"wp-block-image aligncenter size-large is-style-zoooom\"><a href=\"https:\/\/www.archiv.org.lv\/upitis\/wp-content\/uploads\/2022\/10\/Bruno-Bramanti-1966-Italija-gr.z.-Gianni-Mantero.jpg\"><img loading=\"lazy\" decoding=\"async\" width=\"644\" height=\"1024\" src=\"https:\/\/www.archiv.org.lv\/upitis\/wp-content\/uploads\/2022\/10\/Bruno-Bramanti-1966-Italija-gr.z.-Gianni-Mantero-644x1024.jpg\" alt=\"\" class=\"wp-image-666\" srcset=\"https:\/\/www.archiv.org.lv\/upitis\/wp-content\/uploads\/2022\/10\/Bruno-Bramanti-1966-Italija-gr.z.-Gianni-Mantero-644x1024.jpg 644w, https:\/\/www.archiv.org.lv\/upitis\/wp-content\/uploads\/2022\/10\/Bruno-Bramanti-1966-Italija-gr.z.-Gianni-Mantero-189x300.jpg 189w, https:\/\/www.archiv.org.lv\/upitis\/wp-content\/uploads\/2022\/10\/Bruno-Bramanti-1966-Italija-gr.z.-Gianni-Mantero.jpg 733w\" sizes=\"auto, (max-width: 644px) 100vw, 644px\" \/><\/a><figcaption class=\"wp-element-caption\"><em>Bruno Bramanti<\/em> (It\u0101lija) darin\u0101t\u0101 gr\u0101matz\u012bme <em>Gianni Mantero<\/em>, 1966. gads.<\/figcaption><\/figure>\n<\/div>\n\n\n\n<div class=\"wp-block-column is-layout-flow wp-block-column-is-layout-flow\">\n<figure class=\"wp-block-image aligncenter size-large is-style-zoooom\"><a href=\"https:\/\/www.archiv.org.lv\/upitis\/wp-content\/uploads\/2022\/10\/Bruno-Branianti-Florence-1965-darinata-gr.z.-Gianni-Mantero-1.jpg\"><img loading=\"lazy\" decoding=\"async\" width=\"680\" height=\"1024\" src=\"https:\/\/www.archiv.org.lv\/upitis\/wp-content\/uploads\/2022\/10\/Bruno-Branianti-Florence-1965-darinata-gr.z.-Gianni-Mantero-1-680x1024.jpg\" alt=\"\" class=\"wp-image-668\" srcset=\"https:\/\/www.archiv.org.lv\/upitis\/wp-content\/uploads\/2022\/10\/Bruno-Branianti-Florence-1965-darinata-gr.z.-Gianni-Mantero-1-680x1024.jpg 680w, https:\/\/www.archiv.org.lv\/upitis\/wp-content\/uploads\/2022\/10\/Bruno-Branianti-Florence-1965-darinata-gr.z.-Gianni-Mantero-1-199x300.jpg 199w, https:\/\/www.archiv.org.lv\/upitis\/wp-content\/uploads\/2022\/10\/Bruno-Branianti-Florence-1965-darinata-gr.z.-Gianni-Mantero-1-768x1157.jpg 768w, https:\/\/www.archiv.org.lv\/upitis\/wp-content\/uploads\/2022\/10\/Bruno-Branianti-Florence-1965-darinata-gr.z.-Gianni-Mantero-1.jpg 925w\" sizes=\"auto, (max-width: 680px) 100vw, 680px\" \/><\/a><figcaption class=\"wp-element-caption\"><em>Bruno Bramanti <\/em>(It\u0101lija) darin\u0101t\u0101 gr\u0101matz\u012bme <em>Gianni Mantero<\/em>, 1965. gads.<\/figcaption><\/figure>\n<\/div>\n<\/div>\n<\/div>\n\n\n\n<div class=\"wp-block-column is-layout-flow wp-block-column-is-layout-flow\">\n<div class=\"wp-block-columns is-layout-flex wp-container-core-columns-is-layout-28f84493 wp-block-columns-is-layout-flex\">\n<div class=\"wp-block-column is-layout-flow wp-block-column-is-layout-flow\">\n<figure class=\"wp-block-image aligncenter size-large is-style-zoooom\"><a href=\"https:\/\/www.archiv.org.lv\/upitis\/wp-content\/uploads\/2022\/10\/Alina-Kalezinska-Polija-1972-gr.z.-Gianni-Mantero.jpg\"><img loading=\"lazy\" decoding=\"async\" width=\"779\" height=\"1024\" src=\"https:\/\/www.archiv.org.lv\/upitis\/wp-content\/uploads\/2022\/10\/Alina-Kalezinska-Polija-1972-gr.z.-Gianni-Mantero-779x1024.jpg\" alt=\"\" class=\"wp-image-672\" srcset=\"https:\/\/www.archiv.org.lv\/upitis\/wp-content\/uploads\/2022\/10\/Alina-Kalezinska-Polija-1972-gr.z.-Gianni-Mantero-779x1024.jpg 779w, https:\/\/www.archiv.org.lv\/upitis\/wp-content\/uploads\/2022\/10\/Alina-Kalezinska-Polija-1972-gr.z.-Gianni-Mantero-228x300.jpg 228w, https:\/\/www.archiv.org.lv\/upitis\/wp-content\/uploads\/2022\/10\/Alina-Kalezinska-Polija-1972-gr.z.-Gianni-Mantero-768x1009.jpg 768w, https:\/\/www.archiv.org.lv\/upitis\/wp-content\/uploads\/2022\/10\/Alina-Kalezinska-Polija-1972-gr.z.-Gianni-Mantero.jpg 1061w\" sizes=\"auto, (max-width: 779px) 100vw, 779px\" \/><\/a><figcaption class=\"wp-element-caption\">A<em>lina Kalczinska<\/em> (po\u013cu m\u0101kslin.) darin\u0101t\u0101 gr\u0101matz\u012bme <em>Gianni Mantero<\/em>, 1972. gads.<\/figcaption><\/figure>\n<\/div>\n\n\n\n<div class=\"wp-block-column is-layout-flow wp-block-column-is-layout-flow\">\n<figure class=\"wp-block-image aligncenter size-large is-style-zoooom\"><a href=\"https:\/\/www.archiv.org.lv\/upitis\/wp-content\/uploads\/2022\/10\/Ch.-Blaesbjerg-1965-Danija-gr.z.-Gianni-Mantero-rotated.jpg\"><img loading=\"lazy\" decoding=\"async\" width=\"646\" height=\"1024\" src=\"https:\/\/www.archiv.org.lv\/upitis\/wp-content\/uploads\/2022\/10\/Ch.-Blaesbjerg-1965-Danija-gr.z.-Gianni-Mantero-646x1024.jpg\" alt=\"\" class=\"wp-image-652\" srcset=\"https:\/\/www.archiv.org.lv\/upitis\/wp-content\/uploads\/2022\/10\/Ch.-Blaesbjerg-1965-Danija-gr.z.-Gianni-Mantero-646x1024.jpg 646w, https:\/\/www.archiv.org.lv\/upitis\/wp-content\/uploads\/2022\/10\/Ch.-Blaesbjerg-1965-Danija-gr.z.-Gianni-Mantero-189x300.jpg 189w, https:\/\/www.archiv.org.lv\/upitis\/wp-content\/uploads\/2022\/10\/Ch.-Blaesbjerg-1965-Danija-gr.z.-Gianni-Mantero-rotated.jpg 657w\" sizes=\"auto, (max-width: 646px) 100vw, 646px\" \/><\/a><figcaption class=\"wp-element-caption\"><em>Christian Blaesbjerg<\/em> (D\u0101nija) darin\u0101t\u0101 gr\u0101matz\u012bme <em>Gianni Mantero<\/em>, 1958. gads.<\/figcaption><\/figure>\n<\/div>\n<\/div>\n<\/div>\n<\/div>\n\n\n\n<p class=\"has-text-align-center\">Akt\u012bvi P. Up\u012btis sarakst\u012bjies ar\u012b ar igau\u0146u gr\u0101matz\u012bmju kolekcion\u0101riem. Pla\u0161a sarakste saglab\u0101jusies ar <em>Paul Ambur<\/em>, kur\u0161 bija skolot\u0101js, m\u0101c\u012bbu gr\u0101matu autors, public\u0113jis vair\u0101kas gr\u0101matas par igau\u0146u un citu valstu ekslibru m\u0101ksliniekiem. Vi\u0146a kolekcij\u0101 ir ap 40&nbsp;000 ekslibru. 1957. gada 26. mart\u0101 <em>P. Ambur<\/em> raksta P. Up\u012btim: <em>\u201dJau sen sa\u0146\u0113mu J\u016bsu s\u016bt\u012bjumu ar latvie\u0161u gr\u0101mat\u0101m un nos\u016bt\u012bju Jums igau\u0146u gr\u0101matas par m\u0101kslu, bet rakst\u012bt nebija laika. Mani \u013coti interes\u0113 latvie\u0161u gr\u0101matas par grafiku un glezniec\u012bbu\u2026 Vai J\u016bs interes\u0113 igau\u0146u gr\u0101matas par m\u0101kslu? Ja interes\u0113, tad es pied\u0101v\u0101ju main\u012bties ar gr\u0101mat\u0101m, kad t\u0101s tiek nodruk\u0101tas Latvij\u0101 un Igaunij\u0101.\u201d<\/em> (tulk. no krievu val.)<\/p>\n\n\n\n<p class=\"has-text-align-center\">&nbsp;&nbsp;&nbsp;&nbsp;&nbsp;&nbsp; Gr\u0101matz\u012bmju kolekcion\u0101ri sav\u0101s v\u0113stul\u0113s bie\u017ei jaut\u0101ja ar\u012b par iesp\u0113j\u0101m sazin\u0101ties ar citiem kolekcion\u0101riem, gr\u0101matz\u012bmju autoriem u.tml., l\u016bdzot, piem\u0113ram, adreses.Slov\u0113\u0146u gr\u0101matz\u012bmju kolekcion\u0101rs<em> Mariano Rugale<\/em> 1966. gada 31. mart\u0101 raksta: <em>\u201dEsmu liel\u0101 saj\u016bsm\u0101 par Baltijas grafi\u0137u darbu un b\u016btu \u013coti jauki, ja man b\u016btu draudz\u012bg\u0101ki kontakti ar t\u0101diem m\u0101ksliniekiem k\u0101 piem., Richard Kaljo, V\u00e4ino Tonisson, Asta Vender, Esko Lepp, Johannes Juhansoo u.c., t\u0101p\u0113c es Jums l\u016bdzu, profesor, varb\u016bt, ja iesp\u0113jams, iedodiet man da\u017eas adreses vai iesakiet, kur t\u0101s atrast.\u201d<\/em> (tulk. no v\u0101cu val.)<\/p>\n\n\n\n<div class=\"wp-block-columns is-layout-flex wp-container-core-columns-is-layout-28f84493 wp-block-columns-is-layout-flex\">\n<div class=\"wp-block-column is-layout-flow wp-block-column-is-layout-flow\">\n<figure class=\"wp-block-image aligncenter size-large is-style-zoooom\"><a href=\"https:\/\/www.archiv.org.lv\/upitis\/wp-content\/uploads\/2022\/10\/Richard-Kaljo.jpg\"><img loading=\"lazy\" decoding=\"async\" width=\"762\" height=\"1024\" src=\"https:\/\/www.archiv.org.lv\/upitis\/wp-content\/uploads\/2022\/10\/Richard-Kaljo-762x1024.jpg\" alt=\"\" class=\"wp-image-648\" srcset=\"https:\/\/www.archiv.org.lv\/upitis\/wp-content\/uploads\/2022\/10\/Richard-Kaljo-762x1024.jpg 762w, https:\/\/www.archiv.org.lv\/upitis\/wp-content\/uploads\/2022\/10\/Richard-Kaljo-223x300.jpg 223w, https:\/\/www.archiv.org.lv\/upitis\/wp-content\/uploads\/2022\/10\/Richard-Kaljo-768x1032.jpg 768w, https:\/\/www.archiv.org.lv\/upitis\/wp-content\/uploads\/2022\/10\/Richard-Kaljo.jpg 918w\" sizes=\"auto, (max-width: 762px) 100vw, 762px\" \/><\/a><figcaption class=\"wp-element-caption\"><em>Richard Kaljo<\/em> (igau\u0146u m\u0101kslin.), 1961. gads.<\/figcaption><\/figure>\n<\/div>\n\n\n\n<div class=\"wp-block-column is-layout-flow wp-block-column-is-layout-flow\">\n<figure class=\"wp-block-image aligncenter size-full is-style-zoooom\"><a href=\"https:\/\/www.archiv.org.lv\/upitis\/wp-content\/uploads\/2022\/10\/Esko-Lepp-1958.jpg\"><img loading=\"lazy\" decoding=\"async\" width=\"643\" height=\"1016\" src=\"https:\/\/www.archiv.org.lv\/upitis\/wp-content\/uploads\/2022\/10\/Esko-Lepp-1958.jpg\" alt=\"\" class=\"wp-image-649\" srcset=\"https:\/\/www.archiv.org.lv\/upitis\/wp-content\/uploads\/2022\/10\/Esko-Lepp-1958.jpg 643w, https:\/\/www.archiv.org.lv\/upitis\/wp-content\/uploads\/2022\/10\/Esko-Lepp-1958-190x300.jpg 190w\" sizes=\"auto, (max-width: 643px) 100vw, 643px\" \/><\/a><figcaption class=\"wp-element-caption\"><em>Esko Lepp<\/em> (igau\u0146u m\u0101kslin.), 1958. gads.<\/figcaption><\/figure>\n<\/div>\n\n\n\n<div class=\"wp-block-column is-layout-flow wp-block-column-is-layout-flow\">\n<figure class=\"wp-block-image aligncenter size-large is-style-zoooom\"><a href=\"https:\/\/www.archiv.org.lv\/upitis\/wp-content\/uploads\/2022\/10\/Johannes-Juhansoo-2-1.jpg\"><img loading=\"lazy\" decoding=\"async\" width=\"802\" height=\"1024\" src=\"https:\/\/www.archiv.org.lv\/upitis\/wp-content\/uploads\/2022\/10\/Johannes-Juhansoo-2-1-802x1024.jpg\" alt=\"\" class=\"wp-image-650\" srcset=\"https:\/\/www.archiv.org.lv\/upitis\/wp-content\/uploads\/2022\/10\/Johannes-Juhansoo-2-1-802x1024.jpg 802w, https:\/\/www.archiv.org.lv\/upitis\/wp-content\/uploads\/2022\/10\/Johannes-Juhansoo-2-1-235x300.jpg 235w, https:\/\/www.archiv.org.lv\/upitis\/wp-content\/uploads\/2022\/10\/Johannes-Juhansoo-2-1-768x980.jpg 768w, https:\/\/www.archiv.org.lv\/upitis\/wp-content\/uploads\/2022\/10\/Johannes-Juhansoo-2-1.jpg 836w\" sizes=\"auto, (max-width: 802px) 100vw, 802px\" \/><\/a><figcaption class=\"wp-element-caption\"><em>Johannes Juhansoo<\/em> (igau\u0146u m\u0101kslin.), 1974. gads.<\/figcaption><\/figure>\n<\/div>\n<\/div>\n\n\n\n<p class=\"has-text-align-center\">&nbsp;&nbsp;&nbsp;&nbsp;&nbsp;&nbsp;&nbsp;&nbsp;&nbsp;&nbsp;&nbsp; Interesantas v\u0113stules kop\u0101 ar gr\u0101matz\u012bm\u0113m to pielikum\u0101 P. Up\u012btis sa\u0146\u0113mis no Zviedrij\u0101 dz\u012bvojo\u0161\u0101 luter\u0101\u0146u m\u0101c\u012bt\u0101ja, teologa, profesora<em> Haralda Biez\u0101.<\/em> 1969. gada 2. apr\u012bl\u012b vi\u0146\u0161 raksta: <em>\u201dTe pielikum\u0101 nos\u016btu J\u016bsu kolekcijai k\u0101du vec\u0101ku ex libris, ko atradu iel\u012bm\u0113tu k\u0101d\u0101 \u0161\u012b gadsimta s\u0101kum\u0101 izdot\u0101 gr\u0101mat\u0101\u201d.<\/em> 1970. gada 8. apr\u012bl\u012b: <em>\u201dPielikum\u0101 nos\u016btu Jums vienu Baltijas barona ex libris, ko atradu k\u0101d\u0101 no sav\u0101m antikvari\u0101t\u0101 nopirktaj\u0101m gr\u0101mat\u0101m. Ceru, ka ar\u012b tai ir sava vieta J\u016bsu kolekcij\u0101\u201d.<\/em> 1970. gada 13. decembr\u012b: <em>\u201dTe pielikum\u0101 nos\u016btu J\u016bsu kolekcijai k\u0101du gr\u0101matu z\u012bmi no \u0161\u012b gadsimta 20. gadiem, kas man liekas bezgaum\u012bbas kalngals. Bet m\u0101ksla jau laikam panes \u013coti daudz.\u201d<\/em> 1971. gada 1. j\u016bnij\u0101: <em>\u201dTe pielikum\u0101 nos\u016btu J\u016bsu kolekcijai k\u0101du pavisam traka paskata ex libri. Bet pasaul\u0113 jau ir vis\u0101di cilv\u0113ki ar vis\u0101du gaumi.\u201d<\/em><\/p>\n\n\n\n<p class=\"has-text-align-center\">Gr\u0101matz\u012bmju kolekcion\u0113\u0161anai piev\u0113rsu\u0161ies ar\u012b da\u017e\u0101di latvie\u0161u m\u0101kslinieki, gr\u0101matz\u012bmju autori, k\u0101 ar\u012b citu profesiju p\u0101rst\u0101vji Latvij\u0101, k\u0101, piem\u0113ram &nbsp;K\u0101rlis L\u0101ri\u0146\u0161, Dzidra Ezergaile, Visvaldis Vilk\u0101js, Gaida \u0160ilinska, Rita Pommere u.c., ar kuriem ar\u012b P. Up\u012btis bie\u017ei main\u012bj\u0101s ar gr\u0101matz\u012bm\u0113m. Piem\u0113ram, Visvaldis Vilk\u0101js 1964. gada 8. novembri raksta P. Up\u012btim: \u201d<em>1962. gada beig\u0101s tiku iepriecin\u0101ts ar 15 J\u016bsu gr\u0101matz\u012bmju s\u016bt\u012bjumu. P\u0113c k\u0101da laika biju pie Jums person\u012bgi. Tad J\u016bs mani iepriecin\u0101j\u0101t par jaunu ar paskaidrojumu, ka esmu J\u016bsu uzskait\u0113 un, s\u016btot gr\u0101matz\u012bmes p\u0101r\u0113jiem kr\u0101j\u0113jiem, atcer\u0113sieties ar\u012b mani.\u201d<\/em><\/p>\n\n\n\n<p class=\"has-text-align-center\"><em>\u201dLatvie\u0161u m\u0101kslinieku gr\u0101matz\u012bmju kr\u0101\u0161anai esmu centies piegriezt v\u0113r\u012bbu jau k\u0101dus asto\u0146us vai devi\u0146us gadus, cik nu provinc\u0113 dz\u012bvojot un pa\u0161am neesot m\u0101ksliniekam tas iesp\u0113jams.\u201d<\/em> (1967. gada 26. novembr\u012b)<\/p>\n\n\n\n<p><strong>Da\u017e\u0101du latvie\u0161u m\u0101kslinieku darin\u0101t\u0101s gr\u0101matz\u012bmes<\/strong>. Avots: LNA_LVA_F1839.<\/p>\n\n\n\n<div class=\"wp-block-columns is-layout-flex wp-container-core-columns-is-layout-28f84493 wp-block-columns-is-layout-flex\">\n<div class=\"wp-block-column is-layout-flow wp-block-column-is-layout-flow\">\n<div class=\"wp-block-columns is-layout-flex wp-container-core-columns-is-layout-28f84493 wp-block-columns-is-layout-flex\">\n<div class=\"wp-block-column is-layout-flow wp-block-column-is-layout-flow\">\n<figure class=\"wp-block-image aligncenter size-large is-resized is-style-zoooom\"><a href=\"https:\/\/www.archiv.org.lv\/upitis\/wp-content\/uploads\/2022\/10\/Aina-Karlsone-2.jpg\"><img loading=\"lazy\" decoding=\"async\" src=\"https:\/\/www.archiv.org.lv\/upitis\/wp-content\/uploads\/2022\/10\/Aina-Karlsone-2-985x1024.jpg\" alt=\"\" class=\"wp-image-585\" width=\"186\" height=\"193\" srcset=\"https:\/\/www.archiv.org.lv\/upitis\/wp-content\/uploads\/2022\/10\/Aina-Karlsone-2-985x1024.jpg 985w, https:\/\/www.archiv.org.lv\/upitis\/wp-content\/uploads\/2022\/10\/Aina-Karlsone-2-289x300.jpg 289w, https:\/\/www.archiv.org.lv\/upitis\/wp-content\/uploads\/2022\/10\/Aina-Karlsone-2-768x798.jpg 768w, https:\/\/www.archiv.org.lv\/upitis\/wp-content\/uploads\/2022\/10\/Aina-Karlsone-2.jpg 1089w\" sizes=\"auto, (max-width: 186px) 100vw, 186px\" \/><\/a><figcaption class=\"wp-element-caption\">Aina Karlsone<\/figcaption><\/figure>\n<\/div>\n\n\n\n<div class=\"wp-block-column is-layout-flow wp-block-column-is-layout-flow\">\n<figure class=\"wp-block-image aligncenter size-large is-style-zoooom\"><a href=\"https:\/\/www.archiv.org.lv\/upitis\/wp-content\/uploads\/2022\/10\/Aina-Karlsone-rotated.jpg\"><img loading=\"lazy\" decoding=\"async\" width=\"1024\" height=\"985\" src=\"https:\/\/www.archiv.org.lv\/upitis\/wp-content\/uploads\/2022\/10\/Aina-Karlsone-1024x985.jpg\" alt=\"\" class=\"wp-image-586\" srcset=\"https:\/\/www.archiv.org.lv\/upitis\/wp-content\/uploads\/2022\/10\/Aina-Karlsone-1024x985.jpg 1024w, https:\/\/www.archiv.org.lv\/upitis\/wp-content\/uploads\/2022\/10\/Aina-Karlsone-300x289.jpg 300w, https:\/\/www.archiv.org.lv\/upitis\/wp-content\/uploads\/2022\/10\/Aina-Karlsone-768x739.jpg 768w, https:\/\/www.archiv.org.lv\/upitis\/wp-content\/uploads\/2022\/10\/Aina-Karlsone-rotated.jpg 1165w\" sizes=\"auto, (max-width: 1024px) 100vw, 1024px\" \/><\/a><figcaption class=\"wp-element-caption\">Aina Karlsone<\/figcaption><\/figure>\n<\/div>\n<\/div>\n<\/div>\n\n\n\n<div class=\"wp-block-column is-layout-flow wp-block-column-is-layout-flow\">\n<div class=\"wp-block-columns is-layout-flex wp-container-core-columns-is-layout-28f84493 wp-block-columns-is-layout-flex\">\n<div class=\"wp-block-column is-layout-flow wp-block-column-is-layout-flow\">\n<figure class=\"wp-block-image aligncenter size-large is-style-zoooom\"><a href=\"https:\/\/www.archiv.org.lv\/upitis\/wp-content\/uploads\/2022\/10\/Aleksejs-Jupatovs-2.jpg\"><img loading=\"lazy\" decoding=\"async\" width=\"688\" height=\"1024\" src=\"https:\/\/www.archiv.org.lv\/upitis\/wp-content\/uploads\/2022\/10\/Aleksejs-Jupatovs-2-688x1024.jpg\" alt=\"\" class=\"wp-image-587\" srcset=\"https:\/\/www.archiv.org.lv\/upitis\/wp-content\/uploads\/2022\/10\/Aleksejs-Jupatovs-2-688x1024.jpg 688w, https:\/\/www.archiv.org.lv\/upitis\/wp-content\/uploads\/2022\/10\/Aleksejs-Jupatovs-2-202x300.jpg 202w, https:\/\/www.archiv.org.lv\/upitis\/wp-content\/uploads\/2022\/10\/Aleksejs-Jupatovs-2-768x1142.jpg 768w, https:\/\/www.archiv.org.lv\/upitis\/wp-content\/uploads\/2022\/10\/Aleksejs-Jupatovs-2.jpg 790w\" sizes=\"auto, (max-width: 688px) 100vw, 688px\" \/><\/a><figcaption class=\"wp-element-caption\">Aleksejs Jupatovs<\/figcaption><\/figure>\n<\/div>\n\n\n\n<div class=\"wp-block-column is-layout-flow wp-block-column-is-layout-flow\">\n<figure class=\"wp-block-image aligncenter size-large is-style-zoooom\"><a href=\"https:\/\/www.archiv.org.lv\/upitis\/wp-content\/uploads\/2022\/10\/Aleksejs-Jupatovs.jpg\"><img loading=\"lazy\" decoding=\"async\" width=\"812\" height=\"1024\" src=\"https:\/\/www.archiv.org.lv\/upitis\/wp-content\/uploads\/2022\/10\/Aleksejs-Jupatovs-812x1024.jpg\" alt=\"\" class=\"wp-image-588\" srcset=\"https:\/\/www.archiv.org.lv\/upitis\/wp-content\/uploads\/2022\/10\/Aleksejs-Jupatovs-812x1024.jpg 812w, https:\/\/www.archiv.org.lv\/upitis\/wp-content\/uploads\/2022\/10\/Aleksejs-Jupatovs-238x300.jpg 238w, https:\/\/www.archiv.org.lv\/upitis\/wp-content\/uploads\/2022\/10\/Aleksejs-Jupatovs-768x968.jpg 768w, https:\/\/www.archiv.org.lv\/upitis\/wp-content\/uploads\/2022\/10\/Aleksejs-Jupatovs.jpg 833w\" sizes=\"auto, (max-width: 812px) 100vw, 812px\" \/><\/a><figcaption class=\"wp-element-caption\">Aleksejs Jupatovs<\/figcaption><\/figure>\n<\/div>\n<\/div>\n<\/div>\n<\/div>\n\n\n\n<div class=\"wp-block-columns is-layout-flex wp-container-core-columns-is-layout-28f84493 wp-block-columns-is-layout-flex\">\n<div class=\"wp-block-column is-layout-flow wp-block-column-is-layout-flow\">\n<div class=\"wp-block-columns is-layout-flex wp-container-core-columns-is-layout-28f84493 wp-block-columns-is-layout-flex\">\n<div class=\"wp-block-column is-layout-flow wp-block-column-is-layout-flow\">\n<figure class=\"wp-block-image aligncenter size-large is-style-zoooom\"><a href=\"https:\/\/www.archiv.org.lv\/upitis\/wp-content\/uploads\/2022\/10\/Daina-Asarite.jpg\"><img loading=\"lazy\" decoding=\"async\" width=\"710\" height=\"1024\" src=\"https:\/\/www.archiv.org.lv\/upitis\/wp-content\/uploads\/2022\/10\/Daina-Asarite-710x1024.jpg\" alt=\"\" class=\"wp-image-589\" srcset=\"https:\/\/www.archiv.org.lv\/upitis\/wp-content\/uploads\/2022\/10\/Daina-Asarite-710x1024.jpg 710w, https:\/\/www.archiv.org.lv\/upitis\/wp-content\/uploads\/2022\/10\/Daina-Asarite-208x300.jpg 208w, https:\/\/www.archiv.org.lv\/upitis\/wp-content\/uploads\/2022\/10\/Daina-Asarite.jpg 722w\" sizes=\"auto, (max-width: 710px) 100vw, 710px\" \/><\/a><figcaption class=\"wp-element-caption\">Daina Asar\u012bte<\/figcaption><\/figure>\n<\/div>\n\n\n\n<div class=\"wp-block-column is-layout-flow wp-block-column-is-layout-flow\">\n<figure class=\"wp-block-image aligncenter size-large is-style-zoooom\"><a href=\"https:\/\/www.archiv.org.lv\/upitis\/wp-content\/uploads\/2022\/10\/Elza-Stalidzane.jpg\"><img loading=\"lazy\" decoding=\"async\" width=\"610\" height=\"1024\" src=\"https:\/\/www.archiv.org.lv\/upitis\/wp-content\/uploads\/2022\/10\/Elza-Stalidzane-610x1024.jpg\" alt=\"\" class=\"wp-image-590\" srcset=\"https:\/\/www.archiv.org.lv\/upitis\/wp-content\/uploads\/2022\/10\/Elza-Stalidzane-610x1024.jpg 610w, https:\/\/www.archiv.org.lv\/upitis\/wp-content\/uploads\/2022\/10\/Elza-Stalidzane-179x300.jpg 179w, https:\/\/www.archiv.org.lv\/upitis\/wp-content\/uploads\/2022\/10\/Elza-Stalidzane-768x1290.jpg 768w, https:\/\/www.archiv.org.lv\/upitis\/wp-content\/uploads\/2022\/10\/Elza-Stalidzane-914x1536.jpg 914w, https:\/\/www.archiv.org.lv\/upitis\/wp-content\/uploads\/2022\/10\/Elza-Stalidzane.jpg 1025w\" sizes=\"auto, (max-width: 610px) 100vw, 610px\" \/><\/a><figcaption class=\"wp-element-caption\">Elza Stalidz\u0101ne<\/figcaption><\/figure>\n<\/div>\n<\/div>\n<\/div>\n\n\n\n<div class=\"wp-block-column is-layout-flow wp-block-column-is-layout-flow\">\n<div class=\"wp-block-columns is-layout-flex wp-container-core-columns-is-layout-28f84493 wp-block-columns-is-layout-flex\">\n<div class=\"wp-block-column is-layout-flow wp-block-column-is-layout-flow\">\n<figure class=\"wp-block-image aligncenter size-large is-style-zoooom\"><a href=\"https:\/\/www.archiv.org.lv\/upitis\/wp-content\/uploads\/2022\/10\/Gunars-Berzins-2.jpg\"><img loading=\"lazy\" decoding=\"async\" width=\"685\" height=\"1024\" src=\"https:\/\/www.archiv.org.lv\/upitis\/wp-content\/uploads\/2022\/10\/Gunars-Berzins-2-685x1024.jpg\" alt=\"\" class=\"wp-image-591\" srcset=\"https:\/\/www.archiv.org.lv\/upitis\/wp-content\/uploads\/2022\/10\/Gunars-Berzins-2-685x1024.jpg 685w, https:\/\/www.archiv.org.lv\/upitis\/wp-content\/uploads\/2022\/10\/Gunars-Berzins-2-201x300.jpg 201w, https:\/\/www.archiv.org.lv\/upitis\/wp-content\/uploads\/2022\/10\/Gunars-Berzins-2-768x1148.jpg 768w, https:\/\/www.archiv.org.lv\/upitis\/wp-content\/uploads\/2022\/10\/Gunars-Berzins-2.jpg 785w\" sizes=\"auto, (max-width: 685px) 100vw, 685px\" \/><\/a><figcaption class=\"wp-element-caption\">Gun\u0101rs B\u0113rzi\u0146\u0161<\/figcaption><\/figure>\n<\/div>\n\n\n\n<div class=\"wp-block-column is-layout-flow wp-block-column-is-layout-flow\">\n<figure class=\"wp-block-image aligncenter size-full is-style-zoooom\"><a href=\"https:\/\/www.archiv.org.lv\/upitis\/wp-content\/uploads\/2022\/10\/Gunars-Berzins.jpg\"><img loading=\"lazy\" decoding=\"async\" width=\"686\" height=\"1001\" src=\"https:\/\/www.archiv.org.lv\/upitis\/wp-content\/uploads\/2022\/10\/Gunars-Berzins.jpg\" alt=\"\" class=\"wp-image-592\" srcset=\"https:\/\/www.archiv.org.lv\/upitis\/wp-content\/uploads\/2022\/10\/Gunars-Berzins.jpg 686w, https:\/\/www.archiv.org.lv\/upitis\/wp-content\/uploads\/2022\/10\/Gunars-Berzins-206x300.jpg 206w\" sizes=\"auto, (max-width: 686px) 100vw, 686px\" \/><\/a><figcaption class=\"wp-element-caption\">Gun\u0101rs B\u0113rzi\u0146\u0161<\/figcaption><\/figure>\n<\/div>\n<\/div>\n<\/div>\n<\/div>\n\n\n\n<div class=\"wp-block-columns is-layout-flex wp-container-core-columns-is-layout-28f84493 wp-block-columns-is-layout-flex\">\n<div class=\"wp-block-column is-layout-flow wp-block-column-is-layout-flow\">\n<div class=\"wp-block-columns is-layout-flex wp-container-core-columns-is-layout-28f84493 wp-block-columns-is-layout-flex\">\n<div class=\"wp-block-column is-layout-flow wp-block-column-is-layout-flow\">\n<figure class=\"wp-block-image aligncenter size-large is-style-zoooom\"><a href=\"https:\/\/www.archiv.org.lv\/upitis\/wp-content\/uploads\/2022\/10\/I.Zeberins-2-rotated.jpg\"><img loading=\"lazy\" decoding=\"async\" width=\"708\" height=\"1024\" src=\"https:\/\/www.archiv.org.lv\/upitis\/wp-content\/uploads\/2022\/10\/I.Zeberins-2-708x1024.jpg\" alt=\"\" class=\"wp-image-593\" srcset=\"https:\/\/www.archiv.org.lv\/upitis\/wp-content\/uploads\/2022\/10\/I.Zeberins-2-708x1024.jpg 708w, https:\/\/www.archiv.org.lv\/upitis\/wp-content\/uploads\/2022\/10\/I.Zeberins-2-207x300.jpg 207w, https:\/\/www.archiv.org.lv\/upitis\/wp-content\/uploads\/2022\/10\/I.Zeberins-2-768x1110.jpg 768w, https:\/\/www.archiv.org.lv\/upitis\/wp-content\/uploads\/2022\/10\/I.Zeberins-2-rotated.jpg 879w\" sizes=\"auto, (max-width: 708px) 100vw, 708px\" \/><\/a><figcaption class=\"wp-element-caption\">Indri\u0137is Zeberi\u0146\u0161<\/figcaption><\/figure>\n<\/div>\n\n\n\n<div class=\"wp-block-column is-layout-flow wp-block-column-is-layout-flow\">\n<figure class=\"wp-block-image aligncenter size-full is-style-zoooom\"><a href=\"https:\/\/www.archiv.org.lv\/upitis\/wp-content\/uploads\/2022\/10\/I.Zeberins.jpg\"><img loading=\"lazy\" decoding=\"async\" width=\"921\" height=\"1000\" src=\"https:\/\/www.archiv.org.lv\/upitis\/wp-content\/uploads\/2022\/10\/I.Zeberins.jpg\" alt=\"\" class=\"wp-image-594\" srcset=\"https:\/\/www.archiv.org.lv\/upitis\/wp-content\/uploads\/2022\/10\/I.Zeberins.jpg 921w, https:\/\/www.archiv.org.lv\/upitis\/wp-content\/uploads\/2022\/10\/I.Zeberins-276x300.jpg 276w, https:\/\/www.archiv.org.lv\/upitis\/wp-content\/uploads\/2022\/10\/I.Zeberins-768x834.jpg 768w\" sizes=\"auto, (max-width: 921px) 100vw, 921px\" \/><\/a><figcaption class=\"wp-element-caption\">Indri\u0137is Zeberi\u0146\u0161<\/figcaption><\/figure>\n<\/div>\n<\/div>\n<\/div>\n\n\n\n<div class=\"wp-block-column is-layout-flow wp-block-column-is-layout-flow\">\n<div class=\"wp-block-columns is-layout-flex wp-container-core-columns-is-layout-28f84493 wp-block-columns-is-layout-flex\">\n<div class=\"wp-block-column is-layout-flow wp-block-column-is-layout-flow\">\n<figure class=\"wp-block-image aligncenter size-large is-style-zoooom\"><a href=\"https:\/\/www.archiv.org.lv\/upitis\/wp-content\/uploads\/2022\/10\/imants-Ozolins-1978.gads_.jpg\"><img loading=\"lazy\" decoding=\"async\" width=\"756\" height=\"1024\" src=\"https:\/\/www.archiv.org.lv\/upitis\/wp-content\/uploads\/2022\/10\/imants-Ozolins-1978.gads_-756x1024.jpg\" alt=\"\" class=\"wp-image-597\" srcset=\"https:\/\/www.archiv.org.lv\/upitis\/wp-content\/uploads\/2022\/10\/imants-Ozolins-1978.gads_-756x1024.jpg 756w, https:\/\/www.archiv.org.lv\/upitis\/wp-content\/uploads\/2022\/10\/imants-Ozolins-1978.gads_-222x300.jpg 222w, https:\/\/www.archiv.org.lv\/upitis\/wp-content\/uploads\/2022\/10\/imants-Ozolins-1978.gads_-768x1040.jpg 768w, https:\/\/www.archiv.org.lv\/upitis\/wp-content\/uploads\/2022\/10\/imants-Ozolins-1978.gads_.jpg 944w\" sizes=\"auto, (max-width: 756px) 100vw, 756px\" \/><\/a><figcaption class=\"wp-element-caption\">Imants Ozoli\u0146\u0161<\/figcaption><\/figure>\n<\/div>\n\n\n\n<div class=\"wp-block-column is-layout-flow wp-block-column-is-layout-flow\">\n<figure class=\"wp-block-image aligncenter size-large is-style-zoooom\"><a href=\"https:\/\/www.archiv.org.lv\/upitis\/wp-content\/uploads\/2022\/10\/Indulis-Otto-1980.jpg\"><img loading=\"lazy\" decoding=\"async\" width=\"763\" height=\"1024\" src=\"https:\/\/www.archiv.org.lv\/upitis\/wp-content\/uploads\/2022\/10\/Indulis-Otto-1980-763x1024.jpg\" alt=\"\" class=\"wp-image-598\" srcset=\"https:\/\/www.archiv.org.lv\/upitis\/wp-content\/uploads\/2022\/10\/Indulis-Otto-1980-763x1024.jpg 763w, https:\/\/www.archiv.org.lv\/upitis\/wp-content\/uploads\/2022\/10\/Indulis-Otto-1980-223x300.jpg 223w, https:\/\/www.archiv.org.lv\/upitis\/wp-content\/uploads\/2022\/10\/Indulis-Otto-1980-768x1031.jpg 768w, https:\/\/www.archiv.org.lv\/upitis\/wp-content\/uploads\/2022\/10\/Indulis-Otto-1980.jpg 1123w\" sizes=\"auto, (max-width: 763px) 100vw, 763px\" \/><\/a><figcaption class=\"wp-element-caption\">Indulis Otto<\/figcaption><\/figure>\n<\/div>\n<\/div>\n<\/div>\n<\/div>\n\n\n\n<div class=\"wp-block-columns is-layout-flex wp-container-core-columns-is-layout-28f84493 wp-block-columns-is-layout-flex\">\n<div class=\"wp-block-column is-layout-flow wp-block-column-is-layout-flow\">\n<div class=\"wp-block-columns is-layout-flex wp-container-core-columns-is-layout-28f84493 wp-block-columns-is-layout-flex\">\n<div class=\"wp-block-column is-layout-flow wp-block-column-is-layout-flow\">\n<figure class=\"wp-block-image aligncenter size-large is-style-zoooom\"><a href=\"https:\/\/www.archiv.org.lv\/upitis\/wp-content\/uploads\/2022\/10\/im532-2.jpg\"><img loading=\"lazy\" decoding=\"async\" width=\"798\" height=\"1024\" src=\"https:\/\/www.archiv.org.lv\/upitis\/wp-content\/uploads\/2022\/10\/im532-2-798x1024.jpg\" alt=\"\" class=\"wp-image-596\" srcset=\"https:\/\/www.archiv.org.lv\/upitis\/wp-content\/uploads\/2022\/10\/im532-2-798x1024.jpg 798w, https:\/\/www.archiv.org.lv\/upitis\/wp-content\/uploads\/2022\/10\/im532-2-234x300.jpg 234w, https:\/\/www.archiv.org.lv\/upitis\/wp-content\/uploads\/2022\/10\/im532-2-768x986.jpg 768w, https:\/\/www.archiv.org.lv\/upitis\/wp-content\/uploads\/2022\/10\/im532-2.jpg 938w\" sizes=\"auto, (max-width: 798px) 100vw, 798px\" \/><\/a><figcaption class=\"wp-element-caption\">Elita Viliama<\/figcaption><\/figure>\n<\/div>\n\n\n\n<div class=\"wp-block-column is-layout-flow wp-block-column-is-layout-flow\">\n<figure class=\"wp-block-image aligncenter size-large is-style-zoooom\"><a href=\"https:\/\/www.archiv.org.lv\/upitis\/wp-content\/uploads\/2022\/10\/im531.jpg\"><img loading=\"lazy\" decoding=\"async\" width=\"688\" height=\"1024\" src=\"https:\/\/www.archiv.org.lv\/upitis\/wp-content\/uploads\/2022\/10\/im531-688x1024.jpg\" alt=\"\" class=\"wp-image-595\" srcset=\"https:\/\/www.archiv.org.lv\/upitis\/wp-content\/uploads\/2022\/10\/im531-688x1024.jpg 688w, https:\/\/www.archiv.org.lv\/upitis\/wp-content\/uploads\/2022\/10\/im531-202x300.jpg 202w, https:\/\/www.archiv.org.lv\/upitis\/wp-content\/uploads\/2022\/10\/im531-768x1143.jpg 768w, https:\/\/www.archiv.org.lv\/upitis\/wp-content\/uploads\/2022\/10\/im531-1032x1536.jpg 1032w, https:\/\/www.archiv.org.lv\/upitis\/wp-content\/uploads\/2022\/10\/im531.jpg 1055w\" sizes=\"auto, (max-width: 688px) 100vw, 688px\" \/><\/a><figcaption class=\"wp-element-caption\">Elita Viliama<\/figcaption><\/figure>\n<\/div>\n<\/div>\n<\/div>\n\n\n\n<div class=\"wp-block-column is-layout-flow wp-block-column-is-layout-flow\">\n<div class=\"wp-block-columns is-layout-flex wp-container-core-columns-is-layout-28f84493 wp-block-columns-is-layout-flex\">\n<div class=\"wp-block-column is-layout-flow wp-block-column-is-layout-flow\">\n<figure class=\"wp-block-image aligncenter size-large is-style-zoooom\"><a href=\"https:\/\/www.archiv.org.lv\/upitis\/wp-content\/uploads\/2022\/10\/Izabella-Verzapetova.jpg\"><img loading=\"lazy\" decoding=\"async\" width=\"769\" height=\"1024\" src=\"https:\/\/www.archiv.org.lv\/upitis\/wp-content\/uploads\/2022\/10\/Izabella-Verzapetova-769x1024.jpg\" alt=\"\" class=\"wp-image-599\" srcset=\"https:\/\/www.archiv.org.lv\/upitis\/wp-content\/uploads\/2022\/10\/Izabella-Verzapetova-769x1024.jpg 769w, https:\/\/www.archiv.org.lv\/upitis\/wp-content\/uploads\/2022\/10\/Izabella-Verzapetova-225x300.jpg 225w, https:\/\/www.archiv.org.lv\/upitis\/wp-content\/uploads\/2022\/10\/Izabella-Verzapetova-768x1023.jpg 768w, https:\/\/www.archiv.org.lv\/upitis\/wp-content\/uploads\/2022\/10\/Izabella-Verzapetova.jpg 916w\" sizes=\"auto, (max-width: 769px) 100vw, 769px\" \/><\/a><figcaption class=\"wp-element-caption\">Izabella Ver\u017eapetova<\/figcaption><\/figure>\n<\/div>\n\n\n\n<div class=\"wp-block-column is-layout-flow wp-block-column-is-layout-flow\">\n<figure class=\"wp-block-image aligncenter size-large is-style-zoooom\"><a href=\"https:\/\/www.archiv.org.lv\/upitis\/wp-content\/uploads\/2022\/10\/J.Neimanis.jpg\"><img loading=\"lazy\" decoding=\"async\" width=\"939\" height=\"1024\" src=\"https:\/\/www.archiv.org.lv\/upitis\/wp-content\/uploads\/2022\/10\/J.Neimanis-939x1024.jpg\" alt=\"\" class=\"wp-image-600\" srcset=\"https:\/\/www.archiv.org.lv\/upitis\/wp-content\/uploads\/2022\/10\/J.Neimanis-939x1024.jpg 939w, https:\/\/www.archiv.org.lv\/upitis\/wp-content\/uploads\/2022\/10\/J.Neimanis-275x300.jpg 275w, https:\/\/www.archiv.org.lv\/upitis\/wp-content\/uploads\/2022\/10\/J.Neimanis-768x838.jpg 768w, https:\/\/www.archiv.org.lv\/upitis\/wp-content\/uploads\/2022\/10\/J.Neimanis.jpg 1036w\" sizes=\"auto, (max-width: 939px) 100vw, 939px\" \/><\/a><figcaption class=\"wp-element-caption\">Juris Neimanis<\/figcaption><\/figure>\n<\/div>\n<\/div>\n<\/div>\n<\/div>\n\n\n\n<div class=\"wp-block-columns is-layout-flex wp-container-core-columns-is-layout-28f84493 wp-block-columns-is-layout-flex\">\n<div class=\"wp-block-column is-layout-flow wp-block-column-is-layout-flow\">\n<div class=\"wp-block-columns is-layout-flex wp-container-core-columns-is-layout-28f84493 wp-block-columns-is-layout-flex\">\n<div class=\"wp-block-column is-layout-flow wp-block-column-is-layout-flow\">\n<figure class=\"wp-block-image aligncenter size-large is-style-zoooom\"><a href=\"https:\/\/www.archiv.org.lv\/upitis\/wp-content\/uploads\/2022\/10\/K.Baumanis-1956.jpg\"><img loading=\"lazy\" decoding=\"async\" width=\"856\" height=\"1024\" src=\"https:\/\/www.archiv.org.lv\/upitis\/wp-content\/uploads\/2022\/10\/K.Baumanis-1956-856x1024.jpg\" alt=\"\" class=\"wp-image-601\" srcset=\"https:\/\/www.archiv.org.lv\/upitis\/wp-content\/uploads\/2022\/10\/K.Baumanis-1956-856x1024.jpg 856w, https:\/\/www.archiv.org.lv\/upitis\/wp-content\/uploads\/2022\/10\/K.Baumanis-1956-251x300.jpg 251w, https:\/\/www.archiv.org.lv\/upitis\/wp-content\/uploads\/2022\/10\/K.Baumanis-1956-768x919.jpg 768w, https:\/\/www.archiv.org.lv\/upitis\/wp-content\/uploads\/2022\/10\/K.Baumanis-1956.jpg 902w\" sizes=\"auto, (max-width: 856px) 100vw, 856px\" \/><\/a><figcaption class=\"wp-element-caption\">K\u0101rlis Baumanis<\/figcaption><\/figure>\n<\/div>\n\n\n\n<div class=\"wp-block-column is-layout-flow wp-block-column-is-layout-flow\">\n<figure class=\"wp-block-image aligncenter size-large is-style-zoooom\"><a href=\"https:\/\/www.archiv.org.lv\/upitis\/wp-content\/uploads\/2022\/10\/Ottoo-Medins-rotated.jpg\"><img loading=\"lazy\" decoding=\"async\" width=\"780\" height=\"1024\" src=\"https:\/\/www.archiv.org.lv\/upitis\/wp-content\/uploads\/2022\/10\/Ottoo-Medins-780x1024.jpg\" alt=\"\" class=\"wp-image-602\" srcset=\"https:\/\/www.archiv.org.lv\/upitis\/wp-content\/uploads\/2022\/10\/Ottoo-Medins-780x1024.jpg 780w, https:\/\/www.archiv.org.lv\/upitis\/wp-content\/uploads\/2022\/10\/Ottoo-Medins-228x300.jpg 228w, https:\/\/www.archiv.org.lv\/upitis\/wp-content\/uploads\/2022\/10\/Ottoo-Medins-768x1009.jpg 768w, https:\/\/www.archiv.org.lv\/upitis\/wp-content\/uploads\/2022\/10\/Ottoo-Medins-rotated.jpg 864w\" sizes=\"auto, (max-width: 780px) 100vw, 780px\" \/><\/a><figcaption class=\"wp-element-caption\">Otto Mednis<\/figcaption><\/figure>\n<\/div>\n<\/div>\n<\/div>\n\n\n\n<div class=\"wp-block-column is-layout-flow wp-block-column-is-layout-flow\">\n<div class=\"wp-block-columns is-layout-flex wp-container-core-columns-is-layout-28f84493 wp-block-columns-is-layout-flex\">\n<div class=\"wp-block-column is-layout-flow wp-block-column-is-layout-flow\">\n<figure class=\"wp-block-image aligncenter size-large is-style-zoooom\"><a href=\"https:\/\/www.archiv.org.lv\/upitis\/wp-content\/uploads\/2022\/10\/Viesturs-Grants-rotated.jpg\"><img loading=\"lazy\" decoding=\"async\" width=\"768\" height=\"1024\" src=\"https:\/\/www.archiv.org.lv\/upitis\/wp-content\/uploads\/2022\/10\/Viesturs-Grants-768x1024.jpg\" alt=\"\" class=\"wp-image-603\" srcset=\"https:\/\/www.archiv.org.lv\/upitis\/wp-content\/uploads\/2022\/10\/Viesturs-Grants-768x1023.jpg 768w, https:\/\/www.archiv.org.lv\/upitis\/wp-content\/uploads\/2022\/10\/Viesturs-Grants-225x300.jpg 225w, https:\/\/www.archiv.org.lv\/upitis\/wp-content\/uploads\/2022\/10\/Viesturs-Grants-1153x1536.jpg 1153w, https:\/\/www.archiv.org.lv\/upitis\/wp-content\/uploads\/2022\/10\/Viesturs-Grants-rotated.jpg 1200w\" sizes=\"auto, (max-width: 768px) 100vw, 768px\" \/><\/a><figcaption class=\"wp-element-caption\">Viesturs Grants<\/figcaption><\/figure>\n<\/div>\n\n\n\n<div class=\"wp-block-column is-layout-flow wp-block-column-is-layout-flow\">\n<figure class=\"wp-block-image aligncenter size-large is-style-zoooom\"><a href=\"https:\/\/www.archiv.org.lv\/upitis\/wp-content\/uploads\/2022\/10\/Vija-Klavina-2.jpg\"><img loading=\"lazy\" decoding=\"async\" width=\"677\" height=\"1024\" src=\"https:\/\/www.archiv.org.lv\/upitis\/wp-content\/uploads\/2022\/10\/Vija-Klavina-2-677x1024.jpg\" alt=\"\" class=\"wp-image-604\" srcset=\"https:\/\/www.archiv.org.lv\/upitis\/wp-content\/uploads\/2022\/10\/Vija-Klavina-2-677x1024.jpg 677w, https:\/\/www.archiv.org.lv\/upitis\/wp-content\/uploads\/2022\/10\/Vija-Klavina-2-198x300.jpg 198w, https:\/\/www.archiv.org.lv\/upitis\/wp-content\/uploads\/2022\/10\/Vija-Klavina-2-768x1161.jpg 768w, https:\/\/www.archiv.org.lv\/upitis\/wp-content\/uploads\/2022\/10\/Vija-Klavina-2.jpg 782w\" sizes=\"auto, (max-width: 677px) 100vw, 677px\" \/><\/a><figcaption class=\"wp-element-caption\">Vija K\u013cavi\u0146a<\/figcaption><\/figure>\n<\/div>\n<\/div>\n<\/div>\n<\/div>\n\n\n\n<p class=\"has-text-align-center\">Gr\u0101matz\u012bmju darin\u0101\u0161anai sav\u0101 dai\u013crad\u0113 piev\u0113rsu\u0161ies daudzi latvie\u0161u m\u0101kslinieki, l\u012bdz ar to P. Up\u012btim izdevies apkopot lielu skaitu gr\u0101matz\u012bmju, kas atspogu\u013co \u0161\u012bs grafikas nozares att\u012bst\u012bbu Latvij\u0101 un katram autoram rakstur\u012bgo rokrakstu. Apjom\u012bg\u0101k\u0101s latvie\u0161u m\u0101kslinieku darin\u0101to gr\u0101matz\u012bmju kolekcijas P. Up\u012b\u0161a sakr\u0101to skait\u0101 ir Dzidras Ezergailes, Alekseja Jupatova, J\u0101\u0146a Liepi\u0146a, Otto Med\u0146a, J\u0101\u0146a Pl\u0113pja, Dai\u0146a Ro\u017ekalna, Vi\u013ca Re\u0161\u0146a, Sigismunda Vidberga, Elitas Viliamas, Riharda Zari\u0146a, Indri\u0137a Zeberi\u0146a, Zigurda Zuzes u.c. m\u0101kslinieku rad\u012bt\u0101s gr\u0101matz\u012bmes. Lielu skaitu veido latvie\u0161u m\u0101kslinieku darin\u0101t\u0101s P. Up\u012btim velt\u012bt\u0101s gr\u0101matz\u012bmes, kas, piem\u0113ram, tika d\u0101vin\u0101tas da\u017e\u0101d\u0101s vi\u0146a jubilej\u0101s u.c. \u0160aj\u0101s gr\u0101matz\u012bm\u0113s redzami da\u017e\u0101di si\u017eetiskie un m\u0101kslinieciskie risin\u0101jumi, ietverot daudzveid\u012bgus mot\u012bvus un \u017eanrus. Kop\u0161 piev\u0113r\u0161an\u0101s gr\u0101matz\u012bmju kolekcion\u0113\u0161anai, P. Up\u012btis to turpin\u0101ja visa m\u016b\u017ea garum\u0101. Lieli nopelni kolekcijas k\u0101rto\u0161an\u0101 ir ar\u012b m\u0101kslinieka dz\u012bvesbiedrei Verai Up\u012btei, p\u0113c tam to mantojum\u0101 sa\u0146\u0113ma P. Up\u012b\u0161a b\u0113rni \u2013 meita Aina Zandersone un d\u0113ls Andris Aivis Up\u012btis, savuk\u0101rt \u0161obr\u012bd t\u0101 nodota glab\u0101\u0161an\u0101 LNA Latvijas Valsts arh\u012bv\u0101.<\/p>\n\n\n\n<p><strong>Latvie\u0161u m\u0101kslinieku darin\u0101t\u0101s gr\u0101matz\u012bmes P\u0113terim Up\u012btim<\/strong>. Avots: LNA_LVA_F1839.<\/p>\n\n\n\n<div class=\"wp-block-columns is-layout-flex wp-container-core-columns-is-layout-28f84493 wp-block-columns-is-layout-flex\">\n<div class=\"wp-block-column is-layout-flow wp-block-column-is-layout-flow\">\n<div class=\"wp-block-columns is-layout-flex wp-container-core-columns-is-layout-28f84493 wp-block-columns-is-layout-flex\">\n<div class=\"wp-block-column is-layout-flow wp-block-column-is-layout-flow\">\n<figure class=\"wp-block-image aligncenter size-large is-style-zoooom\"><a href=\"https:\/\/www.archiv.org.lv\/upitis\/wp-content\/uploads\/2022\/10\/Zeberins-1957.jpg\"><img loading=\"lazy\" decoding=\"async\" width=\"735\" height=\"1024\" src=\"https:\/\/www.archiv.org.lv\/upitis\/wp-content\/uploads\/2022\/10\/Zeberins-1957-735x1024.jpg\" alt=\"\" class=\"wp-image-613\" srcset=\"https:\/\/www.archiv.org.lv\/upitis\/wp-content\/uploads\/2022\/10\/Zeberins-1957-735x1024.jpg 735w, https:\/\/www.archiv.org.lv\/upitis\/wp-content\/uploads\/2022\/10\/Zeberins-1957-215x300.jpg 215w, https:\/\/www.archiv.org.lv\/upitis\/wp-content\/uploads\/2022\/10\/Zeberins-1957-768x1070.jpg 768w, https:\/\/www.archiv.org.lv\/upitis\/wp-content\/uploads\/2022\/10\/Zeberins-1957.jpg 873w\" sizes=\"auto, (max-width: 735px) 100vw, 735px\" \/><\/a><figcaption class=\"wp-element-caption\">Indri\u0137is Zeberi\u0146\u0161, 1957. gads.<\/figcaption><\/figure>\n<\/div>\n\n\n\n<div class=\"wp-block-column is-layout-flow wp-block-column-is-layout-flow\">\n<figure class=\"wp-block-image aligncenter size-large is-style-zoooom\"><a href=\"https:\/\/www.archiv.org.lv\/upitis\/wp-content\/uploads\/2022\/10\/Z.Zuze-1969.jpg\"><img loading=\"lazy\" decoding=\"async\" width=\"766\" height=\"1024\" src=\"https:\/\/www.archiv.org.lv\/upitis\/wp-content\/uploads\/2022\/10\/Z.Zuze-1969-766x1024.jpg\" alt=\"\" class=\"wp-image-614\" srcset=\"https:\/\/www.archiv.org.lv\/upitis\/wp-content\/uploads\/2022\/10\/Z.Zuze-1969-766x1024.jpg 766w, https:\/\/www.archiv.org.lv\/upitis\/wp-content\/uploads\/2022\/10\/Z.Zuze-1969-224x300.jpg 224w, https:\/\/www.archiv.org.lv\/upitis\/wp-content\/uploads\/2022\/10\/Z.Zuze-1969-768x1027.jpg 768w, https:\/\/www.archiv.org.lv\/upitis\/wp-content\/uploads\/2022\/10\/Z.Zuze-1969.jpg 995w\" sizes=\"auto, (max-width: 766px) 100vw, 766px\" \/><\/a><figcaption class=\"wp-element-caption\">Zigurds Zuze, 1969. gads.<\/figcaption><\/figure>\n<\/div>\n<\/div>\n<\/div>\n\n\n\n<div class=\"wp-block-column is-layout-flow wp-block-column-is-layout-flow\">\n<div class=\"wp-block-columns is-layout-flex wp-container-core-columns-is-layout-28f84493 wp-block-columns-is-layout-flex\">\n<div class=\"wp-block-column is-layout-flow wp-block-column-is-layout-flow\">\n<figure class=\"wp-block-image aligncenter size-large is-style-zoooom\"><a href=\"https:\/\/www.archiv.org.lv\/upitis\/wp-content\/uploads\/2022\/10\/Helmuts.jpg\"><img loading=\"lazy\" decoding=\"async\" width=\"883\" height=\"1024\" src=\"https:\/\/www.archiv.org.lv\/upitis\/wp-content\/uploads\/2022\/10\/Helmuts-883x1024.jpg\" alt=\"\" class=\"wp-image-615\" srcset=\"https:\/\/www.archiv.org.lv\/upitis\/wp-content\/uploads\/2022\/10\/Helmuts-883x1024.jpg 883w, https:\/\/www.archiv.org.lv\/upitis\/wp-content\/uploads\/2022\/10\/Helmuts-259x300.jpg 259w, https:\/\/www.archiv.org.lv\/upitis\/wp-content\/uploads\/2022\/10\/Helmuts-768x891.jpg 768w, https:\/\/www.archiv.org.lv\/upitis\/wp-content\/uploads\/2022\/10\/Helmuts.jpg 1194w\" sizes=\"auto, (max-width: 883px) 100vw, 883px\" \/><\/a><figcaption class=\"wp-element-caption\">In\u0101rs Helm\u016bts, 1984. gads.<\/figcaption><\/figure>\n<\/div>\n\n\n\n<div class=\"wp-block-column is-layout-flow wp-block-column-is-layout-flow\">\n<figure class=\"wp-block-image aligncenter size-large is-style-zoooom\"><a href=\"https:\/\/www.archiv.org.lv\/upitis\/wp-content\/uploads\/2022\/10\/D.Rozkalns.jpg\"><img loading=\"lazy\" decoding=\"async\" width=\"1024\" height=\"451\" src=\"https:\/\/www.archiv.org.lv\/upitis\/wp-content\/uploads\/2022\/10\/D.Rozkalns-1024x451.jpg\" alt=\"\" class=\"wp-image-616\" srcset=\"https:\/\/www.archiv.org.lv\/upitis\/wp-content\/uploads\/2022\/10\/D.Rozkalns-1024x451.jpg 1024w, https:\/\/www.archiv.org.lv\/upitis\/wp-content\/uploads\/2022\/10\/D.Rozkalns-300x132.jpg 300w, https:\/\/www.archiv.org.lv\/upitis\/wp-content\/uploads\/2022\/10\/D.Rozkalns-768x338.jpg 768w, https:\/\/www.archiv.org.lv\/upitis\/wp-content\/uploads\/2022\/10\/D.Rozkalns.jpg 1488w\" sizes=\"auto, (max-width: 1024px) 100vw, 1024px\" \/><\/a><figcaption class=\"wp-element-caption\">Dainis Ro\u017ekalns, 1964. gads.<\/figcaption><\/figure>\n<\/div>\n<\/div>\n<\/div>\n<\/div>\n\n\n\n<div class=\"wp-block-columns is-layout-flex wp-container-core-columns-is-layout-28f84493 wp-block-columns-is-layout-flex\">\n<div class=\"wp-block-column is-layout-flow wp-block-column-is-layout-flow\">\n<div class=\"wp-block-columns is-layout-flex wp-container-core-columns-is-layout-28f84493 wp-block-columns-is-layout-flex\">\n<div class=\"wp-block-column is-layout-flow wp-block-column-is-layout-flow\">\n<figure class=\"wp-block-image aligncenter size-large is-style-zoooom\"><a href=\"https:\/\/www.archiv.org.lv\/upitis\/wp-content\/uploads\/2022\/10\/im009-2.jpg\"><img loading=\"lazy\" decoding=\"async\" width=\"708\" height=\"1024\" src=\"https:\/\/www.archiv.org.lv\/upitis\/wp-content\/uploads\/2022\/10\/im009-2-708x1024.jpg\" alt=\"\" class=\"wp-image-563\" srcset=\"https:\/\/www.archiv.org.lv\/upitis\/wp-content\/uploads\/2022\/10\/im009-2-708x1024.jpg 708w, https:\/\/www.archiv.org.lv\/upitis\/wp-content\/uploads\/2022\/10\/im009-2-207x300.jpg 207w, https:\/\/www.archiv.org.lv\/upitis\/wp-content\/uploads\/2022\/10\/im009-2-768x1111.jpg 768w, https:\/\/www.archiv.org.lv\/upitis\/wp-content\/uploads\/2022\/10\/im009-2.jpg 944w\" sizes=\"auto, (max-width: 708px) 100vw, 708px\" \/><\/a><figcaption class=\"wp-element-caption\">Klitija Asberga, 1974. gads.<\/figcaption><\/figure>\n<\/div>\n\n\n\n<div class=\"wp-block-column is-layout-flow wp-block-column-is-layout-flow\">\n<figure class=\"wp-block-image aligncenter size-large is-style-zoooom\"><a href=\"https:\/\/www.archiv.org.lv\/upitis\/wp-content\/uploads\/2022\/10\/img029-2.jpg\"><img loading=\"lazy\" decoding=\"async\" width=\"784\" height=\"1024\" src=\"https:\/\/www.archiv.org.lv\/upitis\/wp-content\/uploads\/2022\/10\/img029-2-784x1024.jpg\" alt=\"\" class=\"wp-image-606\" srcset=\"https:\/\/www.archiv.org.lv\/upitis\/wp-content\/uploads\/2022\/10\/img029-2-784x1024.jpg 784w, https:\/\/www.archiv.org.lv\/upitis\/wp-content\/uploads\/2022\/10\/img029-2-230x300.jpg 230w, https:\/\/www.archiv.org.lv\/upitis\/wp-content\/uploads\/2022\/10\/img029-2-768x1003.jpg 768w, https:\/\/www.archiv.org.lv\/upitis\/wp-content\/uploads\/2022\/10\/img029-2.jpg 836w\" sizes=\"auto, (max-width: 784px) 100vw, 784px\" \/><\/a><figcaption class=\"wp-element-caption\">Klitija Asberga, 1976. gads.<\/figcaption><\/figure>\n<\/div>\n<\/div>\n<\/div>\n\n\n\n<div class=\"wp-block-column is-layout-flow wp-block-column-is-layout-flow\">\n<div class=\"wp-block-columns is-layout-flex wp-container-core-columns-is-layout-28f84493 wp-block-columns-is-layout-flex\">\n<div class=\"wp-block-column is-layout-flow wp-block-column-is-layout-flow\">\n<figure class=\"wp-block-image aligncenter size-large is-style-zoooom\"><a href=\"https:\/\/www.archiv.org.lv\/upitis\/wp-content\/uploads\/2022\/10\/im011.jpg\"><img loading=\"lazy\" decoding=\"async\" width=\"614\" height=\"1024\" src=\"https:\/\/www.archiv.org.lv\/upitis\/wp-content\/uploads\/2022\/10\/im011-614x1024.jpg\" alt=\"\" class=\"wp-image-565\" srcset=\"https:\/\/www.archiv.org.lv\/upitis\/wp-content\/uploads\/2022\/10\/im011-614x1024.jpg 614w, https:\/\/www.archiv.org.lv\/upitis\/wp-content\/uploads\/2022\/10\/im011-180x300.jpg 180w, https:\/\/www.archiv.org.lv\/upitis\/wp-content\/uploads\/2022\/10\/im011-768x1280.jpg 768w, https:\/\/www.archiv.org.lv\/upitis\/wp-content\/uploads\/2022\/10\/im011-921x1536.jpg 921w, https:\/\/www.archiv.org.lv\/upitis\/wp-content\/uploads\/2022\/10\/im011.jpg 1211w\" sizes=\"auto, (max-width: 614px) 100vw, 614px\" \/><\/a><figcaption class=\"wp-element-caption\">Elza Stalidz\u0101ne, 1982. gads.<\/figcaption><\/figure>\n<\/div>\n\n\n\n<div class=\"wp-block-column is-layout-flow wp-block-column-is-layout-flow\">\n<figure class=\"wp-block-image aligncenter size-large is-style-zoooom\"><a href=\"https:\/\/www.archiv.org.lv\/upitis\/wp-content\/uploads\/2022\/10\/im534.jpg\"><img loading=\"lazy\" decoding=\"async\" width=\"648\" height=\"1024\" src=\"https:\/\/www.archiv.org.lv\/upitis\/wp-content\/uploads\/2022\/10\/im534-648x1024.jpg\" alt=\"\" class=\"wp-image-575\" srcset=\"https:\/\/www.archiv.org.lv\/upitis\/wp-content\/uploads\/2022\/10\/im534-648x1024.jpg 648w, https:\/\/www.archiv.org.lv\/upitis\/wp-content\/uploads\/2022\/10\/im534-190x300.jpg 190w, https:\/\/www.archiv.org.lv\/upitis\/wp-content\/uploads\/2022\/10\/im534-768x1214.jpg 768w, https:\/\/www.archiv.org.lv\/upitis\/wp-content\/uploads\/2022\/10\/im534.jpg 912w\" sizes=\"auto, (max-width: 648px) 100vw, 648px\" \/><\/a><figcaption class=\"wp-element-caption\">Zigurds Zuze, 1971. gads.<\/figcaption><\/figure>\n<\/div>\n<\/div>\n<\/div>\n<\/div>\n\n\n\n<div class=\"wp-block-columns is-layout-flex wp-container-core-columns-is-layout-28f84493 wp-block-columns-is-layout-flex\">\n<div class=\"wp-block-column is-layout-flow wp-block-column-is-layout-flow\">\n<div class=\"wp-block-columns is-layout-flex wp-container-core-columns-is-layout-28f84493 wp-block-columns-is-layout-flex\">\n<div class=\"wp-block-column is-layout-flow wp-block-column-is-layout-flow\">\n<figure class=\"wp-block-image aligncenter size-large is-style-zoooom\"><a href=\"https:\/\/www.archiv.org.lv\/upitis\/wp-content\/uploads\/2022\/10\/Otto-Mednis-1974.jpg\"><img loading=\"lazy\" decoding=\"async\" width=\"605\" height=\"1024\" src=\"https:\/\/www.archiv.org.lv\/upitis\/wp-content\/uploads\/2022\/10\/Otto-Mednis-1974-605x1024.jpg\" alt=\"\" class=\"wp-image-579\" srcset=\"https:\/\/www.archiv.org.lv\/upitis\/wp-content\/uploads\/2022\/10\/Otto-Mednis-1974-605x1024.jpg 605w, https:\/\/www.archiv.org.lv\/upitis\/wp-content\/uploads\/2022\/10\/Otto-Mednis-1974-177x300.jpg 177w, https:\/\/www.archiv.org.lv\/upitis\/wp-content\/uploads\/2022\/10\/Otto-Mednis-1974.jpg 757w\" sizes=\"auto, (max-width: 605px) 100vw, 605px\" \/><\/a><figcaption class=\"wp-element-caption\">Otto Mednis, 1974. gads.<\/figcaption><\/figure>\n<\/div>\n\n\n\n<div class=\"wp-block-column is-layout-flow wp-block-column-is-layout-flow\">\n<figure class=\"wp-block-image aligncenter size-large is-style-zoooom\"><a href=\"https:\/\/www.archiv.org.lv\/upitis\/wp-content\/uploads\/2022\/10\/Vija-Klavina.jpg\"><img loading=\"lazy\" decoding=\"async\" width=\"818\" height=\"1024\" src=\"https:\/\/www.archiv.org.lv\/upitis\/wp-content\/uploads\/2022\/10\/Vija-Klavina-818x1024.jpg\" alt=\"\" class=\"wp-image-580\" srcset=\"https:\/\/www.archiv.org.lv\/upitis\/wp-content\/uploads\/2022\/10\/Vija-Klavina-818x1024.jpg 818w, https:\/\/www.archiv.org.lv\/upitis\/wp-content\/uploads\/2022\/10\/Vija-Klavina-240x300.jpg 240w, https:\/\/www.archiv.org.lv\/upitis\/wp-content\/uploads\/2022\/10\/Vija-Klavina-768x961.jpg 768w, https:\/\/www.archiv.org.lv\/upitis\/wp-content\/uploads\/2022\/10\/Vija-Klavina.jpg 862w\" sizes=\"auto, (max-width: 818px) 100vw, 818px\" \/><\/a><figcaption class=\"wp-element-caption\">Vija K\u013cavi\u0146a<\/figcaption><\/figure>\n<\/div>\n<\/div>\n<\/div>\n\n\n\n<div class=\"wp-block-column is-layout-flow wp-block-column-is-layout-flow\">\n<div class=\"wp-block-columns is-layout-flex wp-container-core-columns-is-layout-28f84493 wp-block-columns-is-layout-flex\">\n<div class=\"wp-block-column is-layout-flow wp-block-column-is-layout-flow\">\n<figure class=\"wp-block-image aligncenter size-full is-style-zoooom\"><a href=\"https:\/\/www.archiv.org.lv\/upitis\/wp-content\/uploads\/2022\/10\/Vilnis-Resnis-1.jpg\"><img loading=\"lazy\" decoding=\"async\" width=\"852\" height=\"962\" src=\"https:\/\/www.archiv.org.lv\/upitis\/wp-content\/uploads\/2022\/10\/Vilnis-Resnis-1.jpg\" alt=\"\" class=\"wp-image-581\" srcset=\"https:\/\/www.archiv.org.lv\/upitis\/wp-content\/uploads\/2022\/10\/Vilnis-Resnis-1.jpg 852w, https:\/\/www.archiv.org.lv\/upitis\/wp-content\/uploads\/2022\/10\/Vilnis-Resnis-1-266x300.jpg 266w, https:\/\/www.archiv.org.lv\/upitis\/wp-content\/uploads\/2022\/10\/Vilnis-Resnis-1-768x867.jpg 768w\" sizes=\"auto, (max-width: 852px) 100vw, 852px\" \/><\/a><figcaption class=\"wp-element-caption\">Vilnis Resnis<\/figcaption><\/figure>\n<\/div>\n\n\n\n<div class=\"wp-block-column is-layout-flow wp-block-column-is-layout-flow\">\n<figure class=\"wp-block-image aligncenter size-large is-style-zoooom\"><a href=\"https:\/\/www.archiv.org.lv\/upitis\/wp-content\/uploads\/2022\/10\/im535-rotated.jpg\"><img loading=\"lazy\" decoding=\"async\" width=\"827\" height=\"1024\" src=\"https:\/\/www.archiv.org.lv\/upitis\/wp-content\/uploads\/2022\/10\/im535-827x1024.jpg\" alt=\"\" class=\"wp-image-576\" srcset=\"https:\/\/www.archiv.org.lv\/upitis\/wp-content\/uploads\/2022\/10\/im535-827x1024.jpg 827w, https:\/\/www.archiv.org.lv\/upitis\/wp-content\/uploads\/2022\/10\/im535-242x300.jpg 242w, https:\/\/www.archiv.org.lv\/upitis\/wp-content\/uploads\/2022\/10\/im535-768x951.jpg 768w, https:\/\/www.archiv.org.lv\/upitis\/wp-content\/uploads\/2022\/10\/im535-1241x1536.jpg 1241w, https:\/\/www.archiv.org.lv\/upitis\/wp-content\/uploads\/2022\/10\/im535-rotated.jpg 1258w\" sizes=\"auto, (max-width: 827px) 100vw, 827px\" \/><\/a><figcaption class=\"wp-element-caption\">Elita Viliama<\/figcaption><\/figure>\n<\/div>\n<\/div>\n<\/div>\n<\/div>\n\n\n\n<p><strong>Dzidras Ezergailes darin\u0101t\u0101s P. Up\u012btim velt\u012bt\u0101s gr\u0101matz\u012bmes<\/strong>, <strong>20. gs. 80. gadi.<\/strong> Avots: LNA_LVA_F1839.<\/p>\n\n\n\n<div class=\"wp-block-columns is-layout-flex wp-container-core-columns-is-layout-28f84493 wp-block-columns-is-layout-flex\">\n<div class=\"wp-block-column is-layout-flow wp-block-column-is-layout-flow\">\n<figure class=\"wp-block-image aligncenter size-large is-style-zoooom\"><a href=\"https:\/\/www.archiv.org.lv\/upitis\/wp-content\/uploads\/2022\/10\/im006-2-scaled.jpg\"><img loading=\"lazy\" decoding=\"async\" width=\"760\" height=\"1024\" src=\"https:\/\/www.archiv.org.lv\/upitis\/wp-content\/uploads\/2022\/10\/im006-2-760x1024.jpg\" alt=\"\" class=\"wp-image-568\" srcset=\"https:\/\/www.archiv.org.lv\/upitis\/wp-content\/uploads\/2022\/10\/im006-2-760x1024.jpg 760w, https:\/\/www.archiv.org.lv\/upitis\/wp-content\/uploads\/2022\/10\/im006-2-223x300.jpg 223w, https:\/\/www.archiv.org.lv\/upitis\/wp-content\/uploads\/2022\/10\/im006-2-768x1035.jpg 768w, https:\/\/www.archiv.org.lv\/upitis\/wp-content\/uploads\/2022\/10\/im006-2-1140x1536.jpg 1140w, https:\/\/www.archiv.org.lv\/upitis\/wp-content\/uploads\/2022\/10\/im006-2-1520x2048.jpg 1520w, https:\/\/www.archiv.org.lv\/upitis\/wp-content\/uploads\/2022\/10\/im006-2-scaled.jpg 1900w\" sizes=\"auto, (max-width: 760px) 100vw, 760px\" \/><\/a><\/figure>\n<\/div>\n\n\n\n<div class=\"wp-block-column is-layout-flow wp-block-column-is-layout-flow\">\n<figure class=\"wp-block-image aligncenter size-large is-style-zoooom\"><a href=\"https:\/\/www.archiv.org.lv\/upitis\/wp-content\/uploads\/2022\/10\/im007-2-scaled.jpg\"><img loading=\"lazy\" decoding=\"async\" width=\"695\" height=\"1024\" src=\"https:\/\/www.archiv.org.lv\/upitis\/wp-content\/uploads\/2022\/10\/im007-2-695x1024.jpg\" alt=\"\" class=\"wp-image-569\" srcset=\"https:\/\/www.archiv.org.lv\/upitis\/wp-content\/uploads\/2022\/10\/im007-2-695x1024.jpg 695w, https:\/\/www.archiv.org.lv\/upitis\/wp-content\/uploads\/2022\/10\/im007-2-203x300.jpg 203w, https:\/\/www.archiv.org.lv\/upitis\/wp-content\/uploads\/2022\/10\/im007-2-768x1132.jpg 768w, https:\/\/www.archiv.org.lv\/upitis\/wp-content\/uploads\/2022\/10\/im007-2-1042x1536.jpg 1042w, https:\/\/www.archiv.org.lv\/upitis\/wp-content\/uploads\/2022\/10\/im007-2-1389x2048.jpg 1389w, https:\/\/www.archiv.org.lv\/upitis\/wp-content\/uploads\/2022\/10\/im007-2-scaled.jpg 1736w\" sizes=\"auto, (max-width: 695px) 100vw, 695px\" \/><\/a><\/figure>\n<\/div>\n\n\n\n<div class=\"wp-block-column is-layout-flow wp-block-column-is-layout-flow\">\n<figure class=\"wp-block-image aligncenter size-large is-style-zoooom\"><a href=\"https:\/\/www.archiv.org.lv\/upitis\/wp-content\/uploads\/2022\/10\/im008.jpg\"><img loading=\"lazy\" decoding=\"async\" width=\"796\" height=\"1024\" src=\"https:\/\/www.archiv.org.lv\/upitis\/wp-content\/uploads\/2022\/10\/im008-796x1024.jpg\" alt=\"\" class=\"wp-image-570\" srcset=\"https:\/\/www.archiv.org.lv\/upitis\/wp-content\/uploads\/2022\/10\/im008-796x1024.jpg 796w, https:\/\/www.archiv.org.lv\/upitis\/wp-content\/uploads\/2022\/10\/im008-233x300.jpg 233w, https:\/\/www.archiv.org.lv\/upitis\/wp-content\/uploads\/2022\/10\/im008-768x988.jpg 768w, https:\/\/www.archiv.org.lv\/upitis\/wp-content\/uploads\/2022\/10\/im008-1193x1536.jpg 1193w, https:\/\/www.archiv.org.lv\/upitis\/wp-content\/uploads\/2022\/10\/im008-1591x2048.jpg 1591w, https:\/\/www.archiv.org.lv\/upitis\/wp-content\/uploads\/2022\/10\/im008.jpg 1913w\" sizes=\"auto, (max-width: 796px) 100vw, 796px\" \/><\/a><\/figure>\n<\/div>\n<\/div>\n\n\n\n<div class=\"wp-block-columns is-layout-flex wp-container-core-columns-is-layout-28f84493 wp-block-columns-is-layout-flex\">\n<div class=\"wp-block-column is-layout-flow wp-block-column-is-layout-flow\">\n<figure class=\"wp-block-image aligncenter size-large is-resized is-style-zoooom\"><a href=\"https:\/\/www.archiv.org.lv\/upitis\/wp-content\/uploads\/2022\/10\/Dz.-Ezergaile-88.jpg\"><img loading=\"lazy\" decoding=\"async\" src=\"https:\/\/www.archiv.org.lv\/upitis\/wp-content\/uploads\/2022\/10\/Dz.-Ezergaile-88-812x1024.jpg\" alt=\"\" class=\"wp-image-571\" width=\"306\" height=\"386\" srcset=\"https:\/\/www.archiv.org.lv\/upitis\/wp-content\/uploads\/2022\/10\/Dz.-Ezergaile-88-812x1024.jpg 812w, https:\/\/www.archiv.org.lv\/upitis\/wp-content\/uploads\/2022\/10\/Dz.-Ezergaile-88-238x300.jpg 238w, https:\/\/www.archiv.org.lv\/upitis\/wp-content\/uploads\/2022\/10\/Dz.-Ezergaile-88-768x968.jpg 768w, https:\/\/www.archiv.org.lv\/upitis\/wp-content\/uploads\/2022\/10\/Dz.-Ezergaile-88-1218x1536.jpg 1218w, https:\/\/www.archiv.org.lv\/upitis\/wp-content\/uploads\/2022\/10\/Dz.-Ezergaile-88.jpg 1441w\" sizes=\"auto, (max-width: 306px) 100vw, 306px\" \/><\/a><\/figure>\n<\/div>\n\n\n\n<div class=\"wp-block-column is-layout-flow wp-block-column-is-layout-flow\">\n<figure class=\"wp-block-image aligncenter size-large is-resized is-style-zoooom\"><a href=\"https:\/\/www.archiv.org.lv\/upitis\/wp-content\/uploads\/2022\/10\/Dz.Ezergaile.jpg\"><img loading=\"lazy\" decoding=\"async\" src=\"https:\/\/www.archiv.org.lv\/upitis\/wp-content\/uploads\/2022\/10\/Dz.Ezergaile-873x1024.jpg\" alt=\"\" class=\"wp-image-572\" width=\"323\" height=\"378\" srcset=\"https:\/\/www.archiv.org.lv\/upitis\/wp-content\/uploads\/2022\/10\/Dz.Ezergaile-873x1024.jpg 873w, https:\/\/www.archiv.org.lv\/upitis\/wp-content\/uploads\/2022\/10\/Dz.Ezergaile-256x300.jpg 256w, https:\/\/www.archiv.org.lv\/upitis\/wp-content\/uploads\/2022\/10\/Dz.Ezergaile-768x901.jpg 768w, https:\/\/www.archiv.org.lv\/upitis\/wp-content\/uploads\/2022\/10\/Dz.Ezergaile-1309x1536.jpg 1309w, https:\/\/www.archiv.org.lv\/upitis\/wp-content\/uploads\/2022\/10\/Dz.Ezergaile.jpg 1314w\" sizes=\"auto, (max-width: 323px) 100vw, 323px\" \/><\/a><\/figure>\n<\/div>\n<\/div>\n\n\n\n<p><strong>LPSR M\u0101kslinieku savien\u012bbas grafi\u0137u darin\u0101t\u0101s P.Up\u012btim 70. dzim\u0161anas dien\u0101 d\u0101vin\u0101t\u0101s gr\u0101matz\u012bmes.<\/strong> Avots: LNA_LVA_F1839.<\/p>\n\n\n\n<div class=\"wp-block-columns is-layout-flex wp-container-core-columns-is-layout-28f84493 wp-block-columns-is-layout-flex\">\n<div class=\"wp-block-column is-layout-flow wp-block-column-is-layout-flow\">\n<div class=\"wp-block-columns is-layout-flex wp-container-core-columns-is-layout-28f84493 wp-block-columns-is-layout-flex\">\n<div class=\"wp-block-column is-layout-flow wp-block-column-is-layout-flow\">\n<figure class=\"wp-block-image aligncenter size-large is-style-zoooom\"><a href=\"https:\/\/www.archiv.org.lv\/upitis\/wp-content\/uploads\/2022\/10\/Gunars-Vindedzis-rotated.jpg\"><img loading=\"lazy\" decoding=\"async\" width=\"735\" height=\"1024\" src=\"https:\/\/www.archiv.org.lv\/upitis\/wp-content\/uploads\/2022\/10\/Gunars-Vindedzis-735x1024.jpg\" alt=\"\" class=\"wp-image-744\" srcset=\"https:\/\/www.archiv.org.lv\/upitis\/wp-content\/uploads\/2022\/10\/Gunars-Vindedzis-735x1024.jpg 735w, https:\/\/www.archiv.org.lv\/upitis\/wp-content\/uploads\/2022\/10\/Gunars-Vindedzis-215x300.jpg 215w, https:\/\/www.archiv.org.lv\/upitis\/wp-content\/uploads\/2022\/10\/Gunars-Vindedzis-768x1070.jpg 768w, https:\/\/www.archiv.org.lv\/upitis\/wp-content\/uploads\/2022\/10\/Gunars-Vindedzis-1102x1536.jpg 1102w, https:\/\/www.archiv.org.lv\/upitis\/wp-content\/uploads\/2022\/10\/Gunars-Vindedzis-rotated.jpg 1465w\" sizes=\"auto, (max-width: 735px) 100vw, 735px\" \/><\/a><figcaption class=\"wp-element-caption\">Gun\u0101rs V\u012bndedzis<\/figcaption><\/figure>\n<\/div>\n\n\n\n<div class=\"wp-block-column is-layout-flow wp-block-column-is-layout-flow\">\n<figure class=\"wp-block-image aligncenter size-large is-style-zoooom\"><a href=\"https:\/\/www.archiv.org.lv\/upitis\/wp-content\/uploads\/2022\/10\/Felicita-Paux-rotated.jpg\"><img loading=\"lazy\" decoding=\"async\" width=\"735\" height=\"1024\" src=\"https:\/\/www.archiv.org.lv\/upitis\/wp-content\/uploads\/2022\/10\/Felicita-Paux-735x1024.jpg\" alt=\"\" class=\"wp-image-745\" srcset=\"https:\/\/www.archiv.org.lv\/upitis\/wp-content\/uploads\/2022\/10\/Felicita-Paux-735x1024.jpg 735w, https:\/\/www.archiv.org.lv\/upitis\/wp-content\/uploads\/2022\/10\/Felicita-Paux-215x300.jpg 215w, https:\/\/www.archiv.org.lv\/upitis\/wp-content\/uploads\/2022\/10\/Felicita-Paux-768x1070.jpg 768w, https:\/\/www.archiv.org.lv\/upitis\/wp-content\/uploads\/2022\/10\/Felicita-Paux-1102x1536.jpg 1102w, https:\/\/www.archiv.org.lv\/upitis\/wp-content\/uploads\/2022\/10\/Felicita-Paux-rotated.jpg 1465w\" sizes=\"auto, (max-width: 735px) 100vw, 735px\" \/><\/a><figcaption class=\"wp-element-caption\">Felicita Pau\u013cuka, 1969. gads.<\/figcaption><\/figure>\n<\/div>\n<\/div>\n<\/div>\n\n\n\n<div class=\"wp-block-column is-layout-flow wp-block-column-is-layout-flow\">\n<div class=\"wp-block-columns is-layout-flex wp-container-core-columns-is-layout-28f84493 wp-block-columns-is-layout-flex\">\n<div class=\"wp-block-column is-layout-flow wp-block-column-is-layout-flow\">\n<figure class=\"wp-block-image aligncenter size-large is-style-zoooom\"><a href=\"https:\/\/www.archiv.org.lv\/upitis\/wp-content\/uploads\/2022\/10\/E.Henisa-rotated.jpg\"><img loading=\"lazy\" decoding=\"async\" width=\"1024\" height=\"800\" src=\"https:\/\/www.archiv.org.lv\/upitis\/wp-content\/uploads\/2022\/10\/E.Henisa-1024x800.jpg\" alt=\"\" class=\"wp-image-746\" srcset=\"https:\/\/www.archiv.org.lv\/upitis\/wp-content\/uploads\/2022\/10\/E.Henisa-1024x800.jpg 1024w, https:\/\/www.archiv.org.lv\/upitis\/wp-content\/uploads\/2022\/10\/E.Henisa-300x234.jpg 300w, https:\/\/www.archiv.org.lv\/upitis\/wp-content\/uploads\/2022\/10\/E.Henisa-768x600.jpg 768w, https:\/\/www.archiv.org.lv\/upitis\/wp-content\/uploads\/2022\/10\/E.Henisa-1536x1200.jpg 1536w, https:\/\/www.archiv.org.lv\/upitis\/wp-content\/uploads\/2022\/10\/E.Henisa-rotated.jpg 1837w\" sizes=\"auto, (max-width: 1024px) 100vw, 1024px\" \/><\/a><figcaption class=\"wp-element-caption\">Ei\u017eenija Heni\u0161a, 1969. gads.<\/figcaption><\/figure>\n<\/div>\n\n\n\n<div class=\"wp-block-column is-layout-flow wp-block-column-is-layout-flow\">\n<figure class=\"wp-block-image aligncenter size-large is-style-zoooom\"><a href=\"https:\/\/www.archiv.org.lv\/upitis\/wp-content\/uploads\/2022\/10\/L.Zikmane-rotated.jpg\"><img loading=\"lazy\" decoding=\"async\" width=\"1024\" height=\"886\" src=\"https:\/\/www.archiv.org.lv\/upitis\/wp-content\/uploads\/2022\/10\/L.Zikmane-1024x886.jpg\" alt=\"\" class=\"wp-image-747\" srcset=\"https:\/\/www.archiv.org.lv\/upitis\/wp-content\/uploads\/2022\/10\/L.Zikmane-1024x886.jpg 1024w, https:\/\/www.archiv.org.lv\/upitis\/wp-content\/uploads\/2022\/10\/L.Zikmane-300x259.jpg 300w, https:\/\/www.archiv.org.lv\/upitis\/wp-content\/uploads\/2022\/10\/L.Zikmane-768x664.jpg 768w, https:\/\/www.archiv.org.lv\/upitis\/wp-content\/uploads\/2022\/10\/L.Zikmane-1536x1328.jpg 1536w, https:\/\/www.archiv.org.lv\/upitis\/wp-content\/uploads\/2022\/10\/L.Zikmane-2048x1771.jpg 2048w, https:\/\/www.archiv.org.lv\/upitis\/wp-content\/uploads\/2022\/10\/L.Zikmane-2000x1730.jpg 2000w\" sizes=\"auto, (max-width: 1024px) 100vw, 1024px\" \/><\/a><figcaption class=\"wp-element-caption\">Lolita Zikmane, 1969. gads.<\/figcaption><\/figure>\n<\/div>\n<\/div>\n<\/div>\n<\/div>\n","protected":false},"excerpt":{"rendered":"<p>Gr\u0101matz\u012bmes ir iecien\u012bts kolekcion\u0113\u0161anas objekts. To kr\u0101\u0161ana Eirop\u0101 akt\u012bv\u0101k aizs\u0101k\u0101s 19. gadsimt\u0101 un turpin\u0101s l\u012bdz pat m\u016bsdien\u0101m. Kolekciju veido\u0161ana notiek, balstoties uz da\u017e\u0101diem aspektiem, piem\u0113ram, tiek veidotas gr\u0101matz\u012bmju tematisk\u0101s kolekcijas, kur\u0101s apkopotas gr\u0101matz\u012bmes ar noteiktiem mot\u012bviem, heraldisko gr\u0101matz\u012bmju kolekcijas, tiek veidotas ar\u012b k\u0101d\u0101m konkr\u0113t\u0101m person\u0101m darin\u0101tu gr\u0101matz\u012bmju kolekcijas, atsevi\u0161\u0137u valstu m\u0101kslinieku rad\u012bto gr\u0101matz\u012bmju kolekcijas, apl\u016bkojot &hellip; <\/p>\n<p class=\"link-more\"><a href=\"https:\/\/www.archiv.org.lv\/upitis\/index.php\/kolekcionetas-gramatzimes\/\" class=\"more-link\">Read more<span class=\"screen-reader-text\"> &#8220;Kolekcion\u0113t\u0101s gr\u0101matz\u012bmes&#8221;<\/span><\/a><\/p>\n","protected":false},"author":1,"featured_media":0,"parent":0,"menu_order":0,"comment_status":"closed","ping_status":"closed","template":"","meta":{"footnotes":""},"class_list":["post-88","page","type-page","status-publish","hentry"],"_links":{"self":[{"href":"https:\/\/www.archiv.org.lv\/upitis\/index.php\/wp-json\/wp\/v2\/pages\/88","targetHints":{"allow":["GET"]}}],"collection":[{"href":"https:\/\/www.archiv.org.lv\/upitis\/index.php\/wp-json\/wp\/v2\/pages"}],"about":[{"href":"https:\/\/www.archiv.org.lv\/upitis\/index.php\/wp-json\/wp\/v2\/types\/page"}],"author":[{"embeddable":true,"href":"https:\/\/www.archiv.org.lv\/upitis\/index.php\/wp-json\/wp\/v2\/users\/1"}],"replies":[{"embeddable":true,"href":"https:\/\/www.archiv.org.lv\/upitis\/index.php\/wp-json\/wp\/v2\/comments?post=88"}],"version-history":[{"count":56,"href":"https:\/\/www.archiv.org.lv\/upitis\/index.php\/wp-json\/wp\/v2\/pages\/88\/revisions"}],"predecessor-version":[{"id":959,"href":"https:\/\/www.archiv.org.lv\/upitis\/index.php\/wp-json\/wp\/v2\/pages\/88\/revisions\/959"}],"wp:attachment":[{"href":"https:\/\/www.archiv.org.lv\/upitis\/index.php\/wp-json\/wp\/v2\/media?parent=88"}],"curies":[{"name":"wp","href":"https:\/\/api.w.org\/{rel}","templated":true}]}}